{"id":110,"date":"2024-04-18T06:05:20","date_gmt":"2024-04-18T06:05:20","guid":{"rendered":"https:\/\/kibriskulis.com\/?page_id=2"},"modified":"2026-01-05T08:42:55","modified_gmt":"2026-01-05T06:42:55","slug":"anasayfa","status":"publish","type":"page","link":"https:\/\/kuzeyinsesi.org\/","title":{"rendered":"Anasayfa"},"content":{"rendered":"<div class=\"wpb-content-wrapper\"><p>[vc_row][vc_column]<div  class='jeg_ad jeg_ad_module jnews_module__0_69ef581e418ba   '><div class='ads-wrapper'><a href='https:\/\/www.koopbank.com\/' aria-label=\"Visit advertisement link\" target='_blank' rel=\"nofollow noopener\" class='adlink ads_image '>\n\t\t\t\t\t\t\t\t<img width=\"970\" height=\"90\" src='https:\/\/kuzeyinsesi.org\/wp-content\/uploads\/2025\/09\/970x90.png' alt='' data-pin-no-hover=\"true\">\n\t\t\t\t\t\t\t<\/a><a href='https:\/\/www.koopbank.com\/' aria-label=\"Visit advertisement link\" target='_blank' rel=\"nofollow noopener\" class='adlink ads_image_tablet '>\n\t\t\t\t\t\t\t\t<img width=\"970\" height=\"90\" src='https:\/\/kuzeyinsesi.org\/wp-content\/uploads\/2025\/09\/970x90.png' alt='' data-pin-no-hover=\"true\">\n\t\t\t\t\t\t\t<\/a><a href='https:\/\/www.koopbank.com\/' aria-label=\"Visit advertisement link\" target='_blank' rel=\"nofollow noopener\" class='adlink ads_image_phone '>\n\t\t\t\t\t\t\t\t<img width=\"970\" height=\"90\" src='https:\/\/kuzeyinsesi.org\/wp-content\/uploads\/2025\/09\/970x90.png' alt='' data-pin-no-hover=\"true\">\n\t\t\t\t\t\t\t<\/a><\/div><\/div><div  class=\"jeg_slider_wrapper jeg_slider_type_1_wrapper jnews_module__1_69ef581e428e1  \">\n                    <div class=\"jeg_slider_type_1 jeg_slider\" data-autoplay=\"\" data-delay=\"3000\" data-hover-action=\"\">\n                        <div class=\"jeg_slide_item\">\n                    \n                    <a href=\"https:\/\/kuzeyinsesi.org\/index.php\/2026\/04\/27\/arucadda-duzenlenen-posta-sanati-atolyesi-tamamlandi\/\" aria-label=\"Read article: ARUCAD\u2019da d\u00fczenlenen Posta Sanat\u0131 At\u00f6lyesi tamamland\u0131\" class=\"jeg_slide_img\"><div class=\"thumbnail-container  size-500 \"><img loading=\"lazy\" decoding=\"async\" width=\"1140\" height=\"570\" src=\"https:\/\/kuzeyinsesi.org\/wp-content\/themes\/jnews\/assets\/img\/jeg-empty.png\" class=\"attachment-jnews-1140x570 size-jnews-1140x570 owl-lazy lazyload\" alt=\"ARUCAD\u2019da d\u00fczenlenen Posta Sanat\u0131 At\u00f6lyesi tamamland\u0131\" sizes=\"auto, (max-width: 1140px) 100vw, 1140px\" data-src=\"https:\/\/kuzeyinsesi.org\/wp-content\/uploads\/2026\/04\/1777292534939ARUCAD-POSTA4-1140x570.jpeg\" \/><\/div><\/a>\n                    <div class=\"jeg_slide_caption\">\n                        <div class=\"jeg_caption_container\">\n                            <div class=\"jeg_post_category\">\n                                <a href=\"https:\/\/kuzeyinsesi.org\/index.php\/category\/kibris\/\" class=\"category-kibris\">K\u0131br\u0131s<\/a>\n                            <\/div>\n                            <h2 class=\"jeg_post_title\">\n                                <a href=\"https:\/\/kuzeyinsesi.org\/index.php\/2026\/04\/27\/arucadda-duzenlenen-posta-sanati-atolyesi-tamamlandi\/\" >ARUCAD\u2019da d\u00fczenlenen Posta Sanat\u0131 At\u00f6lyesi tamamland\u0131<\/a>\n                            <\/h2>\n                            <div class=\"jeg_post_meta\"><span class=\"jeg_meta_author\"> <a href=\"https:\/\/kuzeyinsesi.org\/index.php\/author\/guven\/\">Kuzeyin Sesi<\/a><\/span><span class=\"jeg_meta_date\">Nisan 27, 2026<\/span><\/div>\n                        <\/div>\n                    <\/div>\n                <\/div><div class=\"jeg_slide_item\">\n                    \n                    <a href=\"https:\/\/kuzeyinsesi.org\/index.php\/2026\/04\/27\/dau-kam-almanyada-mekansal-planlama-ve-arazi-yonetimi-semineri-duzenledi\/\" aria-label=\"Read article: DA\u00dc-KAM \u201cAlmanya\u2019da Mekansal Planlama ve Arazi Y\u00f6netimi\u201d semineri d\u00fczenledi\" class=\"jeg_slide_img\"><div class=\"thumbnail-container  size-500 \"><img loading=\"lazy\" decoding=\"async\" width=\"1140\" height=\"570\" src=\"https:\/\/kuzeyinsesi.org\/wp-content\/themes\/jnews\/assets\/img\/jeg-empty.png\" class=\"attachment-jnews-1140x570 size-jnews-1140x570 owl-lazy lazyload\" alt=\"DA\u00dc-KAM \u201cAlmanya\u2019da Mekansal Planlama ve Arazi Y\u00f6netimi\u201d semineri d\u00fczenledi\" sizes=\"auto, (max-width: 1140px) 100vw, 1140px\" data-src=\"https:\/\/kuzeyinsesi.org\/wp-content\/uploads\/2026\/04\/1777292551685DAU-KAM-SEMINER2-1140x570.jpg\" \/><\/div><\/a>\n                    <div class=\"jeg_slide_caption\">\n                        <div class=\"jeg_caption_container\">\n                            <div class=\"jeg_post_category\">\n                                <a href=\"https:\/\/kuzeyinsesi.org\/index.php\/category\/kibris\/\" class=\"category-kibris\">K\u0131br\u0131s<\/a>\n                            <\/div>\n                            <h2 class=\"jeg_post_title\">\n                                <a href=\"https:\/\/kuzeyinsesi.org\/index.php\/2026\/04\/27\/dau-kam-almanyada-mekansal-planlama-ve-arazi-yonetimi-semineri-duzenledi\/\" >DA\u00dc-KAM \u201cAlmanya\u2019da Mekansal Planlama ve Arazi Y\u00f6netimi\u201d semineri d\u00fczenledi<\/a>\n                            <\/h2>\n                            <div class=\"jeg_post_meta\"><span class=\"jeg_meta_author\"> <a href=\"https:\/\/kuzeyinsesi.org\/index.php\/author\/guven\/\">Kuzeyin Sesi<\/a><\/span><span class=\"jeg_meta_date\">Nisan 27, 2026<\/span><\/div>\n                        <\/div>\n                    <\/div>\n                <\/div><div class=\"jeg_slide_item\">\n                    \n                    <a href=\"https:\/\/kuzeyinsesi.org\/index.php\/2026\/04\/27\/elektrikli-scooterlar-ile-ilgili-kurallar-hatirlatildi-uyari-yapildi\/\" aria-label=\"Read article: Elektrikli scooterlar ile ilgili kurallar hat\u0131rlat\u0131ld\u0131: Uyar\u0131 yap\u0131ld\u0131\" class=\"jeg_slide_img\"><div class=\"thumbnail-container  size-500 \"><img loading=\"lazy\" decoding=\"async\" width=\"971\" height=\"551\" src=\"https:\/\/kuzeyinsesi.org\/wp-content\/themes\/jnews\/assets\/img\/jeg-empty.png\" class=\"attachment-jnews-1140x570 size-jnews-1140x570 owl-lazy lazyload\" alt=\"Elektrikli scooterlar ile ilgili kurallar hat\u0131rlat\u0131ld\u0131: Uyar\u0131 yap\u0131ld\u0131\" sizes=\"auto, (max-width: 971px) 100vw, 971px\" data-src=\"https:\/\/kuzeyinsesi.org\/wp-content\/uploads\/2026\/04\/Yeni-Proje-20-2.jpg\" \/><\/div><\/a>\n                    <div class=\"jeg_slide_caption\">\n                        <div class=\"jeg_caption_container\">\n                            <div class=\"jeg_post_category\">\n                                <a href=\"https:\/\/kuzeyinsesi.org\/index.php\/category\/kibris\/\" class=\"category-kibris\">K\u0131br\u0131s<\/a>\n                            <\/div>\n                            <h2 class=\"jeg_post_title\">\n                                <a href=\"https:\/\/kuzeyinsesi.org\/index.php\/2026\/04\/27\/elektrikli-scooterlar-ile-ilgili-kurallar-hatirlatildi-uyari-yapildi\/\" >Elektrikli scooterlar ile ilgili kurallar hat\u0131rlat\u0131ld\u0131: Uyar\u0131 yap\u0131ld\u0131<\/a>\n                            <\/h2>\n                            <div class=\"jeg_post_meta\"><span class=\"jeg_meta_author\"> <a href=\"https:\/\/kuzeyinsesi.org\/index.php\/author\/guven\/\">Kuzeyin Sesi<\/a><\/span><span class=\"jeg_meta_date\">Nisan 27, 2026<\/span><\/div>\n                        <\/div>\n                    <\/div>\n                <\/div><div class=\"jeg_slide_item\">\n                    \n                    <a href=\"https:\/\/kuzeyinsesi.org\/index.php\/2026\/04\/27\/iskele-ilce-emniyet-kurulu-yanginla-mucadele-gundemiyle-toplandi\/\" aria-label=\"Read article: \u0130skele \u0130l\u00e7e Emniyet Kurulu yang\u0131nla m\u00fccadele g\u00fcndemiyle topland\u0131\" class=\"jeg_slide_img\"><div class=\"thumbnail-container  size-500 \"><img loading=\"lazy\" decoding=\"async\" width=\"1140\" height=\"570\" src=\"https:\/\/kuzeyinsesi.org\/wp-content\/themes\/jnews\/assets\/img\/jeg-empty.png\" class=\"attachment-jnews-1140x570 size-jnews-1140x570 owl-lazy lazyload\" alt=\"\u0130skele \u0130l\u00e7e Emniyet Kurulu yang\u0131nla m\u00fccadele g\u00fcndemiyle topland\u0131\" sizes=\"auto, (max-width: 1140px) 100vw, 1140px\" data-src=\"https:\/\/kuzeyinsesi.org\/wp-content\/uploads\/2026\/04\/1777290514505ISKELE-ILCE-EMNIYET-1-1140x570.jpg\" \/><\/div><\/a>\n                    <div class=\"jeg_slide_caption\">\n                        <div class=\"jeg_caption_container\">\n                            <div class=\"jeg_post_category\">\n                                <a href=\"https:\/\/kuzeyinsesi.org\/index.php\/category\/kibris\/\" class=\"category-kibris\">K\u0131br\u0131s<\/a>\n                            <\/div>\n                            <h2 class=\"jeg_post_title\">\n                                <a href=\"https:\/\/kuzeyinsesi.org\/index.php\/2026\/04\/27\/iskele-ilce-emniyet-kurulu-yanginla-mucadele-gundemiyle-toplandi\/\" >\u0130skele \u0130l\u00e7e Emniyet Kurulu yang\u0131nla m\u00fccadele g\u00fcndemiyle topland\u0131<\/a>\n                            <\/h2>\n                            <div class=\"jeg_post_meta\"><span class=\"jeg_meta_author\"> <a href=\"https:\/\/kuzeyinsesi.org\/index.php\/author\/guven\/\">Kuzeyin Sesi<\/a><\/span><span class=\"jeg_meta_date\">Nisan 27, 2026<\/span><\/div>\n                        <\/div>\n                    <\/div>\n                <\/div><div class=\"jeg_slide_item\">\n                    \n                    <a href=\"https:\/\/kuzeyinsesi.org\/index.php\/2026\/04\/27\/cumhurbaskani-erhurman-genclik-federasyonu-heyetini-kabul-etti\/\" aria-label=\"Read article: Cumhurba\u015fkan\u0131 Erh\u00fcrman, Gen\u00e7lik Federasyonu heyetini kabul etti\" class=\"jeg_slide_img\"><div class=\"thumbnail-container  size-500 \"><img loading=\"lazy\" decoding=\"async\" width=\"971\" height=\"551\" src=\"https:\/\/kuzeyinsesi.org\/wp-content\/themes\/jnews\/assets\/img\/jeg-empty.png\" class=\"attachment-jnews-1140x570 size-jnews-1140x570 owl-lazy lazyload\" alt=\"Cumhurba\u015fkan\u0131 Erh\u00fcrman, Gen\u00e7lik Federasyonu heyetini kabul etti\" sizes=\"auto, (max-width: 971px) 100vw, 971px\" data-src=\"https:\/\/kuzeyinsesi.org\/wp-content\/uploads\/2026\/04\/Yeni-Proje-22-1.jpg\" \/><\/div><\/a>\n                    <div class=\"jeg_slide_caption\">\n                        <div class=\"jeg_caption_container\">\n                            <div class=\"jeg_post_category\">\n                                <a href=\"https:\/\/kuzeyinsesi.org\/index.php\/category\/kibris\/\" class=\"category-kibris\">K\u0131br\u0131s<\/a>\n                            <\/div>\n                            <h2 class=\"jeg_post_title\">\n                                <a href=\"https:\/\/kuzeyinsesi.org\/index.php\/2026\/04\/27\/cumhurbaskani-erhurman-genclik-federasyonu-heyetini-kabul-etti\/\" >Cumhurba\u015fkan\u0131 Erh\u00fcrman, Gen\u00e7lik Federasyonu heyetini kabul etti<\/a>\n                            <\/h2>\n                            <div class=\"jeg_post_meta\"><span class=\"jeg_meta_author\"> <a href=\"https:\/\/kuzeyinsesi.org\/index.php\/author\/guven\/\">Kuzeyin Sesi<\/a><\/span><span class=\"jeg_meta_date\">Nisan 27, 2026<\/span><\/div>\n                        <\/div>\n                    <\/div>\n                <\/div><div class=\"jeg_slide_item\">\n                    \n                    <a href=\"https:\/\/kuzeyinsesi.org\/index.php\/2026\/04\/27\/hukuk-siyasi-isler-disiliskiler-ve-savunma-komitesi-toplandi-7\/\" aria-label=\"Read article: Hukuk, Siyasi \u0130\u015fler, D\u0131\u015fili\u015fkiler ve Savunma Komitesi topland\u0131\" class=\"jeg_slide_img\"><div class=\"thumbnail-container  size-500 \"><img loading=\"lazy\" decoding=\"async\" width=\"1140\" height=\"570\" src=\"https:\/\/kuzeyinsesi.org\/wp-content\/themes\/jnews\/assets\/img\/jeg-empty.png\" class=\"attachment-jnews-1140x570 size-jnews-1140x570 owl-lazy lazyload\" alt=\"Hukuk, Siyasi \u0130\u015fler, D\u0131\u015fili\u015fkiler ve Savunma Komitesi topland\u0131\" sizes=\"auto, (max-width: 1140px) 100vw, 1140px\" data-src=\"https:\/\/kuzeyinsesi.org\/wp-content\/uploads\/2026\/04\/1777290382264HUKUK-KOMITESI1-1140x570.jpeg\" \/><\/div><\/a>\n                    <div class=\"jeg_slide_caption\">\n                        <div class=\"jeg_caption_container\">\n                            <div class=\"jeg_post_category\">\n                                <a href=\"https:\/\/kuzeyinsesi.org\/index.php\/category\/kibris\/\" class=\"category-kibris\">K\u0131br\u0131s<\/a>\n                            <\/div>\n                            <h2 class=\"jeg_post_title\">\n                                <a href=\"https:\/\/kuzeyinsesi.org\/index.php\/2026\/04\/27\/hukuk-siyasi-isler-disiliskiler-ve-savunma-komitesi-toplandi-7\/\" >Hukuk, Siyasi \u0130\u015fler, D\u0131\u015fili\u015fkiler ve Savunma Komitesi topland\u0131<\/a>\n                            <\/h2>\n                            <div class=\"jeg_post_meta\"><span class=\"jeg_meta_author\"> <a href=\"https:\/\/kuzeyinsesi.org\/index.php\/author\/guven\/\">Kuzeyin Sesi<\/a><\/span><span class=\"jeg_meta_date\">Nisan 27, 2026<\/span><\/div>\n                        <\/div>\n                    <\/div>\n                <\/div><div class=\"jeg_slide_item\">\n                    \n                    <a href=\"https:\/\/kuzeyinsesi.org\/index.php\/2026\/04\/27\/disisleri-bakani-ertugruloglu-uskaid-heyetini-kabul-etti\/\" aria-label=\"Read article: D\u0131\u015fi\u015fleri Bakan\u0131 Ertu\u011frulo\u011flu, USKA\u0130D heyetini kabul etti\" class=\"jeg_slide_img\"><div class=\"thumbnail-container  size-500 \"><img loading=\"lazy\" decoding=\"async\" width=\"971\" height=\"551\" src=\"https:\/\/kuzeyinsesi.org\/wp-content\/themes\/jnews\/assets\/img\/jeg-empty.png\" class=\"attachment-jnews-1140x570 size-jnews-1140x570 owl-lazy lazyload\" alt=\"D\u0131\u015fi\u015fleri Bakan\u0131 Ertu\u011frulo\u011flu, USKA\u0130D heyetini kabul etti\" sizes=\"auto, (max-width: 971px) 100vw, 971px\" data-src=\"https:\/\/kuzeyinsesi.org\/wp-content\/uploads\/2026\/04\/Yeni-Proje-21-1.jpg\" \/><\/div><\/a>\n                    <div class=\"jeg_slide_caption\">\n                        <div class=\"jeg_caption_container\">\n                            <div class=\"jeg_post_category\">\n                                <a href=\"https:\/\/kuzeyinsesi.org\/index.php\/category\/kibris\/\" class=\"category-kibris\">K\u0131br\u0131s<\/a>\n                            <\/div>\n                            <h2 class=\"jeg_post_title\">\n                                <a href=\"https:\/\/kuzeyinsesi.org\/index.php\/2026\/04\/27\/disisleri-bakani-ertugruloglu-uskaid-heyetini-kabul-etti\/\" >D\u0131\u015fi\u015fleri Bakan\u0131 Ertu\u011frulo\u011flu, USKA\u0130D heyetini kabul etti<\/a>\n                            <\/h2>\n                            <div class=\"jeg_post_meta\"><span class=\"jeg_meta_author\"> <a href=\"https:\/\/kuzeyinsesi.org\/index.php\/author\/guven\/\">Kuzeyin Sesi<\/a><\/span><span class=\"jeg_meta_date\">Nisan 27, 2026<\/span><\/div>\n                        <\/div>\n                    <\/div>\n                <\/div><div class=\"jeg_slide_item\">\n                    \n                    <a href=\"https:\/\/kuzeyinsesi.org\/index.php\/2026\/04\/27\/gazimagusada-kanalizasyon-hatlari-yapim-isleri-ihalesinde-imzalar-atildi\/\" aria-label=\"Read article: Gazima\u011fusa\u2019da kanalizasyon hatlar\u0131 yap\u0131m i\u015fleri ihalesinde imzalar at\u0131ld\u0131\" class=\"jeg_slide_img\"><div class=\"thumbnail-container  size-500 \"><img loading=\"lazy\" decoding=\"async\" width=\"1140\" height=\"570\" src=\"https:\/\/kuzeyinsesi.org\/wp-content\/themes\/jnews\/assets\/img\/jeg-empty.png\" class=\"attachment-jnews-1140x570 size-jnews-1140x570 owl-lazy lazyload\" alt=\"Gazima\u011fusa\u2019da kanalizasyon hatlar\u0131 yap\u0131m i\u015fleri ihalesinde imzalar at\u0131ld\u0131\" sizes=\"auto, (max-width: 1140px) 100vw, 1140px\" data-src=\"https:\/\/kuzeyinsesi.org\/wp-content\/uploads\/2026\/04\/1777288703608GAZIMAGUSA-KANALIZASYON2-1140x570.jpeg\" \/><\/div><\/a>\n                    <div class=\"jeg_slide_caption\">\n                        <div class=\"jeg_caption_container\">\n                            <div class=\"jeg_post_category\">\n                                <a href=\"https:\/\/kuzeyinsesi.org\/index.php\/category\/kibris\/\" class=\"category-kibris\">K\u0131br\u0131s<\/a>\n                            <\/div>\n                            <h2 class=\"jeg_post_title\">\n                                <a href=\"https:\/\/kuzeyinsesi.org\/index.php\/2026\/04\/27\/gazimagusada-kanalizasyon-hatlari-yapim-isleri-ihalesinde-imzalar-atildi\/\" >Gazima\u011fusa\u2019da kanalizasyon hatlar\u0131 yap\u0131m i\u015fleri ihalesinde imzalar at\u0131ld\u0131<\/a>\n                            <\/h2>\n                            <div class=\"jeg_post_meta\"><span class=\"jeg_meta_author\"> <a href=\"https:\/\/kuzeyinsesi.org\/index.php\/author\/guven\/\">Kuzeyin Sesi<\/a><\/span><span class=\"jeg_meta_date\">Nisan 27, 2026<\/span><\/div>\n                        <\/div>\n                    <\/div>\n                <\/div>\n                    <\/div>\n                    <div class=\"jeg_slider_thumbnail_wrapper\">\n                        <div class=\"jeg_slider_thumbnail\">\n                            <div class=\"jeg_slide_thumbnail_item_wrapper\" ><div  class=\"jeg_slide_thumbnail_item format-standard\"><a href=\"https:\/\/kuzeyinsesi.org\/index.php\/2026\/04\/27\/arucadda-duzenlenen-posta-sanati-atolyesi-tamamlandi\/\" aria-label=\"Show article: ARUCAD\u2019da d\u00fczenlenen Posta Sanat\u0131 At\u00f6lyesi tamamland\u0131\"><div class=\"thumbnail-container  size-715 \"><img loading=\"lazy\" decoding=\"async\" width=\"350\" height=\"250\" src=\"https:\/\/kuzeyinsesi.org\/wp-content\/themes\/jnews\/assets\/img\/jeg-empty.png\" class=\"attachment-jnews-350x250 size-jnews-350x250 owl-lazy lazyload\" alt=\"ARUCAD\u2019da d\u00fczenlenen Posta Sanat\u0131 At\u00f6lyesi tamamland\u0131\" sizes=\"auto, (max-width: 350px) 100vw, 350px\" data-src=\"https:\/\/kuzeyinsesi.org\/wp-content\/uploads\/2026\/04\/1777292534939ARUCAD-POSTA4-350x250.jpeg\" \/><\/div><\/a><\/div><\/div><div class=\"jeg_slide_thumbnail_item_wrapper\" ><div  class=\"jeg_slide_thumbnail_item format-standard\"><a href=\"https:\/\/kuzeyinsesi.org\/index.php\/2026\/04\/27\/dau-kam-almanyada-mekansal-planlama-ve-arazi-yonetimi-semineri-duzenledi\/\" aria-label=\"Show article: DA\u00dc-KAM \u201cAlmanya\u2019da Mekansal Planlama ve Arazi Y\u00f6netimi\u201d semineri d\u00fczenledi\"><div class=\"thumbnail-container  size-715 \"><img loading=\"lazy\" decoding=\"async\" width=\"350\" height=\"250\" src=\"https:\/\/kuzeyinsesi.org\/wp-content\/themes\/jnews\/assets\/img\/jeg-empty.png\" class=\"attachment-jnews-350x250 size-jnews-350x250 owl-lazy lazyload\" alt=\"DA\u00dc-KAM \u201cAlmanya\u2019da Mekansal Planlama ve Arazi Y\u00f6netimi\u201d semineri d\u00fczenledi\" sizes=\"auto, (max-width: 350px) 100vw, 350px\" data-src=\"https:\/\/kuzeyinsesi.org\/wp-content\/uploads\/2026\/04\/1777292551685DAU-KAM-SEMINER2-350x250.jpg\" \/><\/div><\/a><\/div><\/div><div class=\"jeg_slide_thumbnail_item_wrapper\" ><div  class=\"jeg_slide_thumbnail_item format-standard\"><a href=\"https:\/\/kuzeyinsesi.org\/index.php\/2026\/04\/27\/elektrikli-scooterlar-ile-ilgili-kurallar-hatirlatildi-uyari-yapildi\/\" aria-label=\"Show article: Elektrikli scooterlar ile ilgili kurallar hat\u0131rlat\u0131ld\u0131: Uyar\u0131 yap\u0131ld\u0131\"><div class=\"thumbnail-container  size-715 \"><img loading=\"lazy\" decoding=\"async\" width=\"350\" height=\"250\" src=\"https:\/\/kuzeyinsesi.org\/wp-content\/themes\/jnews\/assets\/img\/jeg-empty.png\" class=\"attachment-jnews-350x250 size-jnews-350x250 owl-lazy lazyload\" alt=\"Elektrikli scooterlar ile ilgili kurallar hat\u0131rlat\u0131ld\u0131: Uyar\u0131 yap\u0131ld\u0131\" sizes=\"auto, (max-width: 350px) 100vw, 350px\" data-src=\"https:\/\/kuzeyinsesi.org\/wp-content\/uploads\/2026\/04\/Yeni-Proje-20-2-350x250.jpg\" \/><\/div><\/a><\/div><\/div><div class=\"jeg_slide_thumbnail_item_wrapper\" ><div  class=\"jeg_slide_thumbnail_item format-standard\"><a href=\"https:\/\/kuzeyinsesi.org\/index.php\/2026\/04\/27\/iskele-ilce-emniyet-kurulu-yanginla-mucadele-gundemiyle-toplandi\/\" aria-label=\"Show article: \u0130skele \u0130l\u00e7e Emniyet Kurulu yang\u0131nla m\u00fccadele g\u00fcndemiyle topland\u0131\"><div class=\"thumbnail-container  size-715 \"><img loading=\"lazy\" decoding=\"async\" width=\"350\" height=\"250\" src=\"https:\/\/kuzeyinsesi.org\/wp-content\/themes\/jnews\/assets\/img\/jeg-empty.png\" class=\"attachment-jnews-350x250 size-jnews-350x250 owl-lazy lazyload\" alt=\"\u0130skele \u0130l\u00e7e Emniyet Kurulu yang\u0131nla m\u00fccadele g\u00fcndemiyle topland\u0131\" sizes=\"auto, (max-width: 350px) 100vw, 350px\" data-src=\"https:\/\/kuzeyinsesi.org\/wp-content\/uploads\/2026\/04\/1777290514505ISKELE-ILCE-EMNIYET-1-350x250.jpg\" \/><\/div><\/a><\/div><\/div><div class=\"jeg_slide_thumbnail_item_wrapper\" ><div  class=\"jeg_slide_thumbnail_item format-standard\"><a href=\"https:\/\/kuzeyinsesi.org\/index.php\/2026\/04\/27\/cumhurbaskani-erhurman-genclik-federasyonu-heyetini-kabul-etti\/\" aria-label=\"Show article: Cumhurba\u015fkan\u0131 Erh\u00fcrman, Gen\u00e7lik Federasyonu heyetini kabul etti\"><div class=\"thumbnail-container  size-715 \"><img loading=\"lazy\" decoding=\"async\" width=\"350\" height=\"250\" src=\"https:\/\/kuzeyinsesi.org\/wp-content\/themes\/jnews\/assets\/img\/jeg-empty.png\" class=\"attachment-jnews-350x250 size-jnews-350x250 owl-lazy lazyload\" alt=\"Cumhurba\u015fkan\u0131 Erh\u00fcrman, Gen\u00e7lik Federasyonu heyetini kabul etti\" sizes=\"auto, (max-width: 350px) 100vw, 350px\" data-src=\"https:\/\/kuzeyinsesi.org\/wp-content\/uploads\/2026\/04\/Yeni-Proje-22-1-350x250.jpg\" \/><\/div><\/a><\/div><\/div><div class=\"jeg_slide_thumbnail_item_wrapper\" ><div  class=\"jeg_slide_thumbnail_item format-standard\"><a href=\"https:\/\/kuzeyinsesi.org\/index.php\/2026\/04\/27\/hukuk-siyasi-isler-disiliskiler-ve-savunma-komitesi-toplandi-7\/\" aria-label=\"Show article: Hukuk, Siyasi \u0130\u015fler, D\u0131\u015fili\u015fkiler ve Savunma Komitesi topland\u0131\"><div class=\"thumbnail-container  size-715 \"><img loading=\"lazy\" decoding=\"async\" width=\"350\" height=\"250\" src=\"https:\/\/kuzeyinsesi.org\/wp-content\/themes\/jnews\/assets\/img\/jeg-empty.png\" class=\"attachment-jnews-350x250 size-jnews-350x250 owl-lazy lazyload\" alt=\"Hukuk, Siyasi \u0130\u015fler, D\u0131\u015fili\u015fkiler ve Savunma Komitesi topland\u0131\" sizes=\"auto, (max-width: 350px) 100vw, 350px\" data-src=\"https:\/\/kuzeyinsesi.org\/wp-content\/uploads\/2026\/04\/1777290382264HUKUK-KOMITESI1-350x250.jpeg\" \/><\/div><\/a><\/div><\/div><div class=\"jeg_slide_thumbnail_item_wrapper\" ><div  class=\"jeg_slide_thumbnail_item format-standard\"><a href=\"https:\/\/kuzeyinsesi.org\/index.php\/2026\/04\/27\/disisleri-bakani-ertugruloglu-uskaid-heyetini-kabul-etti\/\" aria-label=\"Show article: D\u0131\u015fi\u015fleri Bakan\u0131 Ertu\u011frulo\u011flu, USKA\u0130D heyetini kabul etti\"><div class=\"thumbnail-container  size-715 \"><img loading=\"lazy\" decoding=\"async\" width=\"350\" height=\"250\" src=\"https:\/\/kuzeyinsesi.org\/wp-content\/themes\/jnews\/assets\/img\/jeg-empty.png\" class=\"attachment-jnews-350x250 size-jnews-350x250 owl-lazy lazyload\" alt=\"D\u0131\u015fi\u015fleri Bakan\u0131 Ertu\u011frulo\u011flu, USKA\u0130D heyetini kabul etti\" sizes=\"auto, (max-width: 350px) 100vw, 350px\" data-src=\"https:\/\/kuzeyinsesi.org\/wp-content\/uploads\/2026\/04\/Yeni-Proje-21-1-350x250.jpg\" \/><\/div><\/a><\/div><\/div><div class=\"jeg_slide_thumbnail_item_wrapper\" ><div  class=\"jeg_slide_thumbnail_item format-standard\"><a href=\"https:\/\/kuzeyinsesi.org\/index.php\/2026\/04\/27\/gazimagusada-kanalizasyon-hatlari-yapim-isleri-ihalesinde-imzalar-atildi\/\" aria-label=\"Show article: Gazima\u011fusa\u2019da kanalizasyon hatlar\u0131 yap\u0131m i\u015fleri ihalesinde imzalar at\u0131ld\u0131\"><div class=\"thumbnail-container  size-715 \"><img loading=\"lazy\" decoding=\"async\" width=\"350\" height=\"250\" src=\"https:\/\/kuzeyinsesi.org\/wp-content\/themes\/jnews\/assets\/img\/jeg-empty.png\" class=\"attachment-jnews-350x250 size-jnews-350x250 owl-lazy lazyload\" alt=\"Gazima\u011fusa\u2019da kanalizasyon hatlar\u0131 yap\u0131m i\u015fleri ihalesinde imzalar at\u0131ld\u0131\" sizes=\"auto, (max-width: 350px) 100vw, 350px\" data-src=\"https:\/\/kuzeyinsesi.org\/wp-content\/uploads\/2026\/04\/1777288703608GAZIMAGUSA-KANALIZASYON2-350x250.jpeg\" \/><\/div><\/a><\/div><\/div>\n                        <\/div>\n                    <\/div>\n                <\/div>[\/vc_column][\/vc_row][vc_row][vc_column width=&#8221;2\/3&#8243;]<div  class='jeg_ad jeg_ad_module jnews_module__2_69ef581e49e4a   '><div class='ads-wrapper'><a href='https:\/\/ssd.gov.ct.tr\/' aria-label=\"Visit advertisement link\" target='_blank' rel=\"nofollow noopener\" class='adlink ads_image '>\n\t\t\t\t\t\t\t\t<img width=\"2560\" height=\"230\" src='https:\/\/kuzeyinsesi.org\/wp-content\/uploads\/2024\/04\/1000x90_kibris_hakikat-scaled-1.jpg' alt='' data-pin-no-hover=\"true\">\n\t\t\t\t\t\t\t<\/a><a href='https:\/\/ssd.gov.ct.tr\/' aria-label=\"Visit advertisement link\" target='_blank' rel=\"nofollow noopener\" class='adlink ads_image_tablet '>\n\t\t\t\t\t\t\t\t<img width=\"2560\" height=\"230\" src='https:\/\/kuzeyinsesi.org\/wp-content\/uploads\/2024\/04\/1000x90_kibris_hakikat-scaled-1.jpg' alt='' data-pin-no-hover=\"true\">\n\t\t\t\t\t\t\t<\/a><a href='https:\/\/ssd.gov.ct.tr\/' aria-label=\"Visit advertisement link\" target='_blank' rel=\"nofollow noopener\" class='adlink ads_image_phone '>\n\t\t\t\t\t\t\t\t<img width=\"2560\" height=\"230\" src='https:\/\/kuzeyinsesi.org\/wp-content\/uploads\/2024\/04\/1000x90_kibris_hakikat-scaled-1.jpg' alt='' data-pin-no-hover=\"true\">\n\t\t\t\t\t\t\t<\/a><\/div><\/div><div  class='jeg_ad jeg_ad_module jnews_module__3_69ef581e4a578   '><div class='ads-wrapper'><a href='https:\/\/www.visitncy.com\/' aria-label=\"Visit advertisement link\" target='_blank' rel=\"nofollow noopener\" class='adlink ads_image '>\n\t\t\t\t\t\t\t\t<img width=\"642\" height=\"90\" src='https:\/\/kuzeyinsesi.org\/wp-content\/uploads\/2025\/08\/190423_visitncy_1.gif' alt='' data-pin-no-hover=\"true\">\n\t\t\t\t\t\t\t<\/a><a href='https:\/\/www.visitncy.com\/' aria-label=\"Visit advertisement link\" target='_blank' rel=\"nofollow noopener\" class='adlink ads_image_tablet '>\n\t\t\t\t\t\t\t\t<img width=\"642\" height=\"90\" src='https:\/\/kuzeyinsesi.org\/wp-content\/uploads\/2025\/08\/190423_visitncy_1.gif' alt='' data-pin-no-hover=\"true\">\n\t\t\t\t\t\t\t<\/a><a href='https:\/\/www.visitncy.com\/' aria-label=\"Visit advertisement link\" target='_blank' rel=\"nofollow noopener\" class='adlink ads_image_phone '>\n\t\t\t\t\t\t\t\t<img width=\"642\" height=\"90\" src='https:\/\/kuzeyinsesi.org\/wp-content\/uploads\/2025\/08\/190423_visitncy_1.gif' alt='' data-pin-no-hover=\"true\">\n\t\t\t\t\t\t\t<\/a><\/div><\/div><div  class='jeg_ad jeg_ad_module jnews_module__4_69ef581e4b3b0   '><div class='ads-wrapper'><a href='https:\/\/www.vakiflarbankasi.com\/' aria-label=\"Visit advertisement link\" target='_blank' rel=\"nofollow noopener\" class='adlink ads_image '>\n\t\t\t\t\t\t\t\t<img width=\"750\" height=\"75\" src='https:\/\/kuzeyinsesi.org\/wp-content\/uploads\/2024\/09\/vakiflar.gif' alt='' data-pin-no-hover=\"true\">\n\t\t\t\t\t\t\t<\/a><a href='https:\/\/www.vakiflarbankasi.com\/' aria-label=\"Visit advertisement link\" target='_blank' rel=\"nofollow noopener\" class='adlink ads_image_tablet '>\n\t\t\t\t\t\t\t\t<img width=\"750\" height=\"75\" src='https:\/\/kuzeyinsesi.org\/wp-content\/uploads\/2024\/09\/vakiflar.gif' alt='' data-pin-no-hover=\"true\">\n\t\t\t\t\t\t\t<\/a><a href='https:\/\/www.vakiflarbankasi.com\/' aria-label=\"Visit advertisement link\" target='_blank' rel=\"nofollow noopener\" class='adlink ads_image_phone '>\n\t\t\t\t\t\t\t\t<img width=\"750\" height=\"75\" src='https:\/\/kuzeyinsesi.org\/wp-content\/uploads\/2024\/09\/vakiflar.gif' alt='' data-pin-no-hover=\"true\">\n\t\t\t\t\t\t\t<\/a><\/div><\/div><div  class=\"jeg_postblock_1 jeg_postblock jeg_module_hook jeg_pagination_disable jeg_col_3o3 jnews_module__5_69ef581e4c647   \" data-unique=\"jnews_module__5_69ef581e4c647\">\n\t\t\t\t\t<div class=\"jeg_block_heading jeg_block_heading_6 jeg_subcat_right\">\n                     <h3 class=\"jeg_block_title\"><span>KIBRIS<\/span><\/h3>\n                     <div class=\"jeg_subcat\">\n                    <ul class=\"jeg_subcat_list\">\n                        <li><a class=\"subclass-filter current\" href=\"#\" data-type='all' data-id='0'><\/a><\/li><li><a class=\"subclass-filter\" href=\"https:\/\/kuzeyinsesi.org\/index.php\/category\/kibris\/\" data-type='category' data-id='1'>K\u0131br\u0131s<\/a><\/li>\n                    <\/ul>\n                <\/div>\n                 <\/div>\n\t\t\t\t\t<div class=\"jeg_block_container jeg_load_more_flag\">\n\t\t\t\t\t\n\t\t\t\t\t<div class=\"jeg_posts row\">\n\t\t\t\t\t<article class=\"jeg_post jeg_pl_lg_1 col-sm-4 format-standard\">\n\t\t\t\t\t\t<div class=\"jeg_thumb\">\n\t\t\t\t\t\n\t\t\t\t\t<a href=\"https:\/\/kuzeyinsesi.org\/index.php\/2026\/04\/27\/arucadda-duzenlenen-posta-sanati-atolyesi-tamamlandi\/\" aria-label=\"Read article: ARUCAD\u2019da d\u00fczenlenen Posta Sanat\u0131 At\u00f6lyesi tamamland\u0131\"><div class=\"thumbnail-container animate-lazy  size-500 \"><img loading=\"lazy\" decoding=\"async\" width=\"360\" height=\"180\" src=\"https:\/\/kuzeyinsesi.org\/wp-content\/themes\/jnews\/assets\/img\/jeg-empty.png\" class=\"attachment-jnews-360x180 size-jnews-360x180 lazyload wp-post-image\" alt=\"ARUCAD\u2019da d\u00fczenlenen Posta Sanat\u0131 At\u00f6lyesi tamamland\u0131\" sizes=\"auto, (max-width: 360px) 100vw, 360px\" data-src=\"https:\/\/kuzeyinsesi.org\/wp-content\/uploads\/2026\/04\/1777292534939ARUCAD-POSTA4-360x180.jpeg\" data-srcset=\"https:\/\/kuzeyinsesi.org\/wp-content\/uploads\/2026\/04\/1777292534939ARUCAD-POSTA4-360x180.jpeg 360w, https:\/\/kuzeyinsesi.org\/wp-content\/uploads\/2026\/04\/1777292534939ARUCAD-POSTA4-750x375.jpeg 750w, https:\/\/kuzeyinsesi.org\/wp-content\/uploads\/2026\/04\/1777292534939ARUCAD-POSTA4-1140x570.jpeg 1140w\" data-sizes=\"auto\" data-expand=\"700\" \/><\/div><\/a>\n\t\t\t\t\t<div class=\"jeg_post_category\">\n\t\t\t\t\t\t<span><a href=\"https:\/\/kuzeyinsesi.org\/index.php\/category\/kibris\/\" class=\"category-kibris\">K\u0131br\u0131s<\/a><\/span>\n\t\t\t\t\t<\/div>\n\t\t\t\t<\/div>\n\t\t\t\t<div class=\"jeg_postblock_content\">\n\t\t\t\t\t<h3 property=\"headline\" class=\"jeg_post_title\">\n\t\t\t\t\t\t<a href=\"https:\/\/kuzeyinsesi.org\/index.php\/2026\/04\/27\/arucadda-duzenlenen-posta-sanati-atolyesi-tamamlandi\/\">ARUCAD\u2019da d\u00fczenlenen Posta Sanat\u0131 At\u00f6lyesi tamamland\u0131<\/a>\n\t\t\t\t\t<\/h3>\n\t\t\t\t\t<div class=\"jeg_post_meta\"><div class=\"jeg_meta_author\"><span class=\"by\"><\/span> <a href=\"https:\/\/kuzeyinsesi.org\/index.php\/author\/guven\/\">Kuzeyin Sesi<\/a><\/div><div class=\"jeg_meta_date\"><a href=\"https:\/\/kuzeyinsesi.org\/index.php\/2026\/04\/27\/arucadda-duzenlenen-posta-sanati-atolyesi-tamamlandi\/\"><i class=\"fa fa-clock-o\"><\/i> Nisan 27, 2026<\/a><\/div><div class=\"jeg_meta_comment\"><a href=\"https:\/\/kuzeyinsesi.org\/index.php\/2026\/04\/27\/arucadda-duzenlenen-posta-sanati-atolyesi-tamamlandi\/\" ><i class=\"fa fa-comment-o\"><\/i> 0 <\/a><\/div><\/div>\n\t\t\t\t\t<div class=\"jeg_post_excerpt\">\n\t\t\t\t\t\t<p>Ark\u0131n Yarat\u0131c\u0131 Sanatlar ve Tasar\u0131m \u00dcniversitesi\u2019nde (ARUCAD) d\u00fczenlenen iki g\u00fcnl\u00fck Posta Sanat\u0131 At\u00f6lyesi tamamland\u0131. ARUCAD\u2019tan yap\u0131lan a\u00e7\u0131klamaya g\u00f6re, sanat\u00e7\u0131\u00a0Genco G\u00fclan\u2019\u0131n...<\/p>\n\t\t\t\t\t\t<a href=\"https:\/\/kuzeyinsesi.org\/index.php\/2026\/04\/27\/arucadda-duzenlenen-posta-sanati-atolyesi-tamamlandi\/\" class=\"jeg_readmore\">Daha fazla oku<span class=\"screen-reader-text\">Details<\/span><\/a>\n\t\t\t\t\t<\/div>\n\t\t\t\t<\/div>\n\t\t\t\t\t<\/article>\n\t\t\t\t\t<div class=\"jeg_postsmall col-sm-4\">\n\t\t\t\t\t\t<article class=\"jeg_post jeg_pl_sm format-standard\">\n\t\t\t\t\t<div class=\"jeg_thumb\">\n\t\t\t\t\t\t\n\t\t\t\t\t\t<a href=\"https:\/\/kuzeyinsesi.org\/index.php\/2026\/04\/27\/dau-kam-almanyada-mekansal-planlama-ve-arazi-yonetimi-semineri-duzenledi\/\" aria-label=\"Read article: DA\u00dc-KAM \u201cAlmanya\u2019da Mekansal Planlama ve Arazi Y\u00f6netimi\u201d semineri d\u00fczenledi\">\n\t\t\t\t\t\t\t<div class=\"thumbnail-container animate-lazy  size-715 \"><img loading=\"lazy\" decoding=\"async\" width=\"120\" height=\"86\" src=\"https:\/\/kuzeyinsesi.org\/wp-content\/themes\/jnews\/assets\/img\/jeg-empty.png\" class=\"attachment-jnews-120x86 size-jnews-120x86 lazyload wp-post-image\" alt=\"DA\u00dc-KAM \u201cAlmanya\u2019da Mekansal Planlama ve Arazi Y\u00f6netimi\u201d semineri d\u00fczenledi\" sizes=\"auto, (max-width: 120px) 100vw, 120px\" data-src=\"https:\/\/kuzeyinsesi.org\/wp-content\/uploads\/2026\/04\/1777292551685DAU-KAM-SEMINER2-120x86.jpg\" data-srcset=\"https:\/\/kuzeyinsesi.org\/wp-content\/uploads\/2026\/04\/1777292551685DAU-KAM-SEMINER2-120x86.jpg 120w, https:\/\/kuzeyinsesi.org\/wp-content\/uploads\/2026\/04\/1777292551685DAU-KAM-SEMINER2-350x250.jpg 350w, https:\/\/kuzeyinsesi.org\/wp-content\/uploads\/2026\/04\/1777292551685DAU-KAM-SEMINER2-750x536.jpg 750w, https:\/\/kuzeyinsesi.org\/wp-content\/uploads\/2026\/04\/1777292551685DAU-KAM-SEMINER2-1140x815.jpg 1140w\" data-sizes=\"auto\" data-expand=\"700\" \/><\/div>\n\t\t\t\t\t\t<\/a>\n\t\t\t\t\t<\/div>\n\t\t\t\t\t<div class=\"jeg_postblock_content\">\n\t\t\t\t\t\t<h3 class=\"jeg_post_title\">\n\t\t\t\t\t\t\t<a href=\"https:\/\/kuzeyinsesi.org\/index.php\/2026\/04\/27\/dau-kam-almanyada-mekansal-planlama-ve-arazi-yonetimi-semineri-duzenledi\/\">DA\u00dc-KAM \u201cAlmanya\u2019da Mekansal Planlama ve Arazi Y\u00f6netimi\u201d semineri d\u00fczenledi<\/a>\n\t\t\t\t\t\t<\/h3>\n\t\t\t\t\t\t<div class=\"jeg_post_meta\"><div class=\"jeg_meta_date\"><a href=\"https:\/\/kuzeyinsesi.org\/index.php\/2026\/04\/27\/dau-kam-almanyada-mekansal-planlama-ve-arazi-yonetimi-semineri-duzenledi\/\" ><i class=\"fa fa-clock-o\"><\/i> Nisan 27, 2026<\/a><\/div><\/div>\n\t\t\t\t\t<\/div>\n\t\t\t\t<\/article><article class=\"jeg_post jeg_pl_sm format-standard\">\n\t\t\t\t\t<div class=\"jeg_thumb\">\n\t\t\t\t\t\t\n\t\t\t\t\t\t<a href=\"https:\/\/kuzeyinsesi.org\/index.php\/2026\/04\/27\/elektrikli-scooterlar-ile-ilgili-kurallar-hatirlatildi-uyari-yapildi\/\" aria-label=\"Read article: Elektrikli scooterlar ile ilgili kurallar hat\u0131rlat\u0131ld\u0131: Uyar\u0131 yap\u0131ld\u0131\">\n\t\t\t\t\t\t\t<div class=\"thumbnail-container animate-lazy  size-715 \"><img loading=\"lazy\" decoding=\"async\" width=\"120\" height=\"86\" src=\"https:\/\/kuzeyinsesi.org\/wp-content\/themes\/jnews\/assets\/img\/jeg-empty.png\" class=\"attachment-jnews-120x86 size-jnews-120x86 lazyload wp-post-image\" alt=\"Elektrikli scooterlar ile ilgili kurallar hat\u0131rlat\u0131ld\u0131: Uyar\u0131 yap\u0131ld\u0131\" sizes=\"auto, (max-width: 120px) 100vw, 120px\" data-src=\"https:\/\/kuzeyinsesi.org\/wp-content\/uploads\/2026\/04\/Yeni-Proje-20-2-120x86.jpg\" data-srcset=\"https:\/\/kuzeyinsesi.org\/wp-content\/uploads\/2026\/04\/Yeni-Proje-20-2-120x86.jpg 120w, https:\/\/kuzeyinsesi.org\/wp-content\/uploads\/2026\/04\/Yeni-Proje-20-2-350x250.jpg 350w, https:\/\/kuzeyinsesi.org\/wp-content\/uploads\/2026\/04\/Yeni-Proje-20-2-750x536.jpg 750w\" data-sizes=\"auto\" data-expand=\"700\" \/><\/div>\n\t\t\t\t\t\t<\/a>\n\t\t\t\t\t<\/div>\n\t\t\t\t\t<div class=\"jeg_postblock_content\">\n\t\t\t\t\t\t<h3 class=\"jeg_post_title\">\n\t\t\t\t\t\t\t<a href=\"https:\/\/kuzeyinsesi.org\/index.php\/2026\/04\/27\/elektrikli-scooterlar-ile-ilgili-kurallar-hatirlatildi-uyari-yapildi\/\">Elektrikli scooterlar ile ilgili kurallar hat\u0131rlat\u0131ld\u0131: Uyar\u0131 yap\u0131ld\u0131<\/a>\n\t\t\t\t\t\t<\/h3>\n\t\t\t\t\t\t<div class=\"jeg_post_meta\"><div class=\"jeg_meta_date\"><a href=\"https:\/\/kuzeyinsesi.org\/index.php\/2026\/04\/27\/elektrikli-scooterlar-ile-ilgili-kurallar-hatirlatildi-uyari-yapildi\/\" ><i class=\"fa fa-clock-o\"><\/i> Nisan 27, 2026<\/a><\/div><\/div>\n\t\t\t\t\t<\/div>\n\t\t\t\t<\/article>\n\t\t\t\t\t<\/div>\n\t\t\t\t\t<div class=\"jeg_postsmall col-sm-4\">\n\t\t\t\t\t\t<article class=\"jeg_post jeg_pl_xs_2 format-standard\">\n\t\t\t\t\t<div class=\"jeg_postblock_content\">\n\t\t\t\t\t\t<h3 class=\"jeg_post_title\"><a href=\"https:\/\/kuzeyinsesi.org\/index.php\/2026\/04\/27\/iskele-ilce-emniyet-kurulu-yanginla-mucadele-gundemiyle-toplandi\/\">\u0130skele \u0130l\u00e7e Emniyet Kurulu yang\u0131nla m\u00fccadele g\u00fcndemiyle topland\u0131<\/a><\/h3>\n\t\t\t\t\t\t<div class=\"jeg_post_meta\"><div class=\"jeg_meta_date\"><a href=\"https:\/\/kuzeyinsesi.org\/index.php\/2026\/04\/27\/iskele-ilce-emniyet-kurulu-yanginla-mucadele-gundemiyle-toplandi\/\" ><i class=\"fa fa-clock-o\"><\/i> Nisan 27, 2026<\/a><\/div><\/div>\n\t\t\t\t\t<\/div>\n\t\t\t\t<\/article><article class=\"jeg_post jeg_pl_xs_2 format-standard\">\n\t\t\t\t\t<div class=\"jeg_postblock_content\">\n\t\t\t\t\t\t<h3 class=\"jeg_post_title\"><a href=\"https:\/\/kuzeyinsesi.org\/index.php\/2026\/04\/27\/cumhurbaskani-erhurman-genclik-federasyonu-heyetini-kabul-etti\/\">Cumhurba\u015fkan\u0131 Erh\u00fcrman, Gen\u00e7lik Federasyonu heyetini kabul etti<\/a><\/h3>\n\t\t\t\t\t\t<div class=\"jeg_post_meta\"><div class=\"jeg_meta_date\"><a href=\"https:\/\/kuzeyinsesi.org\/index.php\/2026\/04\/27\/cumhurbaskani-erhurman-genclik-federasyonu-heyetini-kabul-etti\/\" ><i class=\"fa fa-clock-o\"><\/i> Nisan 27, 2026<\/a><\/div><\/div>\n\t\t\t\t\t<\/div>\n\t\t\t\t<\/article>\n\t\t\t\t\t<\/div>\n\t\t\t\t<\/div>\n\t\t\t\t\t<div class='module-overlay'>\n\t\t\t\t    <div class='preloader_type preloader_dot'>\n\t\t\t\t        <div class=\"module-preloader jeg_preloader dot\">\n\t\t\t\t            <span><\/span><span><\/span><span><\/span>\n\t\t\t\t        <\/div>\n\t\t\t\t        <div class=\"module-preloader jeg_preloader circle\">\n\t\t\t\t            <div class=\"jnews_preloader_circle_outer\">\n\t\t\t\t                <div class=\"jnews_preloader_circle_inner\"><\/div>\n\t\t\t\t            <\/div>\n\t\t\t\t        <\/div>\n\t\t\t\t        <div class=\"module-preloader jeg_preloader square\">\n\t\t\t\t            <div class=\"jeg_square\">\n\t\t\t\t                <div class=\"jeg_square_inner\"><\/div>\n\t\t\t\t            <\/div>\n\t\t\t\t        <\/div>\n\t\t\t\t    <\/div>\n\t\t\t\t<\/div>\n\t\t\t\t<\/div>\n\t\t\t\t<div class=\"jeg_block_navigation\">\n\t\t\t\t\t<div class='navigation_overlay'><div class='module-preloader jeg_preloader'><span><\/span><span><\/span><span><\/span><\/div><\/div>\n\t\t\t\t\t\n\t\t\t\t\t\n\t\t\t\t<\/div>\n\t\t\t\t\t\n\t\t\t\t\t<script>var jnews_module__5_69ef581e4c647 = {\"header_icon\":\"\",\"first_title\":\"KIBRIS\",\"second_title\":\"\",\"url\":\"\",\"header_type\":\"heading_6\",\"header_background\":\"\",\"header_secondary_background\":\"\",\"header_text_color\":\"\",\"header_line_color\":\"\",\"header_accent_color\":\"\",\"header_filter_category\":\"1\",\"header_filter_author\":\"\",\"header_filter_tag\":\"\",\"header_filter_text\":\"\",\"sticky_post\":false,\"sticky_post_filter\":false,\"post_type\":\"post\",\"content_type\":\"all\",\"sponsor\":\"\",\"number_post\":\"5\",\"post_offset\":\"0\",\"unique_content\":\"disable\",\"include_post\":\"\",\"included_only\":\"\",\"exclude_post\":\"\",\"include_category\":\"1\",\"exclude_category\":\"\",\"include_author\":\"\",\"include_tag\":\"\",\"exclude_tag\":\"\",\"exclude_visited_post\":false,\"sort_by\":\"latest\",\"date_format\":\"default\",\"date_format_custom\":\"Y\\\/m\\\/d\",\"excerpt_length\":\"20\",\"excerpt_ellipsis\":\"...\",\"force_normal_image_load\":\"\",\"main_custom_image_size\":\"default\",\"second_custom_image_size\":\"default\",\"pagination_mode\":\"disable\",\"pagination_nextprev_showtext\":\"\",\"pagination_number_post\":5,\"pagination_scroll_limit\":0,\"boxed\":\"\",\"boxed_shadow\":\"\",\"el_id\":\"\",\"el_class\":\"\",\"scheme\":\"\",\"column_width\":\"auto\",\"title_color\":\"\",\"accent_color\":\"\",\"alt_color\":\"\",\"excerpt_color\":\"\",\"css\":\"\",\"compatible_column_notice\":\"\",\"paged\":1,\"column_class\":\"jeg_col_3o3\",\"class\":\"jnews_block_1\"};<\/script>\n\t\t\t\t<\/div><div  class='jeg_ad jeg_ad_module jnews_module__6_69ef581f8d677   '><div class='ads-wrapper'><a href='https:\/\/www.facebook.com\/alfasigortakibris' aria-label=\"Visit advertisement link\" target='_blank' rel=\"nofollow noopener\" class='adlink ads_image '>\n\t\t\t\t\t\t\t\t<img width=\"635\" height=\"100\" src='https:\/\/kuzeyinsesi.org\/wp-content\/uploads\/2025\/04\/alfa.gif' alt='' data-pin-no-hover=\"true\">\n\t\t\t\t\t\t\t<\/a><a href='https:\/\/www.facebook.com\/alfasigortakibris' aria-label=\"Visit advertisement link\" target='_blank' rel=\"nofollow noopener\" class='adlink ads_image_tablet '>\n\t\t\t\t\t\t\t\t<img width=\"635\" height=\"100\" src='https:\/\/kuzeyinsesi.org\/wp-content\/uploads\/2025\/04\/alfa.gif' alt='' data-pin-no-hover=\"true\">\n\t\t\t\t\t\t\t<\/a><a href='https:\/\/www.facebook.com\/alfasigortakibris' aria-label=\"Visit advertisement link\" target='_blank' rel=\"nofollow noopener\" class='adlink ads_image_phone '>\n\t\t\t\t\t\t\t\t<img width=\"635\" height=\"100\" src='https:\/\/kuzeyinsesi.org\/wp-content\/uploads\/2025\/04\/alfa.gif' alt='' data-pin-no-hover=\"true\">\n\t\t\t\t\t\t\t<\/a><\/div><\/div><div  class=\"jeg_postblock_1 jeg_postblock jeg_module_hook jeg_pagination_disable jeg_col_3o3 jnews_module__7_69ef581f8e9c7   \" data-unique=\"jnews_module__7_69ef581f8e9c7\">\n\t\t\t\t\t<div class=\"jeg_block_heading jeg_block_heading_6 jeg_subcat_right\">\n                     <h3 class=\"jeg_block_title\"><span>T\u00dcRK\u0130YE<\/span><\/h3>\n                     \n                 <\/div>\n\t\t\t\t\t<div class=\"jeg_block_container jeg_load_more_flag\">\n\t\t\t\t\t\n\t\t\t\t\t<div class=\"jeg_posts row\">\n\t\t\t\t\t<article class=\"jeg_post jeg_pl_lg_1 col-sm-4 format-standard\">\n\t\t\t\t\t\t<div class=\"jeg_thumb\">\n\t\t\t\t\t\n\t\t\t\t\t<a href=\"https:\/\/kuzeyinsesi.org\/index.php\/2026\/03\/08\/erdogan-keir-starmer-ile-telefonda-gorustu-2\/\" aria-label=\"Read article: Erdo\u011fan, Keir Starmer ile telefonda g\u00f6r\u00fc\u015ft\u00fc\"><div class=\"thumbnail-container animate-lazy  size-500 \"><img loading=\"lazy\" decoding=\"async\" width=\"360\" height=\"180\" src=\"https:\/\/kuzeyinsesi.org\/wp-content\/themes\/jnews\/assets\/img\/jeg-empty.png\" class=\"attachment-jnews-360x180 size-jnews-360x180 lazyload wp-post-image\" alt=\"Erdo\u011fan, Keir Starmer ile telefonda g\u00f6r\u00fc\u015ft\u00fc\" sizes=\"auto, (max-width: 360px) 100vw, 360px\" data-src=\"https:\/\/kuzeyinsesi.org\/wp-content\/uploads\/2026\/03\/1772889941655erdogan-starmer-2411590-360x180.jpg\" data-srcset=\"https:\/\/kuzeyinsesi.org\/wp-content\/uploads\/2026\/03\/1772889941655erdogan-starmer-2411590-360x180.jpg 360w, https:\/\/kuzeyinsesi.org\/wp-content\/uploads\/2026\/03\/1772889941655erdogan-starmer-2411590-750x375.jpg 750w, https:\/\/kuzeyinsesi.org\/wp-content\/uploads\/2026\/03\/1772889941655erdogan-starmer-2411590-1140x570.jpg 1140w\" data-sizes=\"auto\" data-expand=\"700\" \/><\/div><\/a>\n\t\t\t\t\t<div class=\"jeg_post_category\">\n\t\t\t\t\t\t<span><a href=\"https:\/\/kuzeyinsesi.org\/index.php\/category\/turkiye\/\" class=\"category-turkiye\">T\u00fcrkiye<\/a><\/span>\n\t\t\t\t\t<\/div>\n\t\t\t\t<\/div>\n\t\t\t\t<div class=\"jeg_postblock_content\">\n\t\t\t\t\t<h3 property=\"headline\" class=\"jeg_post_title\">\n\t\t\t\t\t\t<a href=\"https:\/\/kuzeyinsesi.org\/index.php\/2026\/03\/08\/erdogan-keir-starmer-ile-telefonda-gorustu-2\/\">Erdo\u011fan, Keir Starmer ile telefonda g\u00f6r\u00fc\u015ft\u00fc<\/a>\n\t\t\t\t\t<\/h3>\n\t\t\t\t\t<div class=\"jeg_post_meta\"><div class=\"jeg_meta_author\"><span class=\"by\"><\/span> <a href=\"https:\/\/kuzeyinsesi.org\/index.php\/author\/guven\/\">Kuzeyin Sesi<\/a><\/div><div class=\"jeg_meta_date\"><a href=\"https:\/\/kuzeyinsesi.org\/index.php\/2026\/03\/08\/erdogan-keir-starmer-ile-telefonda-gorustu-2\/\"><i class=\"fa fa-clock-o\"><\/i> Mart 8, 2026<\/a><\/div><div class=\"jeg_meta_comment\"><a href=\"https:\/\/kuzeyinsesi.org\/index.php\/2026\/03\/08\/erdogan-keir-starmer-ile-telefonda-gorustu-2\/\" ><i class=\"fa fa-comment-o\"><\/i> 0 <\/a><\/div><\/div>\n\t\t\t\t\t<div class=\"jeg_post_excerpt\">\n\t\t\t\t\t\t<p>T\u00fcrkiye Cumhurba\u015fkan\u0131 Recep Tayyip Erdo\u011fan, \u0130ngiltere Ba\u015fbakan\u0131 Keir Starmer ile bir telefon g\u00f6r\u00fc\u015fmesi ger\u00e7ekle\u015ftirdi. T\u00fcrkiye Cumhurba\u015fkanl\u0131\u011f\u0131 \u0130leti\u015fim Ba\u015fkanl\u0131\u011f\u0131n\u0131n sosyal medya...<\/p>\n\t\t\t\t\t\t<a href=\"https:\/\/kuzeyinsesi.org\/index.php\/2026\/03\/08\/erdogan-keir-starmer-ile-telefonda-gorustu-2\/\" class=\"jeg_readmore\">Daha fazla oku<span class=\"screen-reader-text\">Details<\/span><\/a>\n\t\t\t\t\t<\/div>\n\t\t\t\t<\/div>\n\t\t\t\t\t<\/article>\n\t\t\t\t\t<div class=\"jeg_postsmall col-sm-4\">\n\t\t\t\t\t\t<article class=\"jeg_post jeg_pl_sm format-standard\">\n\t\t\t\t\t<div class=\"jeg_thumb\">\n\t\t\t\t\t\t\n\t\t\t\t\t\t<a href=\"https:\/\/kuzeyinsesi.org\/index.php\/2026\/03\/08\/tc-cumhurbaskanligi-iletisim-baskanligindan-cnne-harita-tepkisi-yaniltici-ve-indirgemeci\/\" aria-label=\"Read article: TC Cumhurba\u015fkanl\u0131\u011f\u0131 \u0130leti\u015fim Ba\u015fkanl\u0131\u011f\u0131\u2019ndan CNN\u2019e \u201charita\u201d tepkisi: \u201cYan\u0131lt\u0131c\u0131 ve indirgemeci\u201d\">\n\t\t\t\t\t\t\t<div class=\"thumbnail-container animate-lazy  size-715 \"><img loading=\"lazy\" decoding=\"async\" width=\"120\" height=\"86\" src=\"https:\/\/kuzeyinsesi.org\/wp-content\/themes\/jnews\/assets\/img\/jeg-empty.png\" class=\"attachment-jnews-120x86 size-jnews-120x86 lazyload wp-post-image\" alt=\"TC Cumhurba\u015fkanl\u0131\u011f\u0131 \u0130leti\u015fim Ba\u015fkanl\u0131\u011f\u0131\u2019ndan CNN\u2019e \u201charita\u201d tepkisi: \u201cYan\u0131lt\u0131c\u0131 ve indirgemeci\u201d\" sizes=\"auto, (max-width: 120px) 100vw, 120px\" data-src=\"https:\/\/kuzeyinsesi.org\/wp-content\/uploads\/2026\/03\/1772890728770thumbs_b_c_80c2417cf30038bbc567d479e65205ed-120x86.jpg\" data-srcset=\"https:\/\/kuzeyinsesi.org\/wp-content\/uploads\/2026\/03\/1772890728770thumbs_b_c_80c2417cf30038bbc567d479e65205ed-120x86.jpg 120w, https:\/\/kuzeyinsesi.org\/wp-content\/uploads\/2026\/03\/1772890728770thumbs_b_c_80c2417cf30038bbc567d479e65205ed-350x250.jpg 350w\" data-sizes=\"auto\" data-expand=\"700\" \/><\/div>\n\t\t\t\t\t\t<\/a>\n\t\t\t\t\t<\/div>\n\t\t\t\t\t<div class=\"jeg_postblock_content\">\n\t\t\t\t\t\t<h3 class=\"jeg_post_title\">\n\t\t\t\t\t\t\t<a href=\"https:\/\/kuzeyinsesi.org\/index.php\/2026\/03\/08\/tc-cumhurbaskanligi-iletisim-baskanligindan-cnne-harita-tepkisi-yaniltici-ve-indirgemeci\/\">TC Cumhurba\u015fkanl\u0131\u011f\u0131 \u0130leti\u015fim Ba\u015fkanl\u0131\u011f\u0131\u2019ndan CNN\u2019e \u201charita\u201d tepkisi: \u201cYan\u0131lt\u0131c\u0131 ve indirgemeci\u201d<\/a>\n\t\t\t\t\t\t<\/h3>\n\t\t\t\t\t\t<div class=\"jeg_post_meta\"><div class=\"jeg_meta_date\"><a href=\"https:\/\/kuzeyinsesi.org\/index.php\/2026\/03\/08\/tc-cumhurbaskanligi-iletisim-baskanligindan-cnne-harita-tepkisi-yaniltici-ve-indirgemeci\/\" ><i class=\"fa fa-clock-o\"><\/i> Mart 8, 2026<\/a><\/div><\/div>\n\t\t\t\t\t<\/div>\n\t\t\t\t<\/article><article class=\"jeg_post jeg_pl_sm format-standard\">\n\t\t\t\t\t<div class=\"jeg_thumb\">\n\t\t\t\t\t\t\n\t\t\t\t\t\t<a href=\"https:\/\/kuzeyinsesi.org\/index.php\/2026\/03\/08\/gucleri-emekleri-ve-basarilariyla-topluma-deger-katan-tum-kadinlarin-8-mart-dunya-kadinlar-gunu-kutlu-olsun\/\" aria-label=\"Read article: G\u00fc\u00e7leri, emekleri ve ba\u015far\u0131lar\u0131yla topluma de\u011fer katan t\u00fcm kad\u0131nlar\u0131n 8 Mart D\u00fcnya Kad\u0131nlar G\u00fcn\u00fc kutlu olsun\u2026\">\n\t\t\t\t\t\t\t<div class=\"thumbnail-container animate-lazy  size-715 \"><img loading=\"lazy\" decoding=\"async\" width=\"120\" height=\"86\" src=\"https:\/\/kuzeyinsesi.org\/wp-content\/themes\/jnews\/assets\/img\/jeg-empty.png\" class=\"attachment-jnews-120x86 size-jnews-120x86 lazyload wp-post-image\" alt=\"G\u00fc\u00e7leri, emekleri ve ba\u015far\u0131lar\u0131yla topluma de\u011fer katan t\u00fcm kad\u0131nlar\u0131n 8 Mart D\u00fcnya Kad\u0131nlar G\u00fcn\u00fc kutlu olsun\u2026\" sizes=\"auto, (max-width: 120px) 100vw, 120px\" data-src=\"https:\/\/kuzeyinsesi.org\/wp-content\/uploads\/2026\/03\/kadinlar-gunu-120x86.jpg\" data-srcset=\"https:\/\/kuzeyinsesi.org\/wp-content\/uploads\/2026\/03\/kadinlar-gunu-120x86.jpg 120w, https:\/\/kuzeyinsesi.org\/wp-content\/uploads\/2026\/03\/kadinlar-gunu-350x250.jpg 350w, https:\/\/kuzeyinsesi.org\/wp-content\/uploads\/2026\/03\/kadinlar-gunu-750x536.jpg 750w\" data-sizes=\"auto\" data-expand=\"700\" \/><\/div>\n\t\t\t\t\t\t<\/a>\n\t\t\t\t\t<\/div>\n\t\t\t\t\t<div class=\"jeg_postblock_content\">\n\t\t\t\t\t\t<h3 class=\"jeg_post_title\">\n\t\t\t\t\t\t\t<a href=\"https:\/\/kuzeyinsesi.org\/index.php\/2026\/03\/08\/gucleri-emekleri-ve-basarilariyla-topluma-deger-katan-tum-kadinlarin-8-mart-dunya-kadinlar-gunu-kutlu-olsun\/\">G\u00fc\u00e7leri, emekleri ve ba\u015far\u0131lar\u0131yla topluma de\u011fer katan t\u00fcm kad\u0131nlar\u0131n 8 Mart D\u00fcnya Kad\u0131nlar G\u00fcn\u00fc kutlu olsun\u2026<\/a>\n\t\t\t\t\t\t<\/h3>\n\t\t\t\t\t\t<div class=\"jeg_post_meta\"><div class=\"jeg_meta_date\"><a href=\"https:\/\/kuzeyinsesi.org\/index.php\/2026\/03\/08\/gucleri-emekleri-ve-basarilariyla-topluma-deger-katan-tum-kadinlarin-8-mart-dunya-kadinlar-gunu-kutlu-olsun\/\" ><i class=\"fa fa-clock-o\"><\/i> Mart 8, 2026<\/a><\/div><\/div>\n\t\t\t\t\t<\/div>\n\t\t\t\t<\/article>\n\t\t\t\t\t<\/div>\n\t\t\t\t\t<div class=\"jeg_postsmall col-sm-4\">\n\t\t\t\t\t\t<article class=\"jeg_post jeg_pl_xs_2 format-standard\">\n\t\t\t\t\t<div class=\"jeg_postblock_content\">\n\t\t\t\t\t\t<h3 class=\"jeg_post_title\"><a href=\"https:\/\/kuzeyinsesi.org\/index.php\/2025\/08\/12\/turkiye-yanginlarla-mucadeleye-devam-ediyor\/\">T\u00fcrkiye yang\u0131nlarla m\u00fccadeleye devam ediyor\u2026<\/a><\/h3>\n\t\t\t\t\t\t<div class=\"jeg_post_meta\"><div class=\"jeg_meta_date\"><a href=\"https:\/\/kuzeyinsesi.org\/index.php\/2025\/08\/12\/turkiye-yanginlarla-mucadeleye-devam-ediyor\/\" ><i class=\"fa fa-clock-o\"><\/i> A\u011fustos 12, 2025<\/a><\/div><\/div>\n\t\t\t\t\t<\/div>\n\t\t\t\t<\/article><article class=\"jeg_post jeg_pl_xs_2 format-standard\">\n\t\t\t\t\t<div class=\"jeg_postblock_content\">\n\t\t\t\t\t\t<h3 class=\"jeg_post_title\"><a href=\"https:\/\/kuzeyinsesi.org\/index.php\/2025\/08\/11\/canakkalede-cikan-orman-yanginina-mudahale-ediliyor\/\">\u00c7anakkale\u2019de \u00e7\u0131kan orman yang\u0131n\u0131na m\u00fcdahale ediliyor<\/a><\/h3>\n\t\t\t\t\t\t<div class=\"jeg_post_meta\"><div class=\"jeg_meta_date\"><a href=\"https:\/\/kuzeyinsesi.org\/index.php\/2025\/08\/11\/canakkalede-cikan-orman-yanginina-mudahale-ediliyor\/\" ><i class=\"fa fa-clock-o\"><\/i> A\u011fustos 11, 2025<\/a><\/div><\/div>\n\t\t\t\t\t<\/div>\n\t\t\t\t<\/article>\n\t\t\t\t\t<\/div>\n\t\t\t\t<\/div>\n\t\t\t\t\t<div class='module-overlay'>\n\t\t\t\t    <div class='preloader_type preloader_dot'>\n\t\t\t\t        <div class=\"module-preloader jeg_preloader dot\">\n\t\t\t\t            <span><\/span><span><\/span><span><\/span>\n\t\t\t\t        <\/div>\n\t\t\t\t        <div class=\"module-preloader jeg_preloader circle\">\n\t\t\t\t            <div class=\"jnews_preloader_circle_outer\">\n\t\t\t\t                <div class=\"jnews_preloader_circle_inner\"><\/div>\n\t\t\t\t            <\/div>\n\t\t\t\t        <\/div>\n\t\t\t\t        <div class=\"module-preloader jeg_preloader square\">\n\t\t\t\t            <div class=\"jeg_square\">\n\t\t\t\t                <div class=\"jeg_square_inner\"><\/div>\n\t\t\t\t            <\/div>\n\t\t\t\t        <\/div>\n\t\t\t\t    <\/div>\n\t\t\t\t<\/div>\n\t\t\t\t<\/div>\n\t\t\t\t<div class=\"jeg_block_navigation\">\n\t\t\t\t\t<div class='navigation_overlay'><div class='module-preloader jeg_preloader'><span><\/span><span><\/span><span><\/span><\/div><\/div>\n\t\t\t\t\t\n\t\t\t\t\t\n\t\t\t\t<\/div>\n\t\t\t\t\t\n\t\t\t\t\t<script>var jnews_module__7_69ef581f8e9c7 = {\"header_icon\":\"\",\"first_title\":\"T\\u00dcRK\\u0130YE\",\"second_title\":\"\",\"url\":\"\",\"header_type\":\"heading_6\",\"header_background\":\"\",\"header_secondary_background\":\"\",\"header_text_color\":\"\",\"header_line_color\":\"\",\"header_accent_color\":\"\",\"header_filter_category\":\"\",\"header_filter_author\":\"\",\"header_filter_tag\":\"\",\"header_filter_text\":\"All\",\"sticky_post\":\"\",\"sticky_post_filter\":false,\"post_type\":\"post\",\"content_type\":\"all\",\"sponsor\":\"\",\"number_post\":\"5\",\"post_offset\":\"0\",\"unique_content\":\"disable\",\"include_post\":\"\",\"included_only\":\"\",\"exclude_post\":\"\",\"include_category\":\"5\",\"exclude_category\":\"\",\"include_author\":\"\",\"include_tag\":\"\",\"exclude_tag\":\"\",\"exclude_visited_post\":false,\"sort_by\":\"latest\",\"date_format\":\"default\",\"date_format_custom\":\"Y\\\/m\\\/d\",\"excerpt_length\":\"20\",\"excerpt_ellipsis\":\"...\",\"force_normal_image_load\":\"\",\"main_custom_image_size\":\"default\",\"second_custom_image_size\":\"default\",\"pagination_mode\":\"disable\",\"pagination_nextprev_showtext\":\"\",\"pagination_number_post\":5,\"pagination_scroll_limit\":0,\"boxed\":\"\",\"boxed_shadow\":\"\",\"el_id\":\"\",\"el_class\":\"\",\"scheme\":\"\",\"column_width\":\"auto\",\"title_color\":\"\",\"accent_color\":\"\",\"alt_color\":\"\",\"excerpt_color\":\"\",\"css\":\"\",\"compatible_column_notice\":\"\",\"paged\":1,\"column_class\":\"jeg_col_3o3\",\"class\":\"jnews_block_1\"};<\/script>\n\t\t\t\t<\/div><div  class=\"jeg_postblock_1 jeg_postblock jeg_module_hook jeg_pagination_disable jeg_col_3o3 jnews_module__8_69ef5820250ab   \" data-unique=\"jnews_module__8_69ef5820250ab\">\n\t\t\t\t\t<div class=\"jeg_block_heading jeg_block_heading_6 jeg_subcat_right\">\n                     <h3 class=\"jeg_block_title\"><span>SPOR<\/span><\/h3>\n                     \n                 <\/div>\n\t\t\t\t\t<div class=\"jeg_block_container jeg_load_more_flag\">\n\t\t\t\t\t\n\t\t\t\t\t<div class=\"jeg_posts row\">\n\t\t\t\t\t<article class=\"jeg_post jeg_pl_lg_1 col-sm-4 format-standard\">\n\t\t\t\t\t\t<div class=\"jeg_thumb\">\n\t\t\t\t\t\n\t\t\t\t\t<a href=\"https:\/\/kuzeyinsesi.org\/index.php\/2026\/04\/26\/61-cumhurbaskanligi-turkiye-bisiklet-turunun-ilk-etabini-crabbe-kazandi\/\" aria-label=\"Read article: 61. Cumhurba\u015fkanl\u0131\u011f\u0131 T\u00fcrkiye Bisiklet Turu&#039;nun ilk etab\u0131n\u0131 Crabbe kazand\u0131\"><div class=\"thumbnail-container animate-lazy  size-500 \"><img loading=\"lazy\" decoding=\"async\" width=\"360\" height=\"180\" src=\"https:\/\/kuzeyinsesi.org\/wp-content\/themes\/jnews\/assets\/img\/jeg-empty.png\" class=\"attachment-jnews-360x180 size-jnews-360x180 lazyload wp-post-image\" alt=\"61. Cumhurba\u015fkanl\u0131\u011f\u0131 T\u00fcrkiye Bisiklet Turu&#039;nun ilk etab\u0131n\u0131 Crabbe kazand\u0131\" sizes=\"auto, (max-width: 360px) 100vw, 360px\" data-src=\"https:\/\/kuzeyinsesi.org\/wp-content\/uploads\/2026\/04\/tom-crabbeaa-2456475-360x180.jpg\" data-srcset=\"https:\/\/kuzeyinsesi.org\/wp-content\/uploads\/2026\/04\/tom-crabbeaa-2456475-360x180.jpg 360w, https:\/\/kuzeyinsesi.org\/wp-content\/uploads\/2026\/04\/tom-crabbeaa-2456475-750x375.jpg 750w, https:\/\/kuzeyinsesi.org\/wp-content\/uploads\/2026\/04\/tom-crabbeaa-2456475-1140x570.jpg 1140w\" data-sizes=\"auto\" data-expand=\"700\" \/><\/div><\/a>\n\t\t\t\t\t<div class=\"jeg_post_category\">\n\t\t\t\t\t\t<span><a href=\"https:\/\/kuzeyinsesi.org\/index.php\/category\/spor\/\" class=\"category-spor\">Spor<\/a><\/span>\n\t\t\t\t\t<\/div>\n\t\t\t\t<\/div>\n\t\t\t\t<div class=\"jeg_postblock_content\">\n\t\t\t\t\t<h3 property=\"headline\" class=\"jeg_post_title\">\n\t\t\t\t\t\t<a href=\"https:\/\/kuzeyinsesi.org\/index.php\/2026\/04\/26\/61-cumhurbaskanligi-turkiye-bisiklet-turunun-ilk-etabini-crabbe-kazandi\/\">61. Cumhurba\u015fkanl\u0131\u011f\u0131 T\u00fcrkiye Bisiklet Turu&#039;nun ilk etab\u0131n\u0131 Crabbe kazand\u0131<\/a>\n\t\t\t\t\t<\/h3>\n\t\t\t\t\t<div class=\"jeg_post_meta\"><div class=\"jeg_meta_author\"><span class=\"by\"><\/span> <a href=\"https:\/\/kuzeyinsesi.org\/index.php\/author\/guven\/\">Kuzeyin Sesi<\/a><\/div><div class=\"jeg_meta_date\"><a href=\"https:\/\/kuzeyinsesi.org\/index.php\/2026\/04\/26\/61-cumhurbaskanligi-turkiye-bisiklet-turunun-ilk-etabini-crabbe-kazandi\/\"><i class=\"fa fa-clock-o\"><\/i> Nisan 26, 2026<\/a><\/div><div class=\"jeg_meta_comment\"><a href=\"https:\/\/kuzeyinsesi.org\/index.php\/2026\/04\/26\/61-cumhurbaskanligi-turkiye-bisiklet-turunun-ilk-etabini-crabbe-kazandi\/\" ><i class=\"fa fa-comment-o\"><\/i> 0 <\/a><\/div><\/div>\n\t\t\t\t\t<div class=\"jeg_post_excerpt\">\n\t\t\t\t\t\t<p>&#13; Etab\u0131n ard\u0131ndan bas\u0131n toplant\u0131s\u0131nda a\u00e7\u0131klamada bulunan Crabbe, Bel\u00e7ika'da bu t\u00fcr bir hava g\u00f6rmedi\u011fini ancak s\u0131cak bir yar\u0131\u015f bekledi\u011fini ifade...<\/p>\n\t\t\t\t\t\t<a href=\"https:\/\/kuzeyinsesi.org\/index.php\/2026\/04\/26\/61-cumhurbaskanligi-turkiye-bisiklet-turunun-ilk-etabini-crabbe-kazandi\/\" class=\"jeg_readmore\">Daha fazla oku<span class=\"screen-reader-text\">Details<\/span><\/a>\n\t\t\t\t\t<\/div>\n\t\t\t\t<\/div>\n\t\t\t\t\t<\/article>\n\t\t\t\t\t<div class=\"jeg_postsmall col-sm-4\">\n\t\t\t\t\t\t<article class=\"jeg_post jeg_pl_sm format-standard\">\n\t\t\t\t\t<div class=\"jeg_thumb\">\n\t\t\t\t\t\t\n\t\t\t\t\t\t<a href=\"https:\/\/kuzeyinsesi.org\/index.php\/2026\/04\/25\/61-cumhurbaskanligi-turkiye-bisiklet-turu-izmir-cesmede-baslayacak\/\" aria-label=\"Read article: 61. Cumhurba\u015fkanl\u0131\u011f\u0131 T\u00fcrkiye Bisiklet Turu \u0130zmir \u00c7e\u015fme&#039;de ba\u015flayacak\">\n\t\t\t\t\t\t\t<div class=\"thumbnail-container animate-lazy  size-715 \"><img loading=\"lazy\" decoding=\"async\" width=\"120\" height=\"86\" src=\"https:\/\/kuzeyinsesi.org\/wp-content\/themes\/jnews\/assets\/img\/jeg-empty.png\" class=\"attachment-jnews-120x86 size-jnews-120x86 lazyload wp-post-image\" alt=\"Cumhurba\u015fkanl\u0131\u011f\u0131 T\u00fcrkiye Bisiklet Turu&#039;nun ilk etab\u0131 tamamland\u0131\" sizes=\"auto, (max-width: 120px) 100vw, 120px\" data-src=\"https:\/\/kuzeyinsesi.org\/wp-content\/uploads\/2025\/04\/cumhurbaskanligi-bisiklet-turuaa-2354902-120x86.jpg\" data-srcset=\"https:\/\/kuzeyinsesi.org\/wp-content\/uploads\/2025\/04\/cumhurbaskanligi-bisiklet-turuaa-2354902-120x86.jpg 120w, https:\/\/kuzeyinsesi.org\/wp-content\/uploads\/2025\/04\/cumhurbaskanligi-bisiklet-turuaa-2354902-350x250.jpg 350w, https:\/\/kuzeyinsesi.org\/wp-content\/uploads\/2025\/04\/cumhurbaskanligi-bisiklet-turuaa-2354902-750x536.jpg 750w\" data-sizes=\"auto\" data-expand=\"700\" \/><\/div>\n\t\t\t\t\t\t<\/a>\n\t\t\t\t\t<\/div>\n\t\t\t\t\t<div class=\"jeg_postblock_content\">\n\t\t\t\t\t\t<h3 class=\"jeg_post_title\">\n\t\t\t\t\t\t\t<a href=\"https:\/\/kuzeyinsesi.org\/index.php\/2026\/04\/25\/61-cumhurbaskanligi-turkiye-bisiklet-turu-izmir-cesmede-baslayacak\/\">61. Cumhurba\u015fkanl\u0131\u011f\u0131 T\u00fcrkiye Bisiklet Turu \u0130zmir \u00c7e\u015fme&#039;de ba\u015flayacak<\/a>\n\t\t\t\t\t\t<\/h3>\n\t\t\t\t\t\t<div class=\"jeg_post_meta\"><div class=\"jeg_meta_date\"><a href=\"https:\/\/kuzeyinsesi.org\/index.php\/2026\/04\/25\/61-cumhurbaskanligi-turkiye-bisiklet-turu-izmir-cesmede-baslayacak\/\" ><i class=\"fa fa-clock-o\"><\/i> Nisan 25, 2026<\/a><\/div><\/div>\n\t\t\t\t\t<\/div>\n\t\t\t\t<\/article><article class=\"jeg_post jeg_pl_sm format-standard\">\n\t\t\t\t\t<div class=\"jeg_thumb\">\n\t\t\t\t\t\t\n\t\t\t\t\t\t<a href=\"https:\/\/kuzeyinsesi.org\/index.php\/2026\/04\/22\/besiktas-gain-bkt-avrupa-kupasi-final-serisinde-sahaya-cikiyor\/\" aria-label=\"Read article: Be\u015fikta\u015f GA\u0130N, BKT Avrupa Kupas\u0131 final serisinde sahaya \u00e7\u0131k\u0131yor\">\n\t\t\t\t\t\t\t<div class=\"thumbnail-container animate-lazy  size-715 \"><img loading=\"lazy\" decoding=\"async\" width=\"120\" height=\"86\" src=\"https:\/\/kuzeyinsesi.org\/wp-content\/themes\/jnews\/assets\/img\/jeg-empty.png\" class=\"attachment-jnews-120x86 size-jnews-120x86 lazyload wp-post-image\" alt=\"Be\u015fikta\u015f GA\u0130N, BKT Avrupa Kupas\u0131 final serisinde sahaya \u00e7\u0131k\u0131yor\" sizes=\"auto, (max-width: 120px) 100vw, 120px\" data-src=\"https:\/\/kuzeyinsesi.org\/wp-content\/uploads\/2026\/04\/besiktas-gain-2455533-120x86.jpg\" data-srcset=\"https:\/\/kuzeyinsesi.org\/wp-content\/uploads\/2026\/04\/besiktas-gain-2455533-120x86.jpg 120w, https:\/\/kuzeyinsesi.org\/wp-content\/uploads\/2026\/04\/besiktas-gain-2455533-350x250.jpg 350w, https:\/\/kuzeyinsesi.org\/wp-content\/uploads\/2026\/04\/besiktas-gain-2455533-750x536.jpg 750w\" data-sizes=\"auto\" data-expand=\"700\" \/><\/div>\n\t\t\t\t\t\t<\/a>\n\t\t\t\t\t<\/div>\n\t\t\t\t\t<div class=\"jeg_postblock_content\">\n\t\t\t\t\t\t<h3 class=\"jeg_post_title\">\n\t\t\t\t\t\t\t<a href=\"https:\/\/kuzeyinsesi.org\/index.php\/2026\/04\/22\/besiktas-gain-bkt-avrupa-kupasi-final-serisinde-sahaya-cikiyor\/\">Be\u015fikta\u015f GA\u0130N, BKT Avrupa Kupas\u0131 final serisinde sahaya \u00e7\u0131k\u0131yor<\/a>\n\t\t\t\t\t\t<\/h3>\n\t\t\t\t\t\t<div class=\"jeg_post_meta\"><div class=\"jeg_meta_date\"><a href=\"https:\/\/kuzeyinsesi.org\/index.php\/2026\/04\/22\/besiktas-gain-bkt-avrupa-kupasi-final-serisinde-sahaya-cikiyor\/\" ><i class=\"fa fa-clock-o\"><\/i> Nisan 22, 2026<\/a><\/div><\/div>\n\t\t\t\t\t<\/div>\n\t\t\t\t<\/article>\n\t\t\t\t\t<\/div>\n\t\t\t\t\t<div class=\"jeg_postsmall col-sm-4\">\n\t\t\t\t\t\t<article class=\"jeg_post jeg_pl_xs_2 format-standard\">\n\t\t\t\t\t<div class=\"jeg_postblock_content\">\n\t\t\t\t\t\t<h3 class=\"jeg_post_title\"><a href=\"https:\/\/kuzeyinsesi.org\/index.php\/2026\/04\/22\/fibanin-2026-hall-of-fame-listesine-secilen-hidayet-turkoglu-onurlandirildi\/\">FIBA&#039;n\u0131n 2026 Hall of Fame listesine se\u00e7ilen Hidayet T\u00fcrko\u011flu onurland\u0131r\u0131ld\u0131<\/a><\/h3>\n\t\t\t\t\t\t<div class=\"jeg_post_meta\"><div class=\"jeg_meta_date\"><a href=\"https:\/\/kuzeyinsesi.org\/index.php\/2026\/04\/22\/fibanin-2026-hall-of-fame-listesine-secilen-hidayet-turkoglu-onurlandirildi\/\" ><i class=\"fa fa-clock-o\"><\/i> Nisan 22, 2026<\/a><\/div><\/div>\n\t\t\t\t\t<\/div>\n\t\t\t\t<\/article><article class=\"jeg_post jeg_pl_xs_2 format-standard\">\n\t\t\t\t\t<div class=\"jeg_postblock_content\">\n\t\t\t\t\t\t<h3 class=\"jeg_post_title\"><a href=\"https:\/\/kuzeyinsesi.org\/index.php\/2026\/04\/21\/a-milli-kadin-basketbol-takiminin-dunya-kupasindaki-rakipleri-belli-oldu\/\">A Milli Kad\u0131n Basketbol Tak\u0131m\u0131&#039;n\u0131n D\u00fcnya Kupas\u0131&#039;ndaki rakipleri belli oldu<\/a><\/h3>\n\t\t\t\t\t\t<div class=\"jeg_post_meta\"><div class=\"jeg_meta_date\"><a href=\"https:\/\/kuzeyinsesi.org\/index.php\/2026\/04\/21\/a-milli-kadin-basketbol-takiminin-dunya-kupasindaki-rakipleri-belli-oldu\/\" ><i class=\"fa fa-clock-o\"><\/i> Nisan 21, 2026<\/a><\/div><\/div>\n\t\t\t\t\t<\/div>\n\t\t\t\t<\/article>\n\t\t\t\t\t<\/div>\n\t\t\t\t<\/div>\n\t\t\t\t\t<div class='module-overlay'>\n\t\t\t\t    <div class='preloader_type preloader_dot'>\n\t\t\t\t        <div class=\"module-preloader jeg_preloader dot\">\n\t\t\t\t            <span><\/span><span><\/span><span><\/span>\n\t\t\t\t        <\/div>\n\t\t\t\t        <div class=\"module-preloader jeg_preloader circle\">\n\t\t\t\t            <div class=\"jnews_preloader_circle_outer\">\n\t\t\t\t                <div class=\"jnews_preloader_circle_inner\"><\/div>\n\t\t\t\t            <\/div>\n\t\t\t\t        <\/div>\n\t\t\t\t        <div class=\"module-preloader jeg_preloader square\">\n\t\t\t\t            <div class=\"jeg_square\">\n\t\t\t\t                <div class=\"jeg_square_inner\"><\/div>\n\t\t\t\t            <\/div>\n\t\t\t\t        <\/div>\n\t\t\t\t    <\/div>\n\t\t\t\t<\/div>\n\t\t\t\t<\/div>\n\t\t\t\t<div class=\"jeg_block_navigation\">\n\t\t\t\t\t<div class='navigation_overlay'><div class='module-preloader jeg_preloader'><span><\/span><span><\/span><span><\/span><\/div><\/div>\n\t\t\t\t\t\n\t\t\t\t\t\n\t\t\t\t<\/div>\n\t\t\t\t\t<style scoped>.jnews_module__8_69ef5820250ab .jeg_block_heading_6 .jeg_block_title span, .jnews_module__8_69ef5820250ab .jeg_block_heading_6 .jeg_block_title i { color: #35ad37; }<\/style>\n\t\t\t\t\t<script>var jnews_module__8_69ef5820250ab = {\"header_icon\":\"\",\"first_title\":\"SPOR\",\"second_title\":\"\",\"url\":\"\",\"header_type\":\"heading_6\",\"header_background\":\"\",\"header_secondary_background\":\"\",\"header_text_color\":\"#35ad37\",\"header_line_color\":\"\",\"header_accent_color\":\"\",\"header_filter_category\":\"\",\"header_filter_author\":\"\",\"header_filter_tag\":\"\",\"header_filter_text\":\"All\",\"sticky_post\":false,\"sticky_post_filter\":false,\"post_type\":\"post\",\"content_type\":\"all\",\"sponsor\":\"\",\"number_post\":\"5\",\"post_offset\":\"0\",\"unique_content\":\"disable\",\"include_post\":\"\",\"included_only\":\"\",\"exclude_post\":\"\",\"include_category\":\"4\",\"exclude_category\":\"\",\"include_author\":\"\",\"include_tag\":\"\",\"exclude_tag\":\"\",\"exclude_visited_post\":false,\"sort_by\":\"latest\",\"date_format\":\"default\",\"date_format_custom\":\"Y\\\/m\\\/d\",\"excerpt_length\":\"20\",\"excerpt_ellipsis\":\"...\",\"force_normal_image_load\":\"\",\"main_custom_image_size\":\"default\",\"second_custom_image_size\":\"default\",\"pagination_mode\":\"disable\",\"pagination_nextprev_showtext\":\"\",\"pagination_number_post\":5,\"pagination_scroll_limit\":0,\"boxed\":\"\",\"boxed_shadow\":\"\",\"el_id\":\"\",\"el_class\":\"\",\"scheme\":\"\",\"column_width\":\"auto\",\"title_color\":\"\",\"accent_color\":\"\",\"alt_color\":\"\",\"excerpt_color\":\"\",\"css\":\"\",\"compatible_column_notice\":\"\",\"paged\":1,\"column_class\":\"jeg_col_3o3\",\"class\":\"jnews_block_1\"};<\/script>\n\t\t\t\t<\/div><div  class=\"jeg_postblock_1 jeg_postblock jeg_module_hook jeg_pagination_disable jeg_col_3o3 jnews_module__9_69ef582033962   \" data-unique=\"jnews_module__9_69ef582033962\">\n\t\t\t\t\t<div class=\"jeg_block_heading jeg_block_heading_6 jeg_subcat_right\">\n                     <h3 class=\"jeg_block_title\"><span>YA\u015eAM<\/span><\/h3>\n                     \n                 <\/div>\n\t\t\t\t\t<div class=\"jeg_block_container jeg_load_more_flag\">\n\t\t\t\t\t\n\t\t\t\t\t<div class=\"jeg_posts row\">\n\t\t\t\t\t<article class=\"jeg_post jeg_pl_lg_1 col-sm-4 format-standard\">\n\t\t\t\t\t\t<div class=\"jeg_thumb\">\n\t\t\t\t\t\n\t\t\t\t\t<a href=\"https:\/\/kuzeyinsesi.org\/index.php\/2026\/03\/08\/erdogan-keir-starmer-ile-telefonda-gorustu-2\/\" aria-label=\"Read article: Erdo\u011fan, Keir Starmer ile telefonda g\u00f6r\u00fc\u015ft\u00fc\"><div class=\"thumbnail-container animate-lazy  size-500 \"><img loading=\"lazy\" decoding=\"async\" width=\"360\" height=\"180\" src=\"https:\/\/kuzeyinsesi.org\/wp-content\/themes\/jnews\/assets\/img\/jeg-empty.png\" class=\"attachment-jnews-360x180 size-jnews-360x180 lazyload wp-post-image\" alt=\"Erdo\u011fan, Keir Starmer ile telefonda g\u00f6r\u00fc\u015ft\u00fc\" sizes=\"auto, (max-width: 360px) 100vw, 360px\" data-src=\"https:\/\/kuzeyinsesi.org\/wp-content\/uploads\/2026\/03\/1772889941655erdogan-starmer-2411590-360x180.jpg\" data-srcset=\"https:\/\/kuzeyinsesi.org\/wp-content\/uploads\/2026\/03\/1772889941655erdogan-starmer-2411590-360x180.jpg 360w, https:\/\/kuzeyinsesi.org\/wp-content\/uploads\/2026\/03\/1772889941655erdogan-starmer-2411590-750x375.jpg 750w, https:\/\/kuzeyinsesi.org\/wp-content\/uploads\/2026\/03\/1772889941655erdogan-starmer-2411590-1140x570.jpg 1140w\" data-sizes=\"auto\" data-expand=\"700\" \/><\/div><\/a>\n\t\t\t\t\t<div class=\"jeg_post_category\">\n\t\t\t\t\t\t<span><a href=\"https:\/\/kuzeyinsesi.org\/index.php\/category\/turkiye\/\" class=\"category-turkiye\">T\u00fcrkiye<\/a><\/span>\n\t\t\t\t\t<\/div>\n\t\t\t\t<\/div>\n\t\t\t\t<div class=\"jeg_postblock_content\">\n\t\t\t\t\t<h3 property=\"headline\" class=\"jeg_post_title\">\n\t\t\t\t\t\t<a href=\"https:\/\/kuzeyinsesi.org\/index.php\/2026\/03\/08\/erdogan-keir-starmer-ile-telefonda-gorustu-2\/\">Erdo\u011fan, Keir Starmer ile telefonda g\u00f6r\u00fc\u015ft\u00fc<\/a>\n\t\t\t\t\t<\/h3>\n\t\t\t\t\t<div class=\"jeg_post_meta\"><div class=\"jeg_meta_author\"><span class=\"by\"><\/span> <a href=\"https:\/\/kuzeyinsesi.org\/index.php\/author\/guven\/\">Kuzeyin Sesi<\/a><\/div><div class=\"jeg_meta_date\"><a href=\"https:\/\/kuzeyinsesi.org\/index.php\/2026\/03\/08\/erdogan-keir-starmer-ile-telefonda-gorustu-2\/\"><i class=\"fa fa-clock-o\"><\/i> Mart 8, 2026<\/a><\/div><div class=\"jeg_meta_comment\"><a href=\"https:\/\/kuzeyinsesi.org\/index.php\/2026\/03\/08\/erdogan-keir-starmer-ile-telefonda-gorustu-2\/\" ><i class=\"fa fa-comment-o\"><\/i> 0 <\/a><\/div><\/div>\n\t\t\t\t\t<div class=\"jeg_post_excerpt\">\n\t\t\t\t\t\t<p>T\u00fcrkiye Cumhurba\u015fkan\u0131 Recep Tayyip Erdo\u011fan, \u0130ngiltere Ba\u015fbakan\u0131 Keir Starmer ile bir telefon g\u00f6r\u00fc\u015fmesi ger\u00e7ekle\u015ftirdi. T\u00fcrkiye Cumhurba\u015fkanl\u0131\u011f\u0131 \u0130leti\u015fim Ba\u015fkanl\u0131\u011f\u0131n\u0131n sosyal medya...<\/p>\n\t\t\t\t\t\t<a href=\"https:\/\/kuzeyinsesi.org\/index.php\/2026\/03\/08\/erdogan-keir-starmer-ile-telefonda-gorustu-2\/\" class=\"jeg_readmore\">Daha fazla oku<span class=\"screen-reader-text\">Details<\/span><\/a>\n\t\t\t\t\t<\/div>\n\t\t\t\t<\/div>\n\t\t\t\t\t<\/article>\n\t\t\t\t\t<div class=\"jeg_postsmall col-sm-4\">\n\t\t\t\t\t\t<article class=\"jeg_post jeg_pl_sm format-standard\">\n\t\t\t\t\t<div class=\"jeg_thumb\">\n\t\t\t\t\t\t\n\t\t\t\t\t\t<a href=\"https:\/\/kuzeyinsesi.org\/index.php\/2026\/03\/08\/tc-cumhurbaskanligi-iletisim-baskanligindan-cnne-harita-tepkisi-yaniltici-ve-indirgemeci\/\" aria-label=\"Read article: TC Cumhurba\u015fkanl\u0131\u011f\u0131 \u0130leti\u015fim Ba\u015fkanl\u0131\u011f\u0131\u2019ndan CNN\u2019e \u201charita\u201d tepkisi: \u201cYan\u0131lt\u0131c\u0131 ve indirgemeci\u201d\">\n\t\t\t\t\t\t\t<div class=\"thumbnail-container animate-lazy  size-715 \"><img loading=\"lazy\" decoding=\"async\" width=\"120\" height=\"86\" src=\"https:\/\/kuzeyinsesi.org\/wp-content\/themes\/jnews\/assets\/img\/jeg-empty.png\" class=\"attachment-jnews-120x86 size-jnews-120x86 lazyload wp-post-image\" alt=\"TC Cumhurba\u015fkanl\u0131\u011f\u0131 \u0130leti\u015fim Ba\u015fkanl\u0131\u011f\u0131\u2019ndan CNN\u2019e \u201charita\u201d tepkisi: \u201cYan\u0131lt\u0131c\u0131 ve indirgemeci\u201d\" sizes=\"auto, (max-width: 120px) 100vw, 120px\" data-src=\"https:\/\/kuzeyinsesi.org\/wp-content\/uploads\/2026\/03\/1772890728770thumbs_b_c_80c2417cf30038bbc567d479e65205ed-120x86.jpg\" data-srcset=\"https:\/\/kuzeyinsesi.org\/wp-content\/uploads\/2026\/03\/1772890728770thumbs_b_c_80c2417cf30038bbc567d479e65205ed-120x86.jpg 120w, https:\/\/kuzeyinsesi.org\/wp-content\/uploads\/2026\/03\/1772890728770thumbs_b_c_80c2417cf30038bbc567d479e65205ed-350x250.jpg 350w\" data-sizes=\"auto\" data-expand=\"700\" \/><\/div>\n\t\t\t\t\t\t<\/a>\n\t\t\t\t\t<\/div>\n\t\t\t\t\t<div class=\"jeg_postblock_content\">\n\t\t\t\t\t\t<h3 class=\"jeg_post_title\">\n\t\t\t\t\t\t\t<a href=\"https:\/\/kuzeyinsesi.org\/index.php\/2026\/03\/08\/tc-cumhurbaskanligi-iletisim-baskanligindan-cnne-harita-tepkisi-yaniltici-ve-indirgemeci\/\">TC Cumhurba\u015fkanl\u0131\u011f\u0131 \u0130leti\u015fim Ba\u015fkanl\u0131\u011f\u0131\u2019ndan CNN\u2019e \u201charita\u201d tepkisi: \u201cYan\u0131lt\u0131c\u0131 ve indirgemeci\u201d<\/a>\n\t\t\t\t\t\t<\/h3>\n\t\t\t\t\t\t<div class=\"jeg_post_meta\"><div class=\"jeg_meta_date\"><a href=\"https:\/\/kuzeyinsesi.org\/index.php\/2026\/03\/08\/tc-cumhurbaskanligi-iletisim-baskanligindan-cnne-harita-tepkisi-yaniltici-ve-indirgemeci\/\" ><i class=\"fa fa-clock-o\"><\/i> Mart 8, 2026<\/a><\/div><\/div>\n\t\t\t\t\t<\/div>\n\t\t\t\t<\/article><article class=\"jeg_post jeg_pl_sm format-standard\">\n\t\t\t\t\t<div class=\"jeg_thumb\">\n\t\t\t\t\t\t\n\t\t\t\t\t\t<a href=\"https:\/\/kuzeyinsesi.org\/index.php\/2026\/03\/08\/gucleri-emekleri-ve-basarilariyla-topluma-deger-katan-tum-kadinlarin-8-mart-dunya-kadinlar-gunu-kutlu-olsun\/\" aria-label=\"Read article: G\u00fc\u00e7leri, emekleri ve ba\u015far\u0131lar\u0131yla topluma de\u011fer katan t\u00fcm kad\u0131nlar\u0131n 8 Mart D\u00fcnya Kad\u0131nlar G\u00fcn\u00fc kutlu olsun\u2026\">\n\t\t\t\t\t\t\t<div class=\"thumbnail-container animate-lazy  size-715 \"><img loading=\"lazy\" decoding=\"async\" width=\"120\" height=\"86\" src=\"https:\/\/kuzeyinsesi.org\/wp-content\/themes\/jnews\/assets\/img\/jeg-empty.png\" class=\"attachment-jnews-120x86 size-jnews-120x86 lazyload wp-post-image\" alt=\"G\u00fc\u00e7leri, emekleri ve ba\u015far\u0131lar\u0131yla topluma de\u011fer katan t\u00fcm kad\u0131nlar\u0131n 8 Mart D\u00fcnya Kad\u0131nlar G\u00fcn\u00fc kutlu olsun\u2026\" sizes=\"auto, (max-width: 120px) 100vw, 120px\" data-src=\"https:\/\/kuzeyinsesi.org\/wp-content\/uploads\/2026\/03\/kadinlar-gunu-120x86.jpg\" data-srcset=\"https:\/\/kuzeyinsesi.org\/wp-content\/uploads\/2026\/03\/kadinlar-gunu-120x86.jpg 120w, https:\/\/kuzeyinsesi.org\/wp-content\/uploads\/2026\/03\/kadinlar-gunu-350x250.jpg 350w, https:\/\/kuzeyinsesi.org\/wp-content\/uploads\/2026\/03\/kadinlar-gunu-750x536.jpg 750w\" data-sizes=\"auto\" data-expand=\"700\" \/><\/div>\n\t\t\t\t\t\t<\/a>\n\t\t\t\t\t<\/div>\n\t\t\t\t\t<div class=\"jeg_postblock_content\">\n\t\t\t\t\t\t<h3 class=\"jeg_post_title\">\n\t\t\t\t\t\t\t<a href=\"https:\/\/kuzeyinsesi.org\/index.php\/2026\/03\/08\/gucleri-emekleri-ve-basarilariyla-topluma-deger-katan-tum-kadinlarin-8-mart-dunya-kadinlar-gunu-kutlu-olsun\/\">G\u00fc\u00e7leri, emekleri ve ba\u015far\u0131lar\u0131yla topluma de\u011fer katan t\u00fcm kad\u0131nlar\u0131n 8 Mart D\u00fcnya Kad\u0131nlar G\u00fcn\u00fc kutlu olsun\u2026<\/a>\n\t\t\t\t\t\t<\/h3>\n\t\t\t\t\t\t<div class=\"jeg_post_meta\"><div class=\"jeg_meta_date\"><a href=\"https:\/\/kuzeyinsesi.org\/index.php\/2026\/03\/08\/gucleri-emekleri-ve-basarilariyla-topluma-deger-katan-tum-kadinlarin-8-mart-dunya-kadinlar-gunu-kutlu-olsun\/\" ><i class=\"fa fa-clock-o\"><\/i> Mart 8, 2026<\/a><\/div><\/div>\n\t\t\t\t\t<\/div>\n\t\t\t\t<\/article>\n\t\t\t\t\t<\/div>\n\t\t\t\t\t<div class=\"jeg_postsmall col-sm-4\">\n\t\t\t\t\t\t<article class=\"jeg_post jeg_pl_xs_2 format-standard\">\n\t\t\t\t\t<div class=\"jeg_postblock_content\">\n\t\t\t\t\t\t<h3 class=\"jeg_post_title\"><a href=\"https:\/\/kuzeyinsesi.org\/index.php\/2025\/08\/12\/turkiye-yanginlarla-mucadeleye-devam-ediyor\/\">T\u00fcrkiye yang\u0131nlarla m\u00fccadeleye devam ediyor\u2026<\/a><\/h3>\n\t\t\t\t\t\t<div class=\"jeg_post_meta\"><div class=\"jeg_meta_date\"><a href=\"https:\/\/kuzeyinsesi.org\/index.php\/2025\/08\/12\/turkiye-yanginlarla-mucadeleye-devam-ediyor\/\" ><i class=\"fa fa-clock-o\"><\/i> A\u011fustos 12, 2025<\/a><\/div><\/div>\n\t\t\t\t\t<\/div>\n\t\t\t\t<\/article><article class=\"jeg_post jeg_pl_xs_2 format-standard\">\n\t\t\t\t\t<div class=\"jeg_postblock_content\">\n\t\t\t\t\t\t<h3 class=\"jeg_post_title\"><a href=\"https:\/\/kuzeyinsesi.org\/index.php\/2025\/08\/11\/canakkalede-cikan-orman-yanginina-mudahale-ediliyor\/\">\u00c7anakkale\u2019de \u00e7\u0131kan orman yang\u0131n\u0131na m\u00fcdahale ediliyor<\/a><\/h3>\n\t\t\t\t\t\t<div class=\"jeg_post_meta\"><div class=\"jeg_meta_date\"><a href=\"https:\/\/kuzeyinsesi.org\/index.php\/2025\/08\/11\/canakkalede-cikan-orman-yanginina-mudahale-ediliyor\/\" ><i class=\"fa fa-clock-o\"><\/i> A\u011fustos 11, 2025<\/a><\/div><\/div>\n\t\t\t\t\t<\/div>\n\t\t\t\t<\/article>\n\t\t\t\t\t<\/div>\n\t\t\t\t<\/div>\n\t\t\t\t\t<div class='module-overlay'>\n\t\t\t\t    <div class='preloader_type preloader_dot'>\n\t\t\t\t        <div class=\"module-preloader jeg_preloader dot\">\n\t\t\t\t            <span><\/span><span><\/span><span><\/span>\n\t\t\t\t        <\/div>\n\t\t\t\t        <div class=\"module-preloader jeg_preloader circle\">\n\t\t\t\t            <div class=\"jnews_preloader_circle_outer\">\n\t\t\t\t                <div class=\"jnews_preloader_circle_inner\"><\/div>\n\t\t\t\t            <\/div>\n\t\t\t\t        <\/div>\n\t\t\t\t        <div class=\"module-preloader jeg_preloader square\">\n\t\t\t\t            <div class=\"jeg_square\">\n\t\t\t\t                <div class=\"jeg_square_inner\"><\/div>\n\t\t\t\t            <\/div>\n\t\t\t\t        <\/div>\n\t\t\t\t    <\/div>\n\t\t\t\t<\/div>\n\t\t\t\t<\/div>\n\t\t\t\t<div class=\"jeg_block_navigation\">\n\t\t\t\t\t<div class='navigation_overlay'><div class='module-preloader jeg_preloader'><span><\/span><span><\/span><span><\/span><\/div><\/div>\n\t\t\t\t\t\n\t\t\t\t\t\n\t\t\t\t<\/div>\n\t\t\t\t\t\n\t\t\t\t\t<script>var jnews_module__9_69ef582033962 = {\"header_icon\":\"\",\"first_title\":\"YA\\u015eAM\",\"second_title\":\"\",\"url\":\"\",\"header_type\":\"heading_6\",\"header_background\":\"\",\"header_secondary_background\":\"\",\"header_text_color\":\"\",\"header_line_color\":\"\",\"header_accent_color\":\"\",\"header_filter_category\":\"\",\"header_filter_author\":\"\",\"header_filter_tag\":\"\",\"header_filter_text\":\"All\",\"sticky_post\":false,\"sticky_post_filter\":false,\"post_type\":\"post\",\"content_type\":\"all\",\"sponsor\":\"\",\"number_post\":\"5\",\"post_offset\":\"0\",\"unique_content\":\"disable\",\"include_post\":\"\",\"included_only\":\"\",\"exclude_post\":\"\",\"include_category\":\"5\",\"exclude_category\":\"\",\"include_author\":\"\",\"include_tag\":\"\",\"exclude_tag\":\"\",\"exclude_visited_post\":false,\"sort_by\":\"latest\",\"date_format\":\"default\",\"date_format_custom\":\"Y\\\/m\\\/d\",\"excerpt_length\":\"20\",\"excerpt_ellipsis\":\"...\",\"force_normal_image_load\":\"\",\"main_custom_image_size\":\"default\",\"second_custom_image_size\":\"default\",\"pagination_mode\":\"disable\",\"pagination_nextprev_showtext\":\"\",\"pagination_number_post\":5,\"pagination_scroll_limit\":0,\"boxed\":\"\",\"boxed_shadow\":\"\",\"el_id\":\"\",\"el_class\":\"\",\"scheme\":\"\",\"column_width\":\"auto\",\"title_color\":\"\",\"accent_color\":\"\",\"alt_color\":\"\",\"excerpt_color\":\"\",\"css\":\"\",\"compatible_column_notice\":\"\",\"paged\":1,\"column_class\":\"jeg_col_3o3\",\"class\":\"jnews_block_1\"};<\/script>\n\t\t\t\t<\/div>[\/vc_column][vc_column width=&#8221;1\/3&#8243;][vc_raw_html]JTNDZGl2JTIwc3R5bGUlM0QlMjJtYXJnaW4lM0FhdXRvJTNCdGV4dC1hbGlnbiUzQWNlbnRlciUzQndpZHRoJTNBMTAwJTI2JTIzMzclM0IlM0JtYXgtd2lkdGglM0E0MDBweCUzQiUyMiUzRSUzQ2ElMjBocmVmJTNEJTIyaHR0cHMlM0ElMkYlMkZ3d3cuZWN6YW5lbGVyLmdlbi50ciUyRm5vYmV0Y2kta2licmlzJTIyJTIwdGFyZ2V0JTNEJTIyX2JsYW5rJTIyJTNFJTNDaW1nJTIwc3JjJTNEJTIyaHR0cHMlM0ElMkYlMkZ3d3cuZWN6YW5lbGVyLmdlbi50ciUyRnJlc2ltbGVyJTJGbm9iZXRjaS1lY3phbmUuanBnJTIyJTIwYWx0JTNEJTIyS0tUQyUyMG4lQzMlQjZiZXQlQzMlQTdpJTIwZWN6YW5lbGVyaSUyMiUyMHN0eWxlJTNEJTIyd2lkdGglM0ExMDAlMjYlMjMzNyUzQiUzQmJvcmRlci1yYWRpdXMlM0EycHglM0IlMjIlM0UlM0MlMkZhJTNFJTNDaWZyYW1lJTIwc3JjJTNEJTIyaHR0cHMlM0ElMkYlMkZ3d3cuZWN6YW5lbGVyLmdlbi50ciUyRmlmcmFtZS5waHAlM0Zsb2thc3lvbiUzRDgyJTIyJTIwbmFtZSUzRCUyMktLVEMlMjBuJUMzJUI2YmV0JUMzJUE3aSUyMGVjemFuZWxlcmklMjIlMjBzdHlsZSUzRCUyMndpZHRoJTNBMTAwJTI2JTIzMzclM0IlM0JoZWlnaHQlM0E0NTBweCUzQmJvcmRlciUzQW5vbmUlM0IlMjIlM0UlM0MlMkZpZnJhbWUlM0UlM0MlMkZkaXYlM0U=[\/vc_raw_html]<div class=\"jeg_block_heading jeg_block_heading_6 jnews_module__10_69ef582034620\">\n                    <h3 class=\"jeg_block_title\"><span>POP\u00dcLER HABERLER<\/span><\/h3>\n                    \n                <\/div><ul class=\"popularpost_list\"><li class=\"popularpost_item format-standard\">\n                <div class=\"jeg_thumb\">\n                    \n                    <a href=\"https:\/\/kuzeyinsesi.org\/index.php\/2026\/04\/27\/saglik-icin-birlikte-projesi-kapsaminda-aydinlatilmis-onam-konusunda-gorusmeler-yapildi\/\" aria-label=\"Read article: \u201cSa\u011fl\u0131k \u0130\u00e7in Birlikte\u201d projesi kapsam\u0131nda ayd\u0131nlat\u0131lm\u0131\u015f onam konusunda g\u00f6r\u00fc\u015fmeler yap\u0131ld\u0131\"><div class=\"thumbnail-container animate-lazy  size-715 \"><img loading=\"lazy\" decoding=\"async\" width=\"350\" height=\"250\" src=\"https:\/\/kuzeyinsesi.org\/wp-content\/themes\/jnews\/assets\/img\/jeg-empty.png\" class=\"attachment-jnews-350x250 size-jnews-350x250 lazyload wp-post-image\" alt=\"\u201cSa\u011fl\u0131k \u0130\u00e7in Birlikte\u201d projesi kapsam\u0131nda ayd\u0131nlat\u0131lm\u0131\u015f onam konusunda g\u00f6r\u00fc\u015fmeler yap\u0131ld\u0131\" sizes=\"auto, (max-width: 350px) 100vw, 350px\" data-src=\"https:\/\/kuzeyinsesi.org\/wp-content\/uploads\/2026\/04\/hasta-husta-1024x568-350x250.png\" data-srcset=\"https:\/\/kuzeyinsesi.org\/wp-content\/uploads\/2026\/04\/hasta-husta-1024x568-350x250.png 350w, https:\/\/kuzeyinsesi.org\/wp-content\/uploads\/2026\/04\/hasta-husta-1024x568-120x86.png 120w, https:\/\/kuzeyinsesi.org\/wp-content\/uploads\/2026\/04\/hasta-husta-1024x568-750x536.png 750w\" data-sizes=\"auto\" data-expand=\"700\" \/><\/div><\/a>\n                <\/div>\n                <h3 class=\"jeg_post_title\">\n                    <a href=\"https:\/\/kuzeyinsesi.org\/index.php\/2026\/04\/27\/saglik-icin-birlikte-projesi-kapsaminda-aydinlatilmis-onam-konusunda-gorusmeler-yapildi\/\" data-num=\"01\">\u201cSa\u011fl\u0131k \u0130\u00e7in Birlikte\u201d projesi kapsam\u0131nda ayd\u0131nlat\u0131lm\u0131\u015f onam konusunda g\u00f6r\u00fc\u015fmeler yap\u0131ld\u0131<\/a>\n                <\/h3>\n                <div class=\"popularpost_meta\">\n                    <div class=\"jeg_socialshare\">\n                        <span class=\"share_count\"><i class=\"fa fa-share-alt\"><\/i> 0 payla\u015f\u0131m<\/span>\n                        <div class=\"socialshare_list\">\n                            <a href=\"http:\/\/www.facebook.com\/sharer.php?u=https%3A%2F%2Fkuzeyinsesi.org%2Findex.php%2F2026%2F04%2F27%2Fsaglik-icin-birlikte-projesi-kapsaminda-aydinlatilmis-onam-konusunda-gorusmeler-yapildi%2F\" class=\"jeg_share_fb\"><span class=\"share-text\">Payla\u015f<\/span> <span class=\"share-count\">0<\/span><\/a>\n                            <a href=\"https:\/\/twitter.com\/intent\/tweet?text=%E2%80%9CSa%C4%9Fl%C4%B1k%20%C4%B0%C3%A7in%20Birlikte%E2%80%9D%20projesi%20kapsam%C4%B1nda%20ayd%C4%B1nlat%C4%B1lm%C4%B1%C5%9F%20onam%20konusunda%20g%C3%B6r%C3%BC%C5%9Fmeler%20yap%C4%B1ld%C4%B1&url=https%3A%2F%2Fkuzeyinsesi.org%2Findex.php%2F2026%2F04%2F27%2Fsaglik-icin-birlikte-projesi-kapsaminda-aydinlatilmis-onam-konusunda-gorusmeler-yapildi%2F\" class=\"jeg_share_tw\"><span class=\"share-text\"><svg xmlns=\"http:\/\/www.w3.org\/2000\/svg\" height=\"1em\" viewBox=\"0 0 512 512\"><!--! Font Awesome Free 6.4.2 by @fontawesome - https:\/\/fontawesome.com License - https:\/\/fontawesome.com\/license (Commercial License) Copyright 2023 Fonticons, Inc. --><path d=\"M389.2 48h70.6L305.6 224.2 487 464H345L233.7 318.6 106.5 464H35.8L200.7 275.5 26.8 48H172.4L272.9 180.9 389.2 48zM364.4 421.8h39.1L151.1 88h-42L364.4 421.8z\"\/><\/svg>Tweet<\/span> <span class=\"share-count\">0<\/span><\/a>\n                        <\/div>\n                    <\/div>\n                <\/div>\n            <\/li><li class=\"popularpost_item format-standard\">\n                <h3 class=\"jeg_post_title\">\n                    <a href=\"https:\/\/kuzeyinsesi.org\/index.php\/2026\/04\/27\/imo-fest-lefkosa-tamamlandi\/\" data-num=\"02\">\u0130MO FEST Lefko\u015fa tamamland\u0131<\/a>\n                <\/h3>\n                <div class=\"popularpost_meta\">\n                    <div class=\"jeg_socialshare\">\n                        <span class=\"share_count\"><i class=\"fa fa-share-alt\"><\/i> 0 payla\u015f\u0131m<\/span>\n                        <div class=\"socialshare_list\">\n                            <a href=\"http:\/\/www.facebook.com\/sharer.php?u=https%3A%2F%2Fkuzeyinsesi.org%2Findex.php%2F2026%2F04%2F27%2Fimo-fest-lefkosa-tamamlandi%2F\" class=\"jeg_share_fb\"><span class=\"share-text\">Payla\u015f<\/span> <span class=\"share-count\">0<\/span><\/a>\n                            <a href=\"https:\/\/twitter.com\/intent\/tweet?text=%C4%B0MO%20FEST%20Lefko%C5%9Fa%20tamamland%C4%B1&url=https%3A%2F%2Fkuzeyinsesi.org%2Findex.php%2F2026%2F04%2F27%2Fimo-fest-lefkosa-tamamlandi%2F\" class=\"jeg_share_tw\"><span class=\"share-text\"><svg xmlns=\"http:\/\/www.w3.org\/2000\/svg\" height=\"1em\" viewBox=\"0 0 512 512\"><!--! Font Awesome Free 6.4.2 by @fontawesome - https:\/\/fontawesome.com License - https:\/\/fontawesome.com\/license (Commercial License) Copyright 2023 Fonticons, Inc. --><path d=\"M389.2 48h70.6L305.6 224.2 487 464H345L233.7 318.6 106.5 464H35.8L200.7 275.5 26.8 48H172.4L272.9 180.9 389.2 48zM364.4 421.8h39.1L151.1 88h-42L364.4 421.8z\"\/><\/svg>Tweet<\/span> <span class=\"share-count\">0<\/span><\/a>\n                        <\/div>\n                    <\/div>\n                <\/div>\n            <\/li><li class=\"popularpost_item format-standard\">\n                <h3 class=\"jeg_post_title\">\n                    <a href=\"https:\/\/kuzeyinsesi.org\/index.php\/2026\/04\/27\/ustelden-hristodulidise-fransiz-askeri-tepkisi-guney-kibrisi-yabanci-guclerin-ussune-donusturuyorsunuz\/\" data-num=\"03\">\u00dcstel\u2019den Hristodulidis\u2019e Frans\u0131z askeri tepkisi: G\u00fcney K\u0131br\u0131s\u2019\u0131 yabanc\u0131 g\u00fc\u00e7lerin \u00fcss\u00fcne d\u00f6n\u00fc\u015ft\u00fcr\u00fcyorsunuz<\/a>\n                <\/h3>\n                <div class=\"popularpost_meta\">\n                    <div class=\"jeg_socialshare\">\n                        <span class=\"share_count\"><i class=\"fa fa-share-alt\"><\/i> 0 payla\u015f\u0131m<\/span>\n                        <div class=\"socialshare_list\">\n                            <a href=\"http:\/\/www.facebook.com\/sharer.php?u=https%3A%2F%2Fkuzeyinsesi.org%2Findex.php%2F2026%2F04%2F27%2Fustelden-hristodulidise-fransiz-askeri-tepkisi-guney-kibrisi-yabanci-guclerin-ussune-donusturuyorsunuz%2F\" class=\"jeg_share_fb\"><span class=\"share-text\">Payla\u015f<\/span> <span class=\"share-count\">0<\/span><\/a>\n                            <a href=\"https:\/\/twitter.com\/intent\/tweet?text=%C3%9Cstel%E2%80%99den%20Hristodulidis%E2%80%99e%20Frans%C4%B1z%20askeri%20tepkisi%3A%20G%C3%BCney%20K%C4%B1br%C4%B1s%E2%80%99%C4%B1%20yabanc%C4%B1%20g%C3%BC%C3%A7lerin%20%C3%BCss%C3%BCne%20d%C3%B6n%C3%BC%C5%9Ft%C3%BCr%C3%BCyorsunuz&url=https%3A%2F%2Fkuzeyinsesi.org%2Findex.php%2F2026%2F04%2F27%2Fustelden-hristodulidise-fransiz-askeri-tepkisi-guney-kibrisi-yabanci-guclerin-ussune-donusturuyorsunuz%2F\" class=\"jeg_share_tw\"><span class=\"share-text\"><svg xmlns=\"http:\/\/www.w3.org\/2000\/svg\" height=\"1em\" viewBox=\"0 0 512 512\"><!--! Font Awesome Free 6.4.2 by @fontawesome - https:\/\/fontawesome.com License - https:\/\/fontawesome.com\/license (Commercial License) Copyright 2023 Fonticons, Inc. --><path d=\"M389.2 48h70.6L305.6 224.2 487 464H345L233.7 318.6 106.5 464H35.8L200.7 275.5 26.8 48H172.4L272.9 180.9 389.2 48zM364.4 421.8h39.1L151.1 88h-42L364.4 421.8z\"\/><\/svg>Tweet<\/span> <span class=\"share-count\">0<\/span><\/a>\n                        <\/div>\n                    <\/div>\n                <\/div>\n            <\/li><li class=\"popularpost_item format-standard\">\n                <h3 class=\"jeg_post_title\">\n                    <a href=\"https:\/\/kuzeyinsesi.org\/index.php\/2026\/04\/27\/bayindirlik-ve-ulastirma-bakanligindan-sahte-sms-uyarisi\/\" data-num=\"04\">Bay\u0131nd\u0131rl\u0131k ve Ula\u015ft\u0131rma Bakanl\u0131\u011f\u0131\u2019ndan sahte SMS uyar\u0131s\u0131<\/a>\n                <\/h3>\n                <div class=\"popularpost_meta\">\n                    <div class=\"jeg_socialshare\">\n                        <span class=\"share_count\"><i class=\"fa fa-share-alt\"><\/i> 0 payla\u015f\u0131m<\/span>\n                        <div class=\"socialshare_list\">\n                            <a href=\"http:\/\/www.facebook.com\/sharer.php?u=https%3A%2F%2Fkuzeyinsesi.org%2Findex.php%2F2026%2F04%2F27%2Fbayindirlik-ve-ulastirma-bakanligindan-sahte-sms-uyarisi%2F\" class=\"jeg_share_fb\"><span class=\"share-text\">Payla\u015f<\/span> <span class=\"share-count\">0<\/span><\/a>\n                            <a href=\"https:\/\/twitter.com\/intent\/tweet?text=Bay%C4%B1nd%C4%B1rl%C4%B1k%20ve%20Ula%C5%9Ft%C4%B1rma%20Bakanl%C4%B1%C4%9F%C4%B1%E2%80%99ndan%20sahte%20SMS%20uyar%C4%B1s%C4%B1&url=https%3A%2F%2Fkuzeyinsesi.org%2Findex.php%2F2026%2F04%2F27%2Fbayindirlik-ve-ulastirma-bakanligindan-sahte-sms-uyarisi%2F\" class=\"jeg_share_tw\"><span class=\"share-text\"><svg xmlns=\"http:\/\/www.w3.org\/2000\/svg\" height=\"1em\" viewBox=\"0 0 512 512\"><!--! Font Awesome Free 6.4.2 by @fontawesome - https:\/\/fontawesome.com License - https:\/\/fontawesome.com\/license (Commercial License) Copyright 2023 Fonticons, Inc. --><path d=\"M389.2 48h70.6L305.6 224.2 487 464H345L233.7 318.6 106.5 464H35.8L200.7 275.5 26.8 48H172.4L272.9 180.9 389.2 48zM364.4 421.8h39.1L151.1 88h-42L364.4 421.8z\"\/><\/svg>Tweet<\/span> <span class=\"share-count\">0<\/span><\/a>\n                        <\/div>\n                    <\/div>\n                <\/div>\n            <\/li><li class=\"popularpost_item format-standard\">\n                <h3 class=\"jeg_post_title\">\n                    <a href=\"https:\/\/kuzeyinsesi.org\/index.php\/2026\/04\/27\/akpinar-turkiyeye-yonelik-sistematik-olumsuzlama-iceren-soylemler-kabul-edilemez\/\" data-num=\"05\">Akp\u0131nar: T\u00fcrkiye\u2019ye y\u00f6nelik sistematik olumsuzlama i\u00e7eren s\u00f6ylemler kabul edilemez<\/a>\n                <\/h3>\n                <div class=\"popularpost_meta\">\n                    <div class=\"jeg_socialshare\">\n                        <span class=\"share_count\"><i class=\"fa fa-share-alt\"><\/i> 0 payla\u015f\u0131m<\/span>\n                        <div class=\"socialshare_list\">\n                            <a href=\"http:\/\/www.facebook.com\/sharer.php?u=https%3A%2F%2Fkuzeyinsesi.org%2Findex.php%2F2026%2F04%2F27%2Fakpinar-turkiyeye-yonelik-sistematik-olumsuzlama-iceren-soylemler-kabul-edilemez%2F\" class=\"jeg_share_fb\"><span class=\"share-text\">Payla\u015f<\/span> <span class=\"share-count\">0<\/span><\/a>\n                            <a href=\"https:\/\/twitter.com\/intent\/tweet?text=Akp%C4%B1nar%3A%20T%C3%BCrkiye%E2%80%99ye%20y%C3%B6nelik%20sistematik%20olumsuzlama%20i%C3%A7eren%20s%C3%B6ylemler%20kabul%20edilemez&url=https%3A%2F%2Fkuzeyinsesi.org%2Findex.php%2F2026%2F04%2F27%2Fakpinar-turkiyeye-yonelik-sistematik-olumsuzlama-iceren-soylemler-kabul-edilemez%2F\" class=\"jeg_share_tw\"><span class=\"share-text\"><svg xmlns=\"http:\/\/www.w3.org\/2000\/svg\" height=\"1em\" viewBox=\"0 0 512 512\"><!--! Font Awesome Free 6.4.2 by @fontawesome - https:\/\/fontawesome.com License - https:\/\/fontawesome.com\/license (Commercial License) Copyright 2023 Fonticons, Inc. --><path d=\"M389.2 48h70.6L305.6 224.2 487 464H345L233.7 318.6 106.5 464H35.8L200.7 275.5 26.8 48H172.4L272.9 180.9 389.2 48zM364.4 421.8h39.1L151.1 88h-42L364.4 421.8z\"\/><\/svg>Tweet<\/span> <span class=\"share-count\">0<\/span><\/a>\n                        <\/div>\n                    <\/div>\n                <\/div>\n            <\/li><\/ul>[\/vc_column][\/vc_row][vc_row][vc_column]<div  class=\"jeg_postblock_22 jeg_postblock jeg_module_hook jeg_pagination_disable jeg_col_3o3 jnews_module__11_69ef58214263c   \" data-unique=\"jnews_module__11_69ef58214263c\">\n\t\t\t\t\t<div class=\"jeg_block_heading jeg_block_heading_6 jeg_subcat_right\">\n                     <h3 class=\"jeg_block_title\"><span>T\u00dcM HABERLER<\/span><\/h3>\n                     \n                 <\/div>\n\t\t\t\t\t<div class=\"jeg_block_container\">\n                    \n                    <div class=\"jeg_posts_wrap\">\n                    <div class=\"jeg_posts jeg_load_more_flag\"> \n                        <article class=\"jeg_post jeg_pl_md_5 format-standard\">\n                    <div class=\"jeg_thumb\">\n                        \n                        <a href=\"https:\/\/kuzeyinsesi.org\/index.php\/2026\/04\/27\/arucadda-duzenlenen-posta-sanati-atolyesi-tamamlandi\/\" aria-label=\"Read article: ARUCAD\u2019da d\u00fczenlenen Posta Sanat\u0131 At\u00f6lyesi tamamland\u0131\"><div class=\"thumbnail-container animate-lazy  size-715 \"><img loading=\"lazy\" decoding=\"async\" width=\"350\" height=\"250\" src=\"https:\/\/kuzeyinsesi.org\/wp-content\/themes\/jnews\/assets\/img\/jeg-empty.png\" class=\"attachment-jnews-350x250 size-jnews-350x250 lazyload wp-post-image\" alt=\"ARUCAD\u2019da d\u00fczenlenen Posta Sanat\u0131 At\u00f6lyesi tamamland\u0131\" sizes=\"auto, (max-width: 350px) 100vw, 350px\" data-src=\"https:\/\/kuzeyinsesi.org\/wp-content\/uploads\/2026\/04\/1777292534939ARUCAD-POSTA4-350x250.jpeg\" data-srcset=\"https:\/\/kuzeyinsesi.org\/wp-content\/uploads\/2026\/04\/1777292534939ARUCAD-POSTA4-350x250.jpeg 350w, https:\/\/kuzeyinsesi.org\/wp-content\/uploads\/2026\/04\/1777292534939ARUCAD-POSTA4-120x86.jpeg 120w, https:\/\/kuzeyinsesi.org\/wp-content\/uploads\/2026\/04\/1777292534939ARUCAD-POSTA4-750x536.jpeg 750w, https:\/\/kuzeyinsesi.org\/wp-content\/uploads\/2026\/04\/1777292534939ARUCAD-POSTA4-1140x815.jpeg 1140w\" data-sizes=\"auto\" data-expand=\"700\" \/><\/div><\/a>\n                        <div class=\"jeg_post_category\">\n                            <span><a href=\"https:\/\/kuzeyinsesi.org\/index.php\/category\/kibris\/\" class=\"category-kibris\">K\u0131br\u0131s<\/a><\/span>\n                        <\/div>\n                    <\/div>\n                    <div class=\"jeg_postblock_content\">\n                        <h3 class=\"jeg_post_title\">\n                            <a href=\"https:\/\/kuzeyinsesi.org\/index.php\/2026\/04\/27\/arucadda-duzenlenen-posta-sanati-atolyesi-tamamlandi\/\">ARUCAD\u2019da d\u00fczenlenen Posta Sanat\u0131 At\u00f6lyesi tamamland\u0131<\/a>\n                        <\/h3>\n                        <div class=\"jeg_post_meta\"><div class=\"jeg_meta_date\"><a href=\"https:\/\/kuzeyinsesi.org\/index.php\/2026\/04\/27\/arucadda-duzenlenen-posta-sanati-atolyesi-tamamlandi\/\" ><i class=\"fa fa-clock-o\"><\/i> Nisan 27, 2026<\/a><\/div><\/div>\n                    <\/div>\n                <\/article><article class=\"jeg_post jeg_pl_md_5 format-standard\">\n                    <div class=\"jeg_thumb\">\n                        \n                        <a href=\"https:\/\/kuzeyinsesi.org\/index.php\/2026\/04\/27\/dau-kam-almanyada-mekansal-planlama-ve-arazi-yonetimi-semineri-duzenledi\/\" aria-label=\"Read article: DA\u00dc-KAM \u201cAlmanya\u2019da Mekansal Planlama ve Arazi Y\u00f6netimi\u201d semineri d\u00fczenledi\"><div class=\"thumbnail-container animate-lazy  size-715 \"><img loading=\"lazy\" decoding=\"async\" width=\"350\" height=\"250\" src=\"https:\/\/kuzeyinsesi.org\/wp-content\/themes\/jnews\/assets\/img\/jeg-empty.png\" class=\"attachment-jnews-350x250 size-jnews-350x250 lazyload wp-post-image\" alt=\"DA\u00dc-KAM \u201cAlmanya\u2019da Mekansal Planlama ve Arazi Y\u00f6netimi\u201d semineri d\u00fczenledi\" sizes=\"auto, (max-width: 350px) 100vw, 350px\" data-src=\"https:\/\/kuzeyinsesi.org\/wp-content\/uploads\/2026\/04\/1777292551685DAU-KAM-SEMINER2-350x250.jpg\" data-srcset=\"https:\/\/kuzeyinsesi.org\/wp-content\/uploads\/2026\/04\/1777292551685DAU-KAM-SEMINER2-350x250.jpg 350w, https:\/\/kuzeyinsesi.org\/wp-content\/uploads\/2026\/04\/1777292551685DAU-KAM-SEMINER2-120x86.jpg 120w, https:\/\/kuzeyinsesi.org\/wp-content\/uploads\/2026\/04\/1777292551685DAU-KAM-SEMINER2-750x536.jpg 750w, https:\/\/kuzeyinsesi.org\/wp-content\/uploads\/2026\/04\/1777292551685DAU-KAM-SEMINER2-1140x815.jpg 1140w\" data-sizes=\"auto\" data-expand=\"700\" \/><\/div><\/a>\n                        <div class=\"jeg_post_category\">\n                            <span><a href=\"https:\/\/kuzeyinsesi.org\/index.php\/category\/kibris\/\" class=\"category-kibris\">K\u0131br\u0131s<\/a><\/span>\n                        <\/div>\n                    <\/div>\n                    <div class=\"jeg_postblock_content\">\n                        <h3 class=\"jeg_post_title\">\n                            <a href=\"https:\/\/kuzeyinsesi.org\/index.php\/2026\/04\/27\/dau-kam-almanyada-mekansal-planlama-ve-arazi-yonetimi-semineri-duzenledi\/\">DA\u00dc-KAM \u201cAlmanya\u2019da Mekansal Planlama ve Arazi Y\u00f6netimi\u201d semineri d\u00fczenledi<\/a>\n                        <\/h3>\n                        <div class=\"jeg_post_meta\"><div class=\"jeg_meta_date\"><a href=\"https:\/\/kuzeyinsesi.org\/index.php\/2026\/04\/27\/dau-kam-almanyada-mekansal-planlama-ve-arazi-yonetimi-semineri-duzenledi\/\" ><i class=\"fa fa-clock-o\"><\/i> Nisan 27, 2026<\/a><\/div><\/div>\n                    <\/div>\n                <\/article><article class=\"jeg_post jeg_pl_md_5 format-standard\">\n                    <div class=\"jeg_thumb\">\n                        \n                        <a href=\"https:\/\/kuzeyinsesi.org\/index.php\/2026\/04\/27\/elektrikli-scooterlar-ile-ilgili-kurallar-hatirlatildi-uyari-yapildi\/\" aria-label=\"Read article: Elektrikli scooterlar ile ilgili kurallar hat\u0131rlat\u0131ld\u0131: Uyar\u0131 yap\u0131ld\u0131\"><div class=\"thumbnail-container animate-lazy  size-715 \"><img loading=\"lazy\" decoding=\"async\" width=\"350\" height=\"250\" src=\"https:\/\/kuzeyinsesi.org\/wp-content\/themes\/jnews\/assets\/img\/jeg-empty.png\" class=\"attachment-jnews-350x250 size-jnews-350x250 lazyload wp-post-image\" alt=\"Elektrikli scooterlar ile ilgili kurallar hat\u0131rlat\u0131ld\u0131: Uyar\u0131 yap\u0131ld\u0131\" sizes=\"auto, (max-width: 350px) 100vw, 350px\" data-src=\"https:\/\/kuzeyinsesi.org\/wp-content\/uploads\/2026\/04\/Yeni-Proje-20-2-350x250.jpg\" data-srcset=\"https:\/\/kuzeyinsesi.org\/wp-content\/uploads\/2026\/04\/Yeni-Proje-20-2-350x250.jpg 350w, https:\/\/kuzeyinsesi.org\/wp-content\/uploads\/2026\/04\/Yeni-Proje-20-2-120x86.jpg 120w, https:\/\/kuzeyinsesi.org\/wp-content\/uploads\/2026\/04\/Yeni-Proje-20-2-750x536.jpg 750w\" data-sizes=\"auto\" data-expand=\"700\" \/><\/div><\/a>\n                        <div class=\"jeg_post_category\">\n                            <span><a href=\"https:\/\/kuzeyinsesi.org\/index.php\/category\/kibris\/\" class=\"category-kibris\">K\u0131br\u0131s<\/a><\/span>\n                        <\/div>\n                    <\/div>\n                    <div class=\"jeg_postblock_content\">\n                        <h3 class=\"jeg_post_title\">\n                            <a href=\"https:\/\/kuzeyinsesi.org\/index.php\/2026\/04\/27\/elektrikli-scooterlar-ile-ilgili-kurallar-hatirlatildi-uyari-yapildi\/\">Elektrikli scooterlar ile ilgili kurallar hat\u0131rlat\u0131ld\u0131: Uyar\u0131 yap\u0131ld\u0131<\/a>\n                        <\/h3>\n                        <div class=\"jeg_post_meta\"><div class=\"jeg_meta_date\"><a href=\"https:\/\/kuzeyinsesi.org\/index.php\/2026\/04\/27\/elektrikli-scooterlar-ile-ilgili-kurallar-hatirlatildi-uyari-yapildi\/\" ><i class=\"fa fa-clock-o\"><\/i> Nisan 27, 2026<\/a><\/div><\/div>\n                    <\/div>\n                <\/article><article class=\"jeg_post jeg_pl_md_5 format-standard\">\n                    <div class=\"jeg_thumb\">\n                        \n                        <a href=\"https:\/\/kuzeyinsesi.org\/index.php\/2026\/04\/27\/iskele-ilce-emniyet-kurulu-yanginla-mucadele-gundemiyle-toplandi\/\" aria-label=\"Read article: \u0130skele \u0130l\u00e7e Emniyet Kurulu yang\u0131nla m\u00fccadele g\u00fcndemiyle topland\u0131\"><div class=\"thumbnail-container animate-lazy  size-715 \"><img loading=\"lazy\" decoding=\"async\" width=\"350\" height=\"250\" src=\"https:\/\/kuzeyinsesi.org\/wp-content\/themes\/jnews\/assets\/img\/jeg-empty.png\" class=\"attachment-jnews-350x250 size-jnews-350x250 lazyload wp-post-image\" alt=\"\u0130skele \u0130l\u00e7e Emniyet Kurulu yang\u0131nla m\u00fccadele g\u00fcndemiyle topland\u0131\" sizes=\"auto, (max-width: 350px) 100vw, 350px\" data-src=\"https:\/\/kuzeyinsesi.org\/wp-content\/uploads\/2026\/04\/1777290514505ISKELE-ILCE-EMNIYET-1-350x250.jpg\" data-srcset=\"https:\/\/kuzeyinsesi.org\/wp-content\/uploads\/2026\/04\/1777290514505ISKELE-ILCE-EMNIYET-1-350x250.jpg 350w, https:\/\/kuzeyinsesi.org\/wp-content\/uploads\/2026\/04\/1777290514505ISKELE-ILCE-EMNIYET-1-120x86.jpg 120w, https:\/\/kuzeyinsesi.org\/wp-content\/uploads\/2026\/04\/1777290514505ISKELE-ILCE-EMNIYET-1-750x536.jpg 750w, https:\/\/kuzeyinsesi.org\/wp-content\/uploads\/2026\/04\/1777290514505ISKELE-ILCE-EMNIYET-1-1140x815.jpg 1140w\" data-sizes=\"auto\" data-expand=\"700\" \/><\/div><\/a>\n                        <div class=\"jeg_post_category\">\n                            <span><a href=\"https:\/\/kuzeyinsesi.org\/index.php\/category\/kibris\/\" class=\"category-kibris\">K\u0131br\u0131s<\/a><\/span>\n                        <\/div>\n                    <\/div>\n                    <div class=\"jeg_postblock_content\">\n                        <h3 class=\"jeg_post_title\">\n                            <a href=\"https:\/\/kuzeyinsesi.org\/index.php\/2026\/04\/27\/iskele-ilce-emniyet-kurulu-yanginla-mucadele-gundemiyle-toplandi\/\">\u0130skele \u0130l\u00e7e Emniyet Kurulu yang\u0131nla m\u00fccadele g\u00fcndemiyle topland\u0131<\/a>\n                        <\/h3>\n                        <div class=\"jeg_post_meta\"><div class=\"jeg_meta_date\"><a href=\"https:\/\/kuzeyinsesi.org\/index.php\/2026\/04\/27\/iskele-ilce-emniyet-kurulu-yanginla-mucadele-gundemiyle-toplandi\/\" ><i class=\"fa fa-clock-o\"><\/i> Nisan 27, 2026<\/a><\/div><\/div>\n                    <\/div>\n                <\/article><article class=\"jeg_post jeg_pl_md_5 format-standard\">\n                    <div class=\"jeg_thumb\">\n                        \n                        <a href=\"https:\/\/kuzeyinsesi.org\/index.php\/2026\/04\/27\/cumhurbaskani-erhurman-genclik-federasyonu-heyetini-kabul-etti\/\" aria-label=\"Read article: Cumhurba\u015fkan\u0131 Erh\u00fcrman, Gen\u00e7lik Federasyonu heyetini kabul etti\"><div class=\"thumbnail-container animate-lazy  size-715 \"><img loading=\"lazy\" decoding=\"async\" width=\"350\" height=\"250\" src=\"https:\/\/kuzeyinsesi.org\/wp-content\/themes\/jnews\/assets\/img\/jeg-empty.png\" class=\"attachment-jnews-350x250 size-jnews-350x250 lazyload wp-post-image\" alt=\"Cumhurba\u015fkan\u0131 Erh\u00fcrman, Gen\u00e7lik Federasyonu heyetini kabul etti\" sizes=\"auto, (max-width: 350px) 100vw, 350px\" data-src=\"https:\/\/kuzeyinsesi.org\/wp-content\/uploads\/2026\/04\/Yeni-Proje-22-1-350x250.jpg\" data-srcset=\"https:\/\/kuzeyinsesi.org\/wp-content\/uploads\/2026\/04\/Yeni-Proje-22-1-350x250.jpg 350w, https:\/\/kuzeyinsesi.org\/wp-content\/uploads\/2026\/04\/Yeni-Proje-22-1-120x86.jpg 120w, https:\/\/kuzeyinsesi.org\/wp-content\/uploads\/2026\/04\/Yeni-Proje-22-1-750x536.jpg 750w\" data-sizes=\"auto\" data-expand=\"700\" \/><\/div><\/a>\n                        <div class=\"jeg_post_category\">\n                            <span><a href=\"https:\/\/kuzeyinsesi.org\/index.php\/category\/kibris\/\" class=\"category-kibris\">K\u0131br\u0131s<\/a><\/span>\n                        <\/div>\n                    <\/div>\n                    <div class=\"jeg_postblock_content\">\n                        <h3 class=\"jeg_post_title\">\n                            <a href=\"https:\/\/kuzeyinsesi.org\/index.php\/2026\/04\/27\/cumhurbaskani-erhurman-genclik-federasyonu-heyetini-kabul-etti\/\">Cumhurba\u015fkan\u0131 Erh\u00fcrman, Gen\u00e7lik Federasyonu heyetini kabul etti<\/a>\n                        <\/h3>\n                        <div class=\"jeg_post_meta\"><div class=\"jeg_meta_date\"><a href=\"https:\/\/kuzeyinsesi.org\/index.php\/2026\/04\/27\/cumhurbaskani-erhurman-genclik-federasyonu-heyetini-kabul-etti\/\" ><i class=\"fa fa-clock-o\"><\/i> Nisan 27, 2026<\/a><\/div><\/div>\n                    <\/div>\n                <\/article><article class=\"jeg_post jeg_pl_md_5 format-standard\">\n                    <div class=\"jeg_thumb\">\n                        \n                        <a href=\"https:\/\/kuzeyinsesi.org\/index.php\/2026\/04\/27\/hukuk-siyasi-isler-disiliskiler-ve-savunma-komitesi-toplandi-7\/\" aria-label=\"Read article: Hukuk, Siyasi \u0130\u015fler, D\u0131\u015fili\u015fkiler ve Savunma Komitesi topland\u0131\"><div class=\"thumbnail-container animate-lazy  size-715 \"><img loading=\"lazy\" decoding=\"async\" width=\"350\" height=\"250\" src=\"https:\/\/kuzeyinsesi.org\/wp-content\/themes\/jnews\/assets\/img\/jeg-empty.png\" class=\"attachment-jnews-350x250 size-jnews-350x250 lazyload wp-post-image\" alt=\"Hukuk, Siyasi \u0130\u015fler, D\u0131\u015fili\u015fkiler ve Savunma Komitesi topland\u0131\" sizes=\"auto, (max-width: 350px) 100vw, 350px\" data-src=\"https:\/\/kuzeyinsesi.org\/wp-content\/uploads\/2026\/04\/1777290382264HUKUK-KOMITESI1-350x250.jpeg\" data-srcset=\"https:\/\/kuzeyinsesi.org\/wp-content\/uploads\/2026\/04\/1777290382264HUKUK-KOMITESI1-350x250.jpeg 350w, https:\/\/kuzeyinsesi.org\/wp-content\/uploads\/2026\/04\/1777290382264HUKUK-KOMITESI1-120x86.jpeg 120w, https:\/\/kuzeyinsesi.org\/wp-content\/uploads\/2026\/04\/1777290382264HUKUK-KOMITESI1-750x536.jpeg 750w, https:\/\/kuzeyinsesi.org\/wp-content\/uploads\/2026\/04\/1777290382264HUKUK-KOMITESI1-1140x815.jpeg 1140w\" data-sizes=\"auto\" data-expand=\"700\" \/><\/div><\/a>\n                        <div class=\"jeg_post_category\">\n                            <span><a href=\"https:\/\/kuzeyinsesi.org\/index.php\/category\/kibris\/\" class=\"category-kibris\">K\u0131br\u0131s<\/a><\/span>\n                        <\/div>\n                    <\/div>\n                    <div class=\"jeg_postblock_content\">\n                        <h3 class=\"jeg_post_title\">\n                            <a href=\"https:\/\/kuzeyinsesi.org\/index.php\/2026\/04\/27\/hukuk-siyasi-isler-disiliskiler-ve-savunma-komitesi-toplandi-7\/\">Hukuk, Siyasi \u0130\u015fler, D\u0131\u015fili\u015fkiler ve Savunma Komitesi topland\u0131<\/a>\n                        <\/h3>\n                        <div class=\"jeg_post_meta\"><div class=\"jeg_meta_date\"><a href=\"https:\/\/kuzeyinsesi.org\/index.php\/2026\/04\/27\/hukuk-siyasi-isler-disiliskiler-ve-savunma-komitesi-toplandi-7\/\" ><i class=\"fa fa-clock-o\"><\/i> Nisan 27, 2026<\/a><\/div><\/div>\n                    <\/div>\n                <\/article><article class=\"jeg_post jeg_pl_md_5 format-standard\">\n                    <div class=\"jeg_thumb\">\n                        \n                        <a href=\"https:\/\/kuzeyinsesi.org\/index.php\/2026\/04\/27\/disisleri-bakani-ertugruloglu-uskaid-heyetini-kabul-etti\/\" aria-label=\"Read article: D\u0131\u015fi\u015fleri Bakan\u0131 Ertu\u011frulo\u011flu, USKA\u0130D heyetini kabul etti\"><div class=\"thumbnail-container animate-lazy  size-715 \"><img loading=\"lazy\" decoding=\"async\" width=\"350\" height=\"250\" src=\"https:\/\/kuzeyinsesi.org\/wp-content\/themes\/jnews\/assets\/img\/jeg-empty.png\" class=\"attachment-jnews-350x250 size-jnews-350x250 lazyload wp-post-image\" alt=\"D\u0131\u015fi\u015fleri Bakan\u0131 Ertu\u011frulo\u011flu, USKA\u0130D heyetini kabul etti\" sizes=\"auto, (max-width: 350px) 100vw, 350px\" data-src=\"https:\/\/kuzeyinsesi.org\/wp-content\/uploads\/2026\/04\/Yeni-Proje-21-1-350x250.jpg\" data-srcset=\"https:\/\/kuzeyinsesi.org\/wp-content\/uploads\/2026\/04\/Yeni-Proje-21-1-350x250.jpg 350w, https:\/\/kuzeyinsesi.org\/wp-content\/uploads\/2026\/04\/Yeni-Proje-21-1-120x86.jpg 120w, https:\/\/kuzeyinsesi.org\/wp-content\/uploads\/2026\/04\/Yeni-Proje-21-1-750x536.jpg 750w\" data-sizes=\"auto\" data-expand=\"700\" \/><\/div><\/a>\n                        <div class=\"jeg_post_category\">\n                            <span><a href=\"https:\/\/kuzeyinsesi.org\/index.php\/category\/kibris\/\" class=\"category-kibris\">K\u0131br\u0131s<\/a><\/span>\n                        <\/div>\n                    <\/div>\n                    <div class=\"jeg_postblock_content\">\n                        <h3 class=\"jeg_post_title\">\n                            <a href=\"https:\/\/kuzeyinsesi.org\/index.php\/2026\/04\/27\/disisleri-bakani-ertugruloglu-uskaid-heyetini-kabul-etti\/\">D\u0131\u015fi\u015fleri Bakan\u0131 Ertu\u011frulo\u011flu, USKA\u0130D heyetini kabul etti<\/a>\n                        <\/h3>\n                        <div class=\"jeg_post_meta\"><div class=\"jeg_meta_date\"><a href=\"https:\/\/kuzeyinsesi.org\/index.php\/2026\/04\/27\/disisleri-bakani-ertugruloglu-uskaid-heyetini-kabul-etti\/\" ><i class=\"fa fa-clock-o\"><\/i> Nisan 27, 2026<\/a><\/div><\/div>\n                    <\/div>\n                <\/article><article class=\"jeg_post jeg_pl_md_5 format-standard\">\n                    <div class=\"jeg_thumb\">\n                        \n                        <a href=\"https:\/\/kuzeyinsesi.org\/index.php\/2026\/04\/27\/gazimagusada-kanalizasyon-hatlari-yapim-isleri-ihalesinde-imzalar-atildi\/\" aria-label=\"Read article: Gazima\u011fusa\u2019da kanalizasyon hatlar\u0131 yap\u0131m i\u015fleri ihalesinde imzalar at\u0131ld\u0131\"><div class=\"thumbnail-container animate-lazy  size-715 \"><img loading=\"lazy\" decoding=\"async\" width=\"350\" height=\"250\" src=\"https:\/\/kuzeyinsesi.org\/wp-content\/themes\/jnews\/assets\/img\/jeg-empty.png\" class=\"attachment-jnews-350x250 size-jnews-350x250 lazyload wp-post-image\" alt=\"Gazima\u011fusa\u2019da kanalizasyon hatlar\u0131 yap\u0131m i\u015fleri ihalesinde imzalar at\u0131ld\u0131\" sizes=\"auto, (max-width: 350px) 100vw, 350px\" data-src=\"https:\/\/kuzeyinsesi.org\/wp-content\/uploads\/2026\/04\/1777288703608GAZIMAGUSA-KANALIZASYON2-350x250.jpeg\" data-srcset=\"https:\/\/kuzeyinsesi.org\/wp-content\/uploads\/2026\/04\/1777288703608GAZIMAGUSA-KANALIZASYON2-350x250.jpeg 350w, https:\/\/kuzeyinsesi.org\/wp-content\/uploads\/2026\/04\/1777288703608GAZIMAGUSA-KANALIZASYON2-120x86.jpeg 120w, https:\/\/kuzeyinsesi.org\/wp-content\/uploads\/2026\/04\/1777288703608GAZIMAGUSA-KANALIZASYON2-750x536.jpeg 750w, https:\/\/kuzeyinsesi.org\/wp-content\/uploads\/2026\/04\/1777288703608GAZIMAGUSA-KANALIZASYON2-1140x815.jpeg 1140w\" data-sizes=\"auto\" data-expand=\"700\" \/><\/div><\/a>\n                        <div class=\"jeg_post_category\">\n                            <span><a href=\"https:\/\/kuzeyinsesi.org\/index.php\/category\/kibris\/\" class=\"category-kibris\">K\u0131br\u0131s<\/a><\/span>\n                        <\/div>\n                    <\/div>\n                    <div class=\"jeg_postblock_content\">\n                        <h3 class=\"jeg_post_title\">\n                            <a href=\"https:\/\/kuzeyinsesi.org\/index.php\/2026\/04\/27\/gazimagusada-kanalizasyon-hatlari-yapim-isleri-ihalesinde-imzalar-atildi\/\">Gazima\u011fusa\u2019da kanalizasyon hatlar\u0131 yap\u0131m i\u015fleri ihalesinde imzalar at\u0131ld\u0131<\/a>\n                        <\/h3>\n                        <div class=\"jeg_post_meta\"><div class=\"jeg_meta_date\"><a href=\"https:\/\/kuzeyinsesi.org\/index.php\/2026\/04\/27\/gazimagusada-kanalizasyon-hatlari-yapim-isleri-ihalesinde-imzalar-atildi\/\" ><i class=\"fa fa-clock-o\"><\/i> Nisan 27, 2026<\/a><\/div><\/div>\n                    <\/div>\n                <\/article><article class=\"jeg_post jeg_pl_md_5 format-standard\">\n                    <div class=\"jeg_thumb\">\n                        \n                        <a href=\"https:\/\/kuzeyinsesi.org\/index.php\/2026\/04\/27\/laptada-yarin-elektrik-kesintisi\/\" aria-label=\"Read article: Lapta\u2019da yar\u0131n elektrik kesintisi\"><div class=\"thumbnail-container animate-lazy  size-715 \"><img loading=\"lazy\" decoding=\"async\" width=\"350\" height=\"250\" src=\"https:\/\/kuzeyinsesi.org\/wp-content\/themes\/jnews\/assets\/img\/jeg-empty.png\" class=\"attachment-jnews-350x250 size-jnews-350x250 lazyload wp-post-image\" alt=\"Bo\u011fazk\u00f6y ve \u00e7evresinde cuma g\u00fcn\u00fc 3 saatlik elektrik kesintisi yap\u0131lacak\" sizes=\"auto, (max-width: 350px) 100vw, 350px\" data-src=\"https:\/\/kuzeyinsesi.org\/wp-content\/uploads\/2026\/04\/elektrik-kesintisi-2-350x250.jpg\" data-srcset=\"https:\/\/kuzeyinsesi.org\/wp-content\/uploads\/2026\/04\/elektrik-kesintisi-2-350x250.jpg 350w, https:\/\/kuzeyinsesi.org\/wp-content\/uploads\/2026\/04\/elektrik-kesintisi-2-120x86.jpg 120w\" data-sizes=\"auto\" data-expand=\"700\" \/><\/div><\/a>\n                        <div class=\"jeg_post_category\">\n                            <span><a href=\"https:\/\/kuzeyinsesi.org\/index.php\/category\/kibris\/\" class=\"category-kibris\">K\u0131br\u0131s<\/a><\/span>\n                        <\/div>\n                    <\/div>\n                    <div class=\"jeg_postblock_content\">\n                        <h3 class=\"jeg_post_title\">\n                            <a href=\"https:\/\/kuzeyinsesi.org\/index.php\/2026\/04\/27\/laptada-yarin-elektrik-kesintisi\/\">Lapta\u2019da yar\u0131n elektrik kesintisi<\/a>\n                        <\/h3>\n                        <div class=\"jeg_post_meta\"><div class=\"jeg_meta_date\"><a href=\"https:\/\/kuzeyinsesi.org\/index.php\/2026\/04\/27\/laptada-yarin-elektrik-kesintisi\/\" ><i class=\"fa fa-clock-o\"><\/i> Nisan 27, 2026<\/a><\/div><\/div>\n                    <\/div>\n                <\/article><article class=\"jeg_post jeg_pl_md_5 format-standard\">\n                    <div class=\"jeg_thumb\">\n                        \n                        <a href=\"https:\/\/kuzeyinsesi.org\/index.php\/2026\/04\/27\/rusya-almanyaya-protesto-notasi-verdi\/\" aria-label=\"Read article: Rusya, Almanya&#039;ya protesto notas\u0131 verdi\"><div class=\"thumbnail-container animate-lazy  size-715 \"><img loading=\"lazy\" decoding=\"async\" width=\"350\" height=\"250\" src=\"https:\/\/kuzeyinsesi.org\/wp-content\/themes\/jnews\/assets\/img\/jeg-empty.png\" class=\"attachment-jnews-350x250 size-jnews-350x250 lazyload wp-post-image\" alt=\"Rusya, Almanya&#039;ya protesto notas\u0131 verdi\" sizes=\"auto, (max-width: 350px) 100vw, 350px\" data-src=\"https:\/\/kuzeyinsesi.org\/wp-content\/uploads\/2026\/04\/rusya-almanya-getty-1722899-350x250.jpg\" data-srcset=\"https:\/\/kuzeyinsesi.org\/wp-content\/uploads\/2026\/04\/rusya-almanya-getty-1722899-350x250.jpg 350w, https:\/\/kuzeyinsesi.org\/wp-content\/uploads\/2026\/04\/rusya-almanya-getty-1722899-120x86.jpg 120w, https:\/\/kuzeyinsesi.org\/wp-content\/uploads\/2026\/04\/rusya-almanya-getty-1722899-750x536.jpg 750w\" data-sizes=\"auto\" data-expand=\"700\" \/><\/div><\/a>\n                        <div class=\"jeg_post_category\">\n                            <span><a href=\"https:\/\/kuzeyinsesi.org\/index.php\/category\/dunya\/\" class=\"category-dunya\">D\u00fcnya<\/a><\/span>\n                        <\/div>\n                    <\/div>\n                    <div class=\"jeg_postblock_content\">\n                        <h3 class=\"jeg_post_title\">\n                            <a href=\"https:\/\/kuzeyinsesi.org\/index.php\/2026\/04\/27\/rusya-almanyaya-protesto-notasi-verdi\/\">Rusya, Almanya&#039;ya protesto notas\u0131 verdi<\/a>\n                        <\/h3>\n                        <div class=\"jeg_post_meta\"><div class=\"jeg_meta_date\"><a href=\"https:\/\/kuzeyinsesi.org\/index.php\/2026\/04\/27\/rusya-almanyaya-protesto-notasi-verdi\/\" ><i class=\"fa fa-clock-o\"><\/i> Nisan 27, 2026<\/a><\/div><\/div>\n                    <\/div>\n                <\/article><article class=\"jeg_post jeg_pl_md_5 format-standard\">\n                    <div class=\"jeg_thumb\">\n                        \n                        <a href=\"https:\/\/kuzeyinsesi.org\/index.php\/2026\/04\/27\/saglik-icin-birlikte-projesi-kapsaminda-aydinlatilmis-onam-konusunda-gorusmeler-yapildi\/\" aria-label=\"Read article: \u201cSa\u011fl\u0131k \u0130\u00e7in Birlikte\u201d projesi kapsam\u0131nda ayd\u0131nlat\u0131lm\u0131\u015f onam konusunda g\u00f6r\u00fc\u015fmeler yap\u0131ld\u0131\"><div class=\"thumbnail-container animate-lazy  size-715 \"><img loading=\"lazy\" decoding=\"async\" width=\"350\" height=\"250\" src=\"https:\/\/kuzeyinsesi.org\/wp-content\/themes\/jnews\/assets\/img\/jeg-empty.png\" class=\"attachment-jnews-350x250 size-jnews-350x250 lazyload wp-post-image\" alt=\"\u201cSa\u011fl\u0131k \u0130\u00e7in Birlikte\u201d projesi kapsam\u0131nda ayd\u0131nlat\u0131lm\u0131\u015f onam konusunda g\u00f6r\u00fc\u015fmeler yap\u0131ld\u0131\" sizes=\"auto, (max-width: 350px) 100vw, 350px\" data-src=\"https:\/\/kuzeyinsesi.org\/wp-content\/uploads\/2026\/04\/hasta-husta-1024x568-350x250.png\" data-srcset=\"https:\/\/kuzeyinsesi.org\/wp-content\/uploads\/2026\/04\/hasta-husta-1024x568-350x250.png 350w, https:\/\/kuzeyinsesi.org\/wp-content\/uploads\/2026\/04\/hasta-husta-1024x568-120x86.png 120w, https:\/\/kuzeyinsesi.org\/wp-content\/uploads\/2026\/04\/hasta-husta-1024x568-750x536.png 750w\" data-sizes=\"auto\" data-expand=\"700\" \/><\/div><\/a>\n                        <div class=\"jeg_post_category\">\n                            <span><a href=\"https:\/\/kuzeyinsesi.org\/index.php\/category\/kibris\/\" class=\"category-kibris\">K\u0131br\u0131s<\/a><\/span>\n                        <\/div>\n                    <\/div>\n                    <div class=\"jeg_postblock_content\">\n                        <h3 class=\"jeg_post_title\">\n                            <a href=\"https:\/\/kuzeyinsesi.org\/index.php\/2026\/04\/27\/saglik-icin-birlikte-projesi-kapsaminda-aydinlatilmis-onam-konusunda-gorusmeler-yapildi\/\">\u201cSa\u011fl\u0131k \u0130\u00e7in Birlikte\u201d projesi kapsam\u0131nda ayd\u0131nlat\u0131lm\u0131\u015f onam konusunda g\u00f6r\u00fc\u015fmeler yap\u0131ld\u0131<\/a>\n                        <\/h3>\n                        <div class=\"jeg_post_meta\"><div class=\"jeg_meta_date\"><a href=\"https:\/\/kuzeyinsesi.org\/index.php\/2026\/04\/27\/saglik-icin-birlikte-projesi-kapsaminda-aydinlatilmis-onam-konusunda-gorusmeler-yapildi\/\" ><i class=\"fa fa-clock-o\"><\/i> Nisan 27, 2026<\/a><\/div><\/div>\n                    <\/div>\n                <\/article><article class=\"jeg_post jeg_pl_md_5 format-standard\">\n                    <div class=\"jeg_thumb\">\n                        \n                        <a href=\"https:\/\/kuzeyinsesi.org\/index.php\/2026\/04\/27\/2026-yili-balikcilik-av-malzemesi-destek-basvurulari-basliyor\/\" aria-label=\"Read article: 2026 y\u0131l\u0131 bal\u0131k\u00e7\u0131l\u0131k av malzemesi destek ba\u015fvurular\u0131 ba\u015fl\u0131yor\"><div class=\"thumbnail-container animate-lazy  size-715 \"><img loading=\"lazy\" decoding=\"async\" width=\"350\" height=\"250\" src=\"https:\/\/kuzeyinsesi.org\/wp-content\/themes\/jnews\/assets\/img\/jeg-empty.png\" class=\"attachment-jnews-350x250 size-jnews-350x250 lazyload wp-post-image\" alt=\"2026 y\u0131l\u0131 bal\u0131k\u00e7\u0131l\u0131k av malzemesi destek ba\u015fvurular\u0131 ba\u015fl\u0131yor\" sizes=\"auto, (max-width: 350px) 100vw, 350px\" data-src=\"https:\/\/kuzeyinsesi.org\/wp-content\/uploads\/2026\/04\/cikolar-7-350x250.jpeg\" data-srcset=\"https:\/\/kuzeyinsesi.org\/wp-content\/uploads\/2026\/04\/cikolar-7-350x250.jpeg 350w, https:\/\/kuzeyinsesi.org\/wp-content\/uploads\/2026\/04\/cikolar-7-120x86.jpeg 120w, https:\/\/kuzeyinsesi.org\/wp-content\/uploads\/2026\/04\/cikolar-7-750x536.jpeg 750w, https:\/\/kuzeyinsesi.org\/wp-content\/uploads\/2026\/04\/cikolar-7-1140x815.jpeg 1140w\" data-sizes=\"auto\" data-expand=\"700\" \/><\/div><\/a>\n                        <div class=\"jeg_post_category\">\n                            <span><a href=\"https:\/\/kuzeyinsesi.org\/index.php\/category\/kibris\/\" class=\"category-kibris\">K\u0131br\u0131s<\/a><\/span>\n                        <\/div>\n                    <\/div>\n                    <div class=\"jeg_postblock_content\">\n                        <h3 class=\"jeg_post_title\">\n                            <a href=\"https:\/\/kuzeyinsesi.org\/index.php\/2026\/04\/27\/2026-yili-balikcilik-av-malzemesi-destek-basvurulari-basliyor\/\">2026 y\u0131l\u0131 bal\u0131k\u00e7\u0131l\u0131k av malzemesi destek ba\u015fvurular\u0131 ba\u015fl\u0131yor<\/a>\n                        <\/h3>\n                        <div class=\"jeg_post_meta\"><div class=\"jeg_meta_date\"><a href=\"https:\/\/kuzeyinsesi.org\/index.php\/2026\/04\/27\/2026-yili-balikcilik-av-malzemesi-destek-basvurulari-basliyor\/\" ><i class=\"fa fa-clock-o\"><\/i> Nisan 27, 2026<\/a><\/div><\/div>\n                    <\/div>\n                <\/article><article class=\"jeg_post jeg_pl_md_5 format-standard\">\n                    <div class=\"jeg_thumb\">\n                        \n                        <a href=\"https:\/\/kuzeyinsesi.org\/index.php\/2026\/04\/27\/imo-fest-lefkosa-tamamlandi\/\" aria-label=\"Read article: \u0130MO FEST Lefko\u015fa tamamland\u0131\"><div class=\"thumbnail-container animate-lazy  size-715 \"><img loading=\"lazy\" decoding=\"async\" width=\"350\" height=\"250\" src=\"https:\/\/kuzeyinsesi.org\/wp-content\/themes\/jnews\/assets\/img\/jeg-empty.png\" class=\"attachment-jnews-350x250 size-jnews-350x250 lazyload wp-post-image\" alt=\"\u0130MO FEST Lefko\u015fa tamamland\u0131\" sizes=\"auto, (max-width: 350px) 100vw, 350px\" data-src=\"https:\/\/kuzeyinsesi.org\/wp-content\/uploads\/2026\/04\/festo-350x250.jpeg\" data-srcset=\"https:\/\/kuzeyinsesi.org\/wp-content\/uploads\/2026\/04\/festo-350x250.jpeg 350w, https:\/\/kuzeyinsesi.org\/wp-content\/uploads\/2026\/04\/festo-120x86.jpeg 120w, https:\/\/kuzeyinsesi.org\/wp-content\/uploads\/2026\/04\/festo-750x536.jpeg 750w, https:\/\/kuzeyinsesi.org\/wp-content\/uploads\/2026\/04\/festo-1140x815.jpeg 1140w\" data-sizes=\"auto\" data-expand=\"700\" \/><\/div><\/a>\n                        <div class=\"jeg_post_category\">\n                            <span><a href=\"https:\/\/kuzeyinsesi.org\/index.php\/category\/kibris\/\" class=\"category-kibris\">K\u0131br\u0131s<\/a><\/span>\n                        <\/div>\n                    <\/div>\n                    <div class=\"jeg_postblock_content\">\n                        <h3 class=\"jeg_post_title\">\n                            <a href=\"https:\/\/kuzeyinsesi.org\/index.php\/2026\/04\/27\/imo-fest-lefkosa-tamamlandi\/\">\u0130MO FEST Lefko\u015fa tamamland\u0131<\/a>\n                        <\/h3>\n                        <div class=\"jeg_post_meta\"><div class=\"jeg_meta_date\"><a href=\"https:\/\/kuzeyinsesi.org\/index.php\/2026\/04\/27\/imo-fest-lefkosa-tamamlandi\/\" ><i class=\"fa fa-clock-o\"><\/i> Nisan 27, 2026<\/a><\/div><\/div>\n                    <\/div>\n                <\/article><article class=\"jeg_post jeg_pl_md_5 format-standard\">\n                    <div class=\"jeg_thumb\">\n                        \n                        <a href=\"https:\/\/kuzeyinsesi.org\/index.php\/2026\/04\/27\/zelenski-rusyanin-bir-haftada-60-fuze-ve-yaklasik-1900-siha-ile-saldiri-duzenledigini-belirtti\/\" aria-label=\"Read article: Zelenski, Rusya&#039;n\u0131n bir haftada 60 f\u00fcze ve yakla\u015f\u0131k 1900 S\u0130HA ile sald\u0131r\u0131 d\u00fczenledi\u011fini belirtti\"><div class=\"thumbnail-container animate-lazy  size-715 \"><img loading=\"lazy\" decoding=\"async\" width=\"350\" height=\"250\" src=\"https:\/\/kuzeyinsesi.org\/wp-content\/themes\/jnews\/assets\/img\/jeg-empty.png\" class=\"attachment-jnews-350x250 size-jnews-350x250 lazyload wp-post-image\" alt=\"Zelenski: ABD&#039;nin g\u00fc\u00e7l\u00fc bir sinyal vermesi ve g\u00fcvenlik garantilerine haz\u0131r olmas\u0131 \u00e7ok \u00f6nemli\" sizes=\"auto, (max-width: 350px) 100vw, 350px\" data-src=\"https:\/\/kuzeyinsesi.org\/wp-content\/uploads\/2025\/08\/zelenskiy-reu-2389587-350x250.jpg\" data-srcset=\"https:\/\/kuzeyinsesi.org\/wp-content\/uploads\/2025\/08\/zelenskiy-reu-2389587-350x250.jpg 350w, https:\/\/kuzeyinsesi.org\/wp-content\/uploads\/2025\/08\/zelenskiy-reu-2389587-120x86.jpg 120w, https:\/\/kuzeyinsesi.org\/wp-content\/uploads\/2025\/08\/zelenskiy-reu-2389587-750x536.jpg 750w\" data-sizes=\"auto\" data-expand=\"700\" \/><\/div><\/a>\n                        <div class=\"jeg_post_category\">\n                            <span><a href=\"https:\/\/kuzeyinsesi.org\/index.php\/category\/dunya\/\" class=\"category-dunya\">D\u00fcnya<\/a><\/span>\n                        <\/div>\n                    <\/div>\n                    <div class=\"jeg_postblock_content\">\n                        <h3 class=\"jeg_post_title\">\n                            <a href=\"https:\/\/kuzeyinsesi.org\/index.php\/2026\/04\/27\/zelenski-rusyanin-bir-haftada-60-fuze-ve-yaklasik-1900-siha-ile-saldiri-duzenledigini-belirtti\/\">Zelenski, Rusya&#039;n\u0131n bir haftada 60 f\u00fcze ve yakla\u015f\u0131k 1900 S\u0130HA ile sald\u0131r\u0131 d\u00fczenledi\u011fini belirtti<\/a>\n                        <\/h3>\n                        <div class=\"jeg_post_meta\"><div class=\"jeg_meta_date\"><a href=\"https:\/\/kuzeyinsesi.org\/index.php\/2026\/04\/27\/zelenski-rusyanin-bir-haftada-60-fuze-ve-yaklasik-1900-siha-ile-saldiri-duzenledigini-belirtti\/\" ><i class=\"fa fa-clock-o\"><\/i> Nisan 27, 2026<\/a><\/div><\/div>\n                    <\/div>\n                <\/article><article class=\"jeg_post jeg_pl_md_5 format-standard\">\n                    <div class=\"jeg_thumb\">\n                        \n                        <a href=\"https:\/\/kuzeyinsesi.org\/index.php\/2026\/04\/27\/ustelden-hristodulidise-fransiz-askeri-tepkisi-guney-kibrisi-yabanci-guclerin-ussune-donusturuyorsunuz\/\" aria-label=\"Read article: \u00dcstel\u2019den Hristodulidis\u2019e Frans\u0131z askeri tepkisi: G\u00fcney K\u0131br\u0131s\u2019\u0131 yabanc\u0131 g\u00fc\u00e7lerin \u00fcss\u00fcne d\u00f6n\u00fc\u015ft\u00fcr\u00fcyorsunuz\"><div class=\"thumbnail-container animate-lazy  size-715 \"><img loading=\"lazy\" decoding=\"async\" width=\"350\" height=\"250\" src=\"https:\/\/kuzeyinsesi.org\/wp-content\/themes\/jnews\/assets\/img\/jeg-empty.png\" class=\"attachment-jnews-350x250 size-jnews-350x250 lazyload wp-post-image\" alt=\"\u00dcstel\u2019den Hristodulidis\u2019e Frans\u0131z askeri tepkisi: G\u00fcney K\u0131br\u0131s\u2019\u0131 yabanc\u0131 g\u00fc\u00e7lerin \u00fcss\u00fcne d\u00f6n\u00fc\u015ft\u00fcr\u00fcyorsunuz\" sizes=\"auto, (max-width: 350px) 100vw, 350px\" data-src=\"https:\/\/kuzeyinsesi.org\/wp-content\/uploads\/2026\/04\/unal-ustel-sagilik-calisanlari-ve-burokratlara-belgelerini-verdi-1-ero-1-350x250.jpg\" data-srcset=\"https:\/\/kuzeyinsesi.org\/wp-content\/uploads\/2026\/04\/unal-ustel-sagilik-calisanlari-ve-burokratlara-belgelerini-verdi-1-ero-1-350x250.jpg 350w, https:\/\/kuzeyinsesi.org\/wp-content\/uploads\/2026\/04\/unal-ustel-sagilik-calisanlari-ve-burokratlara-belgelerini-verdi-1-ero-1-120x86.jpg 120w, https:\/\/kuzeyinsesi.org\/wp-content\/uploads\/2026\/04\/unal-ustel-sagilik-calisanlari-ve-burokratlara-belgelerini-verdi-1-ero-1-750x536.jpg 750w\" data-sizes=\"auto\" data-expand=\"700\" \/><\/div><\/a>\n                        <div class=\"jeg_post_category\">\n                            <span><a href=\"https:\/\/kuzeyinsesi.org\/index.php\/category\/kibris\/\" class=\"category-kibris\">K\u0131br\u0131s<\/a><\/span>\n                        <\/div>\n                    <\/div>\n                    <div class=\"jeg_postblock_content\">\n                        <h3 class=\"jeg_post_title\">\n                            <a href=\"https:\/\/kuzeyinsesi.org\/index.php\/2026\/04\/27\/ustelden-hristodulidise-fransiz-askeri-tepkisi-guney-kibrisi-yabanci-guclerin-ussune-donusturuyorsunuz\/\">\u00dcstel\u2019den Hristodulidis\u2019e Frans\u0131z askeri tepkisi: G\u00fcney K\u0131br\u0131s\u2019\u0131 yabanc\u0131 g\u00fc\u00e7lerin \u00fcss\u00fcne d\u00f6n\u00fc\u015ft\u00fcr\u00fcyorsunuz<\/a>\n                        <\/h3>\n                        <div class=\"jeg_post_meta\"><div class=\"jeg_meta_date\"><a href=\"https:\/\/kuzeyinsesi.org\/index.php\/2026\/04\/27\/ustelden-hristodulidise-fransiz-askeri-tepkisi-guney-kibrisi-yabanci-guclerin-ussune-donusturuyorsunuz\/\" ><i class=\"fa fa-clock-o\"><\/i> Nisan 27, 2026<\/a><\/div><\/div>\n                    <\/div>\n                <\/article><article class=\"jeg_post jeg_pl_md_5 format-standard\">\n                    <div class=\"jeg_thumb\">\n                        \n                        <a href=\"https:\/\/kuzeyinsesi.org\/index.php\/2026\/04\/27\/transavia-france-jet-yakiti-krizi-nedeniyle-ucuslarini-iptal-ediyor\/\" aria-label=\"Read article: Transavia France jet yak\u0131t\u0131 krizi nedeniyle u\u00e7u\u015flar\u0131n\u0131 iptal ediyor\"><div class=\"thumbnail-container animate-lazy  size-715 \"><img loading=\"lazy\" decoding=\"async\" width=\"350\" height=\"250\" src=\"https:\/\/kuzeyinsesi.org\/wp-content\/themes\/jnews\/assets\/img\/jeg-empty.png\" class=\"attachment-jnews-350x250 size-jnews-350x250 lazyload wp-post-image\" alt=\"ABD&#039;de yolcu u\u00e7a\u011f\u0131, pilot ile kabin memurlar\u0131n\u0131n ileti\u015fimindeki kesinti nedeniyle acil ini\u015f yapt\u0131\" sizes=\"auto, (max-width: 350px) 100vw, 350px\" data-src=\"https:\/\/kuzeyinsesi.org\/wp-content\/uploads\/2025\/10\/ucak-1476111-350x250.jpg\" data-srcset=\"https:\/\/kuzeyinsesi.org\/wp-content\/uploads\/2025\/10\/ucak-1476111-350x250.jpg 350w, https:\/\/kuzeyinsesi.org\/wp-content\/uploads\/2025\/10\/ucak-1476111-120x86.jpg 120w, https:\/\/kuzeyinsesi.org\/wp-content\/uploads\/2025\/10\/ucak-1476111-750x536.jpg 750w\" data-sizes=\"auto\" data-expand=\"700\" \/><\/div><\/a>\n                        <div class=\"jeg_post_category\">\n                            <span><a href=\"https:\/\/kuzeyinsesi.org\/index.php\/category\/dunya\/\" class=\"category-dunya\">D\u00fcnya<\/a><\/span>\n                        <\/div>\n                    <\/div>\n                    <div class=\"jeg_postblock_content\">\n                        <h3 class=\"jeg_post_title\">\n                            <a href=\"https:\/\/kuzeyinsesi.org\/index.php\/2026\/04\/27\/transavia-france-jet-yakiti-krizi-nedeniyle-ucuslarini-iptal-ediyor\/\">Transavia France jet yak\u0131t\u0131 krizi nedeniyle u\u00e7u\u015flar\u0131n\u0131 iptal ediyor<\/a>\n                        <\/h3>\n                        <div class=\"jeg_post_meta\"><div class=\"jeg_meta_date\"><a href=\"https:\/\/kuzeyinsesi.org\/index.php\/2026\/04\/27\/transavia-france-jet-yakiti-krizi-nedeniyle-ucuslarini-iptal-ediyor\/\" ><i class=\"fa fa-clock-o\"><\/i> Nisan 27, 2026<\/a><\/div><\/div>\n                    <\/div>\n                <\/article><article class=\"jeg_post jeg_pl_md_5 format-standard\">\n                    <div class=\"jeg_thumb\">\n                        \n                        <a href=\"https:\/\/kuzeyinsesi.org\/index.php\/2026\/04\/27\/genel-kurul-yasama-goreviyle-toplandi\/\" aria-label=\"Read article: Genel Kurul yasama g\u00f6reviyle topland\u0131\"><div class=\"thumbnail-container animate-lazy  size-715 \"><img loading=\"lazy\" decoding=\"async\" width=\"350\" height=\"250\" src=\"https:\/\/kuzeyinsesi.org\/wp-content\/themes\/jnews\/assets\/img\/jeg-empty.png\" class=\"attachment-jnews-350x250 size-jnews-350x250 lazyload wp-post-image\" alt=\"Genel Kurul yasama g\u00f6reviyle topland\u0131\" sizes=\"auto, (max-width: 350px) 100vw, 350px\" data-src=\"https:\/\/kuzeyinsesi.org\/wp-content\/uploads\/2026\/04\/meclis-1-350x250.jpg\" data-srcset=\"https:\/\/kuzeyinsesi.org\/wp-content\/uploads\/2026\/04\/meclis-1-350x250.jpg 350w, https:\/\/kuzeyinsesi.org\/wp-content\/uploads\/2026\/04\/meclis-1-120x86.jpg 120w, https:\/\/kuzeyinsesi.org\/wp-content\/uploads\/2026\/04\/meclis-1-750x536.jpg 750w, https:\/\/kuzeyinsesi.org\/wp-content\/uploads\/2026\/04\/meclis-1-1140x815.jpg 1140w\" data-sizes=\"auto\" data-expand=\"700\" \/><\/div><\/a>\n                        <div class=\"jeg_post_category\">\n                            <span><a href=\"https:\/\/kuzeyinsesi.org\/index.php\/category\/kibris\/\" class=\"category-kibris\">K\u0131br\u0131s<\/a><\/span>\n                        <\/div>\n                    <\/div>\n                    <div class=\"jeg_postblock_content\">\n                        <h3 class=\"jeg_post_title\">\n                            <a href=\"https:\/\/kuzeyinsesi.org\/index.php\/2026\/04\/27\/genel-kurul-yasama-goreviyle-toplandi\/\">Genel Kurul yasama g\u00f6reviyle topland\u0131<\/a>\n                        <\/h3>\n                        <div class=\"jeg_post_meta\"><div class=\"jeg_meta_date\"><a href=\"https:\/\/kuzeyinsesi.org\/index.php\/2026\/04\/27\/genel-kurul-yasama-goreviyle-toplandi\/\" ><i class=\"fa fa-clock-o\"><\/i> Nisan 27, 2026<\/a><\/div><\/div>\n                    <\/div>\n                <\/article><article class=\"jeg_post jeg_pl_md_5 format-standard\">\n                    <div class=\"jeg_thumb\">\n                        \n                        <a href=\"https:\/\/kuzeyinsesi.org\/index.php\/2026\/04\/27\/gazimagusada-ani-olum-62-yasinda-hayatini-kaybetti\/\" aria-label=\"Read article: Gazima\u011fusa\u2019da ani \u00f6l\u00fcm: 62 ya\u015f\u0131nda hayat\u0131n\u0131 kaybetti\"><div class=\"thumbnail-container animate-lazy  size-715 \"><img loading=\"lazy\" decoding=\"async\" width=\"350\" height=\"250\" src=\"https:\/\/kuzeyinsesi.org\/wp-content\/themes\/jnews\/assets\/img\/jeg-empty.png\" class=\"attachment-jnews-350x250 size-jnews-350x250 lazyload wp-post-image\" alt=\"Gazima\u011fusa\u2019da ani \u00f6l\u00fcm: 62 ya\u015f\u0131nda hayat\u0131n\u0131 kaybetti\" sizes=\"auto, (max-width: 350px) 100vw, 350px\" data-src=\"https:\/\/kuzeyinsesi.org\/wp-content\/uploads\/2026\/04\/1738856741367ambulans17-350x250.jpg\" data-srcset=\"https:\/\/kuzeyinsesi.org\/wp-content\/uploads\/2026\/04\/1738856741367ambulans17-350x250.jpg 350w, https:\/\/kuzeyinsesi.org\/wp-content\/uploads\/2026\/04\/1738856741367ambulans17-120x86.jpg 120w, https:\/\/kuzeyinsesi.org\/wp-content\/uploads\/2026\/04\/1738856741367ambulans17-750x536.jpg 750w\" data-sizes=\"auto\" data-expand=\"700\" \/><\/div><\/a>\n                        <div class=\"jeg_post_category\">\n                            <span><a href=\"https:\/\/kuzeyinsesi.org\/index.php\/category\/kibris\/\" class=\"category-kibris\">K\u0131br\u0131s<\/a><\/span>\n                        <\/div>\n                    <\/div>\n                    <div class=\"jeg_postblock_content\">\n                        <h3 class=\"jeg_post_title\">\n                            <a href=\"https:\/\/kuzeyinsesi.org\/index.php\/2026\/04\/27\/gazimagusada-ani-olum-62-yasinda-hayatini-kaybetti\/\">Gazima\u011fusa\u2019da ani \u00f6l\u00fcm: 62 ya\u015f\u0131nda hayat\u0131n\u0131 kaybetti<\/a>\n                        <\/h3>\n                        <div class=\"jeg_post_meta\"><div class=\"jeg_meta_date\"><a href=\"https:\/\/kuzeyinsesi.org\/index.php\/2026\/04\/27\/gazimagusada-ani-olum-62-yasinda-hayatini-kaybetti\/\" ><i class=\"fa fa-clock-o\"><\/i> Nisan 27, 2026<\/a><\/div><\/div>\n                    <\/div>\n                <\/article><article class=\"jeg_post jeg_pl_md_5 format-standard\">\n                    <div class=\"jeg_thumb\">\n                        \n                        <a href=\"https:\/\/kuzeyinsesi.org\/index.php\/2026\/04\/27\/iran-abd-sartlarimizi-kabul-etmek-zorunda\/\" aria-label=\"Read article: \u0130ran: ABD, \u015fartlar\u0131m\u0131z\u0131 kabul etmek zorunda\"><div class=\"thumbnail-container animate-lazy  size-715 \"><img loading=\"lazy\" decoding=\"async\" width=\"350\" height=\"250\" src=\"https:\/\/kuzeyinsesi.org\/wp-content\/themes\/jnews\/assets\/img\/jeg-empty.png\" class=\"attachment-jnews-350x250 size-jnews-350x250 lazyload wp-post-image\" alt=\"\u0130ran: D\u00fc\u015fman\u0131n tehdit ve eylemlerine kararl\u0131, belirleyici ve ani kar\u015f\u0131l\u0131klar vermeye haz\u0131r\u0131z\" sizes=\"auto, (max-width: 350px) 100vw, 350px\" data-src=\"https:\/\/kuzeyinsesi.org\/wp-content\/uploads\/2026\/04\/iran-mozaik-savunma-stratejisi-2443678-350x250.jpg\" data-srcset=\"https:\/\/kuzeyinsesi.org\/wp-content\/uploads\/2026\/04\/iran-mozaik-savunma-stratejisi-2443678-350x250.jpg 350w, https:\/\/kuzeyinsesi.org\/wp-content\/uploads\/2026\/04\/iran-mozaik-savunma-stratejisi-2443678-120x86.jpg 120w, https:\/\/kuzeyinsesi.org\/wp-content\/uploads\/2026\/04\/iran-mozaik-savunma-stratejisi-2443678-750x536.jpg 750w\" data-sizes=\"auto\" data-expand=\"700\" \/><\/div><\/a>\n                        <div class=\"jeg_post_category\">\n                            <span><a href=\"https:\/\/kuzeyinsesi.org\/index.php\/category\/dunya\/\" class=\"category-dunya\">D\u00fcnya<\/a><\/span>\n                        <\/div>\n                    <\/div>\n                    <div class=\"jeg_postblock_content\">\n                        <h3 class=\"jeg_post_title\">\n                            <a href=\"https:\/\/kuzeyinsesi.org\/index.php\/2026\/04\/27\/iran-abd-sartlarimizi-kabul-etmek-zorunda\/\">\u0130ran: ABD, \u015fartlar\u0131m\u0131z\u0131 kabul etmek zorunda<\/a>\n                        <\/h3>\n                        <div class=\"jeg_post_meta\"><div class=\"jeg_meta_date\"><a href=\"https:\/\/kuzeyinsesi.org\/index.php\/2026\/04\/27\/iran-abd-sartlarimizi-kabul-etmek-zorunda\/\" ><i class=\"fa fa-clock-o\"><\/i> Nisan 27, 2026<\/a><\/div><\/div>\n                    <\/div>\n                <\/article><article class=\"jeg_post jeg_pl_md_5 format-standard\">\n                    <div class=\"jeg_thumb\">\n                        \n                        <a href=\"https:\/\/kuzeyinsesi.org\/index.php\/2026\/04\/27\/girnede-uyusturucu-madde-tasarrufundan-iki-kisi-tutuklandi\/\" aria-label=\"Read article: Girne\u2019de uyu\u015fturucu madde tasarrufundan iki ki\u015fi tutukland\u0131\"><div class=\"thumbnail-container animate-lazy  size-715 \"><img loading=\"lazy\" decoding=\"async\" width=\"350\" height=\"250\" src=\"https:\/\/kuzeyinsesi.org\/wp-content\/themes\/jnews\/assets\/img\/jeg-empty.png\" class=\"attachment-jnews-350x250 size-jnews-350x250 lazyload wp-post-image\" alt=\"Girne\u2019de uyu\u015fturucu madde tasarrufundan iki ki\u015fi tutukland\u0131\" sizes=\"auto, (max-width: 350px) 100vw, 350px\" data-src=\"https:\/\/kuzeyinsesi.org\/wp-content\/uploads\/2026\/04\/1758881457765kktc-polis-trafik21-350x250.jpg\" data-srcset=\"https:\/\/kuzeyinsesi.org\/wp-content\/uploads\/2026\/04\/1758881457765kktc-polis-trafik21-350x250.jpg 350w, https:\/\/kuzeyinsesi.org\/wp-content\/uploads\/2026\/04\/1758881457765kktc-polis-trafik21-120x86.jpg 120w, https:\/\/kuzeyinsesi.org\/wp-content\/uploads\/2026\/04\/1758881457765kktc-polis-trafik21-750x536.jpg 750w, https:\/\/kuzeyinsesi.org\/wp-content\/uploads\/2026\/04\/1758881457765kktc-polis-trafik21-1140x815.jpg 1140w\" data-sizes=\"auto\" data-expand=\"700\" \/><\/div><\/a>\n                        <div class=\"jeg_post_category\">\n                            <span><a href=\"https:\/\/kuzeyinsesi.org\/index.php\/category\/kibris\/\" class=\"category-kibris\">K\u0131br\u0131s<\/a><\/span>\n                        <\/div>\n                    <\/div>\n                    <div class=\"jeg_postblock_content\">\n                        <h3 class=\"jeg_post_title\">\n                            <a href=\"https:\/\/kuzeyinsesi.org\/index.php\/2026\/04\/27\/girnede-uyusturucu-madde-tasarrufundan-iki-kisi-tutuklandi\/\">Girne\u2019de uyu\u015fturucu madde tasarrufundan iki ki\u015fi tutukland\u0131<\/a>\n                        <\/h3>\n                        <div class=\"jeg_post_meta\"><div class=\"jeg_meta_date\"><a href=\"https:\/\/kuzeyinsesi.org\/index.php\/2026\/04\/27\/girnede-uyusturucu-madde-tasarrufundan-iki-kisi-tutuklandi\/\" ><i class=\"fa fa-clock-o\"><\/i> Nisan 27, 2026<\/a><\/div><\/div>\n                    <\/div>\n                <\/article><article class=\"jeg_post jeg_pl_md_5 format-standard\">\n                    <div class=\"jeg_thumb\">\n                        \n                        <a href=\"https:\/\/kuzeyinsesi.org\/index.php\/2026\/04\/27\/gazimagusa-belediyesi-dunya-belediyeler-birligine-uye-oldu\/\" aria-label=\"Read article: Gazima\u011fusa Belediyesi, D\u00fcnya Belediyeler Birli\u011fi\u2019ne \u00fcye oldu\"><div class=\"thumbnail-container animate-lazy  size-715 \"><img loading=\"lazy\" decoding=\"async\" width=\"350\" height=\"250\" src=\"https:\/\/kuzeyinsesi.org\/wp-content\/themes\/jnews\/assets\/img\/jeg-empty.png\" class=\"attachment-jnews-350x250 size-jnews-350x250 lazyload wp-post-image\" alt=\"Gazima\u011fusa Belediyesi, D\u00fcnya Belediyeler Birli\u011fi\u2019ne \u00fcye oldu\" sizes=\"auto, (max-width: 350px) 100vw, 350px\" data-src=\"https:\/\/kuzeyinsesi.org\/wp-content\/uploads\/2026\/04\/Yeni-Proje-12-6-350x250.jpg\" data-srcset=\"https:\/\/kuzeyinsesi.org\/wp-content\/uploads\/2026\/04\/Yeni-Proje-12-6-350x250.jpg 350w, https:\/\/kuzeyinsesi.org\/wp-content\/uploads\/2026\/04\/Yeni-Proje-12-6-120x86.jpg 120w, https:\/\/kuzeyinsesi.org\/wp-content\/uploads\/2026\/04\/Yeni-Proje-12-6-750x536.jpg 750w\" data-sizes=\"auto\" data-expand=\"700\" \/><\/div><\/a>\n                        <div class=\"jeg_post_category\">\n                            <span><a href=\"https:\/\/kuzeyinsesi.org\/index.php\/category\/kibris\/\" class=\"category-kibris\">K\u0131br\u0131s<\/a><\/span>\n                        <\/div>\n                    <\/div>\n                    <div class=\"jeg_postblock_content\">\n                        <h3 class=\"jeg_post_title\">\n                            <a href=\"https:\/\/kuzeyinsesi.org\/index.php\/2026\/04\/27\/gazimagusa-belediyesi-dunya-belediyeler-birligine-uye-oldu\/\">Gazima\u011fusa Belediyesi, D\u00fcnya Belediyeler Birli\u011fi\u2019ne \u00fcye oldu<\/a>\n                        <\/h3>\n                        <div class=\"jeg_post_meta\"><div class=\"jeg_meta_date\"><a href=\"https:\/\/kuzeyinsesi.org\/index.php\/2026\/04\/27\/gazimagusa-belediyesi-dunya-belediyeler-birligine-uye-oldu\/\" ><i class=\"fa fa-clock-o\"><\/i> Nisan 27, 2026<\/a><\/div><\/div>\n                    <\/div>\n                <\/article><article class=\"jeg_post jeg_pl_md_5 format-standard\">\n                    <div class=\"jeg_thumb\">\n                        \n                        <a href=\"https:\/\/kuzeyinsesi.org\/index.php\/2026\/04\/27\/bayindirlik-ve-ulastirma-bakanligindan-sahte-sms-uyarisi\/\" aria-label=\"Read article: Bay\u0131nd\u0131rl\u0131k ve Ula\u015ft\u0131rma Bakanl\u0131\u011f\u0131\u2019ndan sahte SMS uyar\u0131s\u0131\"><div class=\"thumbnail-container animate-lazy  size-715 \"><img loading=\"lazy\" decoding=\"async\" width=\"350\" height=\"250\" src=\"https:\/\/kuzeyinsesi.org\/wp-content\/themes\/jnews\/assets\/img\/jeg-empty.png\" class=\"attachment-jnews-350x250 size-jnews-350x250 lazyload wp-post-image\" alt=\"Bay\u0131nd\u0131rl\u0131k ve Ula\u015ft\u0131rma Bakanl\u0131\u011f\u0131\u2019ndan sahte SMS uyar\u0131s\u0131\" sizes=\"auto, (max-width: 350px) 100vw, 350px\" data-src=\"https:\/\/kuzeyinsesi.org\/wp-content\/uploads\/2026\/04\/ulastirmabakanligibina2018-350x250.jpg\" data-srcset=\"https:\/\/kuzeyinsesi.org\/wp-content\/uploads\/2026\/04\/ulastirmabakanligibina2018-350x250.jpg 350w, https:\/\/kuzeyinsesi.org\/wp-content\/uploads\/2026\/04\/ulastirmabakanligibina2018-120x86.jpg 120w\" data-sizes=\"auto\" data-expand=\"700\" \/><\/div><\/a>\n                        <div class=\"jeg_post_category\">\n                            <span><a href=\"https:\/\/kuzeyinsesi.org\/index.php\/category\/kibris\/\" class=\"category-kibris\">K\u0131br\u0131s<\/a><\/span>\n                        <\/div>\n                    <\/div>\n                    <div class=\"jeg_postblock_content\">\n                        <h3 class=\"jeg_post_title\">\n                            <a href=\"https:\/\/kuzeyinsesi.org\/index.php\/2026\/04\/27\/bayindirlik-ve-ulastirma-bakanligindan-sahte-sms-uyarisi\/\">Bay\u0131nd\u0131rl\u0131k ve Ula\u015ft\u0131rma Bakanl\u0131\u011f\u0131\u2019ndan sahte SMS uyar\u0131s\u0131<\/a>\n                        <\/h3>\n                        <div class=\"jeg_post_meta\"><div class=\"jeg_meta_date\"><a href=\"https:\/\/kuzeyinsesi.org\/index.php\/2026\/04\/27\/bayindirlik-ve-ulastirma-bakanligindan-sahte-sms-uyarisi\/\" ><i class=\"fa fa-clock-o\"><\/i> Nisan 27, 2026<\/a><\/div><\/div>\n                    <\/div>\n                <\/article><article class=\"jeg_post jeg_pl_md_5 format-standard\">\n                    <div class=\"jeg_thumb\">\n                        \n                        <a href=\"https:\/\/kuzeyinsesi.org\/index.php\/2026\/04\/27\/devlet-emlak-ve-malzeme-dairesi-acik-artirmayla-muhtelif-malzeme-satacak\/\" aria-label=\"Read article: Devlet Emlak ve Malzeme Dairesi, a\u00e7\u0131k art\u0131rmayla muhtelif malzeme satacak\"><div class=\"thumbnail-container animate-lazy  size-715 \"><img loading=\"lazy\" decoding=\"async\" width=\"350\" height=\"250\" src=\"https:\/\/kuzeyinsesi.org\/wp-content\/themes\/jnews\/assets\/img\/jeg-empty.png\" class=\"attachment-jnews-350x250 size-jnews-350x250 lazyload wp-post-image\" alt=\"Devlet Emlak ve Malzeme Dairesi, a\u00e7\u0131k art\u0131rmayla muhtelif malzeme satacak\" sizes=\"auto, (max-width: 350px) 100vw, 350px\" data-src=\"https:\/\/kuzeyinsesi.org\/wp-content\/uploads\/2026\/04\/1777276559514devlet-emlak-350x250.webp\" data-srcset=\"https:\/\/kuzeyinsesi.org\/wp-content\/uploads\/2026\/04\/1777276559514devlet-emlak-350x250.webp 350w, https:\/\/kuzeyinsesi.org\/wp-content\/uploads\/2026\/04\/1777276559514devlet-emlak-120x86.webp 120w, https:\/\/kuzeyinsesi.org\/wp-content\/uploads\/2026\/04\/1777276559514devlet-emlak-750x536.webp 750w, https:\/\/kuzeyinsesi.org\/wp-content\/uploads\/2026\/04\/1777276559514devlet-emlak-1140x815.webp 1140w\" data-sizes=\"auto\" data-expand=\"700\" \/><\/div><\/a>\n                        <div class=\"jeg_post_category\">\n                            <span><a href=\"https:\/\/kuzeyinsesi.org\/index.php\/category\/kibris\/\" class=\"category-kibris\">K\u0131br\u0131s<\/a><\/span>\n                        <\/div>\n                    <\/div>\n                    <div class=\"jeg_postblock_content\">\n                        <h3 class=\"jeg_post_title\">\n                            <a href=\"https:\/\/kuzeyinsesi.org\/index.php\/2026\/04\/27\/devlet-emlak-ve-malzeme-dairesi-acik-artirmayla-muhtelif-malzeme-satacak\/\">Devlet Emlak ve Malzeme Dairesi, a\u00e7\u0131k art\u0131rmayla muhtelif malzeme satacak<\/a>\n                        <\/h3>\n                        <div class=\"jeg_post_meta\"><div class=\"jeg_meta_date\"><a href=\"https:\/\/kuzeyinsesi.org\/index.php\/2026\/04\/27\/devlet-emlak-ve-malzeme-dairesi-acik-artirmayla-muhtelif-malzeme-satacak\/\" ><i class=\"fa fa-clock-o\"><\/i> Nisan 27, 2026<\/a><\/div><\/div>\n                    <\/div>\n                <\/article><article class=\"jeg_post jeg_pl_md_5 format-standard\">\n                    <div class=\"jeg_thumb\">\n                        \n                        <a href=\"https:\/\/kuzeyinsesi.org\/index.php\/2026\/04\/27\/basbakan-ustel-uretmek-isteyen-her-gencin-yanindayiz\/\" aria-label=\"Read article: Ba\u015fbakan \u00dcstel: \u00dcretmek isteyen her gencin yan\u0131nday\u0131z\"><div class=\"thumbnail-container animate-lazy  size-715 \"><img loading=\"lazy\" decoding=\"async\" width=\"350\" height=\"250\" src=\"https:\/\/kuzeyinsesi.org\/wp-content\/themes\/jnews\/assets\/img\/jeg-empty.png\" class=\"attachment-jnews-350x250 size-jnews-350x250 lazyload wp-post-image\" alt=\"Ba\u015fbakan \u00dcstel: \u00dcretmek isteyen her gencin yan\u0131nday\u0131z\" sizes=\"auto, (max-width: 350px) 100vw, 350px\" data-src=\"https:\/\/kuzeyinsesi.org\/wp-content\/uploads\/2026\/04\/1777275840608Basbakan-Ustel-Narin-ziyaret-2-350x250.jpeg\" data-srcset=\"https:\/\/kuzeyinsesi.org\/wp-content\/uploads\/2026\/04\/1777275840608Basbakan-Ustel-Narin-ziyaret-2-350x250.jpeg 350w, https:\/\/kuzeyinsesi.org\/wp-content\/uploads\/2026\/04\/1777275840608Basbakan-Ustel-Narin-ziyaret-2-120x86.jpeg 120w, https:\/\/kuzeyinsesi.org\/wp-content\/uploads\/2026\/04\/1777275840608Basbakan-Ustel-Narin-ziyaret-2-750x536.jpeg 750w, https:\/\/kuzeyinsesi.org\/wp-content\/uploads\/2026\/04\/1777275840608Basbakan-Ustel-Narin-ziyaret-2-1140x815.jpeg 1140w\" data-sizes=\"auto\" data-expand=\"700\" \/><\/div><\/a>\n                        <div class=\"jeg_post_category\">\n                            <span><a href=\"https:\/\/kuzeyinsesi.org\/index.php\/category\/kibris\/\" class=\"category-kibris\">K\u0131br\u0131s<\/a><\/span>\n                        <\/div>\n                    <\/div>\n                    <div class=\"jeg_postblock_content\">\n                        <h3 class=\"jeg_post_title\">\n                            <a href=\"https:\/\/kuzeyinsesi.org\/index.php\/2026\/04\/27\/basbakan-ustel-uretmek-isteyen-her-gencin-yanindayiz\/\">Ba\u015fbakan \u00dcstel: \u00dcretmek isteyen her gencin yan\u0131nday\u0131z<\/a>\n                        <\/h3>\n                        <div class=\"jeg_post_meta\"><div class=\"jeg_meta_date\"><a href=\"https:\/\/kuzeyinsesi.org\/index.php\/2026\/04\/27\/basbakan-ustel-uretmek-isteyen-her-gencin-yanindayiz\/\" ><i class=\"fa fa-clock-o\"><\/i> Nisan 27, 2026<\/a><\/div><\/div>\n                    <\/div>\n                <\/article><article class=\"jeg_post jeg_pl_md_5 format-standard\">\n                    <div class=\"jeg_thumb\">\n                        \n                        <a href=\"https:\/\/kuzeyinsesi.org\/index.php\/2026\/04\/27\/akpinar-turkiyeye-yonelik-sistematik-olumsuzlama-iceren-soylemler-kabul-edilemez\/\" aria-label=\"Read article: Akp\u0131nar: T\u00fcrkiye\u2019ye y\u00f6nelik sistematik olumsuzlama i\u00e7eren s\u00f6ylemler kabul edilemez\"><div class=\"thumbnail-container animate-lazy  size-715 \"><img loading=\"lazy\" decoding=\"async\" width=\"350\" height=\"250\" src=\"https:\/\/kuzeyinsesi.org\/wp-content\/themes\/jnews\/assets\/img\/jeg-empty.png\" class=\"attachment-jnews-350x250 size-jnews-350x250 lazyload wp-post-image\" alt=\"\u00a0Akp\u0131nar: Sa\u011fduyu kazanm\u0131\u015ft\u0131r\" sizes=\"auto, (max-width: 350px) 100vw, 350px\" data-src=\"https:\/\/kuzeyinsesi.org\/wp-content\/uploads\/2026\/04\/ESKI-9-350x250.jpg\" data-srcset=\"https:\/\/kuzeyinsesi.org\/wp-content\/uploads\/2026\/04\/ESKI-9-350x250.jpg 350w, https:\/\/kuzeyinsesi.org\/wp-content\/uploads\/2026\/04\/ESKI-9-120x86.jpg 120w, https:\/\/kuzeyinsesi.org\/wp-content\/uploads\/2026\/04\/ESKI-9-750x536.jpg 750w\" data-sizes=\"auto\" data-expand=\"700\" \/><\/div><\/a>\n                        <div class=\"jeg_post_category\">\n                            <span><a href=\"https:\/\/kuzeyinsesi.org\/index.php\/category\/kibris\/\" class=\"category-kibris\">K\u0131br\u0131s<\/a><\/span>\n                        <\/div>\n                    <\/div>\n                    <div class=\"jeg_postblock_content\">\n                        <h3 class=\"jeg_post_title\">\n                            <a href=\"https:\/\/kuzeyinsesi.org\/index.php\/2026\/04\/27\/akpinar-turkiyeye-yonelik-sistematik-olumsuzlama-iceren-soylemler-kabul-edilemez\/\">Akp\u0131nar: T\u00fcrkiye\u2019ye y\u00f6nelik sistematik olumsuzlama i\u00e7eren s\u00f6ylemler kabul edilemez<\/a>\n                        <\/h3>\n                        <div class=\"jeg_post_meta\"><div class=\"jeg_meta_date\"><a href=\"https:\/\/kuzeyinsesi.org\/index.php\/2026\/04\/27\/akpinar-turkiyeye-yonelik-sistematik-olumsuzlama-iceren-soylemler-kabul-edilemez\/\" ><i class=\"fa fa-clock-o\"><\/i> Nisan 27, 2026<\/a><\/div><\/div>\n                    <\/div>\n                <\/article><article class=\"jeg_post jeg_pl_md_5 format-standard\">\n                    <div class=\"jeg_thumb\">\n                        \n                        <a href=\"https:\/\/kuzeyinsesi.org\/index.php\/2026\/04\/27\/sanayi-odasi-yapi-fuari-turkeybuild-istanbulda-6-firmayla-temsil-edilecek\/\" aria-label=\"Read article: Sanayi Odas\u0131, Yap\u0131 Fuar\u0131-Turkeybuild \u0130stanbul\u2019da 6 firmayla temsil edilecek\"><div class=\"thumbnail-container animate-lazy  size-715 \"><img loading=\"lazy\" decoding=\"async\" width=\"350\" height=\"250\" src=\"https:\/\/kuzeyinsesi.org\/wp-content\/themes\/jnews\/assets\/img\/jeg-empty.png\" class=\"attachment-jnews-350x250 size-jnews-350x250 lazyload wp-post-image\" alt=\"Sanayi Odas\u0131, Yap\u0131 Fuar\u0131-Turkeybuild \u0130stanbul\u2019da 6 firmayla temsil edilecek\" sizes=\"auto, (max-width: 350px) 100vw, 350px\" data-src=\"https:\/\/kuzeyinsesi.org\/wp-content\/uploads\/2026\/04\/Becer-Tatar-4-350x250.jpg\" data-srcset=\"https:\/\/kuzeyinsesi.org\/wp-content\/uploads\/2026\/04\/Becer-Tatar-4-350x250.jpg 350w, https:\/\/kuzeyinsesi.org\/wp-content\/uploads\/2026\/04\/Becer-Tatar-4-120x86.jpg 120w, https:\/\/kuzeyinsesi.org\/wp-content\/uploads\/2026\/04\/Becer-Tatar-4-750x536.jpg 750w\" data-sizes=\"auto\" data-expand=\"700\" \/><\/div><\/a>\n                        <div class=\"jeg_post_category\">\n                            <span><a href=\"https:\/\/kuzeyinsesi.org\/index.php\/category\/kibris\/\" class=\"category-kibris\">K\u0131br\u0131s<\/a><\/span>\n                        <\/div>\n                    <\/div>\n                    <div class=\"jeg_postblock_content\">\n                        <h3 class=\"jeg_post_title\">\n                            <a href=\"https:\/\/kuzeyinsesi.org\/index.php\/2026\/04\/27\/sanayi-odasi-yapi-fuari-turkeybuild-istanbulda-6-firmayla-temsil-edilecek\/\">Sanayi Odas\u0131, Yap\u0131 Fuar\u0131-Turkeybuild \u0130stanbul\u2019da 6 firmayla temsil edilecek<\/a>\n                        <\/h3>\n                        <div class=\"jeg_post_meta\"><div class=\"jeg_meta_date\"><a href=\"https:\/\/kuzeyinsesi.org\/index.php\/2026\/04\/27\/sanayi-odasi-yapi-fuari-turkeybuild-istanbulda-6-firmayla-temsil-edilecek\/\" ><i class=\"fa fa-clock-o\"><\/i> Nisan 27, 2026<\/a><\/div><\/div>\n                    <\/div>\n                <\/article><article class=\"jeg_post jeg_pl_md_5 format-standard\">\n                    <div class=\"jeg_thumb\">\n                        \n                        <a href=\"https:\/\/kuzeyinsesi.org\/index.php\/2026\/04\/27\/dijital-vize-teslim-portali-ile-188-agacin-kesilmesi-onlendi\/\" aria-label=\"Read article: Dijital Vize Teslim Portal\u0131 ile 188 a\u011fac\u0131n kesilmesi \u00f6nlendi\"><div class=\"thumbnail-container animate-lazy  size-715 \"><img loading=\"lazy\" decoding=\"async\" width=\"350\" height=\"250\" src=\"https:\/\/kuzeyinsesi.org\/wp-content\/themes\/jnews\/assets\/img\/jeg-empty.png\" class=\"attachment-jnews-350x250 size-jnews-350x250 lazyload wp-post-image\" alt=\"Dijital Vize Teslim Portal\u0131 ile 188 a\u011fac\u0131n kesilmesi \u00f6nlendi\" sizes=\"auto, (max-width: 350px) 100vw, 350px\" data-src=\"https:\/\/kuzeyinsesi.org\/wp-content\/uploads\/2026\/04\/1777271359795MIMARLAR-ODASI1-1024x576-350x250.png\" data-srcset=\"https:\/\/kuzeyinsesi.org\/wp-content\/uploads\/2026\/04\/1777271359795MIMARLAR-ODASI1-1024x576-350x250.png 350w, https:\/\/kuzeyinsesi.org\/wp-content\/uploads\/2026\/04\/1777271359795MIMARLAR-ODASI1-1024x576-120x86.png 120w, https:\/\/kuzeyinsesi.org\/wp-content\/uploads\/2026\/04\/1777271359795MIMARLAR-ODASI1-1024x576-750x536.png 750w\" data-sizes=\"auto\" data-expand=\"700\" \/><\/div><\/a>\n                        <div class=\"jeg_post_category\">\n                            <span><a href=\"https:\/\/kuzeyinsesi.org\/index.php\/category\/kibris\/\" class=\"category-kibris\">K\u0131br\u0131s<\/a><\/span>\n                        <\/div>\n                    <\/div>\n                    <div class=\"jeg_postblock_content\">\n                        <h3 class=\"jeg_post_title\">\n                            <a href=\"https:\/\/kuzeyinsesi.org\/index.php\/2026\/04\/27\/dijital-vize-teslim-portali-ile-188-agacin-kesilmesi-onlendi\/\">Dijital Vize Teslim Portal\u0131 ile 188 a\u011fac\u0131n kesilmesi \u00f6nlendi<\/a>\n                        <\/h3>\n                        <div class=\"jeg_post_meta\"><div class=\"jeg_meta_date\"><a href=\"https:\/\/kuzeyinsesi.org\/index.php\/2026\/04\/27\/dijital-vize-teslim-portali-ile-188-agacin-kesilmesi-onlendi\/\" ><i class=\"fa fa-clock-o\"><\/i> Nisan 27, 2026<\/a><\/div><\/div>\n                    <\/div>\n                <\/article><article class=\"jeg_post jeg_pl_md_5 format-standard\">\n                    <div class=\"jeg_thumb\">\n                        \n                        <a href=\"https:\/\/kuzeyinsesi.org\/index.php\/2026\/04\/27\/washington-post-beyaz-saray-muhabirleri-dernegi-yemegine-ust-duzey-guvenlik-statusu-verilmedi\/\" aria-label=\"Read article: Washington Post: Beyaz Saray Muhabirleri Derne\u011fi yeme\u011fine \u00fcst d\u00fczey g\u00fcvenlik stat\u00fcs\u00fc verilmedi\"><div class=\"thumbnail-container animate-lazy  size-715 \"><img loading=\"lazy\" decoding=\"async\" width=\"350\" height=\"250\" src=\"https:\/\/kuzeyinsesi.org\/wp-content\/themes\/jnews\/assets\/img\/jeg-empty.png\" class=\"attachment-jnews-350x250 size-jnews-350x250 lazyload wp-post-image\" alt=\"Trump&#039;\u0131n kat\u0131ld\u0131\u011f\u0131 programda silahl\u0131 sald\u0131r\u0131: 1 polis yaraland\u0131\" sizes=\"auto, (max-width: 350px) 100vw, 350px\" data-src=\"https:\/\/kuzeyinsesi.org\/wp-content\/uploads\/2026\/04\/abd-saldiri-olay-yeri-reu-2456390-350x250.jpg\" data-srcset=\"https:\/\/kuzeyinsesi.org\/wp-content\/uploads\/2026\/04\/abd-saldiri-olay-yeri-reu-2456390-350x250.jpg 350w, https:\/\/kuzeyinsesi.org\/wp-content\/uploads\/2026\/04\/abd-saldiri-olay-yeri-reu-2456390-120x86.jpg 120w, https:\/\/kuzeyinsesi.org\/wp-content\/uploads\/2026\/04\/abd-saldiri-olay-yeri-reu-2456390-750x536.jpg 750w\" data-sizes=\"auto\" data-expand=\"700\" \/><\/div><\/a>\n                        <div class=\"jeg_post_category\">\n                            <span><a href=\"https:\/\/kuzeyinsesi.org\/index.php\/category\/dunya\/\" class=\"category-dunya\">D\u00fcnya<\/a><\/span>\n                        <\/div>\n                    <\/div>\n                    <div class=\"jeg_postblock_content\">\n                        <h3 class=\"jeg_post_title\">\n                            <a href=\"https:\/\/kuzeyinsesi.org\/index.php\/2026\/04\/27\/washington-post-beyaz-saray-muhabirleri-dernegi-yemegine-ust-duzey-guvenlik-statusu-verilmedi\/\">Washington Post: Beyaz Saray Muhabirleri Derne\u011fi yeme\u011fine \u00fcst d\u00fczey g\u00fcvenlik stat\u00fcs\u00fc verilmedi<\/a>\n                        <\/h3>\n                        <div class=\"jeg_post_meta\"><div class=\"jeg_meta_date\"><a href=\"https:\/\/kuzeyinsesi.org\/index.php\/2026\/04\/27\/washington-post-beyaz-saray-muhabirleri-dernegi-yemegine-ust-duzey-guvenlik-statusu-verilmedi\/\" ><i class=\"fa fa-clock-o\"><\/i> Nisan 27, 2026<\/a><\/div><\/div>\n                    <\/div>\n                <\/article><article class=\"jeg_post jeg_pl_md_5 format-standard\">\n                    <div class=\"jeg_thumb\">\n                        \n                        <a href=\"https:\/\/kuzeyinsesi.org\/index.php\/2026\/04\/27\/iran-disisleri-bakani-arakci-muzakerelerde-ulkenin-cikarlarini-guvence-altina-almaliyiz\/\" aria-label=\"Read article: \u0130ran D\u0131\u015fi\u015fleri Bakan\u0131 Arak\u00e7i: M\u00fczakerelerde \u00fclkenin \u00e7\u0131karlar\u0131n\u0131 g\u00fcvence alt\u0131na almal\u0131y\u0131z\"><div class=\"thumbnail-container animate-lazy  size-715 \"><img loading=\"lazy\" decoding=\"async\" width=\"350\" height=\"250\" src=\"https:\/\/kuzeyinsesi.org\/wp-content\/themes\/jnews\/assets\/img\/jeg-empty.png\" class=\"attachment-jnews-350x250 size-jnews-350x250 lazyload wp-post-image\" alt=\"\u0130ran D\u0131\u015fi\u015fleri Bakan\u0131 Arak\u00e7i: M\u00fczakerelerde \u00fclkenin \u00e7\u0131karlar\u0131n\u0131 g\u00fcvence alt\u0131na almal\u0131y\u0131z\" sizes=\"auto, (max-width: 350px) 100vw, 350px\" data-src=\"https:\/\/kuzeyinsesi.org\/wp-content\/uploads\/2026\/04\/abbas-erakciaa-2356280-350x250.jpg\" data-srcset=\"https:\/\/kuzeyinsesi.org\/wp-content\/uploads\/2026\/04\/abbas-erakciaa-2356280-350x250.jpg 350w, https:\/\/kuzeyinsesi.org\/wp-content\/uploads\/2026\/04\/abbas-erakciaa-2356280-120x86.jpg 120w, https:\/\/kuzeyinsesi.org\/wp-content\/uploads\/2026\/04\/abbas-erakciaa-2356280-750x536.jpg 750w\" data-sizes=\"auto\" data-expand=\"700\" \/><\/div><\/a>\n                        <div class=\"jeg_post_category\">\n                            <span><a href=\"https:\/\/kuzeyinsesi.org\/index.php\/category\/dunya\/\" class=\"category-dunya\">D\u00fcnya<\/a><\/span>\n                        <\/div>\n                    <\/div>\n                    <div class=\"jeg_postblock_content\">\n                        <h3 class=\"jeg_post_title\">\n                            <a href=\"https:\/\/kuzeyinsesi.org\/index.php\/2026\/04\/27\/iran-disisleri-bakani-arakci-muzakerelerde-ulkenin-cikarlarini-guvence-altina-almaliyiz\/\">\u0130ran D\u0131\u015fi\u015fleri Bakan\u0131 Arak\u00e7i: M\u00fczakerelerde \u00fclkenin \u00e7\u0131karlar\u0131n\u0131 g\u00fcvence alt\u0131na almal\u0131y\u0131z<\/a>\n                        <\/h3>\n                        <div class=\"jeg_post_meta\"><div class=\"jeg_meta_date\"><a href=\"https:\/\/kuzeyinsesi.org\/index.php\/2026\/04\/27\/iran-disisleri-bakani-arakci-muzakerelerde-ulkenin-cikarlarini-guvence-altina-almaliyiz\/\" ><i class=\"fa fa-clock-o\"><\/i> Nisan 27, 2026<\/a><\/div><\/div>\n                    <\/div>\n                <\/article><article class=\"jeg_post jeg_pl_md_5 format-standard\">\n                    <div class=\"jeg_thumb\">\n                        \n                        <a href=\"https:\/\/kuzeyinsesi.org\/index.php\/2026\/04\/27\/gorusmelerin-tikanmasi-nedeniyle-petrol-fiyatlari-yukseldi\/\" aria-label=\"Read article: G\u00f6r\u00fc\u015fmelerin t\u0131kanmas\u0131 nedeniyle petrol fiyatlar\u0131 y\u00fckseldi\"><div class=\"thumbnail-container animate-lazy  size-715 \"><img loading=\"lazy\" decoding=\"async\" width=\"350\" height=\"250\" src=\"https:\/\/kuzeyinsesi.org\/wp-content\/themes\/jnews\/assets\/img\/jeg-empty.png\" class=\"attachment-jnews-350x250 size-jnews-350x250 lazyload wp-post-image\" alt=\"H\u00fcrm\u00fcz Bo\u011faz\u0131&#039;nda ABD\u0130ran kilidi: Petrol fiyatlar\u0131 106 dolar\u0131 a\u015ft\u0131\" sizes=\"auto, (max-width: 350px) 100vw, 350px\" data-src=\"https:\/\/kuzeyinsesi.org\/wp-content\/uploads\/2026\/04\/iran-petrol-reuters-2446545-350x250.jpg\" data-srcset=\"https:\/\/kuzeyinsesi.org\/wp-content\/uploads\/2026\/04\/iran-petrol-reuters-2446545-350x250.jpg 350w, https:\/\/kuzeyinsesi.org\/wp-content\/uploads\/2026\/04\/iran-petrol-reuters-2446545-120x86.jpg 120w, https:\/\/kuzeyinsesi.org\/wp-content\/uploads\/2026\/04\/iran-petrol-reuters-2446545-750x536.jpg 750w\" data-sizes=\"auto\" data-expand=\"700\" \/><\/div><\/a>\n                        <div class=\"jeg_post_category\">\n                            <span><a href=\"https:\/\/kuzeyinsesi.org\/index.php\/category\/dunya\/\" class=\"category-dunya\">D\u00fcnya<\/a><\/span>\n                        <\/div>\n                    <\/div>\n                    <div class=\"jeg_postblock_content\">\n                        <h3 class=\"jeg_post_title\">\n                            <a href=\"https:\/\/kuzeyinsesi.org\/index.php\/2026\/04\/27\/gorusmelerin-tikanmasi-nedeniyle-petrol-fiyatlari-yukseldi\/\">G\u00f6r\u00fc\u015fmelerin t\u0131kanmas\u0131 nedeniyle petrol fiyatlar\u0131 y\u00fckseldi<\/a>\n                        <\/h3>\n                        <div class=\"jeg_post_meta\"><div class=\"jeg_meta_date\"><a href=\"https:\/\/kuzeyinsesi.org\/index.php\/2026\/04\/27\/gorusmelerin-tikanmasi-nedeniyle-petrol-fiyatlari-yukseldi\/\" ><i class=\"fa fa-clock-o\"><\/i> Nisan 27, 2026<\/a><\/div><\/div>\n                    <\/div>\n                <\/article>\n                    <\/div>\n                <\/div>\n                    <div class='module-overlay'>\n\t\t\t\t    <div class='preloader_type preloader_dot'>\n\t\t\t\t        <div class=\"module-preloader jeg_preloader dot\">\n\t\t\t\t            <span><\/span><span><\/span><span><\/span>\n\t\t\t\t        <\/div>\n\t\t\t\t        <div class=\"module-preloader jeg_preloader circle\">\n\t\t\t\t            <div class=\"jnews_preloader_circle_outer\">\n\t\t\t\t                <div class=\"jnews_preloader_circle_inner\"><\/div>\n\t\t\t\t            <\/div>\n\t\t\t\t        <\/div>\n\t\t\t\t        <div class=\"module-preloader jeg_preloader square\">\n\t\t\t\t            <div class=\"jeg_square\">\n\t\t\t\t                <div class=\"jeg_square_inner\"><\/div>\n\t\t\t\t            <\/div>\n\t\t\t\t        <\/div>\n\t\t\t\t    <\/div>\n\t\t\t\t<\/div>\n                <\/div>\n                <div class=\"jeg_block_navigation\">\n                    <div class='navigation_overlay'><div class='module-preloader jeg_preloader'><span><\/span><span><\/span><span><\/span><\/div><\/div>\n                    \n                    \n                <\/div>\n\t\t\t\t\t\n\t\t\t\t\t<script>var jnews_module__11_69ef58214263c = {\"header_icon\":\"\",\"first_title\":\"T\\u00dcM HABERLER\",\"second_title\":\"\",\"url\":\"\",\"header_type\":\"heading_6\",\"header_background\":\"\",\"header_secondary_background\":\"\",\"header_text_color\":\"\",\"header_line_color\":\"\",\"header_accent_color\":\"\",\"header_filter_category\":\"\",\"header_filter_author\":\"\",\"header_filter_tag\":\"\",\"header_filter_text\":\"All\",\"sticky_post\":false,\"sticky_post_filter\":false,\"post_type\":\"post\",\"content_type\":\"all\",\"sponsor\":\"\",\"number_post\":\"30\",\"post_offset\":\"0\",\"unique_content\":\"disable\",\"include_post\":\"\",\"included_only\":\"\",\"exclude_post\":\"\",\"include_category\":\"\",\"exclude_category\":\"\",\"include_author\":\"\",\"include_tag\":\"\",\"exclude_tag\":\"\",\"exclude_visited_post\":false,\"sort_by\":\"latest\",\"date_format\":\"default\",\"date_format_custom\":\"Y\\\/m\\\/d\",\"force_normal_image_load\":\"\",\"main_custom_image_size\":\"default\",\"pagination_mode\":\"disable\",\"pagination_nextprev_showtext\":\"\",\"pagination_number_post\":3,\"pagination_scroll_limit\":0,\"boxed\":\"\",\"boxed_shadow\":\"\",\"el_id\":\"\",\"el_class\":\"\",\"scheme\":\"\",\"column_width\":\"auto\",\"title_color\":\"\",\"accent_color\":\"\",\"alt_color\":\"\",\"excerpt_color\":\"\",\"css\":\"\",\"compatible_column_notice\":\"\",\"paged\":1,\"column_class\":\"jeg_col_3o3\",\"class\":\"jnews_block_22\"};<\/script>\n\t\t\t\t<\/div>[\/vc_column][\/vc_row]<\/p>\n<\/div>","protected":false},"excerpt":{"rendered":"<p>[vc_row][vc_column][\/vc_column][\/vc_row][vc_row][vc_column width=&#8221;2\/3&#8243;][\/vc_column][vc_column width=&#8221;1\/3&#8243;][vc_raw_html]JTNDZGl2JTIwc3R5bGUlM0QlMjJtYXJnaW4lM0FhdXRvJTNCdGV4dC1hbGlnbiUzQWNlbnRlciUzQndpZHRoJTNBMTAwJTI2JTIzMzclM0IlM0JtYXgtd2lkdGglM0E0MDBweCUzQiUyMiUzRSUzQ2ElMjBocmVmJTNEJTIyaHR0cHMlM0ElMkYlMkZ3d3cuZWN6YW5lbGVyLmdlbi50ciUyRm5vYmV0Y2kta2licmlzJTIyJTIwdGFyZ2V0JTNEJTIyX2JsYW5rJTIyJTNFJTNDaW1nJTIwc3JjJTNEJTIyaHR0cHMlM0ElMkYlMkZ3d3cuZWN6YW5lbGVyLmdlbi50ciUyRnJlc2ltbGVyJTJGbm9iZXRjaS1lY3phbmUuanBnJTIyJTIwYWx0JTNEJTIyS0tUQyUyMG4lQzMlQjZiZXQlQzMlQTdpJTIwZWN6YW5lbGVyaSUyMiUyMHN0eWxlJTNEJTIyd2lkdGglM0ExMDAlMjYlMjMzNyUzQiUzQmJvcmRlci1yYWRpdXMlM0EycHglM0IlMjIlM0UlM0MlMkZhJTNFJTNDaWZyYW1lJTIwc3JjJTNEJTIyaHR0cHMlM0ElMkYlMkZ3d3cuZWN6YW5lbGVyLmdlbi50ciUyRmlmcmFtZS5waHAlM0Zsb2thc3lvbiUzRDgyJTIyJTIwbmFtZSUzRCUyMktLVEMlMjBuJUMzJUI2YmV0JUMzJUE3aSUyMGVjemFuZWxlcmklMjIlMjBzdHlsZSUzRCUyMndpZHRoJTNBMTAwJTI2JTIzMzclM0IlM0JoZWlnaHQlM0E0NTBweCUzQmJvcmRlciUzQW5vbmUlM0IlMjIlM0UlM0MlMkZpZnJhbWUlM0UlM0MlMkZkaXYlM0U=[\/vc_raw_html][\/vc_column][\/vc_row][vc_row][vc_column][\/vc_column][\/vc_row]<\/p>\n","protected":false},"author":1,"featured_media":0,"parent":0,"menu_order":0,"comment_status":"closed","ping_status":"open","template":"template-builder.php","meta":{"jnews_page_loop":{"enable_page_loop":"0","first_title":"Latest Post","second_title":"","header_type":"heading_6","header_background":"","header_text_color":"","layout":"right-sidebar","sidebar":"default-sidebar","second_sidebar":"default-sidebar","sticky_sidebar":"1","module":"3","boxed":"0","boxed_shadow":"0","box_shadow":"0","excerpt_length":"20","content_date":"default","date_custom":"Y\/m\/d","content_pagination":"nav_1","pagination_align":"center","show_navtext":"0","show_pageinfo":"0","post_offset":"0","posts_per_page":"5","include_post":"","exclude_post":"","include_category":"","exclude_category":"","include_author":"","include_tag":"","exclude_tag":"","sort_by":"latest"},"jnews_single_page":{"layout":"no-sidebar","sidebar":"default-sidebar","second_sidebar":"default-sidebar","sticky_sidebar":"1","show_post_featured":"1","show_post_meta":"0","share_position":"top","share_color":"share-monocrhome"},"jnews_social_meta":{"fb_title":"","fb_description":"","fb_image":"","twitter_title":"","twitter_description":"","twitter_image":""},"footnotes":""},"class_list":["post-110","page","type-page","status-publish","hentry"],"yoast_head":"<!-- This site is optimized with the Yoast SEO plugin v27.4 - https:\/\/yoast.com\/product\/yoast-seo-wordpress\/ -->\n<title>Anasayfa - Kuzeyin Sesi<\/title>\n<meta name=\"robots\" content=\"index, follow, max-snippet:-1, max-image-preview:large, max-video-preview:-1\" \/>\n<link rel=\"canonical\" href=\"https:\/\/kuzeyinsesi.org\/\" \/>\n<meta property=\"og:locale\" content=\"tr_TR\" \/>\n<meta property=\"og:type\" content=\"article\" \/>\n<meta property=\"og:title\" content=\"Anasayfa - Kuzeyin Sesi\" \/>\n<meta property=\"og:description\" content=\"[vc_row][vc_column][\/vc_column][\/vc_row][vc_row][vc_column width=&#8221;2\/3&#8243;][\/vc_column][vc_column width=&#8221;1\/3&#8243;][vc_raw_html]JTNDZGl2JTIwc3R5bGUlM0QlMjJtYXJnaW4lM0FhdXRvJTNCdGV4dC1hbGlnbiUzQWNlbnRlciUzQndpZHRoJTNBMTAwJTI2JTIzMzclM0IlM0JtYXgtd2lkdGglM0E0MDBweCUzQiUyMiUzRSUzQ2ElMjBocmVmJTNEJTIyaHR0cHMlM0ElMkYlMkZ3d3cuZWN6YW5lbGVyLmdlbi50ciUyRm5vYmV0Y2kta2licmlzJTIyJTIwdGFyZ2V0JTNEJTIyX2JsYW5rJTIyJTNFJTNDaW1nJTIwc3JjJTNEJTIyaHR0cHMlM0ElMkYlMkZ3d3cuZWN6YW5lbGVyLmdlbi50ciUyRnJlc2ltbGVyJTJGbm9iZXRjaS1lY3phbmUuanBnJTIyJTIwYWx0JTNEJTIyS0tUQyUyMG4lQzMlQjZiZXQlQzMlQTdpJTIwZWN6YW5lbGVyaSUyMiUyMHN0eWxlJTNEJTIyd2lkdGglM0ExMDAlMjYlMjMzNyUzQiUzQmJvcmRlci1yYWRpdXMlM0EycHglM0IlMjIlM0UlM0MlMkZhJTNFJTNDaWZyYW1lJTIwc3JjJTNEJTIyaHR0cHMlM0ElMkYlMkZ3d3cuZWN6YW5lbGVyLmdlbi50ciUyRmlmcmFtZS5waHAlM0Zsb2thc3lvbiUzRDgyJTIyJTIwbmFtZSUzRCUyMktLVEMlMjBuJUMzJUI2YmV0JUMzJUE3aSUyMGVjemFuZWxlcmklMjIlMjBzdHlsZSUzRCUyMndpZHRoJTNBMTAwJTI2JTIzMzclM0IlM0JoZWlnaHQlM0E0NTBweCUzQmJvcmRlciUzQW5vbmUlM0IlMjIlM0UlM0MlMkZpZnJhbWUlM0UlM0MlMkZkaXYlM0U=[\/vc_raw_html][\/vc_column][\/vc_row][vc_row][vc_column][\/vc_column][\/vc_row]\" \/>\n<meta property=\"og:url\" content=\"https:\/\/kuzeyinsesi.org\/\" \/>\n<meta property=\"og:site_name\" content=\"Kuzeyin Sesi\" \/>\n<meta property=\"article:publisher\" content=\"https:\/\/www.facebook.com\/kuzeyinsesii\" \/>\n<meta property=\"article:modified_time\" content=\"2026-01-05T06:42:55+00:00\" \/>\n<meta name=\"twitter:card\" content=\"summary_large_image\" \/>\n<meta name=\"twitter:site\" content=\"@kuzeyinsesii\" \/>\n<meta name=\"twitter:label1\" content=\"Tahmini okuma s\u00fcresi\" \/>\n\t<meta name=\"twitter:data1\" content=\"2 dakika\" \/>\n<script type=\"application\/ld+json\" class=\"yoast-schema-graph\">{\"@context\":\"https:\\\/\\\/schema.org\",\"@graph\":[{\"@type\":\"WebPage\",\"@id\":\"https:\\\/\\\/kuzeyinsesi.org\\\/\",\"url\":\"https:\\\/\\\/kuzeyinsesi.org\\\/\",\"name\":\"Anasayfa - Kuzeyin Sesi\",\"isPartOf\":{\"@id\":\"https:\\\/\\\/kuzeyinsesi.org\\\/#website\"},\"datePublished\":\"2024-04-18T06:05:20+00:00\",\"dateModified\":\"2026-01-05T06:42:55+00:00\",\"breadcrumb\":{\"@id\":\"https:\\\/\\\/kuzeyinsesi.org\\\/#breadcrumb\"},\"inLanguage\":\"tr\",\"potentialAction\":[{\"@type\":\"ReadAction\",\"target\":[\"https:\\\/\\\/kuzeyinsesi.org\\\/\"]}]},{\"@type\":\"BreadcrumbList\",\"@id\":\"https:\\\/\\\/kuzeyinsesi.org\\\/#breadcrumb\",\"itemListElement\":[{\"@type\":\"ListItem\",\"position\":1,\"name\":\"Anasayfa\",\"item\":\"https:\\\/\\\/kuzeyinsesi.org\\\/\"},{\"@type\":\"ListItem\",\"position\":2,\"name\":\"Anasayfa\"}]},{\"@type\":\"WebSite\",\"@id\":\"https:\\\/\\\/kuzeyinsesi.org\\\/#website\",\"url\":\"https:\\\/\\\/kuzeyinsesi.org\\\/\",\"name\":\"Kuzeyin Sesi\",\"description\":\"Do\u011fru Haberin Adresi\",\"potentialAction\":[{\"@type\":\"SearchAction\",\"target\":{\"@type\":\"EntryPoint\",\"urlTemplate\":\"https:\\\/\\\/kuzeyinsesi.org\\\/?s={search_term_string}\"},\"query-input\":{\"@type\":\"PropertyValueSpecification\",\"valueRequired\":true,\"valueName\":\"search_term_string\"}}],\"inLanguage\":\"tr\"}]}<\/script>\n<!-- \/ Yoast SEO plugin. -->","yoast_head_json":{"title":"Anasayfa - Kuzeyin Sesi","robots":{"index":"index","follow":"follow","max-snippet":"max-snippet:-1","max-image-preview":"max-image-preview:large","max-video-preview":"max-video-preview:-1"},"canonical":"https:\/\/kuzeyinsesi.org\/","og_locale":"tr_TR","og_type":"article","og_title":"Anasayfa - Kuzeyin Sesi","og_description":"[vc_row][vc_column][\/vc_column][\/vc_row][vc_row][vc_column width=&#8221;2\/3&#8243;][\/vc_column][vc_column width=&#8221;1\/3&#8243;][vc_raw_html]JTNDZGl2JTIwc3R5bGUlM0QlMjJtYXJnaW4lM0FhdXRvJTNCdGV4dC1hbGlnbiUzQWNlbnRlciUzQndpZHRoJTNBMTAwJTI2JTIzMzclM0IlM0JtYXgtd2lkdGglM0E0MDBweCUzQiUyMiUzRSUzQ2ElMjBocmVmJTNEJTIyaHR0cHMlM0ElMkYlMkZ3d3cuZWN6YW5lbGVyLmdlbi50ciUyRm5vYmV0Y2kta2licmlzJTIyJTIwdGFyZ2V0JTNEJTIyX2JsYW5rJTIyJTNFJTNDaW1nJTIwc3JjJTNEJTIyaHR0cHMlM0ElMkYlMkZ3d3cuZWN6YW5lbGVyLmdlbi50ciUyRnJlc2ltbGVyJTJGbm9iZXRjaS1lY3phbmUuanBnJTIyJTIwYWx0JTNEJTIyS0tUQyUyMG4lQzMlQjZiZXQlQzMlQTdpJTIwZWN6YW5lbGVyaSUyMiUyMHN0eWxlJTNEJTIyd2lkdGglM0ExMDAlMjYlMjMzNyUzQiUzQmJvcmRlci1yYWRpdXMlM0EycHglM0IlMjIlM0UlM0MlMkZhJTNFJTNDaWZyYW1lJTIwc3JjJTNEJTIyaHR0cHMlM0ElMkYlMkZ3d3cuZWN6YW5lbGVyLmdlbi50ciUyRmlmcmFtZS5waHAlM0Zsb2thc3lvbiUzRDgyJTIyJTIwbmFtZSUzRCUyMktLVEMlMjBuJUMzJUI2YmV0JUMzJUE3aSUyMGVjemFuZWxlcmklMjIlMjBzdHlsZSUzRCUyMndpZHRoJTNBMTAwJTI2JTIzMzclM0IlM0JoZWlnaHQlM0E0NTBweCUzQmJvcmRlciUzQW5vbmUlM0IlMjIlM0UlM0MlMkZpZnJhbWUlM0UlM0MlMkZkaXYlM0U=[\/vc_raw_html][\/vc_column][\/vc_row][vc_row][vc_column][\/vc_column][\/vc_row]","og_url":"https:\/\/kuzeyinsesi.org\/","og_site_name":"Kuzeyin Sesi","article_publisher":"https:\/\/www.facebook.com\/kuzeyinsesii","article_modified_time":"2026-01-05T06:42:55+00:00","twitter_card":"summary_large_image","twitter_site":"@kuzeyinsesii","twitter_misc":{"Tahmini okuma s\u00fcresi":"2 dakika"},"schema":{"@context":"https:\/\/schema.org","@graph":[{"@type":"WebPage","@id":"https:\/\/kuzeyinsesi.org\/","url":"https:\/\/kuzeyinsesi.org\/","name":"Anasayfa - Kuzeyin Sesi","isPartOf":{"@id":"https:\/\/kuzeyinsesi.org\/#website"},"datePublished":"2024-04-18T06:05:20+00:00","dateModified":"2026-01-05T06:42:55+00:00","breadcrumb":{"@id":"https:\/\/kuzeyinsesi.org\/#breadcrumb"},"inLanguage":"tr","potentialAction":[{"@type":"ReadAction","target":["https:\/\/kuzeyinsesi.org\/"]}]},{"@type":"BreadcrumbList","@id":"https:\/\/kuzeyinsesi.org\/#breadcrumb","itemListElement":[{"@type":"ListItem","position":1,"name":"Anasayfa","item":"https:\/\/kuzeyinsesi.org\/"},{"@type":"ListItem","position":2,"name":"Anasayfa"}]},{"@type":"WebSite","@id":"https:\/\/kuzeyinsesi.org\/#website","url":"https:\/\/kuzeyinsesi.org\/","name":"Kuzeyin Sesi","description":"Do\u011fru Haberin Adresi","potentialAction":[{"@type":"SearchAction","target":{"@type":"EntryPoint","urlTemplate":"https:\/\/kuzeyinsesi.org\/?s={search_term_string}"},"query-input":{"@type":"PropertyValueSpecification","valueRequired":true,"valueName":"search_term_string"}}],"inLanguage":"tr"}]}},"_links":{"self":[{"href":"https:\/\/kuzeyinsesi.org\/index.php\/wp-json\/wp\/v2\/pages\/110","targetHints":{"allow":["GET"]}}],"collection":[{"href":"https:\/\/kuzeyinsesi.org\/index.php\/wp-json\/wp\/v2\/pages"}],"about":[{"href":"https:\/\/kuzeyinsesi.org\/index.php\/wp-json\/wp\/v2\/types\/page"}],"author":[{"embeddable":true,"href":"https:\/\/kuzeyinsesi.org\/index.php\/wp-json\/wp\/v2\/users\/1"}],"replies":[{"embeddable":true,"href":"https:\/\/kuzeyinsesi.org\/index.php\/wp-json\/wp\/v2\/comments?post=110"}],"version-history":[{"count":18,"href":"https:\/\/kuzeyinsesi.org\/index.php\/wp-json\/wp\/v2\/pages\/110\/revisions"}],"predecessor-version":[{"id":35302,"href":"https:\/\/kuzeyinsesi.org\/index.php\/wp-json\/wp\/v2\/pages\/110\/revisions\/35302"}],"wp:attachment":[{"href":"https:\/\/kuzeyinsesi.org\/index.php\/wp-json\/wp\/v2\/media?parent=110"}],"curies":[{"name":"wp","href":"https:\/\/api.w.org\/{rel}","templated":true}]}}