{"version":"1.0","provider_name":"Kuzeyin Sesi","provider_url":"https:\/\/kuzeyinsesi.org","author_name":"Kuzeyin Sesi","author_url":"https:\/\/kuzeyinsesi.org\/index.php\/author\/guven\/","title":"\u015eenkul: Filo Jet facias\u0131 bizim \u0130S\u0130AS\u2019\u0131m\u0131zd\u0131r - Kuzeyin Sesi","type":"rich","width":600,"height":338,"html":"<blockquote class=\"wp-embedded-content\" data-secret=\"cRNAboYfe9\"><a href=\"https:\/\/kuzeyinsesi.org\/index.php\/2026\/09\/06\/46120\/\">\u015eenkul: Filo Jet facias\u0131 bizim \u0130S\u0130AS\u2019\u0131m\u0131zd\u0131r<\/a><\/blockquote><iframe sandbox=\"allow-scripts\" security=\"restricted\" src=\"https:\/\/kuzeyinsesi.org\/index.php\/2026\/09\/06\/46120\/embed\/#?secret=cRNAboYfe9\" width=\"600\" height=\"338\" title=\"&#8220;\u015eenkul: Filo Jet facias\u0131 bizim \u0130S\u0130AS\u2019\u0131m\u0131zd\u0131r&#8221; &#8212; Kuzeyin Sesi\" data-secret=\"cRNAboYfe9\" frameborder=\"0\" marginwidth=\"0\" marginheight=\"0\" scrolling=\"no\" class=\"wp-embedded-content\"><\/iframe><script>\n\/*! This file is auto-generated *\/\n!function(d,l){\"use strict\";l.querySelector&&d.addEventListener&&\"undefined\"!=typeof URL&&(d.wp=d.wp||{},d.wp.receiveEmbedMessage||(d.wp.receiveEmbedMessage=function(e){var t=e.data;if((t||t.secret||t.message||t.value)&&!\/[^a-zA-Z0-9]\/.test(t.secret)){for(var s,r,n,a=l.querySelectorAll('iframe[data-secret=\"'+t.secret+'\"]'),o=l.querySelectorAll('blockquote[data-secret=\"'+t.secret+'\"]'),c=new RegExp(\"^https?:$\",\"i\"),i=0;i<o.length;i++)o[i].style.display=\"none\";for(i=0;i<a.length;i++)s=a[i],e.source===s.contentWindow&&(s.removeAttribute(\"style\"),\"height\"===t.message?(1e3<(r=parseInt(t.value,10))?r=1e3:~~r<200&&(r=200),s.height=r):\"link\"===t.message&&(r=new URL(s.getAttribute(\"src\")),n=new URL(t.value),c.test(n.protocol))&&n.host===r.host&&l.activeElement===s&&(d.top.location.href=t.value))}},d.addEventListener(\"message\",d.wp.receiveEmbedMessage,!1),l.addEventListener(\"DOMContentLoaded\",function(){for(var e,t,s=l.querySelectorAll(\"iframe.wp-embedded-content\"),r=0;r<s.length;r++)(t=(e=s[r]).getAttribute(\"data-secret\"))||(t=Math.random().toString(36).substring(2,12),e.src+=\"#?secret=\"+t,e.setAttribute(\"data-secret\",t)),e.contentWindow.postMessage({message:\"ready\",secret:t},\"*\")},!1)))}(window,document);\n\/\/# sourceURL=https:\/\/kuzeyinsesi.org\/wp-includes\/js\/wp-embed.min.js\n<\/script>\n","thumbnail_url":"https:\/\/kuzeyinsesi.org\/wp-content\/uploads\/2026\/09\/Kuzeyinsesikj-2026-09-06T104650.782.jpg","thumbnail_width":1600,"thumbnail_height":900,"description":"Girne Belediye Ba\u015fkan\u0131 Murat \u015eenkul, Filo Jet facias\u0131n\u0131n ard\u0131ndan kentte uygulanan m\u00fczik yasa\u011f\u0131, kay\u0131p yak\u0131nlar\u0131n\u0131n ya\u015fad\u0131\u011f\u0131 s\u00fcre\u00e7 ve toplumsal dayan\u0131\u015fmaya ili\u015fkin a\u00e7\u0131klamalarda bulundu. \u015eenkul, \u201cBenim a\u00e7\u0131mdan bu kaza bizim \u0130S\u0130AS\u2019\u0131m\u0131zd\u0131r\u201d dedi. \u201cKAYIP A\u0130LELER\u0130 BEKLERKEN Y\u00dcKSEK SESL\u0130 M\u00dcZ\u0130K DO\u011eRU DE\u011e\u0130LD\u0130R\u201d Filo Jet facias\u0131n\u0131n \u00fczerinden bir hafta ge\u00e7ti\u011fini belirten \u015eenkul, ilk g\u00fcnlerde ya\u015fanan \u015fokun giderek derin bir [&hellip;]"}