{"version":"1.0","provider_name":"Kuzeyin Sesi","provider_url":"https:\/\/kuzeyinsesi.org","author_name":"Kuzeyin Sesi","author_url":"https:\/\/kuzeyinsesi.org\/index.php\/author\/guven\/","title":"Polonya&#039;da ilkokullarda telefon yasa\u011f\u0131 - Kuzeyin Sesi","type":"rich","width":600,"height":338,"html":"<blockquote class=\"wp-embedded-content\" data-secret=\"JGh6cV8Dqj\"><a href=\"https:\/\/kuzeyinsesi.org\/index.php\/2026\/09\/02\/polonyada-ilkokullarda-telefon-yasagi\/\">Polonya&#039;da ilkokullarda telefon yasa\u011f\u0131<\/a><\/blockquote><iframe sandbox=\"allow-scripts\" security=\"restricted\" src=\"https:\/\/kuzeyinsesi.org\/index.php\/2026\/09\/02\/polonyada-ilkokullarda-telefon-yasagi\/embed\/#?secret=JGh6cV8Dqj\" width=\"600\" height=\"338\" title=\"&#8220;Polonya&#039;da ilkokullarda telefon yasa\u011f\u0131&#8221; &#8212; Kuzeyin Sesi\" data-secret=\"JGh6cV8Dqj\" frameborder=\"0\" marginwidth=\"0\" marginheight=\"0\" scrolling=\"no\" class=\"wp-embedded-content\"><\/iframe><script>\n\/*! This file is auto-generated *\/\n!function(d,l){\"use strict\";l.querySelector&&d.addEventListener&&\"undefined\"!=typeof URL&&(d.wp=d.wp||{},d.wp.receiveEmbedMessage||(d.wp.receiveEmbedMessage=function(e){var t=e.data;if((t||t.secret||t.message||t.value)&&!\/[^a-zA-Z0-9]\/.test(t.secret)){for(var s,r,n,a=l.querySelectorAll('iframe[data-secret=\"'+t.secret+'\"]'),o=l.querySelectorAll('blockquote[data-secret=\"'+t.secret+'\"]'),c=new RegExp(\"^https?:$\",\"i\"),i=0;i<o.length;i++)o[i].style.display=\"none\";for(i=0;i<a.length;i++)s=a[i],e.source===s.contentWindow&&(s.removeAttribute(\"style\"),\"height\"===t.message?(1e3<(r=parseInt(t.value,10))?r=1e3:~~r<200&&(r=200),s.height=r):\"link\"===t.message&&(r=new URL(s.getAttribute(\"src\")),n=new URL(t.value),c.test(n.protocol))&&n.host===r.host&&l.activeElement===s&&(d.top.location.href=t.value))}},d.addEventListener(\"message\",d.wp.receiveEmbedMessage,!1),l.addEventListener(\"DOMContentLoaded\",function(){for(var e,t,s=l.querySelectorAll(\"iframe.wp-embedded-content\"),r=0;r<s.length;r++)(t=(e=s[r]).getAttribute(\"data-secret\"))||(t=Math.random().toString(36).substring(2,12),e.src+=\"#?secret=\"+t,e.setAttribute(\"data-secret\",t)),e.contentWindow.postMessage({message:\"ready\",secret:t},\"*\")},!1)))}(window,document);\n\/\/# sourceURL=https:\/\/kuzeyinsesi.org\/wp-includes\/js\/wp-embed.min.js\n<\/script>\n","thumbnail_url":"https:\/\/trthaberstatic.cdn.wp.trt.com.tr\/resimler\/2102000\/ogrenci-telefon-cocuk-telefon-getty-2103734.jpg","thumbnail_width":600,"thumbnail_height":338,"description":"&#13; Polonya&#8217;n\u0131n kamu yay\u0131nc\u0131s\u0131 TVP World&#8217;\u00fcn haberine g\u00f6re, yeni e\u011fitim-\u00f6\u011fretim y\u0131l\u0131n\u0131n ba\u015flamas\u0131yla \u00fclke genelindeki ilkokul \u00f6\u011frencilerinin dersler, teneff\u00fcsler ve di\u011fer okul faaliyetleri s\u0131ras\u0131nda telefon ve benzeri elektronik cihazlar\u0131 kullanmas\u0131na izin verilmiyor. &#13; Okul \u00f6ncesi e\u011fitim kurumlar\u0131ndaki \u00e7ocuklar\u0131n ise bu t\u00fcr cihazlar\u0131 tamamen okula getirmesine m\u00fcsaade edilmiyor. &#13; D\u00fczenlemede, telefonlar\u0131n e\u011fitim amac\u0131yla kullan\u0131lmas\u0131, acil durumlarda ebeveynlerle [&hellip;]"}