{"version":"1.0","provider_name":"Kuzeyin Sesi","provider_url":"https:\/\/kuzeyinsesi.org","author_name":"Kuzeyin Sesi","author_url":"https:\/\/kuzeyinsesi.org\/index.php\/author\/guven\/","title":"\u00dcstel: Hi\u00e7bir ihmalin \u00fczeri \u00f6rt\u00fclmeyecek, sorumlular hesap verecek - Kuzeyin Sesi","type":"rich","width":600,"height":338,"html":"<blockquote class=\"wp-embedded-content\" data-secret=\"AMKjEx59bk\"><a href=\"https:\/\/kuzeyinsesi.org\/index.php\/2026\/08\/31\/45819\/\">\u00dcstel: Hi\u00e7bir ihmalin \u00fczeri \u00f6rt\u00fclmeyecek, sorumlular hesap verecek<\/a><\/blockquote><iframe sandbox=\"allow-scripts\" security=\"restricted\" src=\"https:\/\/kuzeyinsesi.org\/index.php\/2026\/08\/31\/45819\/embed\/#?secret=AMKjEx59bk\" width=\"600\" height=\"338\" title=\"&#8220;\u00dcstel: Hi\u00e7bir ihmalin \u00fczeri \u00f6rt\u00fclmeyecek, sorumlular hesap verecek&#8221; &#8212; Kuzeyin Sesi\" data-secret=\"AMKjEx59bk\" frameborder=\"0\" marginwidth=\"0\" marginheight=\"0\" scrolling=\"no\" class=\"wp-embedded-content\"><\/iframe><script>\n\/*! This file is auto-generated *\/\n!function(d,l){\"use strict\";l.querySelector&&d.addEventListener&&\"undefined\"!=typeof URL&&(d.wp=d.wp||{},d.wp.receiveEmbedMessage||(d.wp.receiveEmbedMessage=function(e){var t=e.data;if((t||t.secret||t.message||t.value)&&!\/[^a-zA-Z0-9]\/.test(t.secret)){for(var s,r,n,a=l.querySelectorAll('iframe[data-secret=\"'+t.secret+'\"]'),o=l.querySelectorAll('blockquote[data-secret=\"'+t.secret+'\"]'),c=new RegExp(\"^https?:$\",\"i\"),i=0;i<o.length;i++)o[i].style.display=\"none\";for(i=0;i<a.length;i++)s=a[i],e.source===s.contentWindow&&(s.removeAttribute(\"style\"),\"height\"===t.message?(1e3<(r=parseInt(t.value,10))?r=1e3:~~r<200&&(r=200),s.height=r):\"link\"===t.message&&(r=new URL(s.getAttribute(\"src\")),n=new URL(t.value),c.test(n.protocol))&&n.host===r.host&&l.activeElement===s&&(d.top.location.href=t.value))}},d.addEventListener(\"message\",d.wp.receiveEmbedMessage,!1),l.addEventListener(\"DOMContentLoaded\",function(){for(var e,t,s=l.querySelectorAll(\"iframe.wp-embedded-content\"),r=0;r<s.length;r++)(t=(e=s[r]).getAttribute(\"data-secret\"))||(t=Math.random().toString(36).substring(2,12),e.src+=\"#?secret=\"+t,e.setAttribute(\"data-secret\",t)),e.contentWindow.postMessage({message:\"ready\",secret:t},\"*\")},!1)))}(window,document);\n\/\/# sourceURL=https:\/\/kuzeyinsesi.org\/wp-includes\/js\/wp-embed.min.js\n<\/script>\n","thumbnail_url":"https:\/\/kuzeyinsesi.org\/wp-content\/uploads\/2026\/08\/Kuzeyinsesikj-2026-08-31T135709.757.jpg","thumbnail_width":1600,"thumbnail_height":900,"description":"Ba\u015fbakan \u00dcnal \u00dcstel, Girne a\u00e7\u0131klar\u0131nda ya\u015fanan gemi facias\u0131na ili\u015fkin y\u00fcr\u00fct\u00fclen \u00e7al\u0131\u015fmalar hakk\u0131nda kapsaml\u0131 a\u00e7\u0131klama yapt\u0131. Arama-kurtarma faaliyetlerinin havadan, denizden ve karadan 7 g\u00fcn 24 saat esas\u0131na g\u00f6re devam edece\u011fini belirten \u00dcstel, facian\u0131n t\u00fcm y\u00f6nleriyle ara\u015ft\u0131r\u0131ld\u0131\u011f\u0131n\u0131 vurgulad\u0131. \u00dcstel, \u201cKimin ihmali, kusuru veya sorumlulu\u011fu varsa ortaya \u00e7\u0131kar\u0131lacakt\u0131r\u201d dedi. Devletin t\u00fcm imkanlar\u0131n\u0131n T\u00fcrkiye Cumhuriyeti\u2019nin deste\u011fiyle ilk andan itibaren [&hellip;]"}