{"version":"1.0","provider_name":"Kuzeyin Sesi","provider_url":"https:\/\/kuzeyinsesi.org","author_name":"Kuzeyin Sesi","author_url":"https:\/\/kuzeyinsesi.org\/index.php\/author\/guven\/","title":"Gazima\u011fusa\u2019da 3 ya\u015f\u0131ndaki \u00e7ocuk hayat\u0131n\u0131 kaybetti - Kuzeyin Sesi","type":"rich","width":600,"height":338,"html":"<blockquote class=\"wp-embedded-content\" data-secret=\"d8abZdOSRK\"><a href=\"https:\/\/kuzeyinsesi.org\/index.php\/2026\/05\/03\/gazimagusada-3-yasindaki-cocuk-hayatini-kaybetti\/\">Gazima\u011fusa\u2019da 3 ya\u015f\u0131ndaki \u00e7ocuk hayat\u0131n\u0131 kaybetti<\/a><\/blockquote><iframe sandbox=\"allow-scripts\" security=\"restricted\" src=\"https:\/\/kuzeyinsesi.org\/index.php\/2026\/05\/03\/gazimagusada-3-yasindaki-cocuk-hayatini-kaybetti\/embed\/#?secret=d8abZdOSRK\" width=\"600\" height=\"338\" title=\"&#8220;Gazima\u011fusa\u2019da 3 ya\u015f\u0131ndaki \u00e7ocuk hayat\u0131n\u0131 kaybetti&#8221; &#8212; Kuzeyin Sesi\" data-secret=\"d8abZdOSRK\" frameborder=\"0\" marginwidth=\"0\" marginheight=\"0\" scrolling=\"no\" class=\"wp-embedded-content\"><\/iframe><script type=\"text\/javascript\">\n\/* <![CDATA[ *\/\n\/*! This file is auto-generated *\/\n!function(d,l){\"use strict\";l.querySelector&&d.addEventListener&&\"undefined\"!=typeof URL&&(d.wp=d.wp||{},d.wp.receiveEmbedMessage||(d.wp.receiveEmbedMessage=function(e){var t=e.data;if((t||t.secret||t.message||t.value)&&!\/[^a-zA-Z0-9]\/.test(t.secret)){for(var s,r,n,a=l.querySelectorAll('iframe[data-secret=\"'+t.secret+'\"]'),o=l.querySelectorAll('blockquote[data-secret=\"'+t.secret+'\"]'),c=new RegExp(\"^https?:$\",\"i\"),i=0;i<o.length;i++)o[i].style.display=\"none\";for(i=0;i<a.length;i++)s=a[i],e.source===s.contentWindow&&(s.removeAttribute(\"style\"),\"height\"===t.message?(1e3<(r=parseInt(t.value,10))?r=1e3:~~r<200&&(r=200),s.height=r):\"link\"===t.message&&(r=new URL(s.getAttribute(\"src\")),n=new URL(t.value),c.test(n.protocol))&&n.host===r.host&&l.activeElement===s&&(d.top.location.href=t.value))}},d.addEventListener(\"message\",d.wp.receiveEmbedMessage,!1),l.addEventListener(\"DOMContentLoaded\",function(){for(var e,t,s=l.querySelectorAll(\"iframe.wp-embedded-content\"),r=0;r<s.length;r++)(t=(e=s[r]).getAttribute(\"data-secret\"))||(t=Math.random().toString(36).substring(2,12),e.src+=\"#?secret=\"+t,e.setAttribute(\"data-secret\",t)),e.contentWindow.postMessage({message:\"ready\",secret:t},\"*\")},!1)))}(window,document);\n\/\/# sourceURL=https:\/\/kuzeyinsesi.org\/wp-includes\/js\/wp-embed.min.js\n\/* ]]> *\/\n<\/script>\n","thumbnail_url":"https:\/\/kuzeyinsesi.org\/wp-content\/uploads\/2026\/04\/ambulans.jpeg","thumbnail_width":600,"thumbnail_height":337,"description":"Gazima\u011fusa\u2019da 3 ya\u015f\u0131ndaki Ayaz K\u0131lba\u015f, ikametg\u00e2h\u0131 i\u00e7erisinde aniden rahats\u0131zlanarak ya\u015fam\u0131n\u0131 yitirdi. Polis Bas\u0131n Subayl\u0131\u011f\u0131\u2019ndan verilen bilgiye g\u00f6re, olay bug\u00fcn saat 07.45 s\u0131ralar\u0131nda meydana geldi. Gazima\u011fusa\u2019da sakin Ayaz K\u0131lba\u015f\u2019\u0131n cans\u0131z bedeni \u00fczerinde g\u00f6revli doktor taraf\u0131ndan yap\u0131lan d\u0131\u015f muayenede darp veya cebir izine rastlanmad\u0131. Polisin olayla ilgili soru\u015fturmas\u0131 s\u00fcr\u00fcyor."}