{"version":"1.0","provider_name":"Kuzeyin Sesi","provider_url":"https:\/\/kuzeyinsesi.org","author_name":"Kuzeyin Sesi","author_url":"https:\/\/kuzeyinsesi.org\/index.php\/author\/guven\/","title":"Alman turistte y\u00fczde 75 art\u0131\u015f - Kuzeyin Sesi","type":"rich","width":600,"height":338,"html":"<blockquote class=\"wp-embedded-content\" data-secret=\"WWyOGJs6bb\"><a href=\"https:\/\/kuzeyinsesi.org\/index.php\/2026\/05\/03\/alman-turistte-yuzde-75-artis\/\">Alman turistte y\u00fczde 75 art\u0131\u015f<\/a><\/blockquote><iframe sandbox=\"allow-scripts\" security=\"restricted\" src=\"https:\/\/kuzeyinsesi.org\/index.php\/2026\/05\/03\/alman-turistte-yuzde-75-artis\/embed\/#?secret=WWyOGJs6bb\" width=\"600\" height=\"338\" title=\"&#8220;Alman turistte y\u00fczde 75 art\u0131\u015f&#8221; &#8212; Kuzeyin Sesi\" data-secret=\"WWyOGJs6bb\" frameborder=\"0\" marginwidth=\"0\" marginheight=\"0\" scrolling=\"no\" class=\"wp-embedded-content\"><\/iframe><script type=\"text\/javascript\">\n\/* <![CDATA[ *\/\n\/*! This file is auto-generated *\/\n!function(d,l){\"use strict\";l.querySelector&&d.addEventListener&&\"undefined\"!=typeof URL&&(d.wp=d.wp||{},d.wp.receiveEmbedMessage||(d.wp.receiveEmbedMessage=function(e){var t=e.data;if((t||t.secret||t.message||t.value)&&!\/[^a-zA-Z0-9]\/.test(t.secret)){for(var s,r,n,a=l.querySelectorAll('iframe[data-secret=\"'+t.secret+'\"]'),o=l.querySelectorAll('blockquote[data-secret=\"'+t.secret+'\"]'),c=new RegExp(\"^https?:$\",\"i\"),i=0;i<o.length;i++)o[i].style.display=\"none\";for(i=0;i<a.length;i++)s=a[i],e.source===s.contentWindow&&(s.removeAttribute(\"style\"),\"height\"===t.message?(1e3<(r=parseInt(t.value,10))?r=1e3:~~r<200&&(r=200),s.height=r):\"link\"===t.message&&(r=new URL(s.getAttribute(\"src\")),n=new URL(t.value),c.test(n.protocol))&&n.host===r.host&&l.activeElement===s&&(d.top.location.href=t.value))}},d.addEventListener(\"message\",d.wp.receiveEmbedMessage,!1),l.addEventListener(\"DOMContentLoaded\",function(){for(var e,t,s=l.querySelectorAll(\"iframe.wp-embedded-content\"),r=0;r<s.length;r++)(t=(e=s[r]).getAttribute(\"data-secret\"))||(t=Math.random().toString(36).substring(2,12),e.src+=\"#?secret=\"+t,e.setAttribute(\"data-secret\",t)),e.contentWindow.postMessage({message:\"ready\",secret:t},\"*\")},!1)))}(window,document);\n\/\/# sourceURL=https:\/\/kuzeyinsesi.org\/wp-includes\/js\/wp-embed.min.js\n\/* ]]> *\/\n<\/script>\n","thumbnail_url":"https:\/\/kuzeyinsesi.org\/wp-content\/uploads\/2026\/05\/turist-750x422.webp","thumbnail_width":600,"thumbnail_height":338,"description":"Y\u0131l\u0131n ilk iki ay\u0131nda hava ve deniz yoluyla KKTC\u2019ye gelen yabanc\u0131 yolcu say\u0131s\u0131 390 bini a\u015ft\u0131. En fazla yolcu T\u00fcrkiye\u2019den gelse de Almanlar\u0131n KKTC\u2019ye ilgisinin ciddi oranda artt\u0131\u011f\u0131 istatistiklere yans\u0131d\u0131 \u00a0 \u0130ki ayda 4 bin 817 Alman geldi&#8230; \u00dclkemize ocak-\u015fubat 2026 d\u00f6neminde gelen yolcu say\u0131s\u0131 460 bini a\u015ft\u0131. Ancak veriler, art\u0131\u015ftan \u00e7ok yolcu profilindeki de\u011fi\u015fime [&hellip;]"}