{"version":"1.0","provider_name":"Kuzeyin Sesi","provider_url":"https:\/\/kuzeyinsesi.org","author_name":"Kuzeyin Sesi","author_url":"https:\/\/kuzeyinsesi.org\/index.php\/author\/guven\/","title":"\u0130ran, H\u00fcrm\u00fczde may\u0131nl\u0131 yunuslar\u0131 m\u0131 devreye sokacak? - Kuzeyin Sesi","type":"rich","width":600,"height":338,"html":"<blockquote class=\"wp-embedded-content\" data-secret=\"jCzg0sVm3s\"><a href=\"https:\/\/kuzeyinsesi.org\/index.php\/2026\/05\/01\/iran-hurmuzde-mayinli-yunuslari-mi-devreye-sokacak\/\">\u0130ran, H\u00fcrm\u00fczde may\u0131nl\u0131 yunuslar\u0131 m\u0131 devreye sokacak?<\/a><\/blockquote><iframe sandbox=\"allow-scripts\" security=\"restricted\" src=\"https:\/\/kuzeyinsesi.org\/index.php\/2026\/05\/01\/iran-hurmuzde-mayinli-yunuslari-mi-devreye-sokacak\/embed\/#?secret=jCzg0sVm3s\" width=\"600\" height=\"338\" title=\"&#8220;\u0130ran, H\u00fcrm\u00fczde may\u0131nl\u0131 yunuslar\u0131 m\u0131 devreye sokacak?&#8221; &#8212; Kuzeyin Sesi\" data-secret=\"jCzg0sVm3s\" frameborder=\"0\" marginwidth=\"0\" marginheight=\"0\" scrolling=\"no\" class=\"wp-embedded-content\"><\/iframe><script type=\"text\/javascript\">\n\/* <![CDATA[ *\/\n\/*! This file is auto-generated *\/\n!function(d,l){\"use strict\";l.querySelector&&d.addEventListener&&\"undefined\"!=typeof URL&&(d.wp=d.wp||{},d.wp.receiveEmbedMessage||(d.wp.receiveEmbedMessage=function(e){var t=e.data;if((t||t.secret||t.message||t.value)&&!\/[^a-zA-Z0-9]\/.test(t.secret)){for(var s,r,n,a=l.querySelectorAll('iframe[data-secret=\"'+t.secret+'\"]'),o=l.querySelectorAll('blockquote[data-secret=\"'+t.secret+'\"]'),c=new RegExp(\"^https?:$\",\"i\"),i=0;i<o.length;i++)o[i].style.display=\"none\";for(i=0;i<a.length;i++)s=a[i],e.source===s.contentWindow&&(s.removeAttribute(\"style\"),\"height\"===t.message?(1e3<(r=parseInt(t.value,10))?r=1e3:~~r<200&&(r=200),s.height=r):\"link\"===t.message&&(r=new URL(s.getAttribute(\"src\")),n=new URL(t.value),c.test(n.protocol))&&n.host===r.host&&l.activeElement===s&&(d.top.location.href=t.value))}},d.addEventListener(\"message\",d.wp.receiveEmbedMessage,!1),l.addEventListener(\"DOMContentLoaded\",function(){for(var e,t,s=l.querySelectorAll(\"iframe.wp-embedded-content\"),r=0;r<s.length;r++)(t=(e=s[r]).getAttribute(\"data-secret\"))||(t=Math.random().toString(36).substring(2,12),e.src+=\"#?secret=\"+t,e.setAttribute(\"data-secret\",t)),e.contentWindow.postMessage({message:\"ready\",secret:t},\"*\")},!1)))}(window,document);\n\/\/# sourceURL=https:\/\/kuzeyinsesi.org\/wp-includes\/js\/wp-embed.min.js\n\/* ]]> *\/\n<\/script>\n","thumbnail_url":"https:\/\/trthaberstatic.cdn.wp.trt.com.tr\/resimler\/1510000\/yunus-aa-1510804.jpg","thumbnail_width":600,"thumbnail_height":338,"description":"&#13; H\u00fcrm\u00fcz Bo\u011faz\u0131\u2019nda ABD ile sa\u011flanan gergin ate\u015fkes s\u00fcreci devam ederken, \u0130ranl\u0131 sertlik yanl\u0131s\u0131 gruplar, petrol ihracat\u0131n\u0131n engellenmesini bir &#8220;sava\u015f ilan\u0131&#8221; olarak nitelendiriyor. Wall Street Journal\u2019\u0131n haberine g\u00f6re, Tahran y\u00f6netimi bu ablukay\u0131 k\u0131rmak ad\u0131na daha \u00f6nce kullan\u0131lmam\u0131\u015f askeri y\u00f6ntemleri devreye sokmay\u0131 planl\u0131yor. Bu planlar aras\u0131nda en dikkat \u00e7ekici olan\u0131 ise b\u00f6lgedeki ABD sava\u015f gemilerine kar\u015f\u0131 [&hellip;]"}