{"version":"1.0","provider_name":"Kuzeyin Sesi","provider_url":"https:\/\/kuzeyinsesi.org","author_name":"Kuzeyin Sesi","author_url":"https:\/\/kuzeyinsesi.org\/index.php\/author\/guven\/","title":"DA\u00dc Hukuk Fak\u00fcltesi 30. y\u0131l\u0131n\u0131 mezunlar\u0131yla kutluyor - Kuzeyin Sesi","type":"rich","width":600,"height":338,"html":"<blockquote class=\"wp-embedded-content\" data-secret=\"sSpSy1agqU\"><a href=\"https:\/\/kuzeyinsesi.org\/index.php\/2026\/04\/30\/dau-hukuk-fakultesi-30-yilini-mezunlariyla-kutluyor\/\">DA\u00dc Hukuk Fak\u00fcltesi 30. y\u0131l\u0131n\u0131 mezunlar\u0131yla kutluyor<\/a><\/blockquote><iframe sandbox=\"allow-scripts\" security=\"restricted\" src=\"https:\/\/kuzeyinsesi.org\/index.php\/2026\/04\/30\/dau-hukuk-fakultesi-30-yilini-mezunlariyla-kutluyor\/embed\/#?secret=sSpSy1agqU\" width=\"600\" height=\"338\" title=\"&#8220;DA\u00dc Hukuk Fak\u00fcltesi 30. y\u0131l\u0131n\u0131 mezunlar\u0131yla kutluyor&#8221; &#8212; Kuzeyin Sesi\" data-secret=\"sSpSy1agqU\" frameborder=\"0\" marginwidth=\"0\" marginheight=\"0\" scrolling=\"no\" class=\"wp-embedded-content\"><\/iframe><script type=\"text\/javascript\">\n\/* <![CDATA[ *\/\n\/*! This file is auto-generated *\/\n!function(d,l){\"use strict\";l.querySelector&&d.addEventListener&&\"undefined\"!=typeof URL&&(d.wp=d.wp||{},d.wp.receiveEmbedMessage||(d.wp.receiveEmbedMessage=function(e){var t=e.data;if((t||t.secret||t.message||t.value)&&!\/[^a-zA-Z0-9]\/.test(t.secret)){for(var s,r,n,a=l.querySelectorAll('iframe[data-secret=\"'+t.secret+'\"]'),o=l.querySelectorAll('blockquote[data-secret=\"'+t.secret+'\"]'),c=new RegExp(\"^https?:$\",\"i\"),i=0;i<o.length;i++)o[i].style.display=\"none\";for(i=0;i<a.length;i++)s=a[i],e.source===s.contentWindow&&(s.removeAttribute(\"style\"),\"height\"===t.message?(1e3<(r=parseInt(t.value,10))?r=1e3:~~r<200&&(r=200),s.height=r):\"link\"===t.message&&(r=new URL(s.getAttribute(\"src\")),n=new URL(t.value),c.test(n.protocol))&&n.host===r.host&&l.activeElement===s&&(d.top.location.href=t.value))}},d.addEventListener(\"message\",d.wp.receiveEmbedMessage,!1),l.addEventListener(\"DOMContentLoaded\",function(){for(var e,t,s=l.querySelectorAll(\"iframe.wp-embedded-content\"),r=0;r<s.length;r++)(t=(e=s[r]).getAttribute(\"data-secret\"))||(t=Math.random().toString(36).substring(2,12),e.src+=\"#?secret=\"+t,e.setAttribute(\"data-secret\",t)),e.contentWindow.postMessage({message:\"ready\",secret:t},\"*\")},!1)))}(window,document);\n\/\/# sourceURL=https:\/\/kuzeyinsesi.org\/wp-includes\/js\/wp-embed.min.js\n\/* ]]> *\/\n<\/script>\n","thumbnail_url":"https:\/\/kuzeyinsesi.org\/wp-content\/uploads\/2026\/04\/dau-dunya-capinda-46-sirada-h10175-df5b8-971x551-1610980416-750x422.webp","thumbnail_width":600,"thumbnail_height":338,"description":"Do\u011fu Akdeniz \u00dcniversitesi (DA\u00dc) Hukuk Fak\u00fcltesi, 1996 y\u0131l\u0131nda ba\u015flayan e\u011fitim hayat\u0131n\u0131n 30. y\u0131l d\u00f6n\u00fcm\u00fcn\u00fc anlaml\u0131 ve kapsaml\u0131 bir etkinlikle kutlamaya haz\u0131rlan\u0131yor. Kuruldu\u011fu g\u00fcnden bu yana nitelikli akademik kadrosu, \u00e7a\u011fda\u015f e\u011fitim anlay\u0131\u015f\u0131 ve yeti\u015ftirdi\u011fi ba\u015far\u0131l\u0131 mezunlar\u0131 ile hukuk alan\u0131nda sayg\u0131n bir konuma ula\u015fan DA\u00dc Hukuk Fak\u00fcltesi, bu \u00f6nemli d\u00f6n\u00fcm noktas\u0131n\u0131 2 May\u0131s 2026 Cumartesi g\u00fcn\u00fc, saat [&hellip;]"}