{"version":"1.0","provider_name":"Kuzeyin Sesi","provider_url":"https:\/\/kuzeyinsesi.org","author_name":"Kuzeyin Sesi","author_url":"https:\/\/kuzeyinsesi.org\/index.php\/author\/guven\/","title":"\u0130MO FEST Lefko\u015fa tamamland\u0131 - Kuzeyin Sesi","type":"rich","width":600,"height":338,"html":"<blockquote class=\"wp-embedded-content\" data-secret=\"rn8wi9cD9U\"><a href=\"https:\/\/kuzeyinsesi.org\/index.php\/2026\/04\/27\/imo-fest-lefkosa-tamamlandi\/\">\u0130MO FEST Lefko\u015fa tamamland\u0131<\/a><\/blockquote><iframe sandbox=\"allow-scripts\" security=\"restricted\" src=\"https:\/\/kuzeyinsesi.org\/index.php\/2026\/04\/27\/imo-fest-lefkosa-tamamlandi\/embed\/#?secret=rn8wi9cD9U\" width=\"600\" height=\"338\" title=\"&#8220;\u0130MO FEST Lefko\u015fa tamamland\u0131&#8221; &#8212; Kuzeyin Sesi\" data-secret=\"rn8wi9cD9U\" frameborder=\"0\" marginwidth=\"0\" marginheight=\"0\" scrolling=\"no\" class=\"wp-embedded-content\"><\/iframe><script type=\"text\/javascript\">\n\/* <![CDATA[ *\/\n\/*! This file is auto-generated *\/\n!function(d,l){\"use strict\";l.querySelector&&d.addEventListener&&\"undefined\"!=typeof URL&&(d.wp=d.wp||{},d.wp.receiveEmbedMessage||(d.wp.receiveEmbedMessage=function(e){var t=e.data;if((t||t.secret||t.message||t.value)&&!\/[^a-zA-Z0-9]\/.test(t.secret)){for(var s,r,n,a=l.querySelectorAll('iframe[data-secret=\"'+t.secret+'\"]'),o=l.querySelectorAll('blockquote[data-secret=\"'+t.secret+'\"]'),c=new RegExp(\"^https?:$\",\"i\"),i=0;i<o.length;i++)o[i].style.display=\"none\";for(i=0;i<a.length;i++)s=a[i],e.source===s.contentWindow&&(s.removeAttribute(\"style\"),\"height\"===t.message?(1e3<(r=parseInt(t.value,10))?r=1e3:~~r<200&&(r=200),s.height=r):\"link\"===t.message&&(r=new URL(s.getAttribute(\"src\")),n=new URL(t.value),c.test(n.protocol))&&n.host===r.host&&l.activeElement===s&&(d.top.location.href=t.value))}},d.addEventListener(\"message\",d.wp.receiveEmbedMessage,!1),l.addEventListener(\"DOMContentLoaded\",function(){for(var e,t,s=l.querySelectorAll(\"iframe.wp-embedded-content\"),r=0;r<s.length;r++)(t=(e=s[r]).getAttribute(\"data-secret\"))||(t=Math.random().toString(36).substring(2,12),e.src+=\"#?secret=\"+t,e.setAttribute(\"data-secret\",t)),e.contentWindow.postMessage({message:\"ready\",secret:t},\"*\")},!1)))}(window,document);\n\/\/# sourceURL=https:\/\/kuzeyinsesi.org\/wp-includes\/js\/wp-embed.min.js\n\/* ]]> *\/\n<\/script>\n","thumbnail_url":"https:\/\/kuzeyinsesi.org\/wp-content\/uploads\/2026\/04\/festo-750x420.jpeg","thumbnail_width":600,"thumbnail_height":336,"description":"\u0130n\u015faat M\u00fchendisleri Odas\u0131 (\u0130MO), Lefko\u015fa T\u00fcrk Belediyesi ve ODT\u00dc Kuzey K\u0131br\u0131s Kamp\u00fcs\u00fc i\u015f birli\u011fiyle d\u00fczenlenen \u201c\u0130MO FEST Lefko\u015fa 2026\u201d tamamland\u0131. \u0130MO\u2019dan yap\u0131lan a\u00e7\u0131klamada, 25-26 Nisan tarihlerinde Lefko\u015fa\u2019daki \u0130MO An\u0131 Park\u0131\u2019nda ger\u00e7ekle\u015ftirilen festivalin, \u00e7ocuklar\u0131 ve aileleri bilim, sanat, teknoloji ve e\u011flenceyle bir araya getirdi\u011fi belirtildi. Festival kapsam\u0131nda bilim \u00e7ad\u0131r\u0131, deney alanlar\u0131, kil ve seramik at\u00f6lyeleri, y\u00fcz [&hellip;]"}