{"version":"1.0","provider_name":"Kuzeyin Sesi","provider_url":"https:\/\/kuzeyinsesi.org","author_name":"Kuzeyin Sesi","author_url":"https:\/\/kuzeyinsesi.org\/index.php\/author\/guven\/","title":"Gurbet yolculu\u011fu tabutla sona erdi - Kuzeyin Sesi","type":"rich","width":600,"height":338,"html":"<blockquote class=\"wp-embedded-content\" data-secret=\"Y9clR0imOR\"><a href=\"https:\/\/kuzeyinsesi.org\/index.php\/2026\/04\/27\/gurbet-yolculugu-tabutla-sona-erdi\/\">Gurbet yolculu\u011fu tabutla sona erdi<\/a><\/blockquote><iframe sandbox=\"allow-scripts\" security=\"restricted\" src=\"https:\/\/kuzeyinsesi.org\/index.php\/2026\/04\/27\/gurbet-yolculugu-tabutla-sona-erdi\/embed\/#?secret=Y9clR0imOR\" width=\"600\" height=\"338\" title=\"&#8220;Gurbet yolculu\u011fu tabutla sona erdi&#8221; &#8212; Kuzeyin Sesi\" data-secret=\"Y9clR0imOR\" frameborder=\"0\" marginwidth=\"0\" marginheight=\"0\" scrolling=\"no\" class=\"wp-embedded-content\"><\/iframe><script type=\"text\/javascript\">\n\/* <![CDATA[ *\/\n\/*! This file is auto-generated *\/\n!function(d,l){\"use strict\";l.querySelector&&d.addEventListener&&\"undefined\"!=typeof URL&&(d.wp=d.wp||{},d.wp.receiveEmbedMessage||(d.wp.receiveEmbedMessage=function(e){var t=e.data;if((t||t.secret||t.message||t.value)&&!\/[^a-zA-Z0-9]\/.test(t.secret)){for(var s,r,n,a=l.querySelectorAll('iframe[data-secret=\"'+t.secret+'\"]'),o=l.querySelectorAll('blockquote[data-secret=\"'+t.secret+'\"]'),c=new RegExp(\"^https?:$\",\"i\"),i=0;i<o.length;i++)o[i].style.display=\"none\";for(i=0;i<a.length;i++)s=a[i],e.source===s.contentWindow&&(s.removeAttribute(\"style\"),\"height\"===t.message?(1e3<(r=parseInt(t.value,10))?r=1e3:~~r<200&&(r=200),s.height=r):\"link\"===t.message&&(r=new URL(s.getAttribute(\"src\")),n=new URL(t.value),c.test(n.protocol))&&n.host===r.host&&l.activeElement===s&&(d.top.location.href=t.value))}},d.addEventListener(\"message\",d.wp.receiveEmbedMessage,!1),l.addEventListener(\"DOMContentLoaded\",function(){for(var e,t,s=l.querySelectorAll(\"iframe.wp-embedded-content\"),r=0;r<s.length;r++)(t=(e=s[r]).getAttribute(\"data-secret\"))||(t=Math.random().toString(36).substring(2,12),e.src+=\"#?secret=\"+t,e.setAttribute(\"data-secret\",t)),e.contentWindow.postMessage({message:\"ready\",secret:t},\"*\")},!1)))}(window,document);\n\/\/# sourceURL=https:\/\/kuzeyinsesi.org\/wp-includes\/js\/wp-embed.min.js\n\/* ]]> *\/\n<\/script>\n","thumbnail_url":"https:\/\/kuzeyinsesi.org\/wp-content\/uploads\/2026\/04\/HAMMAD-ZEB-203x300.jpg","thumbnail_width":203,"thumbnail_height":300,"description":"D\u00f6rtyol\u2019da \u00e7al\u0131\u015ft\u0131\u011f\u0131 in\u015faat\u0131n alt\u0131nc\u0131 kat\u0131ndan d\u00fc\u015ferek hayat\u0131n\u0131 kaybeden Pakistanl\u0131 Hammad Zeb\u2019in cenazesi, Haspolat\u2019taki Hala Sultan Camii\u2019nde k\u0131l\u0131nan namaz\u0131n ard\u0131ndan Pakistan\u2019a g\u00f6nderildi. Son yolculu\u011funa u\u011furland\u0131\u2026 D\u00f6rtyol\u2019daki in\u015faat\u0131n 6. kat\u0131ndan d\u00fc\u015ferek hayat\u0131n\u0131 kaybeden 26 ya\u015f\u0131ndaki Hammad Zeb\u2019in naa\u015f\u0131, Haspolat\u2019ta k\u0131l\u0131nan cenaze namaz\u0131n\u0131n ard\u0131ndan memleketi Pakistan\u2019a g\u00f6nderildi. Cemre CEMAL\u0130 Daha iyi bir ya\u015fam umuduyla kilometrelerce \u00f6teden KKTC\u2019ye gelen [&hellip;]"}