{"version":"1.0","provider_name":"Kuzeyin Sesi","provider_url":"https:\/\/kuzeyinsesi.org","author_name":"Kuzeyin Sesi","author_url":"https:\/\/kuzeyinsesi.org\/index.php\/author\/guven\/","title":"Gazima\u011fusa\u2019da ani \u00f6l\u00fcm: 62 ya\u015f\u0131nda hayat\u0131n\u0131 kaybetti - Kuzeyin Sesi","type":"rich","width":600,"height":338,"html":"<blockquote class=\"wp-embedded-content\" data-secret=\"53AIItPAHd\"><a href=\"https:\/\/kuzeyinsesi.org\/index.php\/2026\/04\/27\/gazimagusada-ani-olum-62-yasinda-hayatini-kaybetti\/\">Gazima\u011fusa\u2019da ani \u00f6l\u00fcm: 62 ya\u015f\u0131nda hayat\u0131n\u0131 kaybetti<\/a><\/blockquote><iframe sandbox=\"allow-scripts\" security=\"restricted\" src=\"https:\/\/kuzeyinsesi.org\/index.php\/2026\/04\/27\/gazimagusada-ani-olum-62-yasinda-hayatini-kaybetti\/embed\/#?secret=53AIItPAHd\" width=\"600\" height=\"338\" title=\"&#8220;Gazima\u011fusa\u2019da ani \u00f6l\u00fcm: 62 ya\u015f\u0131nda hayat\u0131n\u0131 kaybetti&#8221; &#8212; Kuzeyin Sesi\" data-secret=\"53AIItPAHd\" frameborder=\"0\" marginwidth=\"0\" marginheight=\"0\" scrolling=\"no\" class=\"wp-embedded-content\"><\/iframe><script type=\"text\/javascript\">\n\/* <![CDATA[ *\/\n\/*! This file is auto-generated *\/\n!function(d,l){\"use strict\";l.querySelector&&d.addEventListener&&\"undefined\"!=typeof URL&&(d.wp=d.wp||{},d.wp.receiveEmbedMessage||(d.wp.receiveEmbedMessage=function(e){var t=e.data;if((t||t.secret||t.message||t.value)&&!\/[^a-zA-Z0-9]\/.test(t.secret)){for(var s,r,n,a=l.querySelectorAll('iframe[data-secret=\"'+t.secret+'\"]'),o=l.querySelectorAll('blockquote[data-secret=\"'+t.secret+'\"]'),c=new RegExp(\"^https?:$\",\"i\"),i=0;i<o.length;i++)o[i].style.display=\"none\";for(i=0;i<a.length;i++)s=a[i],e.source===s.contentWindow&&(s.removeAttribute(\"style\"),\"height\"===t.message?(1e3<(r=parseInt(t.value,10))?r=1e3:~~r<200&&(r=200),s.height=r):\"link\"===t.message&&(r=new URL(s.getAttribute(\"src\")),n=new URL(t.value),c.test(n.protocol))&&n.host===r.host&&l.activeElement===s&&(d.top.location.href=t.value))}},d.addEventListener(\"message\",d.wp.receiveEmbedMessage,!1),l.addEventListener(\"DOMContentLoaded\",function(){for(var e,t,s=l.querySelectorAll(\"iframe.wp-embedded-content\"),r=0;r<s.length;r++)(t=(e=s[r]).getAttribute(\"data-secret\"))||(t=Math.random().toString(36).substring(2,12),e.src+=\"#?secret=\"+t,e.setAttribute(\"data-secret\",t)),e.contentWindow.postMessage({message:\"ready\",secret:t},\"*\")},!1)))}(window,document);\n\/\/# sourceURL=https:\/\/kuzeyinsesi.org\/wp-includes\/js\/wp-embed.min.js\n\/* ]]> *\/\n<\/script>\n","thumbnail_url":"https:\/\/kuzeyinsesi.org\/wp-content\/uploads\/2026\/04\/1738856741367ambulans17-750x422.jpg","thumbnail_width":600,"thumbnail_height":338,"description":"Gazima\u011fusa\u2019da d\u00fcn gece bir e\u011flence mekan\u0131nda aniden rahats\u0131zlanan 62 ya\u015f\u0131ndaki Ali Kumlutepe ya\u015fam\u0131n\u0131 yitirdi. Polisten verilen bilgiye g\u00f6re,\u00a0m\u00fc\u015fteri olarak bulundu\u011fu e\u011flence mekan\u0131nda hayat\u0131n\u0131 kaybeden\u00a0Kumlutepe\u2019nin \u00fczerinde g\u00f6revli doktor taraf\u0131ndan yap\u0131lan fiziki muayenede, darp veya cebir izine rastlanmad\u0131. Kumlutepe\u2019nin \u00f6l\u00fcm sebebi, otopsi sonucunda tespit edilecek. Polisin olayla ilgili soru\u015fturmas\u0131 s\u00fcr\u00fcyor. &nbsp;"}