{"version":"1.0","provider_name":"Kuzeyin Sesi","provider_url":"https:\/\/kuzeyinsesi.org","author_name":"Kuzeyin Sesi","author_url":"https:\/\/kuzeyinsesi.org\/index.php\/author\/guven\/","title":"Ertu\u011frulo\u011flu\u2019ndan Erh\u00fcrmana,\u201dYaras\u0131 olan gocunur\u201d - Kuzeyin Sesi","type":"rich","width":600,"height":338,"html":"<blockquote class=\"wp-embedded-content\" data-secret=\"UGgjGcD9tA\"><a href=\"https:\/\/kuzeyinsesi.org\/index.php\/2026\/03\/17\/ertugruloglundan-erhurmanayarasi-olan-gocunur\/\">Ertu\u011frulo\u011flu\u2019ndan Erh\u00fcrmana,\u201dYaras\u0131 olan gocunur\u201d<\/a><\/blockquote><iframe sandbox=\"allow-scripts\" security=\"restricted\" src=\"https:\/\/kuzeyinsesi.org\/index.php\/2026\/03\/17\/ertugruloglundan-erhurmanayarasi-olan-gocunur\/embed\/#?secret=UGgjGcD9tA\" width=\"600\" height=\"338\" title=\"&#8220;Ertu\u011frulo\u011flu\u2019ndan Erh\u00fcrmana,\u201dYaras\u0131 olan gocunur\u201d&#8221; &#8212; Kuzeyin Sesi\" data-secret=\"UGgjGcD9tA\" frameborder=\"0\" marginwidth=\"0\" marginheight=\"0\" scrolling=\"no\" class=\"wp-embedded-content\"><\/iframe><script type=\"text\/javascript\">\n\/* <![CDATA[ *\/\n\/*! This file is auto-generated *\/\n!function(d,l){\"use strict\";l.querySelector&&d.addEventListener&&\"undefined\"!=typeof URL&&(d.wp=d.wp||{},d.wp.receiveEmbedMessage||(d.wp.receiveEmbedMessage=function(e){var t=e.data;if((t||t.secret||t.message||t.value)&&!\/[^a-zA-Z0-9]\/.test(t.secret)){for(var s,r,n,a=l.querySelectorAll('iframe[data-secret=\"'+t.secret+'\"]'),o=l.querySelectorAll('blockquote[data-secret=\"'+t.secret+'\"]'),c=new RegExp(\"^https?:$\",\"i\"),i=0;i<o.length;i++)o[i].style.display=\"none\";for(i=0;i<a.length;i++)s=a[i],e.source===s.contentWindow&&(s.removeAttribute(\"style\"),\"height\"===t.message?(1e3<(r=parseInt(t.value,10))?r=1e3:~~r<200&&(r=200),s.height=r):\"link\"===t.message&&(r=new URL(s.getAttribute(\"src\")),n=new URL(t.value),c.test(n.protocol))&&n.host===r.host&&l.activeElement===s&&(d.top.location.href=t.value))}},d.addEventListener(\"message\",d.wp.receiveEmbedMessage,!1),l.addEventListener(\"DOMContentLoaded\",function(){for(var e,t,s=l.querySelectorAll(\"iframe.wp-embedded-content\"),r=0;r<s.length;r++)(t=(e=s[r]).getAttribute(\"data-secret\"))||(t=Math.random().toString(36).substring(2,12),e.src+=\"#?secret=\"+t,e.setAttribute(\"data-secret\",t)),e.contentWindow.postMessage({message:\"ready\",secret:t},\"*\")},!1)))}(window,document);\n\/\/# sourceURL=https:\/\/kuzeyinsesi.org\/wp-includes\/js\/wp-embed.min.js\n\/* ]]> *\/\n<\/script>\n","thumbnail_url":"https:\/\/kuzeyinsesi.org\/wp-content\/uploads\/2026\/03\/Turuncu-Modern-Haftanin-Konugu-YouTube-Kucuk-Resmi-1-750x422.png","thumbnail_width":600,"thumbnail_height":338,"description":"&nbsp; D\u0131\u015fi\u015fleri Bakan\u0131 Tahsin Ertu\u011frulo\u011flu, \u201cBizim derdimiz kimseye \u2018ayar vermek\u2019 de\u011fil, devletimizin ve ulusal davam\u0131z\u0131n hakl\u0131l\u0131\u011f\u0131n\u0131 korumak ve savunmakt\u0131r\u201d dedi. D\u0131\u015fi\u015fleri Bakan\u0131 Ertu\u011frulo\u011flu, Cumhurba\u015fkan\u0131 Tufan Erh\u00fcrman\u2019\u0131n K\u0131br\u0131s konusunda izledi\u011fi politikalar\u0131n, devletin K\u0131br\u0131s konusunda izledi\u011fi resm\u00ee \u00e7izgisiyle ba\u011fda\u015fmad\u0131\u011f\u0131n\u0131 vurgulad\u0131. Cumhurba\u015fkan\u0131 Erh\u00fcrman\u2019\u0131n, T\u00fcrkiye ile birlikte belirlenen ve anavatan T\u00fcrkiye\u2019nin g\u00fc\u00e7l\u00fc \u015fekilde destek verdi\u011fi \u201cegemen e\u015fit iki devletli [&hellip;]"}