{"version":"1.0","provider_name":"Kuzeyin Sesi","provider_url":"https:\/\/kuzeyinsesi.org","author_name":"Kuzeyin Sesi","author_url":"https:\/\/kuzeyinsesi.org\/index.php\/author\/guven\/","title":"Borcun y\u00fck\u00fc yine halka kald\u0131 - Kuzeyin Sesi","type":"rich","width":600,"height":338,"html":"<blockquote class=\"wp-embedded-content\" data-secret=\"9qXX2sNyuV\"><a href=\"https:\/\/kuzeyinsesi.org\/index.php\/2026\/03\/16\/borcun-yuku-yine-halka-kaldi\/\">Borcun y\u00fck\u00fc yine halka kald\u0131<\/a><\/blockquote><iframe sandbox=\"allow-scripts\" security=\"restricted\" src=\"https:\/\/kuzeyinsesi.org\/index.php\/2026\/03\/16\/borcun-yuku-yine-halka-kaldi\/embed\/#?secret=9qXX2sNyuV\" width=\"600\" height=\"338\" title=\"&#8220;Borcun y\u00fck\u00fc yine halka kald\u0131&#8221; &#8212; Kuzeyin Sesi\" data-secret=\"9qXX2sNyuV\" frameborder=\"0\" marginwidth=\"0\" marginheight=\"0\" scrolling=\"no\" class=\"wp-embedded-content\"><\/iframe><script type=\"text\/javascript\">\n\/* <![CDATA[ *\/\n\/*! This file is auto-generated *\/\n!function(d,l){\"use strict\";l.querySelector&&d.addEventListener&&\"undefined\"!=typeof URL&&(d.wp=d.wp||{},d.wp.receiveEmbedMessage||(d.wp.receiveEmbedMessage=function(e){var t=e.data;if((t||t.secret||t.message||t.value)&&!\/[^a-zA-Z0-9]\/.test(t.secret)){for(var s,r,n,a=l.querySelectorAll('iframe[data-secret=\"'+t.secret+'\"]'),o=l.querySelectorAll('blockquote[data-secret=\"'+t.secret+'\"]'),c=new RegExp(\"^https?:$\",\"i\"),i=0;i<o.length;i++)o[i].style.display=\"none\";for(i=0;i<a.length;i++)s=a[i],e.source===s.contentWindow&&(s.removeAttribute(\"style\"),\"height\"===t.message?(1e3<(r=parseInt(t.value,10))?r=1e3:~~r<200&&(r=200),s.height=r):\"link\"===t.message&&(r=new URL(s.getAttribute(\"src\")),n=new URL(t.value),c.test(n.protocol))&&n.host===r.host&&l.activeElement===s&&(d.top.location.href=t.value))}},d.addEventListener(\"message\",d.wp.receiveEmbedMessage,!1),l.addEventListener(\"DOMContentLoaded\",function(){for(var e,t,s=l.querySelectorAll(\"iframe.wp-embedded-content\"),r=0;r<s.length;r++)(t=(e=s[r]).getAttribute(\"data-secret\"))||(t=Math.random().toString(36).substring(2,12),e.src+=\"#?secret=\"+t,e.setAttribute(\"data-secret\",t)),e.contentWindow.postMessage({message:\"ready\",secret:t},\"*\")},!1)))}(window,document);\n\/\/# sourceURL=https:\/\/kuzeyinsesi.org\/wp-includes\/js\/wp-embed.min.js\n\/* ]]> *\/\n<\/script>\n","thumbnail_url":"https:\/\/kuzeyinsesi.org\/wp-content\/uploads\/2026\/03\/Basit-Metin-ve-Fotograf-Yeni-Sarki-Videosu-Youtube-Kucuk-Resmi-20-750x422.png","thumbnail_width":600,"thumbnail_height":338,"description":"F\u0130F\u2019in akaryak\u0131t ve temel t\u00fcketim maddelerinde fiyat art\u0131\u015flar\u0131n\u0131n halka daha az yans\u0131mas\u0131 i\u00e7in kuruldu\u011funu hat\u0131rlatan \u0130ncirli, 2025 y\u0131l\u0131 i\u00e7inde fonda yakla\u015f\u0131k 7 milyar TL topland\u0131\u011f\u0131n\u0131 s\u00f6yledi. \u201cBu fon tam da bug\u00fcnler i\u00e7in olu\u015fturuldu\u201d diyen \u0130ncirli, piyasadaki dalgalanmalar\u0131 azaltmak i\u00e7in bu kayna\u011f\u0131n kullan\u0131l\u0131p kullan\u0131lmad\u0131\u011f\u0131n\u0131 sordu. Kullan\u0131ld\u0131ysa neden piyasada bir rahatlama g\u00f6r\u00fclmedi\u011fini dile getirdi. H\u00fck\u00fcmetin ekonomik y\u00f6netimini [&hellip;]"}