{"version":"1.0","provider_name":"Kuzeyin Sesi","provider_url":"https:\/\/kuzeyinsesi.org","author_name":"Kuzeyin Sesi","author_url":"https:\/\/kuzeyinsesi.org\/index.php\/author\/guven\/","title":"\u0130ncirli:\u201dErken se\u00e7im ka\u00e7\u0131n\u0131lmaz\u201d - Kuzeyin Sesi","type":"rich","width":600,"height":338,"html":"<blockquote class=\"wp-embedded-content\" data-secret=\"9vzpgZnI6Y\"><a href=\"https:\/\/kuzeyinsesi.org\/index.php\/2026\/03\/11\/incirlierken-secim-kacinilmaz\/\">\u0130ncirli:\u201dErken se\u00e7im ka\u00e7\u0131n\u0131lmaz\u201d<\/a><\/blockquote><iframe sandbox=\"allow-scripts\" security=\"restricted\" src=\"https:\/\/kuzeyinsesi.org\/index.php\/2026\/03\/11\/incirlierken-secim-kacinilmaz\/embed\/#?secret=9vzpgZnI6Y\" width=\"600\" height=\"338\" title=\"&#8220;\u0130ncirli:\u201dErken se\u00e7im ka\u00e7\u0131n\u0131lmaz\u201d&#8221; &#8212; Kuzeyin Sesi\" data-secret=\"9vzpgZnI6Y\" frameborder=\"0\" marginwidth=\"0\" marginheight=\"0\" scrolling=\"no\" class=\"wp-embedded-content\"><\/iframe><script type=\"text\/javascript\">\n\/* <![CDATA[ *\/\n\/*! This file is auto-generated *\/\n!function(d,l){\"use strict\";l.querySelector&&d.addEventListener&&\"undefined\"!=typeof URL&&(d.wp=d.wp||{},d.wp.receiveEmbedMessage||(d.wp.receiveEmbedMessage=function(e){var t=e.data;if((t||t.secret||t.message||t.value)&&!\/[^a-zA-Z0-9]\/.test(t.secret)){for(var s,r,n,a=l.querySelectorAll('iframe[data-secret=\"'+t.secret+'\"]'),o=l.querySelectorAll('blockquote[data-secret=\"'+t.secret+'\"]'),c=new RegExp(\"^https?:$\",\"i\"),i=0;i<o.length;i++)o[i].style.display=\"none\";for(i=0;i<a.length;i++)s=a[i],e.source===s.contentWindow&&(s.removeAttribute(\"style\"),\"height\"===t.message?(1e3<(r=parseInt(t.value,10))?r=1e3:~~r<200&&(r=200),s.height=r):\"link\"===t.message&&(r=new URL(s.getAttribute(\"src\")),n=new URL(t.value),c.test(n.protocol))&&n.host===r.host&&l.activeElement===s&&(d.top.location.href=t.value))}},d.addEventListener(\"message\",d.wp.receiveEmbedMessage,!1),l.addEventListener(\"DOMContentLoaded\",function(){for(var e,t,s=l.querySelectorAll(\"iframe.wp-embedded-content\"),r=0;r<s.length;r++)(t=(e=s[r]).getAttribute(\"data-secret\"))||(t=Math.random().toString(36).substring(2,12),e.src+=\"#?secret=\"+t,e.setAttribute(\"data-secret\",t)),e.contentWindow.postMessage({message:\"ready\",secret:t},\"*\")},!1)))}(window,document);\n\/\/# sourceURL=https:\/\/kuzeyinsesi.org\/wp-includes\/js\/wp-embed.min.js\n\/* ]]> *\/\n<\/script>\n","thumbnail_url":"https:\/\/kuzeyinsesi.org\/wp-content\/uploads\/2026\/03\/IMG_8058-300x200.jpeg","thumbnail_width":300,"thumbnail_height":200,"description":"Cumhuriyet\u00e7i T\u00fcrk Partisi (CTP) Genel Ba\u015fkan\u0131 S\u0131la Usar \u0130ncirli, \u00fclkede dostluk ve karde\u015fli\u011fin her \u015feyin \u00fczerinde tutulmas\u0131 gerekti\u011fini belirterek, \u201c\u00dclkeyi, adalet, d\u00fcr\u00fcstl\u00fck, \u015feffafl\u0131k ve hesap verebilirlik ilkelerini temel alan \u00fcretime dayal\u0131 bir ekonomik modelle y\u00f6netece\u011fiz\u201d dedi. Erken se\u00e7imin ka\u00e7\u0131n\u0131lmaz oldu\u011funu da dile getiren \u0130ncirli, CTP\u2019nin \u00fclkeyi adil, planl\u0131 ve \u00fcretime dayal\u0131 bir ekonomik modelle y\u00f6netmeye [&hellip;]"}