{"version":"1.0","provider_name":"Kuzeyin Sesi","provider_url":"https:\/\/kuzeyinsesi.org","author_name":"Kuzeyin Sesi","author_url":"https:\/\/kuzeyinsesi.org\/index.php\/author\/guven\/","title":"Meclis Genel Kurulu yar\u0131n toplanacak - Kuzeyin Sesi","type":"rich","width":600,"height":338,"html":"<blockquote class=\"wp-embedded-content\" data-secret=\"eXv884eTbp\"><a href=\"https:\/\/kuzeyinsesi.org\/index.php\/2026\/03\/01\/meclis-genel-kurulu-yarin-toplanacak-9\/\">Meclis Genel Kurulu yar\u0131n toplanacak<\/a><\/blockquote><iframe sandbox=\"allow-scripts\" security=\"restricted\" src=\"https:\/\/kuzeyinsesi.org\/index.php\/2026\/03\/01\/meclis-genel-kurulu-yarin-toplanacak-9\/embed\/#?secret=eXv884eTbp\" width=\"600\" height=\"338\" title=\"&#8220;Meclis Genel Kurulu yar\u0131n toplanacak&#8221; &#8212; Kuzeyin Sesi\" data-secret=\"eXv884eTbp\" frameborder=\"0\" marginwidth=\"0\" marginheight=\"0\" scrolling=\"no\" class=\"wp-embedded-content\"><\/iframe><script type=\"text\/javascript\">\n\/* <![CDATA[ *\/\n\/*! This file is auto-generated *\/\n!function(d,l){\"use strict\";l.querySelector&&d.addEventListener&&\"undefined\"!=typeof URL&&(d.wp=d.wp||{},d.wp.receiveEmbedMessage||(d.wp.receiveEmbedMessage=function(e){var t=e.data;if((t||t.secret||t.message||t.value)&&!\/[^a-zA-Z0-9]\/.test(t.secret)){for(var s,r,n,a=l.querySelectorAll('iframe[data-secret=\"'+t.secret+'\"]'),o=l.querySelectorAll('blockquote[data-secret=\"'+t.secret+'\"]'),c=new RegExp(\"^https?:$\",\"i\"),i=0;i<o.length;i++)o[i].style.display=\"none\";for(i=0;i<a.length;i++)s=a[i],e.source===s.contentWindow&&(s.removeAttribute(\"style\"),\"height\"===t.message?(1e3<(r=parseInt(t.value,10))?r=1e3:~~r<200&&(r=200),s.height=r):\"link\"===t.message&&(r=new URL(s.getAttribute(\"src\")),n=new URL(t.value),c.test(n.protocol))&&n.host===r.host&&l.activeElement===s&&(d.top.location.href=t.value))}},d.addEventListener(\"message\",d.wp.receiveEmbedMessage,!1),l.addEventListener(\"DOMContentLoaded\",function(){for(var e,t,s=l.querySelectorAll(\"iframe.wp-embedded-content\"),r=0;r<s.length;r++)(t=(e=s[r]).getAttribute(\"data-secret\"))||(t=Math.random().toString(36).substring(2,12),e.src+=\"#?secret=\"+t,e.setAttribute(\"data-secret\",t)),e.contentWindow.postMessage({message:\"ready\",secret:t},\"*\")},!1)))}(window,document);\n\/\/# sourceURL=https:\/\/kuzeyinsesi.org\/wp-includes\/js\/wp-embed.min.js\n\/* ]]> *\/\n<\/script>\n","thumbnail_url":"https:\/\/kuzeyinsesi.org\/wp-content\/uploads\/2026\/03\/17723594442231771163065627MECLIS-YENI-YERLESKESI-3-750x435.jpg","thumbnail_width":600,"thumbnail_height":348,"description":"Meclis g\u00fcndemine g\u00f6re, saat 10.00\u2019da toplanmas\u0131 beklenen genel kurulda komitelerden gelen yasa tasar\u0131lar\u0131 ve \u00f6neriler g\u00f6r\u00fc\u015f\u00fclecek. Genel Kurul&#8217;un g\u00fcndeminde, Trafik Dairesi (Kurulu\u015f, G\u00f6rev ve \u00c7al\u0131\u015fma Esaslar\u0131) (De\u011fi\u015fiklik) Yasa \u00d6nerisi, Kamu G\u00f6revlileri (De\u011fi\u015fiklik) Yasa \u00d6nerisi ve Kozmetik \u00dcr\u00fcnleri (De\u011fi\u015fiklik) Yasa Tasar\u0131s\u0131 bulunuyor. Meclis Genel Kurulu yar\u0131n toplanacak yaz\u0131s\u0131 ilk \u00f6nce K\u0131br\u0131s Hakikat \u00fczerinde ortaya \u00e7\u0131kt\u0131."}