{"version":"1.0","provider_name":"Kuzeyin Sesi","provider_url":"https:\/\/kuzeyinsesi.org","author_name":"Kuzeyin Sesi","author_url":"https:\/\/kuzeyinsesi.org\/index.php\/author\/guven\/","title":"\u0130srail, be\u015f \u00fcst d\u00fczey ismi hedef ald\u0131 - Kuzeyin Sesi","type":"rich","width":600,"height":338,"html":"<blockquote class=\"wp-embedded-content\" data-secret=\"hVxRMIUgxR\"><a href=\"https:\/\/kuzeyinsesi.org\/index.php\/2026\/02\/28\/israil-bes-ust-duzey-ismi-hedef-aldi\/\">\u0130srail, be\u015f \u00fcst d\u00fczey ismi hedef ald\u0131<\/a><\/blockquote><iframe sandbox=\"allow-scripts\" security=\"restricted\" src=\"https:\/\/kuzeyinsesi.org\/index.php\/2026\/02\/28\/israil-bes-ust-duzey-ismi-hedef-aldi\/embed\/#?secret=hVxRMIUgxR\" width=\"600\" height=\"338\" title=\"&#8220;\u0130srail, be\u015f \u00fcst d\u00fczey ismi hedef ald\u0131&#8221; &#8212; Kuzeyin Sesi\" data-secret=\"hVxRMIUgxR\" frameborder=\"0\" marginwidth=\"0\" marginheight=\"0\" scrolling=\"no\" class=\"wp-embedded-content\"><\/iframe><script type=\"text\/javascript\">\n\/* <![CDATA[ *\/\n\/*! This file is auto-generated *\/\n!function(d,l){\"use strict\";l.querySelector&&d.addEventListener&&\"undefined\"!=typeof URL&&(d.wp=d.wp||{},d.wp.receiveEmbedMessage||(d.wp.receiveEmbedMessage=function(e){var t=e.data;if((t||t.secret||t.message||t.value)&&!\/[^a-zA-Z0-9]\/.test(t.secret)){for(var s,r,n,a=l.querySelectorAll('iframe[data-secret=\"'+t.secret+'\"]'),o=l.querySelectorAll('blockquote[data-secret=\"'+t.secret+'\"]'),c=new RegExp(\"^https?:$\",\"i\"),i=0;i<o.length;i++)o[i].style.display=\"none\";for(i=0;i<a.length;i++)s=a[i],e.source===s.contentWindow&&(s.removeAttribute(\"style\"),\"height\"===t.message?(1e3<(r=parseInt(t.value,10))?r=1e3:~~r<200&&(r=200),s.height=r):\"link\"===t.message&&(r=new URL(s.getAttribute(\"src\")),n=new URL(t.value),c.test(n.protocol))&&n.host===r.host&&l.activeElement===s&&(d.top.location.href=t.value))}},d.addEventListener(\"message\",d.wp.receiveEmbedMessage,!1),l.addEventListener(\"DOMContentLoaded\",function(){for(var e,t,s=l.querySelectorAll(\"iframe.wp-embedded-content\"),r=0;r<s.length;r++)(t=(e=s[r]).getAttribute(\"data-secret\"))||(t=Math.random().toString(36).substring(2,12),e.src+=\"#?secret=\"+t,e.setAttribute(\"data-secret\",t)),e.contentWindow.postMessage({message:\"ready\",secret:t},\"*\")},!1)))}(window,document);\n\/\/# sourceURL=https:\/\/kuzeyinsesi.org\/wp-includes\/js\/wp-embed.min.js\n\/* ]]> *\/\n<\/script>\n","thumbnail_url":"https:\/\/kuzeyinsesi.org\/wp-content\/uploads\/2026\/02\/1772286995983thumbs_b_c_3bea905142092de7c9b016749cb922bb-750x422.jpg","thumbnail_width":600,"thumbnail_height":338,"description":"Ordudan yap\u0131lan a\u00e7\u0131klamada, sabah saatlerinde Tahran&#8217;da birden fazla noktaya d\u00fczenlenen e\u015f zamanl\u0131 sald\u0131r\u0131larda siyasi ve g\u00fcvenlik kademesindeki \u00fcst d\u00fczey isimlerin hedef al\u0131nd\u0131\u011f\u0131 bildirildi. \u0130srail istihbarat birimlerinin \u0130ranl\u0131 \u00fcst d\u00fczey isimlerin ne zaman bir araya gelece\u011fine ili\u015fkin aylar s\u00fcren \u00e7al\u0131\u015fmalar y\u00fcr\u00fctt\u00fc\u011f\u00fcne dikkat \u00e7ekilen a\u00e7\u0131klamada, \u0130ranl\u0131 komutanlar\u0131n ve \u00fcst d\u00fczey y\u00f6neticilerin konumlar\u0131n\u0131n y\u00fcksek hassasiyetle tespit edildi\u011fi \u00f6ne [&hellip;]"}