{"version":"1.0","provider_name":"Kuzeyin Sesi","provider_url":"https:\/\/kuzeyinsesi.org","author_name":"Kuzeyin Sesi","author_url":"https:\/\/kuzeyinsesi.org\/index.php\/author\/guven\/","title":"Ayval\u0131k\u2019ta \u201cRauf Denkta\u015f K\u00fclt\u00fcr Merkezi\u201d a\u00e7\u0131ld\u0131 - Kuzeyin Sesi","type":"rich","width":600,"height":338,"html":"<blockquote class=\"wp-embedded-content\" data-secret=\"3oIaf9NPTF\"><a href=\"https:\/\/kuzeyinsesi.org\/index.php\/2026\/02\/28\/ayvalikta-rauf-denktas-kultur-merkezi-acildi\/\">Ayval\u0131k\u2019ta \u201cRauf Denkta\u015f K\u00fclt\u00fcr Merkezi\u201d a\u00e7\u0131ld\u0131<\/a><\/blockquote><iframe sandbox=\"allow-scripts\" security=\"restricted\" src=\"https:\/\/kuzeyinsesi.org\/index.php\/2026\/02\/28\/ayvalikta-rauf-denktas-kultur-merkezi-acildi\/embed\/#?secret=3oIaf9NPTF\" width=\"600\" height=\"338\" title=\"&#8220;Ayval\u0131k\u2019ta \u201cRauf Denkta\u015f K\u00fclt\u00fcr Merkezi\u201d a\u00e7\u0131ld\u0131&#8221; &#8212; Kuzeyin Sesi\" data-secret=\"3oIaf9NPTF\" frameborder=\"0\" marginwidth=\"0\" marginheight=\"0\" scrolling=\"no\" class=\"wp-embedded-content\"><\/iframe><script type=\"text\/javascript\">\n\/* <![CDATA[ *\/\n\/*! This file is auto-generated *\/\n!function(d,l){\"use strict\";l.querySelector&&d.addEventListener&&\"undefined\"!=typeof URL&&(d.wp=d.wp||{},d.wp.receiveEmbedMessage||(d.wp.receiveEmbedMessage=function(e){var t=e.data;if((t||t.secret||t.message||t.value)&&!\/[^a-zA-Z0-9]\/.test(t.secret)){for(var s,r,n,a=l.querySelectorAll('iframe[data-secret=\"'+t.secret+'\"]'),o=l.querySelectorAll('blockquote[data-secret=\"'+t.secret+'\"]'),c=new RegExp(\"^https?:$\",\"i\"),i=0;i<o.length;i++)o[i].style.display=\"none\";for(i=0;i<a.length;i++)s=a[i],e.source===s.contentWindow&&(s.removeAttribute(\"style\"),\"height\"===t.message?(1e3<(r=parseInt(t.value,10))?r=1e3:~~r<200&&(r=200),s.height=r):\"link\"===t.message&&(r=new URL(s.getAttribute(\"src\")),n=new URL(t.value),c.test(n.protocol))&&n.host===r.host&&l.activeElement===s&&(d.top.location.href=t.value))}},d.addEventListener(\"message\",d.wp.receiveEmbedMessage,!1),l.addEventListener(\"DOMContentLoaded\",function(){for(var e,t,s=l.querySelectorAll(\"iframe.wp-embedded-content\"),r=0;r<s.length;r++)(t=(e=s[r]).getAttribute(\"data-secret\"))||(t=Math.random().toString(36).substring(2,12),e.src+=\"#?secret=\"+t,e.setAttribute(\"data-secret\",t)),e.contentWindow.postMessage({message:\"ready\",secret:t},\"*\")},!1)))}(window,document);\n\/\/# sourceURL=https:\/\/kuzeyinsesi.org\/wp-includes\/js\/wp-embed.min.js\n\/* ]]> *\/\n<\/script>\n","thumbnail_url":"https:\/\/kuzeyinsesi.org\/wp-content\/uploads\/2026\/02\/1772277363397GIRNE-BELEDIYESI-AYVALIK-RAUF-DENKTAS-3-750x500.jpg","thumbnail_width":600,"thumbnail_height":400,"description":"Girne Belediyesi&#8217;nden yap\u0131lan a\u00e7\u0131klamaya g\u00f6re, Girne Belediye Ba\u015fkan\u0131 Murat \u015eenkul ve beraberindeki heyet, Ayval\u0131k Belediyesi Rauf Denkta\u015f K\u00fclt\u00fcr Merkezi a\u00e7\u0131l\u0131\u015f\u0131na kat\u0131ld\u0131. Girne Belediyesi ile karde\u015f \u015fehir olan T\u00fcrkiye Cumhuriyeti Ayval\u0131k Belediyesi\u2019nin daveti \u00fczerine ger\u00e7ekle\u015fen ziyarette, Girne Belediye Ba\u015fkan\u0131 Murat \u015eenkul&#8217;un yan\u0131 s\u0131ra Meclis \u00dcyeleri Mete \u00dcnal Girgen, Kani Medo \u00c7a\u011fla ile D\u0131\u015f \u0130li\u015fkiler Koordinat\u00f6r\u00fc Fatih [&hellip;]"}