{"version":"1.0","provider_name":"Kuzeyin Sesi","provider_url":"https:\/\/kuzeyinsesi.org","author_name":"Kuzeyin Sesi","author_url":"https:\/\/kuzeyinsesi.org\/index.php\/author\/guven\/","title":"28 \u015eubat Sivil Savunma G\u00fcn\u00fc Kutlu Olsun - Kuzeyin Sesi","type":"rich","width":600,"height":338,"html":"<blockquote class=\"wp-embedded-content\" data-secret=\"ylx2yDvlXa\"><a href=\"https:\/\/kuzeyinsesi.org\/index.php\/2026\/02\/28\/28-subat-sivil-savunma-gunu-kutlu-olsun\/\">28 \u015eubat Sivil Savunma G\u00fcn\u00fc Kutlu Olsun<\/a><\/blockquote><iframe sandbox=\"allow-scripts\" security=\"restricted\" src=\"https:\/\/kuzeyinsesi.org\/index.php\/2026\/02\/28\/28-subat-sivil-savunma-gunu-kutlu-olsun\/embed\/#?secret=ylx2yDvlXa\" width=\"600\" height=\"338\" title=\"&#8220;28 \u015eubat Sivil Savunma G\u00fcn\u00fc Kutlu Olsun&#8221; &#8212; Kuzeyin Sesi\" data-secret=\"ylx2yDvlXa\" frameborder=\"0\" marginwidth=\"0\" marginheight=\"0\" scrolling=\"no\" class=\"wp-embedded-content\"><\/iframe><script type=\"text\/javascript\">\n\/* <![CDATA[ *\/\n\/*! This file is auto-generated *\/\n!function(d,l){\"use strict\";l.querySelector&&d.addEventListener&&\"undefined\"!=typeof URL&&(d.wp=d.wp||{},d.wp.receiveEmbedMessage||(d.wp.receiveEmbedMessage=function(e){var t=e.data;if((t||t.secret||t.message||t.value)&&!\/[^a-zA-Z0-9]\/.test(t.secret)){for(var s,r,n,a=l.querySelectorAll('iframe[data-secret=\"'+t.secret+'\"]'),o=l.querySelectorAll('blockquote[data-secret=\"'+t.secret+'\"]'),c=new RegExp(\"^https?:$\",\"i\"),i=0;i<o.length;i++)o[i].style.display=\"none\";for(i=0;i<a.length;i++)s=a[i],e.source===s.contentWindow&&(s.removeAttribute(\"style\"),\"height\"===t.message?(1e3<(r=parseInt(t.value,10))?r=1e3:~~r<200&&(r=200),s.height=r):\"link\"===t.message&&(r=new URL(s.getAttribute(\"src\")),n=new URL(t.value),c.test(n.protocol))&&n.host===r.host&&l.activeElement===s&&(d.top.location.href=t.value))}},d.addEventListener(\"message\",d.wp.receiveEmbedMessage,!1),l.addEventListener(\"DOMContentLoaded\",function(){for(var e,t,s=l.querySelectorAll(\"iframe.wp-embedded-content\"),r=0;r<s.length;r++)(t=(e=s[r]).getAttribute(\"data-secret\"))||(t=Math.random().toString(36).substring(2,12),e.src+=\"#?secret=\"+t,e.setAttribute(\"data-secret\",t)),e.contentWindow.postMessage({message:\"ready\",secret:t},\"*\")},!1)))}(window,document);\n\/\/# sourceURL=https:\/\/kuzeyinsesi.org\/wp-includes\/js\/wp-embed.min.js\n\/* ]]> *\/\n<\/script>\n","thumbnail_url":"https:\/\/kuzeyinsesi.org\/wp-content\/uploads\/2026\/02\/1772274080293WhatsApp-Image-2026-02-28-at-11.49.03-1-750x563.jpeg","thumbnail_width":600,"thumbnail_height":450,"description":"Lefko\u015fa Yeni\u015fehir b\u00f6lgesindeki Sivil Savunma Te\u015fkilat\u0131 Ba\u015fkanl\u0131\u011f\u0131 Arama Kurtarma \u015eube M\u00fcd\u00fcrl\u00fc\u011f\u00fcnde yer alan etkinli\u011fe, Polis Genel M\u00fcd\u00fcr\u00fc Ali Adal\u0131er ile di\u011fer yetkililer kat\u0131ld\u0131. Etkinlikte, Sivil Savunma Te\u015fkilat\u0131 Ba\u015fkan\u0131 Hakan Balaban a\u00e7\u0131l\u0131\u015f konu\u015fmas\u0131n\u0131 yaparken, Sivil Savunma Te\u015fkilat\u0131 Ba\u015fkan Yard\u0131mc\u0131s\u0131 Adil Rumi \u015eahbaz taraf\u0131ndan da bas\u0131na te\u015fkilat ile ilgili detayl\u0131 brifing verildi. Etkinlik, zeytin a\u011fac\u0131 fidan dikimi, [&hellip;]"}