{"version":"1.0","provider_name":"Kuzeyin Sesi","provider_url":"https:\/\/kuzeyinsesi.org","author_name":"Kuzeyin Sesi","author_url":"https:\/\/kuzeyinsesi.org\/index.php\/author\/guven\/","title":"Tatar: Tufan Bey\u2019i kutluyorum - Kuzeyin Sesi","type":"rich","width":600,"height":338,"html":"<blockquote class=\"wp-embedded-content\" data-secret=\"P7Q7vAD0c3\"><a href=\"https:\/\/kuzeyinsesi.org\/index.php\/2025\/10\/20\/tatar-tufan-beyi-kutluyorum\/\">Tatar: Tufan Bey\u2019i kutluyorum<\/a><\/blockquote><iframe sandbox=\"allow-scripts\" security=\"restricted\" src=\"https:\/\/kuzeyinsesi.org\/index.php\/2025\/10\/20\/tatar-tufan-beyi-kutluyorum\/embed\/#?secret=P7Q7vAD0c3\" width=\"600\" height=\"338\" title=\"&#8220;Tatar: Tufan Bey\u2019i kutluyorum&#8221; &#8212; Kuzeyin Sesi\" data-secret=\"P7Q7vAD0c3\" frameborder=\"0\" marginwidth=\"0\" marginheight=\"0\" scrolling=\"no\" class=\"wp-embedded-content\"><\/iframe><script type=\"text\/javascript\">\n\/* <![CDATA[ *\/\n\/*! This file is auto-generated *\/\n!function(d,l){\"use strict\";l.querySelector&&d.addEventListener&&\"undefined\"!=typeof URL&&(d.wp=d.wp||{},d.wp.receiveEmbedMessage||(d.wp.receiveEmbedMessage=function(e){var t=e.data;if((t||t.secret||t.message||t.value)&&!\/[^a-zA-Z0-9]\/.test(t.secret)){for(var s,r,n,a=l.querySelectorAll('iframe[data-secret=\"'+t.secret+'\"]'),o=l.querySelectorAll('blockquote[data-secret=\"'+t.secret+'\"]'),c=new RegExp(\"^https?:$\",\"i\"),i=0;i<o.length;i++)o[i].style.display=\"none\";for(i=0;i<a.length;i++)s=a[i],e.source===s.contentWindow&&(s.removeAttribute(\"style\"),\"height\"===t.message?(1e3<(r=parseInt(t.value,10))?r=1e3:~~r<200&&(r=200),s.height=r):\"link\"===t.message&&(r=new URL(s.getAttribute(\"src\")),n=new URL(t.value),c.test(n.protocol))&&n.host===r.host&&l.activeElement===s&&(d.top.location.href=t.value))}},d.addEventListener(\"message\",d.wp.receiveEmbedMessage,!1),l.addEventListener(\"DOMContentLoaded\",function(){for(var e,t,s=l.querySelectorAll(\"iframe.wp-embedded-content\"),r=0;r<s.length;r++)(t=(e=s[r]).getAttribute(\"data-secret\"))||(t=Math.random().toString(36).substring(2,12),e.src+=\"#?secret=\"+t,e.setAttribute(\"data-secret\",t)),e.contentWindow.postMessage({message:\"ready\",secret:t},\"*\")},!1)))}(window,document);\n\/\/# sourceURL=https:\/\/kuzeyinsesi.org\/wp-includes\/js\/wp-embed.min.js\n\/* ]]> *\/\n<\/script>\n","thumbnail_url":"https:\/\/kuzeyinsesi.org\/wp-content\/uploads\/2025\/10\/TATAR-1.jpg","thumbnail_width":1600,"thumbnail_height":1199,"description":"Cumhurba\u015fkan\u0131 ve ba\u011f\u0131ms\u0131z Cumhurba\u015fkan\u0131 aday\u0131 Ersin Tatar, K\u0131br\u0131s TV\u2019de kat\u0131ld\u0131\u011f\u0131 yay\u0131nda Cumhurba\u015fkanl\u0131\u011f\u0131 se\u00e7imlerinin sonucunu de\u011ferlendirdi. Se\u00e7menin iradesine sayg\u0131 duydu\u011funu belirten Tatar, \u201cBe\u015f y\u0131ld\u0131r hi\u00e7 durmadan \u00fclkemiz i\u00e7in hizmet ettim. Eserlerimiz ortadad\u0131r. Se\u00e7menin takdirine sayg\u0131 duymak gerekir\u201d dedi. \u201cBe\u015f y\u0131lda eserler kazand\u0131rd\u0131k, T\u00fcrkiye ile ili\u015fkileri g\u00fc\u00e7lendirdik\u201d Tatar, g\u00f6rev s\u00fcresi boyunca Kuzey K\u0131br\u0131s T\u00fcrk Cumhuriyeti\u2019ne (KKTC) kal\u0131c\u0131 [&hellip;]"}