{"version":"1.0","provider_name":"Kuzeyin Sesi","provider_url":"https:\/\/kuzeyinsesi.org","author_name":"Kuzeyin Sesi","author_url":"https:\/\/kuzeyinsesi.org\/index.php\/author\/guven\/","title":"NATO, do\u011fu kanad\u0131n\u0131n savunmas\u0131n\u0131 g\u00fc\u00e7lendiriyor - Kuzeyin Sesi","type":"rich","width":600,"height":338,"html":"<blockquote class=\"wp-embedded-content\" data-secret=\"8GhejTv1VU\"><a href=\"https:\/\/kuzeyinsesi.org\/index.php\/2025\/09\/13\/nato-dogu-kanadinin-savunmasini-guclendiriyor\/\">NATO, do\u011fu kanad\u0131n\u0131n savunmas\u0131n\u0131 g\u00fc\u00e7lendiriyor<\/a><\/blockquote><iframe sandbox=\"allow-scripts\" security=\"restricted\" src=\"https:\/\/kuzeyinsesi.org\/index.php\/2025\/09\/13\/nato-dogu-kanadinin-savunmasini-guclendiriyor\/embed\/#?secret=8GhejTv1VU\" width=\"600\" height=\"338\" title=\"&#8220;NATO, do\u011fu kanad\u0131n\u0131n savunmas\u0131n\u0131 g\u00fc\u00e7lendiriyor&#8221; &#8212; Kuzeyin Sesi\" data-secret=\"8GhejTv1VU\" frameborder=\"0\" marginwidth=\"0\" marginheight=\"0\" scrolling=\"no\" class=\"wp-embedded-content\"><\/iframe><script type=\"text\/javascript\">\n\/* <![CDATA[ *\/\n\/*! This file is auto-generated *\/\n!function(d,l){\"use strict\";l.querySelector&&d.addEventListener&&\"undefined\"!=typeof URL&&(d.wp=d.wp||{},d.wp.receiveEmbedMessage||(d.wp.receiveEmbedMessage=function(e){var t=e.data;if((t||t.secret||t.message||t.value)&&!\/[^a-zA-Z0-9]\/.test(t.secret)){for(var s,r,n,a=l.querySelectorAll('iframe[data-secret=\"'+t.secret+'\"]'),o=l.querySelectorAll('blockquote[data-secret=\"'+t.secret+'\"]'),c=new RegExp(\"^https?:$\",\"i\"),i=0;i<o.length;i++)o[i].style.display=\"none\";for(i=0;i<a.length;i++)s=a[i],e.source===s.contentWindow&&(s.removeAttribute(\"style\"),\"height\"===t.message?(1e3<(r=parseInt(t.value,10))?r=1e3:~~r<200&&(r=200),s.height=r):\"link\"===t.message&&(r=new URL(s.getAttribute(\"src\")),n=new URL(t.value),c.test(n.protocol))&&n.host===r.host&&l.activeElement===s&&(d.top.location.href=t.value))}},d.addEventListener(\"message\",d.wp.receiveEmbedMessage,!1),l.addEventListener(\"DOMContentLoaded\",function(){for(var e,t,s=l.querySelectorAll(\"iframe.wp-embedded-content\"),r=0;r<s.length;r++)(t=(e=s[r]).getAttribute(\"data-secret\"))||(t=Math.random().toString(36).substring(2,12),e.src+=\"#?secret=\"+t,e.setAttribute(\"data-secret\",t)),e.contentWindow.postMessage({message:\"ready\",secret:t},\"*\")},!1)))}(window,document);\n\/\/# sourceURL=https:\/\/kuzeyinsesi.org\/wp-includes\/js\/wp-embed.min.js\n\/* ]]> *\/\n<\/script>\n","thumbnail_url":"https:\/\/trthaberstatic.cdn.wp.trt.com.tr\/resimler\/2324000\/mark-rutte-re-2324553.jpg","thumbnail_width":600,"thumbnail_height":338,"description":"&#13; Rutte, Br\u00fcksel&#8217;deki karargahta Avrupa M\u00fcttefik Y\u00fcksek Komutan\u0131 (SACEUR) Orgeneral Alexus G. Grynkewich ile ortak bas\u0131n toplant\u0131s\u0131 d\u00fczenledi. &#13; Rus insans\u0131z hava ara\u00e7lar\u0131n\u0131n (\u0130HA), 9 Eyl\u00fcl\u2019\u00fc 10 Eyl\u00fcl\u2019e ba\u011flayan gece Polonya\u2019n\u0131n hava sahas\u0131na girmesi \u00fczerine NATO ve Polonya\u2019n\u0131n hava savunma sistemlerinin kar\u015f\u0131l\u0131k verdi\u011fini belirten Rutte &#8220;Ya\u015fananlar m\u00fcnferit bir olay de\u011fildi. Rusya&#8217;n\u0131n do\u011fu kanad\u0131m\u0131zdaki hava sald\u0131r\u0131lar\u0131ndaki [&hellip;]"}