{"version":"1.0","provider_name":"Kuzeyin Sesi","provider_url":"https:\/\/kuzeyinsesi.org","author_name":"Kuzeyin Sesi","author_url":"https:\/\/kuzeyinsesi.org\/index.php\/author\/guven\/","title":"Mavi g\u00f6zler asl\u0131nda neden mavi de\u011fil? - Kuzeyin Sesi","type":"rich","width":600,"height":338,"html":"<blockquote class=\"wp-embedded-content\" data-secret=\"4AGzyxNDfv\"><a href=\"https:\/\/kuzeyinsesi.org\/index.php\/2025\/09\/13\/mavi-gozler-aslinda-neden-mavi-degil\/\">Mavi g\u00f6zler asl\u0131nda neden mavi de\u011fil?<\/a><\/blockquote><iframe sandbox=\"allow-scripts\" security=\"restricted\" src=\"https:\/\/kuzeyinsesi.org\/index.php\/2025\/09\/13\/mavi-gozler-aslinda-neden-mavi-degil\/embed\/#?secret=4AGzyxNDfv\" width=\"600\" height=\"338\" title=\"&#8220;Mavi g\u00f6zler asl\u0131nda neden mavi de\u011fil?&#8221; &#8212; Kuzeyin Sesi\" data-secret=\"4AGzyxNDfv\" frameborder=\"0\" marginwidth=\"0\" marginheight=\"0\" scrolling=\"no\" class=\"wp-embedded-content\"><\/iframe><script type=\"text\/javascript\">\n\/* <![CDATA[ *\/\n\/*! This file is auto-generated *\/\n!function(d,l){\"use strict\";l.querySelector&&d.addEventListener&&\"undefined\"!=typeof URL&&(d.wp=d.wp||{},d.wp.receiveEmbedMessage||(d.wp.receiveEmbedMessage=function(e){var t=e.data;if((t||t.secret||t.message||t.value)&&!\/[^a-zA-Z0-9]\/.test(t.secret)){for(var s,r,n,a=l.querySelectorAll('iframe[data-secret=\"'+t.secret+'\"]'),o=l.querySelectorAll('blockquote[data-secret=\"'+t.secret+'\"]'),c=new RegExp(\"^https?:$\",\"i\"),i=0;i<o.length;i++)o[i].style.display=\"none\";for(i=0;i<a.length;i++)s=a[i],e.source===s.contentWindow&&(s.removeAttribute(\"style\"),\"height\"===t.message?(1e3<(r=parseInt(t.value,10))?r=1e3:~~r<200&&(r=200),s.height=r):\"link\"===t.message&&(r=new URL(s.getAttribute(\"src\")),n=new URL(t.value),c.test(n.protocol))&&n.host===r.host&&l.activeElement===s&&(d.top.location.href=t.value))}},d.addEventListener(\"message\",d.wp.receiveEmbedMessage,!1),l.addEventListener(\"DOMContentLoaded\",function(){for(var e,t,s=l.querySelectorAll(\"iframe.wp-embedded-content\"),r=0;r<s.length;r++)(t=(e=s[r]).getAttribute(\"data-secret\"))||(t=Math.random().toString(36).substring(2,12),e.src+=\"#?secret=\"+t,e.setAttribute(\"data-secret\",t)),e.contentWindow.postMessage({message:\"ready\",secret:t},\"*\")},!1)))}(window,document);\n\/\/# sourceURL=https:\/\/kuzeyinsesi.org\/wp-includes\/js\/wp-embed.min.js\n\/* ]]> *\/\n<\/script>\n","thumbnail_url":"https:\/\/trthaberstatic.cdn.wp.trt.com.tr\/resimler\/2396000\/goz-2397393.jpg","thumbnail_width":600,"thumbnail_height":338,"description":"&#13; Peki bu renk farkl\u0131l\u0131klar\u0131n\u0131n arkas\u0131nda ne yat\u0131yor? Cevap, g\u00f6z bebe\u011fini \u00e7evreleyen renkli doku halkas\u0131 olan iriste gizli. Burada, melanin ad\u0131 verilen bir pigment neredeyse t\u00fcm i\u015fi yap\u0131yor. Kahverengi g\u00f6zler, \u0131\u015f\u0131\u011f\u0131 emen y\u00fcksek oranda melanin i\u00e7erir ve bu koyu g\u00f6r\u00fcn\u00fcm\u00fc olu\u015fturur. Mavi g\u00f6zlerde ise \u00e7ok az melanin bulunur. Renkleri, pigmentten de\u011fil, irisin i\u00e7inde \u0131\u015f\u0131\u011f\u0131n sa\u00e7\u0131lmas\u0131yla [&hellip;]"}