{"version":"1.0","provider_name":"Kuzeyin Sesi","provider_url":"https:\/\/kuzeyinsesi.org","author_name":"Kuzeyin Sesi","author_url":"https:\/\/kuzeyinsesi.org\/index.php\/author\/guven\/","title":"12 Dev Adam yar\u0131 final ma\u00e7\u0131na \u00e7\u0131k\u0131yor - Kuzeyin Sesi","type":"rich","width":600,"height":338,"html":"<blockquote class=\"wp-embedded-content\" data-secret=\"4P5poiGS0b\"><a href=\"https:\/\/kuzeyinsesi.org\/index.php\/2025\/09\/11\/12-dev-adam-yari-final-macina-cikiyor\/\">12 Dev Adam yar\u0131 final ma\u00e7\u0131na \u00e7\u0131k\u0131yor<\/a><\/blockquote><iframe sandbox=\"allow-scripts\" security=\"restricted\" src=\"https:\/\/kuzeyinsesi.org\/index.php\/2025\/09\/11\/12-dev-adam-yari-final-macina-cikiyor\/embed\/#?secret=4P5poiGS0b\" width=\"600\" height=\"338\" title=\"&#8220;12 Dev Adam yar\u0131 final ma\u00e7\u0131na \u00e7\u0131k\u0131yor&#8221; &#8212; Kuzeyin Sesi\" data-secret=\"4P5poiGS0b\" frameborder=\"0\" marginwidth=\"0\" marginheight=\"0\" scrolling=\"no\" class=\"wp-embedded-content\"><\/iframe><script type=\"text\/javascript\">\n\/* <![CDATA[ *\/\n\/*! This file is auto-generated *\/\n!function(d,l){\"use strict\";l.querySelector&&d.addEventListener&&\"undefined\"!=typeof URL&&(d.wp=d.wp||{},d.wp.receiveEmbedMessage||(d.wp.receiveEmbedMessage=function(e){var t=e.data;if((t||t.secret||t.message||t.value)&&!\/[^a-zA-Z0-9]\/.test(t.secret)){for(var s,r,n,a=l.querySelectorAll('iframe[data-secret=\"'+t.secret+'\"]'),o=l.querySelectorAll('blockquote[data-secret=\"'+t.secret+'\"]'),c=new RegExp(\"^https?:$\",\"i\"),i=0;i<o.length;i++)o[i].style.display=\"none\";for(i=0;i<a.length;i++)s=a[i],e.source===s.contentWindow&&(s.removeAttribute(\"style\"),\"height\"===t.message?(1e3<(r=parseInt(t.value,10))?r=1e3:~~r<200&&(r=200),s.height=r):\"link\"===t.message&&(r=new URL(s.getAttribute(\"src\")),n=new URL(t.value),c.test(n.protocol))&&n.host===r.host&&l.activeElement===s&&(d.top.location.href=t.value))}},d.addEventListener(\"message\",d.wp.receiveEmbedMessage,!1),l.addEventListener(\"DOMContentLoaded\",function(){for(var e,t,s=l.querySelectorAll(\"iframe.wp-embedded-content\"),r=0;r<s.length;r++)(t=(e=s[r]).getAttribute(\"data-secret\"))||(t=Math.random().toString(36).substring(2,12),e.src+=\"#?secret=\"+t,e.setAttribute(\"data-secret\",t)),e.contentWindow.postMessage({message:\"ready\",secret:t},\"*\")},!1)))}(window,document);\n\/\/# sourceURL=https:\/\/kuzeyinsesi.org\/wp-includes\/js\/wp-embed.min.js\n\/* ]]> *\/\n<\/script>\n","thumbnail_url":"https:\/\/trthaberstatic.cdn.wp.trt.com.tr\/resimler\/2392000\/12-dev-adamaa-2392447.jpg","thumbnail_width":600,"thumbnail_height":338,"description":"&#13; Arena Riga&#8217;da oynanacak m\u00fcsabaka, saat 21.00&#8217;de ba\u015flayacak. M\u00fccadele, TRT 1&#8217;den canl\u0131 yay\u0131mlanacak. &#13; Ergin Ataman&#8217;\u0131n ba\u015fantren\u00f6rl\u00fc\u011f\u00fcn\u00fc yapt\u0131\u011f\u0131 T\u00fcrkiye, turnuvada oynad\u0131\u011f\u0131 7 ma\u00e7\u0131 da kazand\u0131. &#13; Lider tamamlad\u0131\u011f\u0131 grup a\u015famas\u0131nda S\u0131rbistan, Letonya, Portekiz, Estonya ve \u00c7ekya&#8217;y\u0131 ma\u011flup eden ay-y\u0131ld\u0131zl\u0131lar, son 16 turunda \u0130sve\u00e7&#8217;e, \u00e7eyrek finalde ise Polonya&#8217;ya \u00fcst\u00fcnl\u00fck kurarak Avrupa \u015eampiyonas\u0131&#8217;nda 24 y\u0131l sonra ad\u0131n\u0131 [&hellip;]"}