{"version":"1.0","provider_name":"Kuzeyin Sesi","provider_url":"https:\/\/kuzeyinsesi.org","author_name":"Kuzeyin Sesi","author_url":"https:\/\/kuzeyinsesi.org\/index.php\/author\/guven\/","title":"Sahada i\u015fgal, s\u00f6ylemde siyonist hezeyan - Kuzeyin Sesi","type":"rich","width":600,"height":338,"html":"<blockquote class=\"wp-embedded-content\" data-secret=\"x3gPGac529\"><a href=\"https:\/\/kuzeyinsesi.org\/index.php\/2025\/08\/21\/sahada-isgal-soylemde-siyonist-hezeyan\/\">Sahada i\u015fgal, s\u00f6ylemde siyonist hezeyan<\/a><\/blockquote><iframe sandbox=\"allow-scripts\" security=\"restricted\" src=\"https:\/\/kuzeyinsesi.org\/index.php\/2025\/08\/21\/sahada-isgal-soylemde-siyonist-hezeyan\/embed\/#?secret=x3gPGac529\" width=\"600\" height=\"338\" title=\"&#8220;Sahada i\u015fgal, s\u00f6ylemde siyonist hezeyan&#8221; &#8212; Kuzeyin Sesi\" data-secret=\"x3gPGac529\" frameborder=\"0\" marginwidth=\"0\" marginheight=\"0\" scrolling=\"no\" class=\"wp-embedded-content\"><\/iframe><script type=\"text\/javascript\">\n\/* <![CDATA[ *\/\n\/*! This file is auto-generated *\/\n!function(d,l){\"use strict\";l.querySelector&&d.addEventListener&&\"undefined\"!=typeof URL&&(d.wp=d.wp||{},d.wp.receiveEmbedMessage||(d.wp.receiveEmbedMessage=function(e){var t=e.data;if((t||t.secret||t.message||t.value)&&!\/[^a-zA-Z0-9]\/.test(t.secret)){for(var s,r,n,a=l.querySelectorAll('iframe[data-secret=\"'+t.secret+'\"]'),o=l.querySelectorAll('blockquote[data-secret=\"'+t.secret+'\"]'),c=new RegExp(\"^https?:$\",\"i\"),i=0;i<o.length;i++)o[i].style.display=\"none\";for(i=0;i<a.length;i++)s=a[i],e.source===s.contentWindow&&(s.removeAttribute(\"style\"),\"height\"===t.message?(1e3<(r=parseInt(t.value,10))?r=1e3:~~r<200&&(r=200),s.height=r):\"link\"===t.message&&(r=new URL(s.getAttribute(\"src\")),n=new URL(t.value),c.test(n.protocol))&&n.host===r.host&&l.activeElement===s&&(d.top.location.href=t.value))}},d.addEventListener(\"message\",d.wp.receiveEmbedMessage,!1),l.addEventListener(\"DOMContentLoaded\",function(){for(var e,t,s=l.querySelectorAll(\"iframe.wp-embedded-content\"),r=0;r<s.length;r++)(t=(e=s[r]).getAttribute(\"data-secret\"))||(t=Math.random().toString(36).substring(2,12),e.src+=\"#?secret=\"+t,e.setAttribute(\"data-secret\",t)),e.contentWindow.postMessage({message:\"ready\",secret:t},\"*\")},!1)))}(window,document);\n\/\/# sourceURL=https:\/\/kuzeyinsesi.org\/wp-includes\/js\/wp-embed.min.js\n\/* ]]> *\/\n<\/script>\n","thumbnail_url":"https:\/\/www.trthaber.com\/dosyalar\/images\/2025_05_20250521_2_69139569_113192858.jpg","thumbnail_width":600,"thumbnail_height":338,"description":"&#13; \u0130\u015fgalci \u0130srail y\u00f6netimi, y\u0131llard\u0131r ad\u0131m ad\u0131m \u00f6rd\u00fc\u011f\u00fc i\u015fgal stratejisini art\u0131k gizleme ihtiyac\u0131 duymuyor. Gazze\u2019de aylard\u0131r s\u00fcren topyek\u00fbn sald\u0131r\u0131larla on binlerce sivil katledilirken, Bat\u0131 \u015eeria\u2019da da yerle\u015fim planlar\u0131 h\u0131zland\u0131r\u0131ld\u0131. B\u00f6ylece i\u015fgalin iki aya\u011f\u0131, saha ve s\u00f6ylem, e\u015fzamanl\u0131 olarak y\u00fcr\u00fcrl\u00fc\u011fe sokuldu. \u0130srail\u2019in s\u00f6zde \u201cB\u00fcy\u00fck \u0130srail\u201d vizyonu, bir yandan Gazze\u2019yi kal\u0131c\u0131 \u015fekilde i\u015fgal haritas\u0131na eklemeyi hedeflerken di\u011fer [&hellip;]"}