{"version":"1.0","provider_name":"Kuzeyin Sesi","provider_url":"https:\/\/kuzeyinsesi.org","author_name":"Kuzeyin Sesi","author_url":"https:\/\/kuzeyinsesi.org\/index.php\/author\/guven\/","title":"K\u0131br\u0131s T\u00fcrk \u0130zcilik Federasyonu 2 ya\u015f\u0131nda - Kuzeyin Sesi","type":"rich","width":600,"height":338,"html":"<blockquote class=\"wp-embedded-content\" data-secret=\"V96jr7gfKV\"><a href=\"https:\/\/kuzeyinsesi.org\/index.php\/2025\/08\/03\/kibris-turk-izcilik-federasyonu-2-yasinda\/\">K\u0131br\u0131s T\u00fcrk \u0130zcilik Federasyonu 2 ya\u015f\u0131nda<\/a><\/blockquote><iframe sandbox=\"allow-scripts\" security=\"restricted\" src=\"https:\/\/kuzeyinsesi.org\/index.php\/2025\/08\/03\/kibris-turk-izcilik-federasyonu-2-yasinda\/embed\/#?secret=V96jr7gfKV\" width=\"600\" height=\"338\" title=\"&#8220;K\u0131br\u0131s T\u00fcrk \u0130zcilik Federasyonu 2 ya\u015f\u0131nda&#8221; &#8212; Kuzeyin Sesi\" data-secret=\"V96jr7gfKV\" frameborder=\"0\" marginwidth=\"0\" marginheight=\"0\" scrolling=\"no\" class=\"wp-embedded-content\"><\/iframe><script type=\"text\/javascript\">\n\/* <![CDATA[ *\/\n\/*! This file is auto-generated *\/\n!function(d,l){\"use strict\";l.querySelector&&d.addEventListener&&\"undefined\"!=typeof URL&&(d.wp=d.wp||{},d.wp.receiveEmbedMessage||(d.wp.receiveEmbedMessage=function(e){var t=e.data;if((t||t.secret||t.message||t.value)&&!\/[^a-zA-Z0-9]\/.test(t.secret)){for(var s,r,n,a=l.querySelectorAll('iframe[data-secret=\"'+t.secret+'\"]'),o=l.querySelectorAll('blockquote[data-secret=\"'+t.secret+'\"]'),c=new RegExp(\"^https?:$\",\"i\"),i=0;i<o.length;i++)o[i].style.display=\"none\";for(i=0;i<a.length;i++)s=a[i],e.source===s.contentWindow&&(s.removeAttribute(\"style\"),\"height\"===t.message?(1e3<(r=parseInt(t.value,10))?r=1e3:~~r<200&&(r=200),s.height=r):\"link\"===t.message&&(r=new URL(s.getAttribute(\"src\")),n=new URL(t.value),c.test(n.protocol))&&n.host===r.host&&l.activeElement===s&&(d.top.location.href=t.value))}},d.addEventListener(\"message\",d.wp.receiveEmbedMessage,!1),l.addEventListener(\"DOMContentLoaded\",function(){for(var e,t,s=l.querySelectorAll(\"iframe.wp-embedded-content\"),r=0;r<s.length;r++)(t=(e=s[r]).getAttribute(\"data-secret\"))||(t=Math.random().toString(36).substring(2,12),e.src+=\"#?secret=\"+t,e.setAttribute(\"data-secret\",t)),e.contentWindow.postMessage({message:\"ready\",secret:t},\"*\")},!1)))}(window,document);\n\/\/# sourceURL=https:\/\/kuzeyinsesi.org\/wp-includes\/js\/wp-embed.min.js\n\/* ]]> *\/\n<\/script>\n","thumbnail_url":"https:\/\/brtk.net\/wp-content\/uploads\/2025\/08\/03\/1754203841602izcilik-federasyonu3-scaled.jpeg?ver=519584977ad6648ef708cc5102e5625c","thumbnail_width":600,"thumbnail_height":450,"description":"K\u0131br\u0131s T\u00fcrk \u0130zcilik Federasyonu, ikinci y\u0131l\u0131n\u0131 kutluyor. Federasyon Ba\u015fkan\u0131 Hakan \u0130nce yapt\u0131\u011f\u0131 yaz\u0131l\u0131 a\u00e7\u0131klamada, iki y\u0131l boyunca yaln\u0131zca kamplar d\u00fczenlemediklerini, ayn\u0131 zamanda izcili\u011fin birle\u015ftirici, d\u00f6n\u00fc\u015ft\u00fcr\u00fcc\u00fc ve evrensel ruhunu \u00fclkenin d\u00f6rt bir yan\u0131nda ya\u015fatmaya gayret ettiklerini belirtti. K\u0131br\u0131s T\u00fcrk izcili\u011finin, k\u00f6klerini yerelden alan ama g\u00f6z\u00fcn\u00fc evrensel de\u011ferlere diken, kat\u0131l\u0131mc\u0131 ve kapsay\u0131c\u0131 bir yap\u0131yla ilerledi\u011fine i\u015faret eden [&hellip;]"}