{"version":"1.0","provider_name":"Kuzeyin Sesi","provider_url":"https:\/\/kuzeyinsesi.org","author_name":"Kuzeyin Sesi","author_url":"https:\/\/kuzeyinsesi.org\/index.php\/author\/guven\/","title":"20. \u0130pek Koza Festivali sona erdi - Kuzeyin Sesi","type":"rich","width":600,"height":338,"html":"<blockquote class=\"wp-embedded-content\" data-secret=\"QV8HZvDvJC\"><a href=\"https:\/\/kuzeyinsesi.org\/index.php\/2025\/05\/04\/20-ipek-koza-festivali-sona-erdi\/\">20. \u0130pek Koza Festivali sona erdi<\/a><\/blockquote><iframe sandbox=\"allow-scripts\" security=\"restricted\" src=\"https:\/\/kuzeyinsesi.org\/index.php\/2025\/05\/04\/20-ipek-koza-festivali-sona-erdi\/embed\/#?secret=QV8HZvDvJC\" width=\"600\" height=\"338\" title=\"&#8220;20. \u0130pek Koza Festivali sona erdi&#8221; &#8212; Kuzeyin Sesi\" data-secret=\"QV8HZvDvJC\" frameborder=\"0\" marginwidth=\"0\" marginheight=\"0\" scrolling=\"no\" class=\"wp-embedded-content\"><\/iframe><script type=\"text\/javascript\">\n\/* <![CDATA[ *\/\n\/*! This file is auto-generated *\/\n!function(d,l){\"use strict\";l.querySelector&&d.addEventListener&&\"undefined\"!=typeof URL&&(d.wp=d.wp||{},d.wp.receiveEmbedMessage||(d.wp.receiveEmbedMessage=function(e){var t=e.data;if((t||t.secret||t.message||t.value)&&!\/[^a-zA-Z0-9]\/.test(t.secret)){for(var s,r,n,a=l.querySelectorAll('iframe[data-secret=\"'+t.secret+'\"]'),o=l.querySelectorAll('blockquote[data-secret=\"'+t.secret+'\"]'),c=new RegExp(\"^https?:$\",\"i\"),i=0;i<o.length;i++)o[i].style.display=\"none\";for(i=0;i<a.length;i++)s=a[i],e.source===s.contentWindow&&(s.removeAttribute(\"style\"),\"height\"===t.message?(1e3<(r=parseInt(t.value,10))?r=1e3:~~r<200&&(r=200),s.height=r):\"link\"===t.message&&(r=new URL(s.getAttribute(\"src\")),n=new URL(t.value),c.test(n.protocol))&&n.host===r.host&&l.activeElement===s&&(d.top.location.href=t.value))}},d.addEventListener(\"message\",d.wp.receiveEmbedMessage,!1),l.addEventListener(\"DOMContentLoaded\",function(){for(var e,t,s=l.querySelectorAll(\"iframe.wp-embedded-content\"),r=0;r<s.length;r++)(t=(e=s[r]).getAttribute(\"data-secret\"))||(t=Math.random().toString(36).substring(2,12),e.src+=\"#?secret=\"+t,e.setAttribute(\"data-secret\",t)),e.contentWindow.postMessage({message:\"ready\",secret:t},\"*\")},!1)))}(window,document);\n\/\/# sourceURL=https:\/\/kuzeyinsesi.org\/wp-includes\/js\/wp-embed.min.js\n\/* ]]> *\/\n<\/script>\n","thumbnail_url":"https:\/\/brtk.net\/wp-content\/uploads\/2025\/05\/04\/495370950_1615534609378353_1040694670293784224_n.jpg?ver=d4762781e09e214fb76d5b2d6fea9294","thumbnail_width":600,"thumbnail_height":402,"description":"Girne Belediyesi taraf\u0131ndan Bellapais k\u00f6y meydan\u0131nda d\u00fczenlen 20. \u0130pek Koza Festivali sona erdi. Girne Belediyesi\u2019nden verilen bilgiye g\u00f6re, Beylerbeyi Muhtarl\u0131\u011f\u0131 ve Ye\u015fil Bar\u0131\u015f Hareketi i\u015fbirli\u011finde ger\u00e7ekle\u015ftirilen festival K\u0131br\u0131s\u2019ta ipek b\u00f6cek\u00e7ili\u011fi tarihi, ipekb\u00f6ce\u011fi yeti\u015ftiricili\u011fi konulu s\u00f6yle\u015filer, ipek koza el i\u015fi sanat\u0131 \u00fcretim \u00e7al\u0131\u015fmalar\u0131, \u015fiir-m\u00fczik dinletisi, seramik ve ipek koza el i\u015fi \u00fcretimi canl\u0131 performanslar\u0131 gibi etkinliklere [&hellip;]"}