{"version":"1.0","provider_name":"Kuzeyin Sesi","provider_url":"https:\/\/kuzeyinsesi.org","author_name":"Kuzeyin Sesi","author_url":"https:\/\/kuzeyinsesi.org\/index.php\/author\/guven\/","title":"Tatar, Ergen\u2019in \u201cG\u00f6r\u00fcnmeyen K\u0131zlar\u201d sergisine kat\u0131ld\u0131 - Kuzeyin Sesi","type":"rich","width":600,"height":338,"html":"<blockquote class=\"wp-embedded-content\" data-secret=\"OOqKLsSg4g\"><a href=\"https:\/\/kuzeyinsesi.org\/index.php\/2025\/05\/03\/tatar-ergenin-gorunmeyen-kizlar-sergisine-katildi\/\">Tatar, Ergen\u2019in \u201cG\u00f6r\u00fcnmeyen K\u0131zlar\u201d sergisine kat\u0131ld\u0131<\/a><\/blockquote><iframe sandbox=\"allow-scripts\" security=\"restricted\" src=\"https:\/\/kuzeyinsesi.org\/index.php\/2025\/05\/03\/tatar-ergenin-gorunmeyen-kizlar-sergisine-katildi\/embed\/#?secret=OOqKLsSg4g\" width=\"600\" height=\"338\" title=\"&#8220;Tatar, Ergen\u2019in \u201cG\u00f6r\u00fcnmeyen K\u0131zlar\u201d sergisine kat\u0131ld\u0131&#8221; &#8212; Kuzeyin Sesi\" data-secret=\"OOqKLsSg4g\" frameborder=\"0\" marginwidth=\"0\" marginheight=\"0\" scrolling=\"no\" class=\"wp-embedded-content\"><\/iframe><script type=\"text\/javascript\">\n\/* <![CDATA[ *\/\n\/*! This file is auto-generated *\/\n!function(d,l){\"use strict\";l.querySelector&&d.addEventListener&&\"undefined\"!=typeof URL&&(d.wp=d.wp||{},d.wp.receiveEmbedMessage||(d.wp.receiveEmbedMessage=function(e){var t=e.data;if((t||t.secret||t.message||t.value)&&!\/[^a-zA-Z0-9]\/.test(t.secret)){for(var s,r,n,a=l.querySelectorAll('iframe[data-secret=\"'+t.secret+'\"]'),o=l.querySelectorAll('blockquote[data-secret=\"'+t.secret+'\"]'),c=new RegExp(\"^https?:$\",\"i\"),i=0;i<o.length;i++)o[i].style.display=\"none\";for(i=0;i<a.length;i++)s=a[i],e.source===s.contentWindow&&(s.removeAttribute(\"style\"),\"height\"===t.message?(1e3<(r=parseInt(t.value,10))?r=1e3:~~r<200&&(r=200),s.height=r):\"link\"===t.message&&(r=new URL(s.getAttribute(\"src\")),n=new URL(t.value),c.test(n.protocol))&&n.host===r.host&&l.activeElement===s&&(d.top.location.href=t.value))}},d.addEventListener(\"message\",d.wp.receiveEmbedMessage,!1),l.addEventListener(\"DOMContentLoaded\",function(){for(var e,t,s=l.querySelectorAll(\"iframe.wp-embedded-content\"),r=0;r<s.length;r++)(t=(e=s[r]).getAttribute(\"data-secret\"))||(t=Math.random().toString(36).substring(2,12),e.src+=\"#?secret=\"+t,e.setAttribute(\"data-secret\",t)),e.contentWindow.postMessage({message:\"ready\",secret:t},\"*\")},!1)))}(window,document);\n\/\/# sourceURL=https:\/\/kuzeyinsesi.org\/wp-includes\/js\/wp-embed.min.js\n\/* ]]> *\/\n<\/script>\n","thumbnail_url":"https:\/\/brtk.net\/wp-content\/uploads\/2025\/05\/03\/1746260162785Tatar-Sanatci-Elif-Varol-Ergenin-Gorunmeyen-Kizlar-Unseen-Daughters-adli-kisisel-sergisine-katildi-3.jpeg?ver=56e15b2b6b45e1b983f984b6230850d6","thumbnail_width":600,"thumbnail_height":400,"description":"Cumhurba\u015fkan\u0131 Ersin Tatar, Sanat\u00e7\u0131 Elif Varol Ergen\u2019in \u201cG\u00f6r\u00fcnmeyen K\u0131zlar\u201d (Unseen Daughters) adl\u0131 ki\u015fisel sergisine kat\u0131ld\u0131. Cumhurba\u015fkanl\u0131\u011f\u0131\u2019ndan verilen bilgiye g\u00f6re, YD\u00dc Atat\u00fcrk K\u00fclt\u00fcr ve Kongre Merkezi Sergi Salonu\u2019nda ger\u00e7ekle\u015fen sergi a\u00e7\u0131l\u0131\u015f\u0131nda konu\u015fan Cumhurba\u015fkan\u0131 Ersin Tatar, sergide bulunmaktan duydu\u011fu memnuniyeti ifade etti. Eserleri sergilenen sanat\u00e7\u0131y\u0131 tebrik ederek ba\u015far\u0131lar dileyen Cumhurba\u015fkan\u0131 Tatar, YD\u00dc\u2019n\u00fcn sanata, bilime, evrenselli\u011fe ve \u00e7al\u0131\u015ftaylara [&hellip;]"}