{"version":"1.0","provider_name":"Kuzeyin Sesi","provider_url":"https:\/\/kuzeyinsesi.org","author_name":"Kuzeyin Sesi","author_url":"https:\/\/kuzeyinsesi.org\/index.php\/author\/guven\/","title":"\u201cK\u0131br\u0131s \u00d6yk\u00fcleri\u201d Girne Halk K\u00fct\u00fcphanesi\u2019nde tan\u0131t\u0131ld\u0131 - Kuzeyin Sesi","type":"rich","width":600,"height":338,"html":"<blockquote class=\"wp-embedded-content\" data-secret=\"95nks5LnAW\"><a href=\"https:\/\/kuzeyinsesi.org\/index.php\/2025\/04\/30\/kibris-oykuleri-girne-halk-kutuphanesinde-tanitildi\/\">\u201cK\u0131br\u0131s \u00d6yk\u00fcleri\u201d Girne Halk K\u00fct\u00fcphanesi\u2019nde tan\u0131t\u0131ld\u0131<\/a><\/blockquote><iframe sandbox=\"allow-scripts\" security=\"restricted\" src=\"https:\/\/kuzeyinsesi.org\/index.php\/2025\/04\/30\/kibris-oykuleri-girne-halk-kutuphanesinde-tanitildi\/embed\/#?secret=95nks5LnAW\" width=\"600\" height=\"338\" title=\"&#8220;\u201cK\u0131br\u0131s \u00d6yk\u00fcleri\u201d Girne Halk K\u00fct\u00fcphanesi\u2019nde tan\u0131t\u0131ld\u0131&#8221; &#8212; Kuzeyin Sesi\" data-secret=\"95nks5LnAW\" frameborder=\"0\" marginwidth=\"0\" marginheight=\"0\" scrolling=\"no\" class=\"wp-embedded-content\"><\/iframe><script type=\"text\/javascript\">\n\/* <![CDATA[ *\/\n\/*! This file is auto-generated *\/\n!function(d,l){\"use strict\";l.querySelector&&d.addEventListener&&\"undefined\"!=typeof URL&&(d.wp=d.wp||{},d.wp.receiveEmbedMessage||(d.wp.receiveEmbedMessage=function(e){var t=e.data;if((t||t.secret||t.message||t.value)&&!\/[^a-zA-Z0-9]\/.test(t.secret)){for(var s,r,n,a=l.querySelectorAll('iframe[data-secret=\"'+t.secret+'\"]'),o=l.querySelectorAll('blockquote[data-secret=\"'+t.secret+'\"]'),c=new RegExp(\"^https?:$\",\"i\"),i=0;i<o.length;i++)o[i].style.display=\"none\";for(i=0;i<a.length;i++)s=a[i],e.source===s.contentWindow&&(s.removeAttribute(\"style\"),\"height\"===t.message?(1e3<(r=parseInt(t.value,10))?r=1e3:~~r<200&&(r=200),s.height=r):\"link\"===t.message&&(r=new URL(s.getAttribute(\"src\")),n=new URL(t.value),c.test(n.protocol))&&n.host===r.host&&l.activeElement===s&&(d.top.location.href=t.value))}},d.addEventListener(\"message\",d.wp.receiveEmbedMessage,!1),l.addEventListener(\"DOMContentLoaded\",function(){for(var e,t,s=l.querySelectorAll(\"iframe.wp-embedded-content\"),r=0;r<s.length;r++)(t=(e=s[r]).getAttribute(\"data-secret\"))||(t=Math.random().toString(36).substring(2,12),e.src+=\"#?secret=\"+t,e.setAttribute(\"data-secret\",t)),e.contentWindow.postMessage({message:\"ready\",secret:t},\"*\")},!1)))}(window,document);\n\/\/# sourceURL=https:\/\/kuzeyinsesi.org\/wp-includes\/js\/wp-embed.min.js\n\/* ]]> *\/\n<\/script>\n","thumbnail_url":"https:\/\/brtk.net\/wp-content\/uploads\/2025\/04\/30\/1746016447788telsim-girne-kitap-tanitimi-8-5.jpg?ver=c4a2be91a24d95ba218a5f62327bc6f4","thumbnail_width":600,"thumbnail_height":357,"description":"Telsim ile Milli E\u011fitim Bakanl\u0131\u011f\u0131 i\u015f birli\u011finde d\u00fczenlenen K\u0131sa \u00d6yk\u00fc Yar\u0131\u015fmalar\u0131 kapsam\u0131nda yay\u0131mlanan \u201cK\u0131br\u0131s \u00d6yk\u00fcleri\u201d adl\u0131 kitab\u0131n tan\u0131t\u0131m\u0131, Lefko\u015fa\u2019dan sonra K\u00fclt\u00fcr Dairesi\u2019nin destekleriyle Girne Halk K\u00fct\u00fcphanesi\u2019nde de yap\u0131ld\u0131. Telsim\u2019den yap\u0131lan a\u00e7\u0131klamaya g\u00f6re, kitap tan\u0131t\u0131m etkinli\u011fine Telsim Genel M\u00fcd\u00fcr Yard\u0131mc\u0131s\u0131 Fevzi Tanp\u0131nar, Girne Halk K\u00fct\u00fcphanesi Sorumlusu Rukiye Kaymak, Telsim Kurumsal \u0130leti\u015fim M\u00fcd\u00fcr\u00fc Nil Zorlu Atai, kitab\u0131n [&hellip;]"}