{"version":"1.0","provider_name":"Kuzeyin Sesi","provider_url":"https:\/\/kuzeyinsesi.org","author_name":"Kuzeyin Sesi","author_url":"https:\/\/kuzeyinsesi.org\/index.php\/author\/guven\/","title":"Cumhurba\u015fkan\u0131 Tatar\u2019a alb\u00fcm takdimi yap\u0131ld\u0131 - Kuzeyin Sesi","type":"rich","width":600,"height":338,"html":"<blockquote class=\"wp-embedded-content\" data-secret=\"VdT2Sx2EEj\"><a href=\"https:\/\/kuzeyinsesi.org\/index.php\/2025\/04\/30\/cumhurbaskani-tatara-album-takdimi-yapildi\/\">Cumhurba\u015fkan\u0131 Tatar\u2019a alb\u00fcm takdimi yap\u0131ld\u0131<\/a><\/blockquote><iframe sandbox=\"allow-scripts\" security=\"restricted\" src=\"https:\/\/kuzeyinsesi.org\/index.php\/2025\/04\/30\/cumhurbaskani-tatara-album-takdimi-yapildi\/embed\/#?secret=VdT2Sx2EEj\" width=\"600\" height=\"338\" title=\"&#8220;Cumhurba\u015fkan\u0131 Tatar\u2019a alb\u00fcm takdimi yap\u0131ld\u0131&#8221; &#8212; Kuzeyin Sesi\" data-secret=\"VdT2Sx2EEj\" frameborder=\"0\" marginwidth=\"0\" marginheight=\"0\" scrolling=\"no\" class=\"wp-embedded-content\"><\/iframe><script type=\"text\/javascript\">\n\/* <![CDATA[ *\/\n\/*! This file is auto-generated *\/\n!function(d,l){\"use strict\";l.querySelector&&d.addEventListener&&\"undefined\"!=typeof URL&&(d.wp=d.wp||{},d.wp.receiveEmbedMessage||(d.wp.receiveEmbedMessage=function(e){var t=e.data;if((t||t.secret||t.message||t.value)&&!\/[^a-zA-Z0-9]\/.test(t.secret)){for(var s,r,n,a=l.querySelectorAll('iframe[data-secret=\"'+t.secret+'\"]'),o=l.querySelectorAll('blockquote[data-secret=\"'+t.secret+'\"]'),c=new RegExp(\"^https?:$\",\"i\"),i=0;i<o.length;i++)o[i].style.display=\"none\";for(i=0;i<a.length;i++)s=a[i],e.source===s.contentWindow&&(s.removeAttribute(\"style\"),\"height\"===t.message?(1e3<(r=parseInt(t.value,10))?r=1e3:~~r<200&&(r=200),s.height=r):\"link\"===t.message&&(r=new URL(s.getAttribute(\"src\")),n=new URL(t.value),c.test(n.protocol))&&n.host===r.host&&l.activeElement===s&&(d.top.location.href=t.value))}},d.addEventListener(\"message\",d.wp.receiveEmbedMessage,!1),l.addEventListener(\"DOMContentLoaded\",function(){for(var e,t,s=l.querySelectorAll(\"iframe.wp-embedded-content\"),r=0;r<s.length;r++)(t=(e=s[r]).getAttribute(\"data-secret\"))||(t=Math.random().toString(36).substring(2,12),e.src+=\"#?secret=\"+t,e.setAttribute(\"data-secret\",t)),e.contentWindow.postMessage({message:\"ready\",secret:t},\"*\")},!1)))}(window,document);\n\/\/# sourceURL=https:\/\/kuzeyinsesi.org\/wp-includes\/js\/wp-embed.min.js\n\/* ]]> *\/\n<\/script>\n","thumbnail_url":"https:\/\/brtk.net\/wp-content\/uploads\/2025\/04\/30\/239482.jpg?ver=2c41b3f4837859ad0d05f2fb146d1ce8","thumbnail_width":600,"thumbnail_height":332,"description":"Cumhurba\u015fkan\u0131 Ersin Tatar, sanat\u00e7\u0131 Cansu \u015eanl\u0131da\u011f ve Prof. Dr. Tamer \u015eanl\u0131da\u011f\u2019\u0131 kabul ederek g\u00f6r\u00fc\u015ft\u00fc. Kabulde ziyaretten duydu\u011fu memnuniyeti ifade eden Cumhurba\u015fkan\u0131 Ersin Tatar\u2019a, piyanist Cansu \u015eanl\u0131da\u011f alb\u00fcm takdim etti. K\u00fclt\u00fcr ve sanat\u0131n \u00f6nemine de\u011finen Cumhurba\u015fkan\u0131 Tatar, bu \u00e7al\u0131\u015fman\u0131n sanat anlam\u0131nda da \u00f6nemli bir \u00e7al\u0131\u015fma oldu\u011funu dile getirdi ve Cansu \u015eanl\u0131da\u011f\u2019a ba\u015far\u0131lar diledi. \u00dclkemizi yurtd\u0131\u015f\u0131 \u00e7al\u0131\u015fmalar\u0131nda [&hellip;]"}