{"version":"1.0","provider_name":"Kuzeyin Sesi","provider_url":"https:\/\/kuzeyinsesi.org","author_name":"Kuzeyin Sesi","author_url":"https:\/\/kuzeyinsesi.org\/index.php\/author\/guven\/","title":"G\u00fczelyurt\u2019ta \u00e7ocuklar doyas\u0131ya e\u011flendi - Kuzeyin Sesi","type":"rich","width":600,"height":338,"html":"<blockquote class=\"wp-embedded-content\" data-secret=\"5126olTF80\"><a href=\"https:\/\/kuzeyinsesi.org\/index.php\/2025\/04\/29\/guzelyurtta-cocuklar-doyasiya-eglendi\/\">G\u00fczelyurt\u2019ta \u00e7ocuklar doyas\u0131ya e\u011flendi<\/a><\/blockquote><iframe sandbox=\"allow-scripts\" security=\"restricted\" src=\"https:\/\/kuzeyinsesi.org\/index.php\/2025\/04\/29\/guzelyurtta-cocuklar-doyasiya-eglendi\/embed\/#?secret=5126olTF80\" width=\"600\" height=\"338\" title=\"&#8220;G\u00fczelyurt\u2019ta \u00e7ocuklar doyas\u0131ya e\u011flendi&#8221; &#8212; Kuzeyin Sesi\" data-secret=\"5126olTF80\" frameborder=\"0\" marginwidth=\"0\" marginheight=\"0\" scrolling=\"no\" class=\"wp-embedded-content\"><\/iframe><script type=\"text\/javascript\">\n\/* <![CDATA[ *\/\n\/*! This file is auto-generated *\/\n!function(d,l){\"use strict\";l.querySelector&&d.addEventListener&&\"undefined\"!=typeof URL&&(d.wp=d.wp||{},d.wp.receiveEmbedMessage||(d.wp.receiveEmbedMessage=function(e){var t=e.data;if((t||t.secret||t.message||t.value)&&!\/[^a-zA-Z0-9]\/.test(t.secret)){for(var s,r,n,a=l.querySelectorAll('iframe[data-secret=\"'+t.secret+'\"]'),o=l.querySelectorAll('blockquote[data-secret=\"'+t.secret+'\"]'),c=new RegExp(\"^https?:$\",\"i\"),i=0;i<o.length;i++)o[i].style.display=\"none\";for(i=0;i<a.length;i++)s=a[i],e.source===s.contentWindow&&(s.removeAttribute(\"style\"),\"height\"===t.message?(1e3<(r=parseInt(t.value,10))?r=1e3:~~r<200&&(r=200),s.height=r):\"link\"===t.message&&(r=new URL(s.getAttribute(\"src\")),n=new URL(t.value),c.test(n.protocol))&&n.host===r.host&&l.activeElement===s&&(d.top.location.href=t.value))}},d.addEventListener(\"message\",d.wp.receiveEmbedMessage,!1),l.addEventListener(\"DOMContentLoaded\",function(){for(var e,t,s=l.querySelectorAll(\"iframe.wp-embedded-content\"),r=0;r<s.length;r++)(t=(e=s[r]).getAttribute(\"data-secret\"))||(t=Math.random().toString(36).substring(2,12),e.src+=\"#?secret=\"+t,e.setAttribute(\"data-secret\",t)),e.contentWindow.postMessage({message:\"ready\",secret:t},\"*\")},!1)))}(window,document);\n\/\/# sourceURL=https:\/\/kuzeyinsesi.org\/wp-includes\/js\/wp-embed.min.js\n\/* ]]> *\/\n<\/script>\n","thumbnail_url":"https:\/\/brtk.net\/wp-content\/uploads\/2025\/04\/28\/02482084.jpeg?ver=0b38a0e919aa61144861cedb54adbdd5","thumbnail_width":600,"thumbnail_height":450,"description":"G\u00fczelyurt Belediyesi\u2019nin 23 Nisan Ulusal Egemenlik ve \u00c7ocuk Bayram\u0131 dolay\u0131s\u0131yla belediye s\u0131n\u0131rlar\u0131na ba\u011fl\u0131 ana okul ve ilkokullara y\u00f6nelik 28-29 Nisan tarihlerinde organize etti\u011fi \u00e7ocuk e\u011flence program\u0131n\u0131n ilki bug\u00fcn saat 09.00\u2019da yap\u0131ld\u0131. G\u00fczelyurt Belediyesi\u2019nden verilen bilgiye g\u00f6re, Atat\u00fcrk K\u00fclt\u00fcr Merkezi\u2019ndeki e\u011flenceye kat\u0131lan \u00e7ocuklar kendileri i\u00e7in haz\u0131rlanan etkinlikte doyas\u0131ya e\u011flendi. G\u00fczelyurt Belediye Ba\u015fkan\u0131 Mahmut \u00d6z\u00e7\u0131nar etkinli\u011fe kat\u0131larak [&hellip;]"}