{"version":"1.0","provider_name":"Kuzeyin Sesi","provider_url":"https:\/\/kuzeyinsesi.org","author_name":"Kuzeyin Sesi","author_url":"https:\/\/kuzeyinsesi.org\/index.php\/author\/guven\/","title":"FOGEM \u0130stanbul\u2019da 23 Nisan kutlamalar\u0131na kat\u0131ld\u0131 - Kuzeyin Sesi","type":"rich","width":600,"height":338,"html":"<blockquote class=\"wp-embedded-content\" data-secret=\"JDgBOs1VKu\"><a href=\"https:\/\/kuzeyinsesi.org\/index.php\/2025\/04\/25\/fogem-istanbulda-23-nisan-kutlamalarina-katildi\/\">FOGEM \u0130stanbul\u2019da 23 Nisan kutlamalar\u0131na kat\u0131ld\u0131<\/a><\/blockquote><iframe sandbox=\"allow-scripts\" security=\"restricted\" src=\"https:\/\/kuzeyinsesi.org\/index.php\/2025\/04\/25\/fogem-istanbulda-23-nisan-kutlamalarina-katildi\/embed\/#?secret=JDgBOs1VKu\" width=\"600\" height=\"338\" title=\"&#8220;FOGEM \u0130stanbul\u2019da 23 Nisan kutlamalar\u0131na kat\u0131ld\u0131&#8221; &#8212; Kuzeyin Sesi\" data-secret=\"JDgBOs1VKu\" frameborder=\"0\" marginwidth=\"0\" marginheight=\"0\" scrolling=\"no\" class=\"wp-embedded-content\"><\/iframe><script type=\"text\/javascript\">\n\/* <![CDATA[ *\/\n\/*! This file is auto-generated *\/\n!function(d,l){\"use strict\";l.querySelector&&d.addEventListener&&\"undefined\"!=typeof URL&&(d.wp=d.wp||{},d.wp.receiveEmbedMessage||(d.wp.receiveEmbedMessage=function(e){var t=e.data;if((t||t.secret||t.message||t.value)&&!\/[^a-zA-Z0-9]\/.test(t.secret)){for(var s,r,n,a=l.querySelectorAll('iframe[data-secret=\"'+t.secret+'\"]'),o=l.querySelectorAll('blockquote[data-secret=\"'+t.secret+'\"]'),c=new RegExp(\"^https?:$\",\"i\"),i=0;i<o.length;i++)o[i].style.display=\"none\";for(i=0;i<a.length;i++)s=a[i],e.source===s.contentWindow&&(s.removeAttribute(\"style\"),\"height\"===t.message?(1e3<(r=parseInt(t.value,10))?r=1e3:~~r<200&&(r=200),s.height=r):\"link\"===t.message&&(r=new URL(s.getAttribute(\"src\")),n=new URL(t.value),c.test(n.protocol))&&n.host===r.host&&l.activeElement===s&&(d.top.location.href=t.value))}},d.addEventListener(\"message\",d.wp.receiveEmbedMessage,!1),l.addEventListener(\"DOMContentLoaded\",function(){for(var e,t,s=l.querySelectorAll(\"iframe.wp-embedded-content\"),r=0;r<s.length;r++)(t=(e=s[r]).getAttribute(\"data-secret\"))||(t=Math.random().toString(36).substring(2,12),e.src+=\"#?secret=\"+t,e.setAttribute(\"data-secret\",t)),e.contentWindow.postMessage({message:\"ready\",secret:t},\"*\")},!1)))}(window,document);\n\/\/# sourceURL=https:\/\/kuzeyinsesi.org\/wp-includes\/js\/wp-embed.min.js\n\/* ]]> *\/\n<\/script>\n","thumbnail_url":"https:\/\/brtk.net\/wp-content\/uploads\/2025\/04\/25\/1745598445033FOGEM-1.jpg?ver=db4c78d853f26a074e4019d7d94d8a91","thumbnail_width":600,"thumbnail_height":450,"description":"Lefko\u015fa Folklor ve Gen\u00e7lik Merkezi (FOGEM), 23 Nisan Ulusal Egemenlik ve \u00c7ocuk Bayram\u0131 kapsam\u0131nda Ey\u00fcpsultan Belediyesi\u2019nin organize etti\u011fi \u00c7ocuk Festivali\u2019ne kat\u0131larak Kuzey K\u0131br\u0131s T\u00fcrk Cumhuriyeti\u2019ni temsil etti. FOGEM\u2019den yap\u0131lan a\u00e7\u0131klamaya g\u00f6re 22 dans\u00e7\u0131, 3 e\u011fitmen ve 2 y\u00f6neticiyle \u0130stanbul\u2019a giden FOGEM kafilesi, \u015fehrin farkl\u0131 b\u00f6lgelerinde kurulan sahnelerde performans sergiledi. A\u00e7\u0131klamada \u201cK\u0131br\u0131s k\u00fclt\u00fcr\u00fcn\u00fc yans\u0131tan halk danslar\u0131, [&hellip;]"}