{"version":"1.0","provider_name":"Kuzeyin Sesi","provider_url":"https:\/\/kuzeyinsesi.org","author_name":"Kuzeyin Sesi","author_url":"https:\/\/kuzeyinsesi.org\/index.php\/author\/guven\/","title":"Bienal Forumu d\u00fczenlendi - Kuzeyin Sesi","type":"rich","width":600,"height":338,"html":"<blockquote class=\"wp-embedded-content\" data-secret=\"6Mly7N7nhq\"><a href=\"https:\/\/kuzeyinsesi.org\/index.php\/2025\/03\/21\/bienal-forumu-duzenlendi\/\">Bienal Forumu d\u00fczenlendi<\/a><\/blockquote><iframe sandbox=\"allow-scripts\" security=\"restricted\" src=\"https:\/\/kuzeyinsesi.org\/index.php\/2025\/03\/21\/bienal-forumu-duzenlendi\/embed\/#?secret=6Mly7N7nhq\" width=\"600\" height=\"338\" title=\"&#8220;Bienal Forumu d\u00fczenlendi&#8221; &#8212; Kuzeyin Sesi\" data-secret=\"6Mly7N7nhq\" frameborder=\"0\" marginwidth=\"0\" marginheight=\"0\" scrolling=\"no\" class=\"wp-embedded-content\"><\/iframe><script type=\"text\/javascript\">\n\/* <![CDATA[ *\/\n\/*! This file is auto-generated *\/\n!function(d,l){\"use strict\";l.querySelector&&d.addEventListener&&\"undefined\"!=typeof URL&&(d.wp=d.wp||{},d.wp.receiveEmbedMessage||(d.wp.receiveEmbedMessage=function(e){var t=e.data;if((t||t.secret||t.message||t.value)&&!\/[^a-zA-Z0-9]\/.test(t.secret)){for(var s,r,n,a=l.querySelectorAll('iframe[data-secret=\"'+t.secret+'\"]'),o=l.querySelectorAll('blockquote[data-secret=\"'+t.secret+'\"]'),c=new RegExp(\"^https?:$\",\"i\"),i=0;i<o.length;i++)o[i].style.display=\"none\";for(i=0;i<a.length;i++)s=a[i],e.source===s.contentWindow&&(s.removeAttribute(\"style\"),\"height\"===t.message?(1e3<(r=parseInt(t.value,10))?r=1e3:~~r<200&&(r=200),s.height=r):\"link\"===t.message&&(r=new URL(s.getAttribute(\"src\")),n=new URL(t.value),c.test(n.protocol))&&n.host===r.host&&l.activeElement===s&&(d.top.location.href=t.value))}},d.addEventListener(\"message\",d.wp.receiveEmbedMessage,!1),l.addEventListener(\"DOMContentLoaded\",function(){for(var e,t,s=l.querySelectorAll(\"iframe.wp-embedded-content\"),r=0;r<s.length;r++)(t=(e=s[r]).getAttribute(\"data-secret\"))||(t=Math.random().toString(36).substring(2,12),e.src+=\"#?secret=\"+t,e.setAttribute(\"data-secret\",t)),e.contentWindow.postMessage({message:\"ready\",secret:t},\"*\")},!1)))}(window,document);\n\/\/# sourceURL=https:\/\/kuzeyinsesi.org\/wp-includes\/js\/wp-embed.min.js\n\/* ]]> *\/\n<\/script>\n","thumbnail_url":"https:\/\/brtk.net\/wp-content\/uploads\/2025\/03\/21\/2342.jpeg?ver=0fbff8e3ef132ee35215ca79ecadf170","thumbnail_width":600,"thumbnail_height":327,"description":"Arkhe, Lefko\u015fa T\u00fcrk Belediyesi (LTB) himayesinde ve Vedat Kaner Vakf\u0131 ana sponsorlu\u011funda Bienal Lefko\u015fa projesini Kas\u0131m 2025\u2019te hayata ge\u00e7irmeye haz\u0131rlan\u0131yor. LTB\u2019den yap\u0131lan a\u00e7\u0131klamaya g\u00f6re, bu kapsamda, bienalin i\u00e7eri\u011fi, s\u00fcrecin geli\u015fimi ve kurgusunu tart\u0131\u015fmak amac\u0131yla Merkez Lefko\u015fa\u2019da kamuya a\u00e7\u0131k bir Bienal Forumu d\u00fczenlendi. Devlet kurumlar\u0131, sivil toplum \u00f6rg\u00fctleri, k\u00fclt\u00fcr ve sanat dernekleri ile sanat\u00e7\u0131lar\u0131n kat\u0131ld\u0131\u011f\u0131 forumda, [&hellip;]"}