{"version":"1.0","provider_name":"Kuzeyin Sesi","provider_url":"https:\/\/kuzeyinsesi.org","author_name":"Kuzeyin Sesi","author_url":"https:\/\/kuzeyinsesi.org\/index.php\/author\/guven\/","title":"Osman S\u0131nav hayat\u0131n\u0131 kaybetti - Kuzeyin Sesi","type":"rich","width":600,"height":338,"html":"<blockquote class=\"wp-embedded-content\" data-secret=\"lQkOvRYoET\"><a href=\"https:\/\/kuzeyinsesi.org\/index.php\/2025\/03\/20\/osman-sinav-hayatini-kaybetti\/\">Osman S\u0131nav hayat\u0131n\u0131 kaybetti<\/a><\/blockquote><iframe sandbox=\"allow-scripts\" security=\"restricted\" src=\"https:\/\/kuzeyinsesi.org\/index.php\/2025\/03\/20\/osman-sinav-hayatini-kaybetti\/embed\/#?secret=lQkOvRYoET\" width=\"600\" height=\"338\" title=\"&#8220;Osman S\u0131nav hayat\u0131n\u0131 kaybetti&#8221; &#8212; Kuzeyin Sesi\" data-secret=\"lQkOvRYoET\" frameborder=\"0\" marginwidth=\"0\" marginheight=\"0\" scrolling=\"no\" class=\"wp-embedded-content\"><\/iframe><script type=\"text\/javascript\">\n\/* <![CDATA[ *\/\n\/*! This file is auto-generated *\/\n!function(d,l){\"use strict\";l.querySelector&&d.addEventListener&&\"undefined\"!=typeof URL&&(d.wp=d.wp||{},d.wp.receiveEmbedMessage||(d.wp.receiveEmbedMessage=function(e){var t=e.data;if((t||t.secret||t.message||t.value)&&!\/[^a-zA-Z0-9]\/.test(t.secret)){for(var s,r,n,a=l.querySelectorAll('iframe[data-secret=\"'+t.secret+'\"]'),o=l.querySelectorAll('blockquote[data-secret=\"'+t.secret+'\"]'),c=new RegExp(\"^https?:$\",\"i\"),i=0;i<o.length;i++)o[i].style.display=\"none\";for(i=0;i<a.length;i++)s=a[i],e.source===s.contentWindow&&(s.removeAttribute(\"style\"),\"height\"===t.message?(1e3<(r=parseInt(t.value,10))?r=1e3:~~r<200&&(r=200),s.height=r):\"link\"===t.message&&(r=new URL(s.getAttribute(\"src\")),n=new URL(t.value),c.test(n.protocol))&&n.host===r.host&&l.activeElement===s&&(d.top.location.href=t.value))}},d.addEventListener(\"message\",d.wp.receiveEmbedMessage,!1),l.addEventListener(\"DOMContentLoaded\",function(){for(var e,t,s=l.querySelectorAll(\"iframe.wp-embedded-content\"),r=0;r<s.length;r++)(t=(e=s[r]).getAttribute(\"data-secret\"))||(t=Math.random().toString(36).substring(2,12),e.src+=\"#?secret=\"+t,e.setAttribute(\"data-secret\",t)),e.contentWindow.postMessage({message:\"ready\",secret:t},\"*\")},!1)))}(window,document);\n\/\/# sourceURL=https:\/\/kuzeyinsesi.org\/wp-includes\/js\/wp-embed.min.js\n\/* ]]> *\/\n<\/script>\n","thumbnail_url":"https:\/\/brtk.net\/wp-content\/uploads\/2025\/03\/20\/osman-sinav.webp?ver=fb520b7ef1b5af1e00f438fac559462f","thumbnail_width":600,"thumbnail_height":338,"description":"\u201cKurtlar Vadisi\u201d, \u201cEkmek Teknesi\u201d ve \u201cDeli Y\u00fcrek\u201din aras\u0131nda oldu\u011fu unutulmaz dizilere imza atan yap\u0131mc\u0131, y\u00f6netmen ve senarist Osman S\u0131nav, 69 ya\u015f\u0131nda \u0130stanbul\u2019da vefat etti. Uzun s\u00fcredir kanser tedavisi g\u00f6ren Osman S\u0131nav, bir\u00e7ok \u00fcnl\u00fc ismin kariyerinde \u00f6nemli rol oynad\u0131. S\u0131nav\u2019\u0131n vefat\u0131na dair, Sinegraf Film\u2019in sosyal medya hesab\u0131ndan yap\u0131lan a\u00e7\u0131klamada, \u201cSanat hayat\u0131 boyunca T\u00fcrk televizyon tarihine y\u00f6n [&hellip;]"}