{"version":"1.0","provider_name":"Kuzeyin Sesi","provider_url":"https:\/\/kuzeyinsesi.org","author_name":"Kuzeyin Sesi","author_url":"https:\/\/kuzeyinsesi.org\/index.php\/author\/guven\/","title":"Ekrem \u0130mamo\u011flu g\u00f6zalt\u0131na al\u0131nd\u0131 - Kuzeyin Sesi","type":"rich","width":600,"height":338,"html":"<blockquote class=\"wp-embedded-content\" data-secret=\"OtiMGC9tod\"><a href=\"https:\/\/kuzeyinsesi.org\/index.php\/2025\/03\/19\/ekrem-imamoglu-gozaltina-alindi\/\">Ekrem \u0130mamo\u011flu g\u00f6zalt\u0131na al\u0131nd\u0131<\/a><\/blockquote><iframe sandbox=\"allow-scripts\" security=\"restricted\" src=\"https:\/\/kuzeyinsesi.org\/index.php\/2025\/03\/19\/ekrem-imamoglu-gozaltina-alindi\/embed\/#?secret=OtiMGC9tod\" width=\"600\" height=\"338\" title=\"&#8220;Ekrem \u0130mamo\u011flu g\u00f6zalt\u0131na al\u0131nd\u0131&#8221; &#8212; Kuzeyin Sesi\" data-secret=\"OtiMGC9tod\" frameborder=\"0\" marginwidth=\"0\" marginheight=\"0\" scrolling=\"no\" class=\"wp-embedded-content\"><\/iframe><script type=\"text\/javascript\">\n\/* <![CDATA[ *\/\n\/*! This file is auto-generated *\/\n!function(d,l){\"use strict\";l.querySelector&&d.addEventListener&&\"undefined\"!=typeof URL&&(d.wp=d.wp||{},d.wp.receiveEmbedMessage||(d.wp.receiveEmbedMessage=function(e){var t=e.data;if((t||t.secret||t.message||t.value)&&!\/[^a-zA-Z0-9]\/.test(t.secret)){for(var s,r,n,a=l.querySelectorAll('iframe[data-secret=\"'+t.secret+'\"]'),o=l.querySelectorAll('blockquote[data-secret=\"'+t.secret+'\"]'),c=new RegExp(\"^https?:$\",\"i\"),i=0;i<o.length;i++)o[i].style.display=\"none\";for(i=0;i<a.length;i++)s=a[i],e.source===s.contentWindow&&(s.removeAttribute(\"style\"),\"height\"===t.message?(1e3<(r=parseInt(t.value,10))?r=1e3:~~r<200&&(r=200),s.height=r):\"link\"===t.message&&(r=new URL(s.getAttribute(\"src\")),n=new URL(t.value),c.test(n.protocol))&&n.host===r.host&&l.activeElement===s&&(d.top.location.href=t.value))}},d.addEventListener(\"message\",d.wp.receiveEmbedMessage,!1),l.addEventListener(\"DOMContentLoaded\",function(){for(var e,t,s=l.querySelectorAll(\"iframe.wp-embedded-content\"),r=0;r<s.length;r++)(t=(e=s[r]).getAttribute(\"data-secret\"))||(t=Math.random().toString(36).substring(2,12),e.src+=\"#?secret=\"+t,e.setAttribute(\"data-secret\",t)),e.contentWindow.postMessage({message:\"ready\",secret:t},\"*\")},!1)))}(window,document);\n\/\/# sourceURL=https:\/\/kuzeyinsesi.org\/wp-includes\/js\/wp-embed.min.js\n\/* ]]> *\/\n<\/script>\n","thumbnail_url":"https:\/\/brtk.net\/wp-content\/uploads\/2025\/03\/19\/ekrem-imamoglu-2343563_1.jpg?ver=a1b6cc2d6f6c2f6bceac6f78ac30eaf2","thumbnail_width":600,"thumbnail_height":338,"description":"\u0130stanbul B\u00fcy\u00fck\u015fehir Belediye Ba\u015fkan\u0131 Ekrem \u0130mamo\u011flu g\u00f6zalt\u0131na al\u0131nd\u0131. 106 ki\u015fiyle ilgili y\u00fcr\u00fct\u00fclen operasyonun Medya A.\u015e., ihaleler, kent uzla\u015f\u0131s\u0131 ve ter\u00f6r soru\u015fturmas\u0131yla ilgili oldu\u011fu belirtildi. T\u00fcrkiye bas\u0131n\u0131nda yer alan haberlere g\u00f6re, \u0130mamo\u011flu ve \u015f\u00fcpheliler hakk\u0131nda iki ayr\u0131 soru\u015fturma ba\u015flat\u0131ld\u0131. Sabah saatlerinde g\u00f6zalt\u0131na al\u0131nan \u0130mamo\u011flu, Vatan Caddesi\u2019ndeki \u0130stanbul Emniyet M\u00fcd\u00fcrl\u00fc\u011f\u00fc\u2019ne g\u00f6t\u00fcr\u00fcld\u00fc. \u201cKent uzla\u015f\u0131s\u0131\u201d ad\u0131 verilen yap\u0131lanmayla ilgili [&hellip;]"}