{"version":"1.0","provider_name":"Kuzeyin Sesi","provider_url":"https:\/\/kuzeyinsesi.org","author_name":"Kuzeyin Sesi","author_url":"https:\/\/kuzeyinsesi.org\/index.php\/author\/guven\/","title":"Gayriresmi K\u0131br\u0131s Konferans\u0131 ba\u015flad\u0131 - Kuzeyin Sesi","type":"rich","width":600,"height":338,"html":"<blockquote class=\"wp-embedded-content\" data-secret=\"GKzmONUdXy\"><a href=\"https:\/\/kuzeyinsesi.org\/index.php\/2025\/03\/18\/gayriresmi-kibris-konferansi-basladi\/\">Gayriresmi K\u0131br\u0131s Konferans\u0131 ba\u015flad\u0131<\/a><\/blockquote><iframe sandbox=\"allow-scripts\" security=\"restricted\" src=\"https:\/\/kuzeyinsesi.org\/index.php\/2025\/03\/18\/gayriresmi-kibris-konferansi-basladi\/embed\/#?secret=GKzmONUdXy\" width=\"600\" height=\"338\" title=\"&#8220;Gayriresmi K\u0131br\u0131s Konferans\u0131 ba\u015flad\u0131&#8221; &#8212; Kuzeyin Sesi\" data-secret=\"GKzmONUdXy\" frameborder=\"0\" marginwidth=\"0\" marginheight=\"0\" scrolling=\"no\" class=\"wp-embedded-content\"><\/iframe><script type=\"text\/javascript\">\n\/* <![CDATA[ *\/\n\/*! This file is auto-generated *\/\n!function(d,l){\"use strict\";l.querySelector&&d.addEventListener&&\"undefined\"!=typeof URL&&(d.wp=d.wp||{},d.wp.receiveEmbedMessage||(d.wp.receiveEmbedMessage=function(e){var t=e.data;if((t||t.secret||t.message||t.value)&&!\/[^a-zA-Z0-9]\/.test(t.secret)){for(var s,r,n,a=l.querySelectorAll('iframe[data-secret=\"'+t.secret+'\"]'),o=l.querySelectorAll('blockquote[data-secret=\"'+t.secret+'\"]'),c=new RegExp(\"^https?:$\",\"i\"),i=0;i<o.length;i++)o[i].style.display=\"none\";for(i=0;i<a.length;i++)s=a[i],e.source===s.contentWindow&&(s.removeAttribute(\"style\"),\"height\"===t.message?(1e3<(r=parseInt(t.value,10))?r=1e3:~~r<200&&(r=200),s.height=r):\"link\"===t.message&&(r=new URL(s.getAttribute(\"src\")),n=new URL(t.value),c.test(n.protocol))&&n.host===r.host&&l.activeElement===s&&(d.top.location.href=t.value))}},d.addEventListener(\"message\",d.wp.receiveEmbedMessage,!1),l.addEventListener(\"DOMContentLoaded\",function(){for(var e,t,s=l.querySelectorAll(\"iframe.wp-embedded-content\"),r=0;r<s.length;r++)(t=(e=s[r]).getAttribute(\"data-secret\"))||(t=Math.random().toString(36).substring(2,12),e.src+=\"#?secret=\"+t,e.setAttribute(\"data-secret\",t)),e.contentWindow.postMessage({message:\"ready\",secret:t},\"*\")},!1)))}(window,document);\n\/\/# sourceURL=https:\/\/kuzeyinsesi.org\/wp-includes\/js\/wp-embed.min.js\n\/* ]]> *\/\n<\/script>\n","thumbnail_url":"https:\/\/brtk.net\/wp-content\/uploads\/2025\/03\/18\/KIBRISKONF.jpeg?ver=a592d0c6fedf1c1effb4055cdccef08e","thumbnail_width":600,"thumbnail_height":286,"description":"Birle\u015fmi\u015f Milletler (BM) Genel Sekreteri Antonio Guterres himayesinde Cenevre\u2019de d\u00fczenlenen geni\u015fletilmi\u015f formatl\u0131 gayriresmi K\u0131br\u0131s konferans\u0131 ba\u015flad\u0131. Konferans \u00f6ncesinde aile foto\u011fraf\u0131 \u00e7ekildi ve\u00a0bas\u0131na konferans salonundan g\u00f6r\u00fcnt\u00fc alma olana\u011f\u0131 da verildi. BM Cenevre Ofisi Palais des Nations, AC Binas\u0131\u00a0Salle III numaral\u0131 odada yer alan konferansa, BM Genel Sekreteri Antonio Guterres, Cumhurba\u015fkan\u0131 Ersin Tatar, K\u0131br\u0131sl\u0131 Rum lider Nikos [&hellip;]"}