{"version":"1.0","provider_name":"Kuzeyin Sesi","provider_url":"https:\/\/kuzeyinsesi.org","author_name":"Kuzeyin Sesi","author_url":"https:\/\/kuzeyinsesi.org\/index.php\/author\/guven\/","title":"\u201cT\u00fcrk D\u00fcnyas\u0131 Novruz Festivali\u201d 20-22 Mart\u2019ta yap\u0131l\u0131yor - Kuzeyin Sesi","type":"rich","width":600,"height":338,"html":"<blockquote class=\"wp-embedded-content\" data-secret=\"5wTz5Lc708\"><a href=\"https:\/\/kuzeyinsesi.org\/index.php\/2025\/03\/17\/turk-dunyasi-novruz-festivali-20-22-martta-yapiliyor\/\">\u201cT\u00fcrk D\u00fcnyas\u0131 Novruz Festivali\u201d 20-22 Mart\u2019ta yap\u0131l\u0131yor<\/a><\/blockquote><iframe sandbox=\"allow-scripts\" security=\"restricted\" src=\"https:\/\/kuzeyinsesi.org\/index.php\/2025\/03\/17\/turk-dunyasi-novruz-festivali-20-22-martta-yapiliyor\/embed\/#?secret=5wTz5Lc708\" width=\"600\" height=\"338\" title=\"&#8220;\u201cT\u00fcrk D\u00fcnyas\u0131 Novruz Festivali\u201d 20-22 Mart\u2019ta yap\u0131l\u0131yor&#8221; &#8212; Kuzeyin Sesi\" data-secret=\"5wTz5Lc708\" frameborder=\"0\" marginwidth=\"0\" marginheight=\"0\" scrolling=\"no\" class=\"wp-embedded-content\"><\/iframe><script type=\"text\/javascript\">\n\/* <![CDATA[ *\/\n\/*! This file is auto-generated *\/\n!function(d,l){\"use strict\";l.querySelector&&d.addEventListener&&\"undefined\"!=typeof URL&&(d.wp=d.wp||{},d.wp.receiveEmbedMessage||(d.wp.receiveEmbedMessage=function(e){var t=e.data;if((t||t.secret||t.message||t.value)&&!\/[^a-zA-Z0-9]\/.test(t.secret)){for(var s,r,n,a=l.querySelectorAll('iframe[data-secret=\"'+t.secret+'\"]'),o=l.querySelectorAll('blockquote[data-secret=\"'+t.secret+'\"]'),c=new RegExp(\"^https?:$\",\"i\"),i=0;i<o.length;i++)o[i].style.display=\"none\";for(i=0;i<a.length;i++)s=a[i],e.source===s.contentWindow&&(s.removeAttribute(\"style\"),\"height\"===t.message?(1e3<(r=parseInt(t.value,10))?r=1e3:~~r<200&&(r=200),s.height=r):\"link\"===t.message&&(r=new URL(s.getAttribute(\"src\")),n=new URL(t.value),c.test(n.protocol))&&n.host===r.host&&l.activeElement===s&&(d.top.location.href=t.value))}},d.addEventListener(\"message\",d.wp.receiveEmbedMessage,!1),l.addEventListener(\"DOMContentLoaded\",function(){for(var e,t,s=l.querySelectorAll(\"iframe.wp-embedded-content\"),r=0;r<s.length;r++)(t=(e=s[r]).getAttribute(\"data-secret\"))||(t=Math.random().toString(36).substring(2,12),e.src+=\"#?secret=\"+t,e.setAttribute(\"data-secret\",t)),e.contentWindow.postMessage({message:\"ready\",secret:t},\"*\")},!1)))}(window,document);\n\/\/# sourceURL=https:\/\/kuzeyinsesi.org\/wp-includes\/js\/wp-embed.min.js\n\/* ]]> *\/\n<\/script>\n","thumbnail_url":"https:\/\/brtk.net\/wp-content\/uploads\/2025\/03\/17\/989.jpeg?ver=4425b904e3ce433c636d94c150134329","thumbnail_width":600,"thumbnail_height":862,"description":"Azerbaycan Devlet Diaspora Ba\u015fkanl\u0131\u011f\u0131, Azerbaycan-K\u0131br\u0131s Dostluk Cemiyeti ve Haydar Aliyev Uluslararas\u0131 K\u00fclt\u00fcr Merkezi, 20-22 Mart tarihleri aras\u0131nda Uluslararas\u0131 Final \u00dcniversitesi, Do\u011fu Akdeniz \u00dcniversitesi ve Haydar Aliyev Uluslararas\u0131 K\u00fclt\u00fcr Merkezi\u2019nde \u201cT\u00fcrk D\u00fcnyas\u0131 Novruz Festivali\u201d ger\u00e7ekle\u015ftirecek. Festivalde, T\u00fcrk Cumhuriyetlerinden devlet sanat\u00e7\u0131lar\u0131 konser verecek. Azerbaycan K\u0131br\u0131s Dostluk Cemiyeti\u2019nden yap\u0131lan a\u00e7\u0131klamaya g\u00f6re, etkinli\u011fe T\u00fcrkiye Cumhuriyeti Lefko\u015fa B\u00fcy\u00fckel\u00e7ili\u011fi, Turizm, K\u00fclt\u00fcr, [&hellip;]"}