{"version":"1.0","provider_name":"Kuzeyin Sesi","provider_url":"https:\/\/kuzeyinsesi.org","author_name":"Kuzeyin Sesi","author_url":"https:\/\/kuzeyinsesi.org\/index.php\/author\/guven\/","title":"\u201c\u00c7anakkale Ge\u00e7ilmez\u201d konseri d\u00fczenleniyor - Kuzeyin Sesi","type":"rich","width":600,"height":338,"html":"<blockquote class=\"wp-embedded-content\" data-secret=\"561MZHZIIa\"><a href=\"https:\/\/kuzeyinsesi.org\/index.php\/2025\/03\/13\/canakkale-gecilmez-konseri-duzenleniyor\/\">\u201c\u00c7anakkale Ge\u00e7ilmez\u201d konseri d\u00fczenleniyor<\/a><\/blockquote><iframe sandbox=\"allow-scripts\" security=\"restricted\" src=\"https:\/\/kuzeyinsesi.org\/index.php\/2025\/03\/13\/canakkale-gecilmez-konseri-duzenleniyor\/embed\/#?secret=561MZHZIIa\" width=\"600\" height=\"338\" title=\"&#8220;\u201c\u00c7anakkale Ge\u00e7ilmez\u201d konseri d\u00fczenleniyor&#8221; &#8212; Kuzeyin Sesi\" data-secret=\"561MZHZIIa\" frameborder=\"0\" marginwidth=\"0\" marginheight=\"0\" scrolling=\"no\" class=\"wp-embedded-content\"><\/iframe><script type=\"text\/javascript\">\n\/* <![CDATA[ *\/\n\/*! This file is auto-generated *\/\n!function(d,l){\"use strict\";l.querySelector&&d.addEventListener&&\"undefined\"!=typeof URL&&(d.wp=d.wp||{},d.wp.receiveEmbedMessage||(d.wp.receiveEmbedMessage=function(e){var t=e.data;if((t||t.secret||t.message||t.value)&&!\/[^a-zA-Z0-9]\/.test(t.secret)){for(var s,r,n,a=l.querySelectorAll('iframe[data-secret=\"'+t.secret+'\"]'),o=l.querySelectorAll('blockquote[data-secret=\"'+t.secret+'\"]'),c=new RegExp(\"^https?:$\",\"i\"),i=0;i<o.length;i++)o[i].style.display=\"none\";for(i=0;i<a.length;i++)s=a[i],e.source===s.contentWindow&&(s.removeAttribute(\"style\"),\"height\"===t.message?(1e3<(r=parseInt(t.value,10))?r=1e3:~~r<200&&(r=200),s.height=r):\"link\"===t.message&&(r=new URL(s.getAttribute(\"src\")),n=new URL(t.value),c.test(n.protocol))&&n.host===r.host&&l.activeElement===s&&(d.top.location.href=t.value))}},d.addEventListener(\"message\",d.wp.receiveEmbedMessage,!1),l.addEventListener(\"DOMContentLoaded\",function(){for(var e,t,s=l.querySelectorAll(\"iframe.wp-embedded-content\"),r=0;r<s.length;r++)(t=(e=s[r]).getAttribute(\"data-secret\"))||(t=Math.random().toString(36).substring(2,12),e.src+=\"#?secret=\"+t,e.setAttribute(\"data-secret\",t)),e.contentWindow.postMessage({message:\"ready\",secret:t},\"*\")},!1)))}(window,document);\n\/\/# sourceURL=https:\/\/kuzeyinsesi.org\/wp-includes\/js\/wp-embed.min.js\n\/* ]]> *\/\n<\/script>\n","thumbnail_url":"https:\/\/brtk.net\/wp-content\/uploads\/2025\/03\/13\/1741851562089DEVLET-OPERA-BALE.jpg?ver=6f9b386defe0490f3525c4015a6b8820","thumbnail_width":600,"thumbnail_height":344,"description":"Ba\u015fbakan Yard\u0131mc\u0131l\u0131\u011f\u0131, Turizm, K\u00fclt\u00fcr, Gen\u00e7lik ve \u00c7evre Bakanl\u0131\u011f\u0131\u2019na ba\u011fl\u0131 Devlet Opera ve Bale Koordinasyon Merkezi (KKTCDOB), 18 Mart \u015eehitleri Anma G\u00fcn\u00fc ve \u00c7anakkale Zaferi\u2019nin 110. y\u0131l\u0131 an\u0131s\u0131na \u201c\u00c7anakkale Ge\u00e7ilmez\u201d konseri d\u00fczenliyor. Bakanl\u0131ktan yap\u0131lan a\u00e7\u0131klamaya g\u00f6re, 18 Mart Sal\u0131 g\u00fcn\u00fc Ortado\u011fu Teknik \u00dcniversitesi Kuzey K\u0131br\u0131s Kamp\u00fcs\u00fc (ODT\u00dc KKK) K\u00fclt\u00fcr ve Kongre Merkezi Rauf Raif Denkta\u015f salonunda [&hellip;]"}