{"version":"1.0","provider_name":"Kuzeyin Sesi","provider_url":"https:\/\/kuzeyinsesi.org","author_name":"Kuzeyin Sesi","author_url":"https:\/\/kuzeyinsesi.org\/index.php\/author\/guven\/","title":"Piyanist R\u00fcya Taner, \u0130skele\u2019de \u00f6\u011frencilerle bulu\u015ftu - Kuzeyin Sesi","type":"rich","width":600,"height":338,"html":"<blockquote class=\"wp-embedded-content\" data-secret=\"1VHls4JRlG\"><a href=\"https:\/\/kuzeyinsesi.org\/index.php\/2025\/03\/10\/piyanist-ruya-taner-iskelede-ogrencilerle-bulustu-2\/\">Piyanist R\u00fcya Taner, \u0130skele\u2019de \u00f6\u011frencilerle bulu\u015ftu<\/a><\/blockquote><iframe sandbox=\"allow-scripts\" security=\"restricted\" src=\"https:\/\/kuzeyinsesi.org\/index.php\/2025\/03\/10\/piyanist-ruya-taner-iskelede-ogrencilerle-bulustu-2\/embed\/#?secret=1VHls4JRlG\" width=\"600\" height=\"338\" title=\"&#8220;Piyanist R\u00fcya Taner, \u0130skele\u2019de \u00f6\u011frencilerle bulu\u015ftu&#8221; &#8212; Kuzeyin Sesi\" data-secret=\"1VHls4JRlG\" frameborder=\"0\" marginwidth=\"0\" marginheight=\"0\" scrolling=\"no\" class=\"wp-embedded-content\"><\/iframe><script type=\"text\/javascript\">\n\/* <![CDATA[ *\/\n\/*! This file is auto-generated *\/\n!function(d,l){\"use strict\";l.querySelector&&d.addEventListener&&\"undefined\"!=typeof URL&&(d.wp=d.wp||{},d.wp.receiveEmbedMessage||(d.wp.receiveEmbedMessage=function(e){var t=e.data;if((t||t.secret||t.message||t.value)&&!\/[^a-zA-Z0-9]\/.test(t.secret)){for(var s,r,n,a=l.querySelectorAll('iframe[data-secret=\"'+t.secret+'\"]'),o=l.querySelectorAll('blockquote[data-secret=\"'+t.secret+'\"]'),c=new RegExp(\"^https?:$\",\"i\"),i=0;i<o.length;i++)o[i].style.display=\"none\";for(i=0;i<a.length;i++)s=a[i],e.source===s.contentWindow&&(s.removeAttribute(\"style\"),\"height\"===t.message?(1e3<(r=parseInt(t.value,10))?r=1e3:~~r<200&&(r=200),s.height=r):\"link\"===t.message&&(r=new URL(s.getAttribute(\"src\")),n=new URL(t.value),c.test(n.protocol))&&n.host===r.host&&l.activeElement===s&&(d.top.location.href=t.value))}},d.addEventListener(\"message\",d.wp.receiveEmbedMessage,!1),l.addEventListener(\"DOMContentLoaded\",function(){for(var e,t,s=l.querySelectorAll(\"iframe.wp-embedded-content\"),r=0;r<s.length;r++)(t=(e=s[r]).getAttribute(\"data-secret\"))||(t=Math.random().toString(36).substring(2,12),e.src+=\"#?secret=\"+t,e.setAttribute(\"data-secret\",t)),e.contentWindow.postMessage({message:\"ready\",secret:t},\"*\")},!1)))}(window,document);\n\/\/# sourceURL=https:\/\/kuzeyinsesi.org\/wp-includes\/js\/wp-embed.min.js\n\/* ]]> *\/\n<\/script>\n","thumbnail_url":"https:\/\/brtk.net\/wp-content\/uploads\/2025\/03\/10\/1741617992900Ruya-Taner-1.jpeg?ver=df2f5c6a6b29b6e0dcf4c8132391df41","thumbnail_width":600,"thumbnail_height":270,"description":"Milli E\u011fitim Bakanl\u0131\u011f\u0131 i\u015f birli\u011fiyle hayata ge\u00e7irilen \u201cR\u00fcya ile Ger\u00e7ek\u201d projesi kapsam\u0131nda konser piyanisti R\u00fcya Taner, \u0130skele\u2019de \u00f6\u011frencilerle bir araya geldi. R\u00fcya Taner\u2019in yapt\u0131\u011f\u0131 yaz\u0131l\u0131 a\u00e7\u0131klamaya g\u00f6re, Taner, Bekirpa\u015fa Lisesi ve EVKAF T\u00fcrk Maarif Koleji \u00f6\u011frencileri ile bulu\u015farak sohbet etti. \u00c7ocuklar\u0131n kendi imkanlar\u0131 ile enstr\u00fcmanlar \u00e7almaya \u00e7al\u0131\u015ft\u0131\u011f\u0131n\u0131 ifade eden R\u00fcya Taner, \u201cB\u00fcy\u00fck \u015fehirlere k\u0131yasla bu [&hellip;]"}