{"version":"1.0","provider_name":"Kuzeyin Sesi","provider_url":"https:\/\/kuzeyinsesi.org","author_name":"Kuzeyin Sesi","author_url":"https:\/\/kuzeyinsesi.org\/index.php\/author\/guven\/","title":"LBO \u00c7ocuk Korolar\u0131 \u00c7ar\u015famba g\u00fcn\u00fc konser verecek - Kuzeyin Sesi","type":"rich","width":600,"height":338,"html":"<blockquote class=\"wp-embedded-content\" data-secret=\"ajyBCPnhjv\"><a href=\"https:\/\/kuzeyinsesi.org\/index.php\/2025\/03\/10\/lbo-cocuk-korolari-carsamba-gunu-konser-verecek\/\">LBO \u00c7ocuk Korolar\u0131 \u00c7ar\u015famba g\u00fcn\u00fc konser verecek<\/a><\/blockquote><iframe sandbox=\"allow-scripts\" security=\"restricted\" src=\"https:\/\/kuzeyinsesi.org\/index.php\/2025\/03\/10\/lbo-cocuk-korolari-carsamba-gunu-konser-verecek\/embed\/#?secret=ajyBCPnhjv\" width=\"600\" height=\"338\" title=\"&#8220;LBO \u00c7ocuk Korolar\u0131 \u00c7ar\u015famba g\u00fcn\u00fc konser verecek&#8221; &#8212; Kuzeyin Sesi\" data-secret=\"ajyBCPnhjv\" frameborder=\"0\" marginwidth=\"0\" marginheight=\"0\" scrolling=\"no\" class=\"wp-embedded-content\"><\/iframe><script type=\"text\/javascript\">\n\/* <![CDATA[ *\/\n\/*! This file is auto-generated *\/\n!function(d,l){\"use strict\";l.querySelector&&d.addEventListener&&\"undefined\"!=typeof URL&&(d.wp=d.wp||{},d.wp.receiveEmbedMessage||(d.wp.receiveEmbedMessage=function(e){var t=e.data;if((t||t.secret||t.message||t.value)&&!\/[^a-zA-Z0-9]\/.test(t.secret)){for(var s,r,n,a=l.querySelectorAll('iframe[data-secret=\"'+t.secret+'\"]'),o=l.querySelectorAll('blockquote[data-secret=\"'+t.secret+'\"]'),c=new RegExp(\"^https?:$\",\"i\"),i=0;i<o.length;i++)o[i].style.display=\"none\";for(i=0;i<a.length;i++)s=a[i],e.source===s.contentWindow&&(s.removeAttribute(\"style\"),\"height\"===t.message?(1e3<(r=parseInt(t.value,10))?r=1e3:~~r<200&&(r=200),s.height=r):\"link\"===t.message&&(r=new URL(s.getAttribute(\"src\")),n=new URL(t.value),c.test(n.protocol))&&n.host===r.host&&l.activeElement===s&&(d.top.location.href=t.value))}},d.addEventListener(\"message\",d.wp.receiveEmbedMessage,!1),l.addEventListener(\"DOMContentLoaded\",function(){for(var e,t,s=l.querySelectorAll(\"iframe.wp-embedded-content\"),r=0;r<s.length;r++)(t=(e=s[r]).getAttribute(\"data-secret\"))||(t=Math.random().toString(36).substring(2,12),e.src+=\"#?secret=\"+t,e.setAttribute(\"data-secret\",t)),e.contentWindow.postMessage({message:\"ready\",secret:t},\"*\")},!1)))}(window,document);\n\/\/# sourceURL=https:\/\/kuzeyinsesi.org\/wp-includes\/js\/wp-embed.min.js\n\/* ]]> *\/\n<\/script>\n","thumbnail_url":"https:\/\/brtk.net\/wp-content\/uploads\/2025\/03\/10\/1741597822822lbo-konser-afis.jpeg?ver=c9066d44c20f8758234b5f59d0ac05dd","thumbnail_width":600,"thumbnail_height":750,"description":"Lefko\u015fa Belediye Orkestras\u0131 \u00c7ocuk ve \u00c7ok Sesli Gen\u00e7lik Korosu, \u00e7ar\u015famba g\u00fcn\u00fc konser verecek. Belediyeden yap\u0131lan a\u00e7\u0131klamaya g\u00f6re, Lefko\u015fa AKM\u2019de d\u00fczenlenecek konser saat 20.00\u2019de ba\u015flayacak. Sefler Hare Yakula ve Emine Koreli Sakarya y\u00f6netimindeki koroya piyanoyla G\u00f6zdem \u0130lkay e\u015flik edecek. Mezzo ve Min\u00f6r haz\u0131rl\u0131k gruplar\u0131 ile \u00c7ok Sesli Gen\u00e7lik Korosu\u2019nun sahne alaca\u011f\u0131 konserde, klasik ve yerel ezgilerin [&hellip;]"}