{"version":"1.0","provider_name":"Kuzeyin Sesi","provider_url":"https:\/\/kuzeyinsesi.org","author_name":"Kuzeyin Sesi","author_url":"https:\/\/kuzeyinsesi.org\/index.php\/author\/guven\/","title":"18\u2019inci Avtepe Medo\u015f Lalesi Festivali yap\u0131l\u0131yor - Kuzeyin Sesi","type":"rich","width":600,"height":338,"html":"<blockquote class=\"wp-embedded-content\" data-secret=\"bTKnezBrqA\"><a href=\"https:\/\/kuzeyinsesi.org\/index.php\/2025\/03\/10\/18inci-avtepe-medos-lalesi-festivali-yapiliyor\/\">18\u2019inci Avtepe Medo\u015f Lalesi Festivali yap\u0131l\u0131yor<\/a><\/blockquote><iframe sandbox=\"allow-scripts\" security=\"restricted\" src=\"https:\/\/kuzeyinsesi.org\/index.php\/2025\/03\/10\/18inci-avtepe-medos-lalesi-festivali-yapiliyor\/embed\/#?secret=bTKnezBrqA\" width=\"600\" height=\"338\" title=\"&#8220;18\u2019inci Avtepe Medo\u015f Lalesi Festivali yap\u0131l\u0131yor&#8221; &#8212; Kuzeyin Sesi\" data-secret=\"bTKnezBrqA\" frameborder=\"0\" marginwidth=\"0\" marginheight=\"0\" scrolling=\"no\" class=\"wp-embedded-content\"><\/iframe><script type=\"text\/javascript\">\n\/* <![CDATA[ *\/\n\/*! This file is auto-generated *\/\n!function(d,l){\"use strict\";l.querySelector&&d.addEventListener&&\"undefined\"!=typeof URL&&(d.wp=d.wp||{},d.wp.receiveEmbedMessage||(d.wp.receiveEmbedMessage=function(e){var t=e.data;if((t||t.secret||t.message||t.value)&&!\/[^a-zA-Z0-9]\/.test(t.secret)){for(var s,r,n,a=l.querySelectorAll('iframe[data-secret=\"'+t.secret+'\"]'),o=l.querySelectorAll('blockquote[data-secret=\"'+t.secret+'\"]'),c=new RegExp(\"^https?:$\",\"i\"),i=0;i<o.length;i++)o[i].style.display=\"none\";for(i=0;i<a.length;i++)s=a[i],e.source===s.contentWindow&&(s.removeAttribute(\"style\"),\"height\"===t.message?(1e3<(r=parseInt(t.value,10))?r=1e3:~~r<200&&(r=200),s.height=r):\"link\"===t.message&&(r=new URL(s.getAttribute(\"src\")),n=new URL(t.value),c.test(n.protocol))&&n.host===r.host&&l.activeElement===s&&(d.top.location.href=t.value))}},d.addEventListener(\"message\",d.wp.receiveEmbedMessage,!1),l.addEventListener(\"DOMContentLoaded\",function(){for(var e,t,s=l.querySelectorAll(\"iframe.wp-embedded-content\"),r=0;r<s.length;r++)(t=(e=s[r]).getAttribute(\"data-secret\"))||(t=Math.random().toString(36).substring(2,12),e.src+=\"#?secret=\"+t,e.setAttribute(\"data-secret\",t)),e.contentWindow.postMessage({message:\"ready\",secret:t},\"*\")},!1)))}(window,document);\n\/\/# sourceURL=https:\/\/kuzeyinsesi.org\/wp-includes\/js\/wp-embed.min.js\n\/* ]]> *\/\n<\/script>\n","thumbnail_url":"https:\/\/brtk.net\/wp-content\/uploads\/2025\/03\/10\/1741611415363AVTEPE-FESTIVAL-3.jpg?ver=fe14ada4e523ffe90145af1e6bebab82","thumbnail_width":600,"thumbnail_height":449,"description":"Erenk\u00f6y-Karpaz Belediyesi ile Avtepe Muhtarl\u0131\u011f\u0131\u2019n\u0131n organize etti\u011fi \u201c18. Avtepe Medo\u015f Lalesi Festivali\u201d, 23 Mart\u2019ta yap\u0131l\u0131yor. Erenk\u00f6y-Karpaz Belediyesi\u2019nden verilen bilgiye g\u00f6re, Avtepe k\u00f6y meydan\u0131nda saat 10.00\u2019da ba\u015flayacak Festival, halk danslar\u0131 topluluklar\u0131n\u0131n g\u00f6sterileri, konserler, y\u00f6resel yemek ve eli\u015fi stantlar\u0131, \u00e7ocuklar i\u00e7in oyun ile g\u00fcn boyu devam edecek. Festival a\u00e7\u0131l\u0131\u015f\u0131ndan \u00f6nce, Kemal Deveci ve Aziz Kahraman\u2019\u0131n davul zurnas\u0131 [&hellip;]"}