{"version":"1.0","provider_name":"Kuzeyin Sesi","provider_url":"https:\/\/kuzeyinsesi.org","author_name":"Kuzeyin Sesi","author_url":"https:\/\/kuzeyinsesi.org\/index.php\/author\/guven\/","title":"FODER\u2019de ku\u015f foto\u011fraf\u00e7\u0131l\u0131\u011f\u0131 konu\u015fuldu - Kuzeyin Sesi","type":"rich","width":600,"height":338,"html":"<blockquote class=\"wp-embedded-content\" data-secret=\"0vcb4SsLTF\"><a href=\"https:\/\/kuzeyinsesi.org\/index.php\/2025\/03\/08\/foderde-kus-fotografciligi-konusuldu\/\">FODER\u2019de ku\u015f foto\u011fraf\u00e7\u0131l\u0131\u011f\u0131 konu\u015fuldu<\/a><\/blockquote><iframe sandbox=\"allow-scripts\" security=\"restricted\" src=\"https:\/\/kuzeyinsesi.org\/index.php\/2025\/03\/08\/foderde-kus-fotografciligi-konusuldu\/embed\/#?secret=0vcb4SsLTF\" width=\"600\" height=\"338\" title=\"&#8220;FODER\u2019de ku\u015f foto\u011fraf\u00e7\u0131l\u0131\u011f\u0131 konu\u015fuldu&#8221; &#8212; Kuzeyin Sesi\" data-secret=\"0vcb4SsLTF\" frameborder=\"0\" marginwidth=\"0\" marginheight=\"0\" scrolling=\"no\" class=\"wp-embedded-content\"><\/iframe><script type=\"text\/javascript\">\n\/* <![CDATA[ *\/\n\/*! This file is auto-generated *\/\n!function(d,l){\"use strict\";l.querySelector&&d.addEventListener&&\"undefined\"!=typeof URL&&(d.wp=d.wp||{},d.wp.receiveEmbedMessage||(d.wp.receiveEmbedMessage=function(e){var t=e.data;if((t||t.secret||t.message||t.value)&&!\/[^a-zA-Z0-9]\/.test(t.secret)){for(var s,r,n,a=l.querySelectorAll('iframe[data-secret=\"'+t.secret+'\"]'),o=l.querySelectorAll('blockquote[data-secret=\"'+t.secret+'\"]'),c=new RegExp(\"^https?:$\",\"i\"),i=0;i<o.length;i++)o[i].style.display=\"none\";for(i=0;i<a.length;i++)s=a[i],e.source===s.contentWindow&&(s.removeAttribute(\"style\"),\"height\"===t.message?(1e3<(r=parseInt(t.value,10))?r=1e3:~~r<200&&(r=200),s.height=r):\"link\"===t.message&&(r=new URL(s.getAttribute(\"src\")),n=new URL(t.value),c.test(n.protocol))&&n.host===r.host&&l.activeElement===s&&(d.top.location.href=t.value))}},d.addEventListener(\"message\",d.wp.receiveEmbedMessage,!1),l.addEventListener(\"DOMContentLoaded\",function(){for(var e,t,s=l.querySelectorAll(\"iframe.wp-embedded-content\"),r=0;r<s.length;r++)(t=(e=s[r]).getAttribute(\"data-secret\"))||(t=Math.random().toString(36).substring(2,12),e.src+=\"#?secret=\"+t,e.setAttribute(\"data-secret\",t)),e.contentWindow.postMessage({message:\"ready\",secret:t},\"*\")},!1)))}(window,document);\n\/\/# sourceURL=https:\/\/kuzeyinsesi.org\/wp-includes\/js\/wp-embed.min.js\n\/* ]]> *\/\n<\/script>\n","thumbnail_url":"https:\/\/brtk.net\/wp-content\/uploads\/2025\/03\/08\/1741427749960FODER-Baris-Saydam-sunumu-200225-1.jpeg?ver=2bee2eb6878afaa837a30f1e303bda15","thumbnail_width":600,"thumbnail_height":314,"description":"K\u0131br\u0131s T\u00fcrk Foto\u011fraf Derne\u011fi\u2019nin (FODER), \u00fcyelerine y\u00f6nelik d\u00fczenledi\u011fi etkinlikte, \u201cku\u015f foto\u011fraf\u00e7\u0131l\u0131\u011f\u0131\u201d konu\u015fuldu. Dernekten verilen bilgiye g\u00f6re, ku\u015f foto\u011fraf\u00e7\u0131l\u0131\u011f\u0131 ile ilgilenen Fizyoterapist Bar\u0131\u015f Saydam, \u201cKu\u015f foto\u011fraflar\u0131 ve foto\u011fraf\u00e7l\u0131\u011f\u0131\u201d konusunda sunum yapt\u0131 ve s\u00f6yle\u015fi konu\u011fu oldu. Dernek lokalinde yer alan etkinlikte, kat\u0131l\u0131mc\u0131lar\u0131n sorular\u0131n\u0131 da yan\u0131tlayan Saydam\u2019a FODER Ba\u015fkan Yard\u0131mc\u0131s\u0131 Tevfik Ulual taraf\u0131ndan te\u015fekk\u00fcr belgesi takdim edildi."}