{"version":"1.0","provider_name":"Kuzeyin Sesi","provider_url":"https:\/\/kuzeyinsesi.org","author_name":"Kuzeyin Sesi","author_url":"https:\/\/kuzeyinsesi.org\/index.php\/author\/guven\/","title":"ODT\u00dc Kuzey K\u0131br\u0131s Kamp\u00fcs\u00fc\u2019nde mART Fest yap\u0131l\u0131yor - Kuzeyin Sesi","type":"rich","width":600,"height":338,"html":"<blockquote class=\"wp-embedded-content\" data-secret=\"MEJTtpSEB0\"><a href=\"https:\/\/kuzeyinsesi.org\/index.php\/2025\/03\/04\/odtu-kuzey-kibris-kampusunde-mart-fest-yapiliyor\/\">ODT\u00dc Kuzey K\u0131br\u0131s Kamp\u00fcs\u00fc\u2019nde mART Fest yap\u0131l\u0131yor<\/a><\/blockquote><iframe sandbox=\"allow-scripts\" security=\"restricted\" src=\"https:\/\/kuzeyinsesi.org\/index.php\/2025\/03\/04\/odtu-kuzey-kibris-kampusunde-mart-fest-yapiliyor\/embed\/#?secret=MEJTtpSEB0\" width=\"600\" height=\"338\" title=\"&#8220;ODT\u00dc Kuzey K\u0131br\u0131s Kamp\u00fcs\u00fc\u2019nde mART Fest yap\u0131l\u0131yor&#8221; &#8212; Kuzeyin Sesi\" data-secret=\"MEJTtpSEB0\" frameborder=\"0\" marginwidth=\"0\" marginheight=\"0\" scrolling=\"no\" class=\"wp-embedded-content\"><\/iframe><script type=\"text\/javascript\">\n\/* <![CDATA[ *\/\n\/*! This file is auto-generated *\/\n!function(d,l){\"use strict\";l.querySelector&&d.addEventListener&&\"undefined\"!=typeof URL&&(d.wp=d.wp||{},d.wp.receiveEmbedMessage||(d.wp.receiveEmbedMessage=function(e){var t=e.data;if((t||t.secret||t.message||t.value)&&!\/[^a-zA-Z0-9]\/.test(t.secret)){for(var s,r,n,a=l.querySelectorAll('iframe[data-secret=\"'+t.secret+'\"]'),o=l.querySelectorAll('blockquote[data-secret=\"'+t.secret+'\"]'),c=new RegExp(\"^https?:$\",\"i\"),i=0;i<o.length;i++)o[i].style.display=\"none\";for(i=0;i<a.length;i++)s=a[i],e.source===s.contentWindow&&(s.removeAttribute(\"style\"),\"height\"===t.message?(1e3<(r=parseInt(t.value,10))?r=1e3:~~r<200&&(r=200),s.height=r):\"link\"===t.message&&(r=new URL(s.getAttribute(\"src\")),n=new URL(t.value),c.test(n.protocol))&&n.host===r.host&&l.activeElement===s&&(d.top.location.href=t.value))}},d.addEventListener(\"message\",d.wp.receiveEmbedMessage,!1),l.addEventListener(\"DOMContentLoaded\",function(){for(var e,t,s=l.querySelectorAll(\"iframe.wp-embedded-content\"),r=0;r<s.length;r++)(t=(e=s[r]).getAttribute(\"data-secret\"))||(t=Math.random().toString(36).substring(2,12),e.src+=\"#?secret=\"+t,e.setAttribute(\"data-secret\",t)),e.contentWindow.postMessage({message:\"ready\",secret:t},\"*\")},!1)))}(window,document);\n\/\/# sourceURL=https:\/\/kuzeyinsesi.org\/wp-includes\/js\/wp-embed.min.js\n\/* ]]> *\/\n<\/script>\n","thumbnail_url":"https:\/\/brtk.net\/wp-content\/uploads\/2025\/03\/04\/20318029381031.jpeg?ver=2d5eb0642f61749cfd115c902debff5d","thumbnail_width":600,"thumbnail_height":750,"description":"Orta Do\u011fu Teknik \u00dcniversitesi Kuzey K\u0131br\u0131s Kamp\u00fcs\u00fc (ODT\u00dc KKK) taraf\u0131ndan d\u00fczenlenen mART Fest, bu y\u0131l d\u00f6rd\u00fcnc\u00fc kez sanatseverlerle bulu\u015fuyor. ODT\u00dc KKK\u2019den yap\u0131lan a\u00e7\u0131klamaya g\u00f6re, 26 Mart\u2019a kadar devam edecek Festival\u2019in a\u00e7\u0131l\u0131\u015f\u0131, bug\u00fcn saat 14.30\u2019da K\u00fclt\u00fcr ve Kongre Merkezi\u2019nde yap\u0131lacak. K\u00fclt\u00fcr Dairesi\u2019nin d\u00fczenledi\u011fi 31. \u2013 32. Devlet Foto\u011fraf Yar\u0131\u015fmas\u0131 kapsam\u0131ndaki \u201cBenim \u015eehrim Lefke\u2019m ve Benim \u015eehrim [&hellip;]"}