{"version":"1.0","provider_name":"Kuzeyin Sesi","provider_url":"https:\/\/kuzeyinsesi.org","author_name":"Kuzeyin Sesi","author_url":"https:\/\/kuzeyinsesi.org\/index.php\/author\/guven\/","title":"\u201cBeni Macbeth Me\u201d ODT\u00dc\u2019de sahne alacak - Kuzeyin Sesi","type":"rich","width":600,"height":338,"html":"<blockquote class=\"wp-embedded-content\" data-secret=\"wHRiGd7Cj2\"><a href=\"https:\/\/kuzeyinsesi.org\/index.php\/2025\/03\/04\/beni-macbeth-me-odtude-sahne-alacak\/\">\u201cBeni Macbeth Me\u201d ODT\u00dc\u2019de sahne alacak<\/a><\/blockquote><iframe sandbox=\"allow-scripts\" security=\"restricted\" src=\"https:\/\/kuzeyinsesi.org\/index.php\/2025\/03\/04\/beni-macbeth-me-odtude-sahne-alacak\/embed\/#?secret=wHRiGd7Cj2\" width=\"600\" height=\"338\" title=\"&#8220;\u201cBeni Macbeth Me\u201d ODT\u00dc\u2019de sahne alacak&#8221; &#8212; Kuzeyin Sesi\" data-secret=\"wHRiGd7Cj2\" frameborder=\"0\" marginwidth=\"0\" marginheight=\"0\" scrolling=\"no\" class=\"wp-embedded-content\"><\/iframe><script type=\"text\/javascript\">\n\/* <![CDATA[ *\/\n\/*! This file is auto-generated *\/\n!function(d,l){\"use strict\";l.querySelector&&d.addEventListener&&\"undefined\"!=typeof URL&&(d.wp=d.wp||{},d.wp.receiveEmbedMessage||(d.wp.receiveEmbedMessage=function(e){var t=e.data;if((t||t.secret||t.message||t.value)&&!\/[^a-zA-Z0-9]\/.test(t.secret)){for(var s,r,n,a=l.querySelectorAll('iframe[data-secret=\"'+t.secret+'\"]'),o=l.querySelectorAll('blockquote[data-secret=\"'+t.secret+'\"]'),c=new RegExp(\"^https?:$\",\"i\"),i=0;i<o.length;i++)o[i].style.display=\"none\";for(i=0;i<a.length;i++)s=a[i],e.source===s.contentWindow&&(s.removeAttribute(\"style\"),\"height\"===t.message?(1e3<(r=parseInt(t.value,10))?r=1e3:~~r<200&&(r=200),s.height=r):\"link\"===t.message&&(r=new URL(s.getAttribute(\"src\")),n=new URL(t.value),c.test(n.protocol))&&n.host===r.host&&l.activeElement===s&&(d.top.location.href=t.value))}},d.addEventListener(\"message\",d.wp.receiveEmbedMessage,!1),l.addEventListener(\"DOMContentLoaded\",function(){for(var e,t,s=l.querySelectorAll(\"iframe.wp-embedded-content\"),r=0;r<s.length;r++)(t=(e=s[r]).getAttribute(\"data-secret\"))||(t=Math.random().toString(36).substring(2,12),e.src+=\"#?secret=\"+t,e.setAttribute(\"data-secret\",t)),e.contentWindow.postMessage({message:\"ready\",secret:t},\"*\")},!1)))}(window,document);\n\/\/# sourceURL=https:\/\/kuzeyinsesi.org\/wp-includes\/js\/wp-embed.min.js\n\/* ]]> *\/\n<\/script>\n","thumbnail_url":"https:\/\/brtk.net\/wp-content\/uploads\/2025\/03\/04\/65656565656.jpeg?ver=5026a6a79dd751613cf5a5c0d1e0e8d6","thumbnail_width":600,"thumbnail_height":716,"description":"\u201cBeni Macbeth Me\u201d m\u00fczikali 14 Mart Cuma ak\u015fam\u0131 20.30\u2019da, ODT\u00dc\u2019n\u00fcn davetiyle Kalkanl\u0131 ODT\u00dc Kuzey K\u0131br\u0131s Kamp\u00fcs\u00fc Raif Denkta\u015f K\u00fclt\u00fcr ve Kongre Merkezi\u2019nde \u00fccretsiz olarak seyirci ile bulu\u015facak. Girne Belediyesi\u2019nden yap\u0131lan a\u00e7\u0131klamaya g\u00f6re, Ufuk Aydo\u011fan\u2019\u0131n yaz\u0131p y\u00f6netti\u011fi oyunun kadrosunda Melis Girgen, K\u0131van\u00e7 Giritli, \u015e\u00fckr\u00fc Karaman, Hatice H\u0131rdurmaz, O\u011fuzhan Kaya, Cansu Balkaya, Yusuf A\u015f\u0131k ve Tu\u011fba \u00d6zbu\u011fa [&hellip;]"}