{"version":"1.0","provider_name":"Kuzeyin Sesi","provider_url":"https:\/\/kuzeyinsesi.org","author_name":"Kuzeyin Sesi","author_url":"https:\/\/kuzeyinsesi.org\/index.php\/author\/guven\/","title":"Dervi\u015f Zaim\u2019in \u201cTavuri\u201d belgeseli halk ile bulu\u015ftu - Kuzeyin Sesi","type":"rich","width":600,"height":338,"html":"<blockquote class=\"wp-embedded-content\" data-secret=\"DlxrJscdm4\"><a href=\"https:\/\/kuzeyinsesi.org\/index.php\/2025\/02\/27\/dervis-zaimin-tavuri-belgeseli-halk-ile-bulustu\/\">Dervi\u015f Zaim\u2019in \u201cTavuri\u201d belgeseli halk ile bulu\u015ftu<\/a><\/blockquote><iframe sandbox=\"allow-scripts\" security=\"restricted\" src=\"https:\/\/kuzeyinsesi.org\/index.php\/2025\/02\/27\/dervis-zaimin-tavuri-belgeseli-halk-ile-bulustu\/embed\/#?secret=DlxrJscdm4\" width=\"600\" height=\"338\" title=\"&#8220;Dervi\u015f Zaim\u2019in \u201cTavuri\u201d belgeseli halk ile bulu\u015ftu&#8221; &#8212; Kuzeyin Sesi\" data-secret=\"DlxrJscdm4\" frameborder=\"0\" marginwidth=\"0\" marginheight=\"0\" scrolling=\"no\" class=\"wp-embedded-content\"><\/iframe><script type=\"text\/javascript\">\n\/* <![CDATA[ *\/\n\/*! This file is auto-generated *\/\n!function(d,l){\"use strict\";l.querySelector&&d.addEventListener&&\"undefined\"!=typeof URL&&(d.wp=d.wp||{},d.wp.receiveEmbedMessage||(d.wp.receiveEmbedMessage=function(e){var t=e.data;if((t||t.secret||t.message||t.value)&&!\/[^a-zA-Z0-9]\/.test(t.secret)){for(var s,r,n,a=l.querySelectorAll('iframe[data-secret=\"'+t.secret+'\"]'),o=l.querySelectorAll('blockquote[data-secret=\"'+t.secret+'\"]'),c=new RegExp(\"^https?:$\",\"i\"),i=0;i<o.length;i++)o[i].style.display=\"none\";for(i=0;i<a.length;i++)s=a[i],e.source===s.contentWindow&&(s.removeAttribute(\"style\"),\"height\"===t.message?(1e3<(r=parseInt(t.value,10))?r=1e3:~~r<200&&(r=200),s.height=r):\"link\"===t.message&&(r=new URL(s.getAttribute(\"src\")),n=new URL(t.value),c.test(n.protocol))&&n.host===r.host&&l.activeElement===s&&(d.top.location.href=t.value))}},d.addEventListener(\"message\",d.wp.receiveEmbedMessage,!1),l.addEventListener(\"DOMContentLoaded\",function(){for(var e,t,s=l.querySelectorAll(\"iframe.wp-embedded-content\"),r=0;r<s.length;r++)(t=(e=s[r]).getAttribute(\"data-secret\"))||(t=Math.random().toString(36).substring(2,12),e.src+=\"#?secret=\"+t,e.setAttribute(\"data-secret\",t)),e.contentWindow.postMessage({message:\"ready\",secret:t},\"*\")},!1)))}(window,document);\n\/\/# sourceURL=https:\/\/kuzeyinsesi.org\/wp-includes\/js\/wp-embed.min.js\n\/* ]]> *\/\n<\/script>\n","thumbnail_url":"https:\/\/brtk.net\/wp-content\/uploads\/2025\/02\/27\/tavuri.jpg?ver=7960aeabd7171e9d6c51c4cadfbdd922","thumbnail_width":300,"thumbnail_height":168,"description":"K\u0131br\u0131sl\u0131 Y\u00f6netmen Do\u00e7. Dr. Dervi\u015f Zaim\u2019in \u201cTAVUR\u0130\u201d isimli belgesel filmi Yak\u0131n Do\u011fu B\u00fcy\u00fck K\u00fct\u00fcphane\u2019de izleyici ile bulu\u015ftu. D\u00fcnya pr\u00f6miyerini ABD\u2019deki \u201cTrue-False Film Festivali\u201dnde yapan belgesel, \u00fcnl\u00fc doland\u0131r\u0131c\u0131lardan \u201cTavuri\u201d lakab\u0131yla bilinen Mustafa Sertta\u015f\u2019\u0131n hayat hikayesini anlat\u0131yor. Yak\u0131n Do\u011fu \u00dcniversitesi \u0130leti\u015fim Fak\u00fcltesi Film Yap\u0131m\u0131 ve Yay\u0131nc\u0131l\u0131k B\u00f6l\u00fcm\u00fc \u00f6\u011fretim \u00fcyesi g\u00f6revini de s\u00fcrd\u00fcren Do\u00e7.Dr. Dervi\u015f Zaim, belgesel filmin [&hellip;]"}