{"version":"1.0","provider_name":"Kuzeyin Sesi","provider_url":"https:\/\/kuzeyinsesi.org","author_name":"Kuzeyin Sesi","author_url":"https:\/\/kuzeyinsesi.org\/index.php\/author\/guven\/","title":"Siligu Dayan\u0131\u015fma Derne\u011fi\u2019nden Siligu ve Trodos\u2019a gezi - Kuzeyin Sesi","type":"rich","width":600,"height":338,"html":"<blockquote class=\"wp-embedded-content\" data-secret=\"gNiuIiUWWS\"><a href=\"https:\/\/kuzeyinsesi.org\/index.php\/2025\/02\/25\/siligu-dayanisma-derneginden-siligu-ve-trodosa-gezi\/\">Siligu Dayan\u0131\u015fma Derne\u011fi\u2019nden Siligu ve Trodos\u2019a gezi<\/a><\/blockquote><iframe sandbox=\"allow-scripts\" security=\"restricted\" src=\"https:\/\/kuzeyinsesi.org\/index.php\/2025\/02\/25\/siligu-dayanisma-derneginden-siligu-ve-trodosa-gezi\/embed\/#?secret=gNiuIiUWWS\" width=\"600\" height=\"338\" title=\"&#8220;Siligu Dayan\u0131\u015fma Derne\u011fi\u2019nden Siligu ve Trodos\u2019a gezi&#8221; &#8212; Kuzeyin Sesi\" data-secret=\"gNiuIiUWWS\" frameborder=\"0\" marginwidth=\"0\" marginheight=\"0\" scrolling=\"no\" class=\"wp-embedded-content\"><\/iframe><script type=\"text\/javascript\">\n\/* <![CDATA[ *\/\n\/*! This file is auto-generated *\/\n!function(d,l){\"use strict\";l.querySelector&&d.addEventListener&&\"undefined\"!=typeof URL&&(d.wp=d.wp||{},d.wp.receiveEmbedMessage||(d.wp.receiveEmbedMessage=function(e){var t=e.data;if((t||t.secret||t.message||t.value)&&!\/[^a-zA-Z0-9]\/.test(t.secret)){for(var s,r,n,a=l.querySelectorAll('iframe[data-secret=\"'+t.secret+'\"]'),o=l.querySelectorAll('blockquote[data-secret=\"'+t.secret+'\"]'),c=new RegExp(\"^https?:$\",\"i\"),i=0;i<o.length;i++)o[i].style.display=\"none\";for(i=0;i<a.length;i++)s=a[i],e.source===s.contentWindow&&(s.removeAttribute(\"style\"),\"height\"===t.message?(1e3<(r=parseInt(t.value,10))?r=1e3:~~r<200&&(r=200),s.height=r):\"link\"===t.message&&(r=new URL(s.getAttribute(\"src\")),n=new URL(t.value),c.test(n.protocol))&&n.host===r.host&&l.activeElement===s&&(d.top.location.href=t.value))}},d.addEventListener(\"message\",d.wp.receiveEmbedMessage,!1),l.addEventListener(\"DOMContentLoaded\",function(){for(var e,t,s=l.querySelectorAll(\"iframe.wp-embedded-content\"),r=0;r<s.length;r++)(t=(e=s[r]).getAttribute(\"data-secret\"))||(t=Math.random().toString(36).substring(2,12),e.src+=\"#?secret=\"+t,e.setAttribute(\"data-secret\",t)),e.contentWindow.postMessage({message:\"ready\",secret:t},\"*\")},!1)))}(window,document);\n\/\/# sourceURL=https:\/\/kuzeyinsesi.org\/wp-includes\/js\/wp-embed.min.js\n\/* ]]> *\/\n<\/script>\n","thumbnail_url":"https:\/\/brtk.net\/wp-content\/uploads\/2025\/02\/25\/SILIGULULAR-GEZI-1.jpeg?ver=6d147f91c5ffb9ea30e69b7cc1e630b7","thumbnail_width":600,"thumbnail_height":279,"description":"Siligu Dayan\u0131\u015fma Derne\u011fi, ge\u00e7en pazar g\u00fcn\u00fc Siligu ve Trodos\u2019a gezi d\u00fczenledi. Dernekten verilen bilgiye g\u00f6re, Bostanc\u0131 S\u0131n\u0131r Kap\u0131s\u0131\u2019ndan ge\u00e7erek, Siligu\u2019ya ula\u015fan kat\u0131l\u0131mc\u0131lar, ilk olarak Cihan \u015eahali Kabristanl\u0131\u011f\u0131\u2019n\u0131 ziyaret etti. Burada kabirlere \u00e7i\u00e7ek b\u0131rak\u0131larak, dua okundu. Geziye kat\u0131lanlar daha sonra k\u00f6y meydan\u0131nda yer alan H\u00fcseyin Dohni Camii\u2019ndeki mevlide kat\u0131ld\u0131. Mevlit, Din \u0130\u015fleri Dairesi taraf\u0131ndan g\u00f6revlendirilen Bu\u011fra [&hellip;]"}