{"version":"1.0","provider_name":"Kuzeyin Sesi","provider_url":"https:\/\/kuzeyinsesi.org","author_name":"Kuzeyin Sesi","author_url":"https:\/\/kuzeyinsesi.org\/index.php\/author\/guven\/","title":"\u00c7ilem Da\u011f\u0131stanl\u0131\u2019ya \u201cKKTC Y\u0131l\u0131n En \u0130yi Sunucusu\u201d \u00f6d\u00fcl\u00fc - Kuzeyin Sesi","type":"rich","width":600,"height":338,"html":"<blockquote class=\"wp-embedded-content\" data-secret=\"WpQcgwbOnB\"><a href=\"https:\/\/kuzeyinsesi.org\/index.php\/2025\/02\/25\/cilem-dagistanliya-kktc-yilin-en-iyi-sunucusu-odulu\/\">\u00c7ilem Da\u011f\u0131stanl\u0131\u2019ya \u201cKKTC Y\u0131l\u0131n En \u0130yi Sunucusu\u201d \u00f6d\u00fcl\u00fc<\/a><\/blockquote><iframe sandbox=\"allow-scripts\" security=\"restricted\" src=\"https:\/\/kuzeyinsesi.org\/index.php\/2025\/02\/25\/cilem-dagistanliya-kktc-yilin-en-iyi-sunucusu-odulu\/embed\/#?secret=WpQcgwbOnB\" width=\"600\" height=\"338\" title=\"&#8220;\u00c7ilem Da\u011f\u0131stanl\u0131\u2019ya \u201cKKTC Y\u0131l\u0131n En \u0130yi Sunucusu\u201d \u00f6d\u00fcl\u00fc&#8221; &#8212; Kuzeyin Sesi\" data-secret=\"WpQcgwbOnB\" frameborder=\"0\" marginwidth=\"0\" marginheight=\"0\" scrolling=\"no\" class=\"wp-embedded-content\"><\/iframe><script type=\"text\/javascript\">\n\/* <![CDATA[ *\/\n\/*! This file is auto-generated *\/\n!function(d,l){\"use strict\";l.querySelector&&d.addEventListener&&\"undefined\"!=typeof URL&&(d.wp=d.wp||{},d.wp.receiveEmbedMessage||(d.wp.receiveEmbedMessage=function(e){var t=e.data;if((t||t.secret||t.message||t.value)&&!\/[^a-zA-Z0-9]\/.test(t.secret)){for(var s,r,n,a=l.querySelectorAll('iframe[data-secret=\"'+t.secret+'\"]'),o=l.querySelectorAll('blockquote[data-secret=\"'+t.secret+'\"]'),c=new RegExp(\"^https?:$\",\"i\"),i=0;i<o.length;i++)o[i].style.display=\"none\";for(i=0;i<a.length;i++)s=a[i],e.source===s.contentWindow&&(s.removeAttribute(\"style\"),\"height\"===t.message?(1e3<(r=parseInt(t.value,10))?r=1e3:~~r<200&&(r=200),s.height=r):\"link\"===t.message&&(r=new URL(s.getAttribute(\"src\")),n=new URL(t.value),c.test(n.protocol))&&n.host===r.host&&l.activeElement===s&&(d.top.location.href=t.value))}},d.addEventListener(\"message\",d.wp.receiveEmbedMessage,!1),l.addEventListener(\"DOMContentLoaded\",function(){for(var e,t,s=l.querySelectorAll(\"iframe.wp-embedded-content\"),r=0;r<s.length;r++)(t=(e=s[r]).getAttribute(\"data-secret\"))||(t=Math.random().toString(36).substring(2,12),e.src+=\"#?secret=\"+t,e.setAttribute(\"data-secret\",t)),e.contentWindow.postMessage({message:\"ready\",secret:t},\"*\")},!1)))}(window,document);\n\/\/# sourceURL=https:\/\/kuzeyinsesi.org\/wp-includes\/js\/wp-embed.min.js\n\/* ]]> *\/\n<\/script>\n","thumbnail_url":"https:\/\/brtk.net\/wp-content\/uploads\/2025\/02\/25\/InShot_20250225_162135788.jpg?ver=6cf213107fb8d8f4e4cbc55901d4d61d","thumbnail_width":600,"thumbnail_height":337,"description":"BRT\u2019nin ba\u015far\u0131l\u0131 sunucular\u0131ndan \u00c7ilem Da\u011f\u0131stanl\u0131, \u0130stanbul Ayd\u0131n \u00dcniversitesi ve The Community Media taraf\u0131ndan d\u00fczenlenen III. Alt\u0131n Yonca \u00d6d\u00fclleri\u2019nde \u201cKKTC Y\u0131l\u0131n En \u0130yi Sunucusu\u201d \u00f6d\u00fcl\u00fcne lay\u0131k g\u00f6r\u00fcld\u00fc. Disiplin ve \u00f6zveriyle \u00e7al\u0131\u015fmay\u0131 ilke edindi\u011fini belirten Da\u011f\u0131stanl\u0131, ba\u015far\u0131s\u0131n\u0131n temelinde i\u015fine duydu\u011fu sayg\u0131 ve sorumluluk oldu\u011funu vurgulad\u0131. \u00d6d\u00fcl\u00fc, en b\u00fcy\u00fck ilham kayna\u011f\u0131 olan annesine ithaf eden Da\u011f\u0131stanl\u0131, ald\u0131\u011f\u0131 destek [&hellip;]"}