{"version":"1.0","provider_name":"Kuzeyin Sesi","provider_url":"https:\/\/kuzeyinsesi.org","author_name":"Kuzeyin Sesi","author_url":"https:\/\/kuzeyinsesi.org\/index.php\/author\/guven\/","title":"\u201cYar\u0131m Canlar Destan\u0131\u201d Gazima\u011fusa\u2019da sahnelendi - Kuzeyin Sesi","type":"rich","width":600,"height":338,"html":"<blockquote class=\"wp-embedded-content\" data-secret=\"UnoY1ywZ5l\"><a href=\"https:\/\/kuzeyinsesi.org\/index.php\/2025\/02\/24\/yarim-canlar-destani-gazimagusada-sahnelendi\/\">\u201cYar\u0131m Canlar Destan\u0131\u201d Gazima\u011fusa\u2019da sahnelendi<\/a><\/blockquote><iframe sandbox=\"allow-scripts\" security=\"restricted\" src=\"https:\/\/kuzeyinsesi.org\/index.php\/2025\/02\/24\/yarim-canlar-destani-gazimagusada-sahnelendi\/embed\/#?secret=UnoY1ywZ5l\" width=\"600\" height=\"338\" title=\"&#8220;\u201cYar\u0131m Canlar Destan\u0131\u201d Gazima\u011fusa\u2019da sahnelendi&#8221; &#8212; Kuzeyin Sesi\" data-secret=\"UnoY1ywZ5l\" frameborder=\"0\" marginwidth=\"0\" marginheight=\"0\" scrolling=\"no\" class=\"wp-embedded-content\"><\/iframe><script type=\"text\/javascript\">\n\/* <![CDATA[ *\/\n\/*! This file is auto-generated *\/\n!function(d,l){\"use strict\";l.querySelector&&d.addEventListener&&\"undefined\"!=typeof URL&&(d.wp=d.wp||{},d.wp.receiveEmbedMessage||(d.wp.receiveEmbedMessage=function(e){var t=e.data;if((t||t.secret||t.message||t.value)&&!\/[^a-zA-Z0-9]\/.test(t.secret)){for(var s,r,n,a=l.querySelectorAll('iframe[data-secret=\"'+t.secret+'\"]'),o=l.querySelectorAll('blockquote[data-secret=\"'+t.secret+'\"]'),c=new RegExp(\"^https?:$\",\"i\"),i=0;i<o.length;i++)o[i].style.display=\"none\";for(i=0;i<a.length;i++)s=a[i],e.source===s.contentWindow&&(s.removeAttribute(\"style\"),\"height\"===t.message?(1e3<(r=parseInt(t.value,10))?r=1e3:~~r<200&&(r=200),s.height=r):\"link\"===t.message&&(r=new URL(s.getAttribute(\"src\")),n=new URL(t.value),c.test(n.protocol))&&n.host===r.host&&l.activeElement===s&&(d.top.location.href=t.value))}},d.addEventListener(\"message\",d.wp.receiveEmbedMessage,!1),l.addEventListener(\"DOMContentLoaded\",function(){for(var e,t,s=l.querySelectorAll(\"iframe.wp-embedded-content\"),r=0;r<s.length;r++)(t=(e=s[r]).getAttribute(\"data-secret\"))||(t=Math.random().toString(36).substring(2,12),e.src+=\"#?secret=\"+t,e.setAttribute(\"data-secret\",t)),e.contentWindow.postMessage({message:\"ready\",secret:t},\"*\")},!1)))}(window,document);\n\/\/# sourceURL=https:\/\/kuzeyinsesi.org\/wp-includes\/js\/wp-embed.min.js\n\/* ]]> *\/\n<\/script>\n","thumbnail_url":"https:\/\/brtk.net\/wp-content\/uploads\/2025\/02\/24\/80980980.jpeg?ver=dba121a1847a42d62ffe9577b0a17c27","thumbnail_width":600,"thumbnail_height":450,"description":"Girne Tiyatro Su ile Alt\u0131 \u00dcst\u00fc Kabare ortak prod\u00fcksiyonu olan \u201cYar\u0131m Canlar Destan\u0131\u201d Gazima\u011fusa\u2019da Rauf Raif Denkta\u015f K\u00fclt\u00fcr ve Kongre Merkezi\u2019nde (K\u00dcKOM) sahnelendi. Gazima\u011fusa Belediyesi\u2019nden yap\u0131lan a\u00e7\u0131klamaya g\u00f6re, belediyenin himayesindeki oyun, sanatseverler taraf\u0131ndan ilgi g\u00f6rd\u00fc, ayakta alk\u0131\u015fland\u0131. Bur\u00e7han G\u00f6ze\u2019nin yaz\u0131p y\u00f6netti\u011fi, \u00d6zge G\u00fcnay G\u00f6ze\u2019nin yard\u0131mc\u0131 y\u00f6netmenli\u011fini \u00fcstlendi\u011fi oyun, Derman Atik\u2019in ya\u015fam\u0131 \u00f6zne olarak se\u00e7ilip, K\u0131br\u0131s\u2019ta [&hellip;]"}