{"version":"1.0","provider_name":"Kuzeyin Sesi","provider_url":"https:\/\/kuzeyinsesi.org","author_name":"Kuzeyin Sesi","author_url":"https:\/\/kuzeyinsesi.org\/index.php\/author\/guven\/","title":"Gencay Ero\u011flu\u2019ndan \u00dcsk\u00fcp\u2019te diplomatik ziyaret - Kuzeyin Sesi","type":"rich","width":600,"height":338,"html":"<blockquote class=\"wp-embedded-content\" data-secret=\"uJVlSMOMDP\"><a href=\"https:\/\/kuzeyinsesi.org\/index.php\/2025\/02\/24\/gencay-eroglundan-uskupte-diplomatik-ziyaret\/\">Gencay Ero\u011flu\u2019ndan \u00dcsk\u00fcp\u2019te diplomatik ziyaret<\/a><\/blockquote><iframe sandbox=\"allow-scripts\" security=\"restricted\" src=\"https:\/\/kuzeyinsesi.org\/index.php\/2025\/02\/24\/gencay-eroglundan-uskupte-diplomatik-ziyaret\/embed\/#?secret=uJVlSMOMDP\" width=\"600\" height=\"338\" title=\"&#8220;Gencay Ero\u011flu\u2019ndan \u00dcsk\u00fcp\u2019te diplomatik ziyaret&#8221; &#8212; Kuzeyin Sesi\" data-secret=\"uJVlSMOMDP\" frameborder=\"0\" marginwidth=\"0\" marginheight=\"0\" scrolling=\"no\" class=\"wp-embedded-content\"><\/iframe><script type=\"text\/javascript\">\n\/* <![CDATA[ *\/\n\/*! This file is auto-generated *\/\n!function(d,l){\"use strict\";l.querySelector&&d.addEventListener&&\"undefined\"!=typeof URL&&(d.wp=d.wp||{},d.wp.receiveEmbedMessage||(d.wp.receiveEmbedMessage=function(e){var t=e.data;if((t||t.secret||t.message||t.value)&&!\/[^a-zA-Z0-9]\/.test(t.secret)){for(var s,r,n,a=l.querySelectorAll('iframe[data-secret=\"'+t.secret+'\"]'),o=l.querySelectorAll('blockquote[data-secret=\"'+t.secret+'\"]'),c=new RegExp(\"^https?:$\",\"i\"),i=0;i<o.length;i++)o[i].style.display=\"none\";for(i=0;i<a.length;i++)s=a[i],e.source===s.contentWindow&&(s.removeAttribute(\"style\"),\"height\"===t.message?(1e3<(r=parseInt(t.value,10))?r=1e3:~~r<200&&(r=200),s.height=r):\"link\"===t.message&&(r=new URL(s.getAttribute(\"src\")),n=new URL(t.value),c.test(n.protocol))&&n.host===r.host&&l.activeElement===s&&(d.top.location.href=t.value))}},d.addEventListener(\"message\",d.wp.receiveEmbedMessage,!1),l.addEventListener(\"DOMContentLoaded\",function(){for(var e,t,s=l.querySelectorAll(\"iframe.wp-embedded-content\"),r=0;r<s.length;r++)(t=(e=s[r]).getAttribute(\"data-secret\"))||(t=Math.random().toString(36).substring(2,12),e.src+=\"#?secret=\"+t,e.setAttribute(\"data-secret\",t)),e.contentWindow.postMessage({message:\"ready\",secret:t},\"*\")},!1)))}(window,document);\n\/\/# sourceURL=https:\/\/kuzeyinsesi.org\/wp-includes\/js\/wp-embed.min.js\n\/* ]]> *\/\n<\/script>\n","thumbnail_url":"https:\/\/brtk.net\/wp-content\/uploads\/2025\/02\/24\/84028.jpg?ver=2f30ac14aa10122d088db11462ae43a6","thumbnail_width":600,"thumbnail_height":333,"description":"Akademi Sanat Derne\u011fi Ba\u015fkan\u0131 Gencay Ero\u011flu, Osmangazi Belediye Ba\u015fkan\u0131 Erkan Ayd\u0131n\u2019\u0131n davetlisi olarak \u00dcsk\u00fcp\u2019te d\u00fczenlenen \u201cKarde\u015fler Bulu\u015fmas\u0131\u201d etkinli\u011fine kat\u0131ld\u0131. Etkinlik \u00f6ncesinde Osmangazi Belediye Ba\u015fkan\u0131 ve beraberindeki heyetle birlikte T\u00fcrkiye\u2019nin \u00dcsk\u00fcp B\u00fcy\u00fckel\u00e7isi Fatih Ulusoy\u2019u ziyaret eden Ero\u011flu, ger\u00e7ekle\u015ftirilen samimi g\u00f6r\u00fc\u015fme i\u00e7in B\u00fcy\u00fckel\u00e7i Ulusoy\u2019a te\u015fekk\u00fcr etti. Ziyarette, T\u00fcrkiye, Kuzey K\u0131br\u0131s T\u00fcrk Cumhuriyeti ve Balkan \u00fclkeleri aras\u0131ndaki k\u00fclt\u00fcrel [&hellip;]"}