{"version":"1.0","provider_name":"Kuzeyin Sesi","provider_url":"https:\/\/kuzeyinsesi.org","author_name":"Kuzeyin Sesi","author_url":"https:\/\/kuzeyinsesi.org\/index.php\/author\/guven\/","title":"T\u00fcrkiye beyaz \u00f6rt\u00fcyle kapland\u0131 - Kuzeyin Sesi","type":"rich","width":600,"height":338,"html":"<blockquote class=\"wp-embedded-content\" data-secret=\"OJJM6yuHsr\"><a href=\"https:\/\/kuzeyinsesi.org\/index.php\/2025\/02\/21\/turkiye-beyaz-ortuyle-kaplandi\/\">T\u00fcrkiye beyaz \u00f6rt\u00fcyle kapland\u0131<\/a><\/blockquote><iframe sandbox=\"allow-scripts\" security=\"restricted\" src=\"https:\/\/kuzeyinsesi.org\/index.php\/2025\/02\/21\/turkiye-beyaz-ortuyle-kaplandi\/embed\/#?secret=OJJM6yuHsr\" width=\"600\" height=\"338\" title=\"&#8220;T\u00fcrkiye beyaz \u00f6rt\u00fcyle kapland\u0131&#8221; &#8212; Kuzeyin Sesi\" data-secret=\"OJJM6yuHsr\" frameborder=\"0\" marginwidth=\"0\" marginheight=\"0\" scrolling=\"no\" class=\"wp-embedded-content\"><\/iframe><script type=\"text\/javascript\">\n\/* <![CDATA[ *\/\n\/*! This file is auto-generated *\/\n!function(d,l){\"use strict\";l.querySelector&&d.addEventListener&&\"undefined\"!=typeof URL&&(d.wp=d.wp||{},d.wp.receiveEmbedMessage||(d.wp.receiveEmbedMessage=function(e){var t=e.data;if((t||t.secret||t.message||t.value)&&!\/[^a-zA-Z0-9]\/.test(t.secret)){for(var s,r,n,a=l.querySelectorAll('iframe[data-secret=\"'+t.secret+'\"]'),o=l.querySelectorAll('blockquote[data-secret=\"'+t.secret+'\"]'),c=new RegExp(\"^https?:$\",\"i\"),i=0;i<o.length;i++)o[i].style.display=\"none\";for(i=0;i<a.length;i++)s=a[i],e.source===s.contentWindow&&(s.removeAttribute(\"style\"),\"height\"===t.message?(1e3<(r=parseInt(t.value,10))?r=1e3:~~r<200&&(r=200),s.height=r):\"link\"===t.message&&(r=new URL(s.getAttribute(\"src\")),n=new URL(t.value),c.test(n.protocol))&&n.host===r.host&&l.activeElement===s&&(d.top.location.href=t.value))}},d.addEventListener(\"message\",d.wp.receiveEmbedMessage,!1),l.addEventListener(\"DOMContentLoaded\",function(){for(var e,t,s=l.querySelectorAll(\"iframe.wp-embedded-content\"),r=0;r<s.length;r++)(t=(e=s[r]).getAttribute(\"data-secret\"))||(t=Math.random().toString(36).substring(2,12),e.src+=\"#?secret=\"+t,e.setAttribute(\"data-secret\",t)),e.contentWindow.postMessage({message:\"ready\",secret:t},\"*\")},!1)))}(window,document);\n\/\/# sourceURL=https:\/\/kuzeyinsesi.org\/wp-includes\/js\/wp-embed.min.js\n\/* ]]> *\/\n<\/script>\n","thumbnail_url":"https:\/\/brtk.net\/wp-content\/uploads\/2025\/02\/21\/67b76963b26cd71652e60714.webp?ver=f060b5f447dc578765400aa90931dbcd","thumbnail_width":600,"thumbnail_height":400,"description":"T\u00fcrkiye, Sibirya k\u00f6kenli so\u011fuk hava dalgas\u0131n\u0131n etkisi alt\u0131nda\u2026 \u0130stanbul ba\u015fta olmak \u00fczere pek \u00e7ok kentte etkisini g\u00f6steren yo\u011fun kar yta\u011f\u0131\u015f\u0131 ya\u015fam\u0131 olumsuz etkiledi.Baz\u0131 illerde k\u00f6ylerle kentler aras\u0131ndaki karar ula\u015f\u0131m\u0131 kar nedeniyle durdu. Yo\u011fun kar ya\u011f\u0131\u015f\u0131na maruz kalan illerde okullar tatil edildi.Belediyeler ve merkezi y\u00f6netim yo\u011fun kar ya\u011f\u0131\u015f\u0131n\u0131n g\u00fcndelik ya\u015famda neden olabilece\u011fi olumsuzluklar\u0131 en aza indirmek [&hellip;]"}