{"version":"1.0","provider_name":"Kuzeyin Sesi","provider_url":"https:\/\/kuzeyinsesi.org","author_name":"Kuzeyin Sesi","author_url":"https:\/\/kuzeyinsesi.org\/index.php\/author\/guven\/","title":"\u0130stanbul kar alt\u0131nda - Kuzeyin Sesi","type":"rich","width":600,"height":338,"html":"<blockquote class=\"wp-embedded-content\" data-secret=\"SCiOjfHhb3\"><a href=\"https:\/\/kuzeyinsesi.org\/index.php\/2025\/02\/19\/istanbul-kar-altinda\/\">\u0130stanbul kar alt\u0131nda<\/a><\/blockquote><iframe sandbox=\"allow-scripts\" security=\"restricted\" src=\"https:\/\/kuzeyinsesi.org\/index.php\/2025\/02\/19\/istanbul-kar-altinda\/embed\/#?secret=SCiOjfHhb3\" width=\"600\" height=\"338\" title=\"&#8220;\u0130stanbul kar alt\u0131nda&#8221; &#8212; Kuzeyin Sesi\" data-secret=\"SCiOjfHhb3\" frameborder=\"0\" marginwidth=\"0\" marginheight=\"0\" scrolling=\"no\" class=\"wp-embedded-content\"><\/iframe><script type=\"text\/javascript\">\n\/* <![CDATA[ *\/\n\/*! This file is auto-generated *\/\n!function(d,l){\"use strict\";l.querySelector&&d.addEventListener&&\"undefined\"!=typeof URL&&(d.wp=d.wp||{},d.wp.receiveEmbedMessage||(d.wp.receiveEmbedMessage=function(e){var t=e.data;if((t||t.secret||t.message||t.value)&&!\/[^a-zA-Z0-9]\/.test(t.secret)){for(var s,r,n,a=l.querySelectorAll('iframe[data-secret=\"'+t.secret+'\"]'),o=l.querySelectorAll('blockquote[data-secret=\"'+t.secret+'\"]'),c=new RegExp(\"^https?:$\",\"i\"),i=0;i<o.length;i++)o[i].style.display=\"none\";for(i=0;i<a.length;i++)s=a[i],e.source===s.contentWindow&&(s.removeAttribute(\"style\"),\"height\"===t.message?(1e3<(r=parseInt(t.value,10))?r=1e3:~~r<200&&(r=200),s.height=r):\"link\"===t.message&&(r=new URL(s.getAttribute(\"src\")),n=new URL(t.value),c.test(n.protocol))&&n.host===r.host&&l.activeElement===s&&(d.top.location.href=t.value))}},d.addEventListener(\"message\",d.wp.receiveEmbedMessage,!1),l.addEventListener(\"DOMContentLoaded\",function(){for(var e,t,s=l.querySelectorAll(\"iframe.wp-embedded-content\"),r=0;r<s.length;r++)(t=(e=s[r]).getAttribute(\"data-secret\"))||(t=Math.random().toString(36).substring(2,12),e.src+=\"#?secret=\"+t,e.setAttribute(\"data-secret\",t)),e.contentWindow.postMessage({message:\"ready\",secret:t},\"*\")},!1)))}(window,document);\n\/\/# sourceURL=https:\/\/kuzeyinsesi.org\/wp-includes\/js\/wp-embed.min.js\n\/* ]]> *\/\n<\/script>\n","thumbnail_url":"https:\/\/brtk.net\/wp-content\/uploads\/2025\/02\/19\/192480198401.webp?ver=b31f8e7ca7ab28665a99324586309a92","thumbnail_width":600,"thumbnail_height":338,"description":"\u0130stanbul\u2019da beklenen kar ya\u011f\u0131\u015f\u0131 Arnavutk\u00f6y\u2019de ba\u015flad\u0131. Kar ya\u011f\u0131\u015f\u0131 \u0130stanbul Havaliman\u0131 Yolu ve \u00e7evresinde etkili oldu. TC Meteoroloji Genel M\u00fcd\u00fcrl\u00fc\u011f\u00fcn\u00fcn uyar\u0131lar\u0131n\u0131n ard\u0131ndan, sabah saatlerinde \u0130stanbul\u2019un y\u00fcksek kesimlerinde ba\u015flayan kar ya\u011f\u0131\u015f\u0131 s\u00fcr\u00fcyor. Avrupa Yakas\u0131\u2019nda Sultangazi, Ey\u00fcpsultan ve K\u00fc\u00e7\u00fck\u00e7ekmece\u2019de aral\u0131klarla etkili olan kar, Arnavutk\u00f6y ve Ba\u015fak\u015fehir\u2019de \u015fiddetini artt\u0131rd\u0131. Y\u00fcksek kesimlerin ard\u0131ndan kent genelinde de etkili olmaya ba\u015flayan kar [&hellip;]"}