{"version":"1.0","provider_name":"Kuzeyin Sesi","provider_url":"https:\/\/kuzeyinsesi.org","author_name":"Kuzeyin Sesi","author_url":"https:\/\/kuzeyinsesi.org\/index.php\/author\/guven\/","title":"Piyanist R\u00fcya Taner, Naci Talat Vakf\u0131\u2019nda resital verdi - Kuzeyin Sesi","type":"rich","width":600,"height":338,"html":"<blockquote class=\"wp-embedded-content\" data-secret=\"B3ultJYNpU\"><a href=\"https:\/\/kuzeyinsesi.org\/index.php\/2025\/02\/17\/piyanist-ruya-taner-naci-talat-vakfinda-resital-verdi\/\">Piyanist R\u00fcya Taner, Naci Talat Vakf\u0131\u2019nda resital verdi<\/a><\/blockquote><iframe sandbox=\"allow-scripts\" security=\"restricted\" src=\"https:\/\/kuzeyinsesi.org\/index.php\/2025\/02\/17\/piyanist-ruya-taner-naci-talat-vakfinda-resital-verdi\/embed\/#?secret=B3ultJYNpU\" width=\"600\" height=\"338\" title=\"&#8220;Piyanist R\u00fcya Taner, Naci Talat Vakf\u0131\u2019nda resital verdi&#8221; &#8212; Kuzeyin Sesi\" data-secret=\"B3ultJYNpU\" frameborder=\"0\" marginwidth=\"0\" marginheight=\"0\" scrolling=\"no\" class=\"wp-embedded-content\"><\/iframe><script type=\"text\/javascript\">\n\/* <![CDATA[ *\/\n\/*! This file is auto-generated *\/\n!function(d,l){\"use strict\";l.querySelector&&d.addEventListener&&\"undefined\"!=typeof URL&&(d.wp=d.wp||{},d.wp.receiveEmbedMessage||(d.wp.receiveEmbedMessage=function(e){var t=e.data;if((t||t.secret||t.message||t.value)&&!\/[^a-zA-Z0-9]\/.test(t.secret)){for(var s,r,n,a=l.querySelectorAll('iframe[data-secret=\"'+t.secret+'\"]'),o=l.querySelectorAll('blockquote[data-secret=\"'+t.secret+'\"]'),c=new RegExp(\"^https?:$\",\"i\"),i=0;i<o.length;i++)o[i].style.display=\"none\";for(i=0;i<a.length;i++)s=a[i],e.source===s.contentWindow&&(s.removeAttribute(\"style\"),\"height\"===t.message?(1e3<(r=parseInt(t.value,10))?r=1e3:~~r<200&&(r=200),s.height=r):\"link\"===t.message&&(r=new URL(s.getAttribute(\"src\")),n=new URL(t.value),c.test(n.protocol))&&n.host===r.host&&l.activeElement===s&&(d.top.location.href=t.value))}},d.addEventListener(\"message\",d.wp.receiveEmbedMessage,!1),l.addEventListener(\"DOMContentLoaded\",function(){for(var e,t,s=l.querySelectorAll(\"iframe.wp-embedded-content\"),r=0;r<s.length;r++)(t=(e=s[r]).getAttribute(\"data-secret\"))||(t=Math.random().toString(36).substring(2,12),e.src+=\"#?secret=\"+t,e.setAttribute(\"data-secret\",t)),e.contentWindow.postMessage({message:\"ready\",secret:t},\"*\")},!1)))}(window,document);\n\/\/# sourceURL=https:\/\/kuzeyinsesi.org\/wp-includes\/js\/wp-embed.min.js\n\/* ]]> *\/\n<\/script>\n","thumbnail_url":"https:\/\/brtk.net\/wp-content\/uploads\/2025\/02\/17\/ruya-taner-scaled.jpg?ver=936d0a25b66d9d03d11a4b20687edfe4","thumbnail_width":600,"thumbnail_height":311,"description":"Konser piyanisti R\u00fcya Taner, Lefko\u015fa\u2019daki Naci Talat Vakf\u0131\u2019nda \u201cAsya\u2019n\u0131n Tatl\u0131 Sular\u0131\u201d adl\u0131 yeni projesi kapsam\u0131nda piyano resitali verdi, T\u00fcrkiye ve Asya ba\u015fta olmak \u00fczere farkl\u0131 b\u00f6lgelerin bestecilerinden eserler seslendirdi. Verilen bilgiye g\u00f6re, Naci Talat Vakf\u0131 M\u00fctevelli Heyeti Ba\u015fkan\u0131 S\u0131la Usar \u0130ncirli\u2019nin a\u00e7\u0131l\u0131\u015f konu\u015fmas\u0131n\u0131 yapt\u0131\u011f\u0131 geceye, Cumhurba\u015fkan\u0131 Ersin Tatar, Cumhuriyet\u00e7i T\u00fcrk Partisi (CTP) Genel Ba\u015fkan\u0131 Tufan [&hellip;]"}